{"id":1349,"date":"2025-05-14T14:44:07","date_gmt":"2025-05-14T14:44:07","guid":{"rendered":"https:\/\/lesaulerieur.com\/?page_id=1349"},"modified":"2025-09-03T08:40:12","modified_gmt":"2025-09-03T08:40:12","slug":"coaching-dequipe","status":"publish","type":"page","link":"https:\/\/lesaulerieur.com\/en\/welcome\/offers\/professional-coaching\/coaching-dequipe\/","title":{"rendered":"Coaching d&rsquo;\u00e9quipe"},"content":{"rendered":"\n<p class=\"gtfy-1\"><\/p>\n\n\n\n<p class=\"gtfy-4\"><\/p>\n\n\n\n        <div class=\"root-eb-breadcrumb-wf7sf wp-block-essential-blocks-breadcrumbs gtfy-7\">\n            <div class=\"eb-parent-wrapper eb-parent-eb-breadcrumb-wf7sf \">\n                <div aria-label=\"Breadcrumb\" class=\"eb-breadcrumb-wrapper eb-breadcrumb-wf7sf\" data-id=\"eb-breadcrumb-wf7sf\">\n                    \n                    <span class=\"eb-breadcrumb-item current\">Page<\/span><\/div>\n                <\/div>\n            <\/div>\n        <\/div>\n\n\n<div class=\"wp-block-essential-blocks-row alignfull  root-eb-row-r59ps gtfy-14\"><div class=\"eb-parent-wrapper eb-parent-eb-row-r59ps \"><div class=\"eb-row-root-container eb-row-r59ps\" data-id=\"eb-row-r59ps\"><div class=\"eb-row-wrapper\"><div class=\"eb-row-inner\">\n<div class=\"wp-block-essential-blocks-column  root-eb-column-fc4c6 gtfy-11\"><div class=\"eb-parent-wrapper eb-parent-eb-column-fc4c6 \"><div class=\"eb-column-wrapper eb-column-fc4c6\"><div class=\"eb-column-inner\">\n<div class=\"wp-block-essential-blocks-advanced-heading  root-eb-advance-heading-whm94 gtfy-10\"><div class=\"eb-parent-wrapper eb-parent-eb-advance-heading-whm94 \"><div class=\"eb-advance-heading-wrapper eb-advance-heading-whm94 button-1 undefined\" data-id=\"eb-advance-heading-whm94\"><h1 class=\"eb-ah-title\"><span class=\"first-title\">Coaching d&rsquo;\u00e9quipe<\/span><\/h1><\/div><\/div><\/div>\n<\/div><\/div><\/div><\/div>\n\n\n\n<div class=\"wp-block-essential-blocks-column  root-eb-column-07moz gtfy-12\"><div class=\"eb-parent-wrapper eb-parent-eb-column-07moz \"><div class=\"eb-column-wrapper eb-column-07moz\"><div class=\"eb-column-inner\"><\/div><\/div><\/div><\/div>\n\n\n\n<div class=\"wp-block-essential-blocks-column  root-eb-column-1fafa gtfy-13\"><div class=\"eb-parent-wrapper eb-parent-eb-column-1fafa \"><div class=\"eb-column-wrapper eb-column-1fafa\"><div class=\"eb-column-inner\"><\/div><\/div><\/div><\/div>\n<\/div><\/div><\/div><\/div><\/div>\n\n\n\n<div class=\"wp-block-essential-blocks-row alignfull  root-eb-row-3mzjp gtfy-24\"><div class=\"eb-parent-wrapper eb-parent-eb-row-3mzjp \"><div class=\"eb-row-root-container eb-row-3mzjp\" data-id=\"eb-row-3mzjp\"><div class=\"eb-row-wrapper\"><div class=\"eb-row-inner\">\n<div class=\"wp-block-essential-blocks-column  root-eb-column-zogx2 gtfy-18\"><div class=\"eb-parent-wrapper eb-parent-eb-column-zogx2 \"><div class=\"eb-column-wrapper eb-column-zogx2\"><div class=\"eb-column-inner\"><div class=\"root-eb-toc-rcovw wp-block-essential-blocks-table-of-contents gtfy-17\"><div class=\"eb-parent-wrapper eb-parent-eb-toc-rcovw \"><div class=\"eb-toc-container eb-toc-rcovw  eb-toc-is-not-sticky eb-toc-not-collapsible eb-toc-initially-not-collapsed eb-toc-scrollToTop style-1 list-style-none\" data-scroll-top=\"true\" data-scroll-top-icon=\"fas fa-angle-up\" data-collapsible=\"false\" data-sticky-hide-mobile=\"false\" data-sticky=\"false\" data-scroll-target=\"scroll_to_toc\" data-copy-link=\"false\" data-editor-type=\"\" data-hide-desktop=\"false\" data-hide-tab=\"false\" data-hide-mobile=\"false\" data-itemCollapsed=\"false\" data-highlight-scroll=\"false\"><div class=\"eb-toc-header\"><h2 class=\"eb-toc-title\"><\/h2><\/div><div class=\"eb-toc-wrapper \" data-headers=\"[{&quot;level&quot;:2,&quot;content&quot;:&quot;Le coaching d\\u2019\\u00e9quipe, c\\u2019est quoi exactement ?&quot;,&quot;text&quot;:&quot;Le coaching d\\u2019\\u00e9quipe, c\\u2019est quoi exactement ?&quot;,&quot;link&quot;:&quot;eb-table-content-0&quot;},{&quot;level&quot;:2,&quot;content&quot;:&quot;Dans quelles situations faire appel \\u00e0 un coaching d\\u2019\\u00e9quipe ?&quot;,&quot;text&quot;:&quot;Dans quelles situations faire appel \\u00e0 un coaching d\\u2019\\u00e9quipe ?&quot;,&quot;link&quot;:&quot;eb-table-content-1&quot;},{&quot;level&quot;:3,&quot;content&quot;:&quot;Le coaching est pertinent lorsqu\\u2019une \\u00e9quipe :&quot;,&quot;text&quot;:&quot;Le coaching est pertinent lorsqu\\u2019une \\u00e9quipe :&quot;,&quot;link&quot;:&quot;eb-table-content-2&quot;},{&quot;level&quot;:2,&quot;content&quot;:&quot;Quels b\\u00e9n\\u00e9fices concrets attendre d\\u2019un coaching d\\u2019\\u00e9quipe ?&quot;,&quot;text&quot;:&quot;Quels b\\u00e9n\\u00e9fices concrets attendre d\\u2019un coaching d\\u2019\\u00e9quipe ?&quot;,&quot;link&quot;:&quot;eb-table-content-3&quot;},{&quot;level&quot;:2,&quot;content&quot;:&quot;Quels outils mobilise un coach d\\u2019\\u00e9quipe ?&quot;,&quot;text&quot;:&quot;Quels outils mobilise un coach d\\u2019\\u00e9quipe ?&quot;,&quot;link&quot;:&quot;eb-table-content-4&quot;},{&quot;level&quot;:2,&quot;content&quot;:&quot;Comment se d\\u00e9roule un accompagnement d\\u2019\\u00e9quipe au Saule Rieur ?&quot;,&quot;text&quot;:&quot;Comment se d\\u00e9roule un accompagnement d\\u2019\\u00e9quipe au Saule Rieur ?&quot;,&quot;link&quot;:&quot;eb-table-content-5&quot;},{&quot;level&quot;:3,&quot;content&quot;:&quot;1. Cadrage\\u00a0&quot;,&quot;text&quot;:&quot;1. Cadrage\\u00a0&quot;,&quot;link&quot;:&quot;eb-table-content-6&quot;},{&quot;level&quot;:3,&quot;content&quot;:&quot;2. Diagnostic partag\\u00e9&quot;,&quot;text&quot;:&quot;2. Diagnostic partag\\u00e9&quot;,&quot;link&quot;:&quot;eb-table-content-7&quot;},{&quot;level&quot;:3,&quot;content&quot;:&quot;3. Accompagnement actif&quot;,&quot;text&quot;:&quot;3. Accompagnement actif&quot;,&quot;link&quot;:&quot;3-accompagnement-actif&quot;},{&quot;level&quot;:3,&quot;content&quot;:&quot;4. Cl\\u00f4ture et projection&quot;,&quot;text&quot;:&quot;4. Cl\\u00f4ture et projection&quot;,&quot;link&quot;:&quot;eb-table-content-9&quot;},{&quot;level&quot;:2,&quot;content&quot;:&quot;Vous cherchez un coach d&#039;\\u00e9quipe ?&quot;,&quot;text&quot;:&quot;Vous cherchez un coach d&#039;\\u00e9quipe ?&quot;,&quot;link&quot;:&quot;eb-table-content-10&quot;},{&quot;level&quot;:2,&quot;content&quot;:&quot;Comment choisir le bon coach d\\u2019\\u00e9quipe ?&quot;,&quot;text&quot;:&quot;Comment choisir le bon coach d\\u2019\\u00e9quipe ?&quot;,&quot;link&quot;:&quot;eb-table-content-11&quot;}]\" data-visible=\"[false,true,true,false,false,false]\" data-delete-headers=\"[{&quot;label&quot;:&quot;Le coaching d\\u2019\\u00e9quipe, c\\u2019est quoi exactement ?&quot;,&quot;value&quot;:&quot;le-coaching-d\\u00e9quipe-cest-quoi-exactement&quot;,&quot;isDelete&quot;:false},{&quot;label&quot;:&quot;Dans quelles situations faire appel \\u00e0 un coaching d\\u2019\\u00e9quipe ?&quot;,&quot;value&quot;:&quot;dans-quelles-situations-faire-appel-\\u00e0-un-coaching-d\\u00e9quipe&quot;,&quot;isDelete&quot;:false},{&quot;label&quot;:&quot;Le coaching est pertinent lorsqu\\u2019une \\u00e9quipe :&quot;,&quot;value&quot;:&quot;le-coaching-est-pertinent-lorsquune-\\u00e9quipe&quot;,&quot;isDelete&quot;:false},{&quot;label&quot;:&quot;Quels b\\u00e9n\\u00e9fices concrets attendre d\\u2019un coaching d\\u2019\\u00e9quipe ?&quot;,&quot;value&quot;:&quot;quels-b\\u00e9n\\u00e9fices-concrets-attendre-dun-coaching-d\\u00e9quipe&quot;,&quot;isDelete&quot;:false},{&quot;label&quot;:&quot;Quels outils mobilise un coach d\\u2019\\u00e9quipe ?&quot;,&quot;value&quot;:&quot;quels-outils-mobilise-un-coach-d\\u00e9quipe&quot;,&quot;isDelete&quot;:false},{&quot;label&quot;:&quot;Comment se d\\u00e9roule un accompagnement d\\u2019\\u00e9quipe au Saule Rieur ?&quot;,&quot;value&quot;:&quot;comment-se-d\\u00e9roule-un-accompagnement-d\\u00e9quipe-au-saule-rieur&quot;,&quot;isDelete&quot;:false},{&quot;label&quot;:&quot;1. Cadrage\\u00a0&quot;,&quot;value&quot;:&quot;1-cadrage&quot;,&quot;isDelete&quot;:false},{&quot;label&quot;:&quot;2. Diagnostic partag\\u00e9&quot;,&quot;value&quot;:&quot;2-diagnostic-partag\\u00e9&quot;,&quot;isDelete&quot;:false},{&quot;label&quot;:&quot;3. Accompagnement actif&quot;,&quot;value&quot;:&quot;3-accompagnement-actif&quot;,&quot;isDelete&quot;:false},{&quot;label&quot;:&quot;4. Cl\\u00f4ture et projection&quot;,&quot;value&quot;:&quot;4-cl\\u00f4ture-et-projection&quot;,&quot;isDelete&quot;:false},{&quot;label&quot;:&quot;Vous cherchez un coach d&#039;\\u00e9quipe ?&quot;,&quot;value&quot;:&quot;vous-cherchez-un-coach-d\\u00e9quipe&quot;,&quot;isDelete&quot;:false},{&quot;label&quot;:&quot;Comment choisir le bon coach d\\u2019\\u00e9quipe ?&quot;,&quot;value&quot;:&quot;comment-choisir-le-bon-coach-d\\u00e9quipe&quot;,&quot;isDelete&quot;:false}]\" data-smooth=\"true\" data-top-offset=\"-30\"><div class=\"eb-toc__list-wrap\"><ul class='eb-toc__list'><li><a href=\"#eb-table-content-0\">Le coaching d\u2019\u00e9quipe, c\u2019est quoi exactement ?<\/a><li><a href=\"#eb-table-content-1\">Dans quelles situations faire appel \u00e0 un coaching d\u2019\u00e9quipe ?<\/a><ul class='eb-toc__list'><li><a href=\"#eb-table-content-2\">Le coaching est pertinent lorsqu\u2019une \u00e9quipe :<\/a><\/li><\/ul><li><a href=\"#eb-table-content-3\">Quels b\u00e9n\u00e9fices concrets attendre d\u2019un coaching d\u2019\u00e9quipe ?<\/a><li><a href=\"#eb-table-content-4\">Quels outils mobilise un coach d\u2019\u00e9quipe ?<\/a><li><a href=\"#eb-table-content-5\">Comment se d\u00e9roule un accompagnement d\u2019\u00e9quipe au Saule Rieur ?<\/a><ul class='eb-toc__list'><li><a href=\"#eb-table-content-6\">1. Cadrage\u00a0<\/a><li><a href=\"#eb-table-content-7\">2. Diagnostic partag\u00e9<\/a><li><a href=\"#3-accompagnement-actif\">3. Accompagnement actif<\/a><li><a href=\"#eb-table-content-9\">4. Cl\u00f4ture et projection<\/a><\/li><\/ul><li><a href=\"#eb-table-content-10\">Vous cherchez un coach d&rsquo;\u00e9quipe ?<\/a><li><a href=\"#eb-table-content-11\">Comment choisir le bon coach d\u2019\u00e9quipe ?<\/a><\/ul><\/div><\/div><\/div><\/div><\/div><\/div><\/div><\/div><\/div>\n\n\n\n<div class=\"wp-block-essential-blocks-column  root-eb-column-vx0uv gtfy-23\"><div class=\"eb-parent-wrapper eb-parent-eb-column-vx0uv \"><div class=\"eb-column-wrapper eb-column-vx0uv\"><div class=\"eb-column-inner\">\n<p class=\"has-background-color has-text-color has-link-color wp-elements-17dac32001432dc8cb3372e4493e0589 gtfy-19\" style=\"margin-right:var(--wp--preset--spacing--40);margin-left:var(--wp--preset--spacing--40);font-size:20px\">Dans une organisation, une \u00e9quipe n\u2019est pas juste une addition de talents. C\u2019est un <strong>syst\u00e8me vivant<\/strong>, travers\u00e9 par des liens, des dynamiques, des tensions, des forces. Quand ces \u00e9nergies sont align\u00e9es, <strong>l\u2019impact collectif est d\u00e9multipli\u00e9<\/strong>.<br>Mais quand la communication se grippe, que les objectifs ne sont plus partag\u00e9s ou que les tensions s\u2019accumulent, l\u2019efficacit\u00e9 s\u2019\u00e9rode, la motivation s\u2019essouffle.<\/p>\n\n\n\n<p class=\"has-background-color has-text-color has-link-color wp-elements-a271c71282ae9ae28b51d5ce3d0a03e3 gtfy-20\" style=\"margin-right:var(--wp--preset--spacing--40);margin-left:var(--wp--preset--spacing--40);font-size:20px\"><\/p>\n\n\n\n<p class=\"has-background-color has-text-color has-link-color wp-elements-4eaef3f8e9d98d8ddbb1b3c767f0224d gtfy-21\" style=\"margin-right:var(--wp--preset--spacing--40);margin-left:var(--wp--preset--spacing--40);font-size:20px\">Le <strong>coaching d\u2019\u00e9quipe<\/strong> est une r\u00e9ponse concr\u00e8te et puissante \u00e0 ces enjeux. Chez <strong>Le Saule Rieur<\/strong>, nous accompagnons les \u00e9quipes \u00e0 retrouver du lien, du sens, et une capacit\u00e9 \u00e0 faire ensemble qui d\u00e9passe les injonctions de performance.<\/p>\n\n\n\n<p class=\"has-background-color has-text-color has-link-color wp-elements-a271c71282ae9ae28b51d5ce3d0a03e3 gtfy-22\" style=\"margin-right:var(--wp--preset--spacing--40);margin-left:var(--wp--preset--spacing--40);font-size:20px\"><\/p>\n<\/div><\/div><\/div><\/div>\n<\/div><\/div><\/div><\/div><\/div>\n\n\n\n<div style=\"height:20px\" aria-hidden=\"true\" class=\"wp-block-spacer gtfy-27\"><\/div>\n\n\n\n<div class=\"wp-block-essential-blocks-row alignfull  root-eb-row-v7d5b gtfy-37\"><div class=\"eb-parent-wrapper eb-parent-eb-row-v7d5b \"><div class=\"eb-row-root-container eb-row-v7d5b\" data-id=\"eb-row-v7d5b\"><div class=\"eb-row-wrapper\"><div class=\"eb-row-inner\">\n<div class=\"wp-block-essential-blocks-column  root-eb-column-wo72i gtfy-36\"><div class=\"eb-parent-wrapper eb-parent-eb-column-wo72i \"><div class=\"eb-column-wrapper eb-column-wo72i\"><div class=\"eb-column-inner\">\n<div class=\"wp-block-essential-blocks-advanced-heading  root-eb-advance-heading-skfh2 gtfy-30\"><div class=\"eb-parent-wrapper eb-parent-eb-advance-heading-skfh2 \"><div class=\"eb-advance-heading-wrapper eb-advance-heading-skfh2 button-1 undefined\" data-id=\"eb-advance-heading-skfh2\"><h2 class=\"eb-ah-title\"><span class=\"first-title\"><strong>Le coaching d\u2019\u00e9quipe, c\u2019est quoi exactement ?<\/strong><\/span><\/h2><\/div><\/div><\/div>\n\n\n\n<p class=\"has-foreground-color has-text-color has-link-color wp-elements-4508ff2fda3d01396a622638fb4caa2f gtfy-31\">Le <strong>coaching d\u2019\u00e9quipe en entreprise<\/strong> est une d\u00e9marche structur\u00e9e qui vise \u00e0 am\u00e9liorer durablement le fonctionnement d\u2019un collectif.<br>Ce n\u2019est ni une formation descendante, ni un simple team building.<br>C\u2019est un accompagnement <strong>profond et pragmatique<\/strong>, o\u00f9 les membres d\u2019une \u00e9quipe travaillent ensemble sur leurs modes de fonctionnement, leur communication, leur posture, leurs r\u00f4les.<br><br>Un coaching d\u2019\u00e9quipe s\u2019appuie sur trois piliers :<\/p>\n\n\n\n<ul class=\"wp-block-list has-foreground-color has-text-color has-link-color wp-elements-2323002c2705d1b6823430db03eaa9eb gtfy-35\">\n<li class=\"gtfy-32 gutenify-list-item\">L\u2019<strong>observation des dynamiques syst\u00e9miques<\/strong> (ce qui se joue entre les membres)<\/li>\n\n\n\n<li class=\"gtfy-33 gutenify-list-item\">L\u2019<strong>implication active de chacun\u00b7e<\/strong> dans le processus<\/li>\n\n\n\n<li class=\"gtfy-34 gutenify-list-item\">L\u2019<strong>ancrage dans les enjeux op\u00e9rationnels<\/strong> de l\u2019\u00e9quipe<\/li>\n<\/ul>\n<\/div><\/div><\/div><\/div>\n<\/div><\/div><\/div><\/div><\/div>\n\n\n\n<div class=\"wp-block-essential-blocks-row alignfull  root-eb-row-qbmd4 gtfy-42\"><div class=\"eb-parent-wrapper eb-parent-eb-row-qbmd4 \"><div class=\"eb-row-root-container eb-row-qbmd4\" data-id=\"eb-row-qbmd4\"><div class=\"eb-row-wrapper\"><div class=\"eb-row-inner\">\n<div class=\"wp-block-essential-blocks-column  root-eb-column-t7er8 gtfy-41\"><div class=\"eb-parent-wrapper eb-parent-eb-column-t7er8 \"><div class=\"eb-column-wrapper eb-column-t7er8\"><div class=\"eb-column-inner\">\n<div class=\"wp-block-essential-blocks-advanced-heading  root-eb-advance-heading-zx29k gtfy-40\"><div class=\"eb-parent-wrapper eb-parent-eb-advance-heading-zx29k \"><div class=\"eb-advance-heading-wrapper eb-advance-heading-zx29k button-1 undefined\" data-id=\"eb-advance-heading-zx29k\"><h2 class=\"eb-ah-title\"><span class=\"first-title\"><strong>Dans quelles situations faire appel \u00e0 un coaching d\u2019\u00e9quipe ?<\/strong><\/span><\/h2><\/div><\/div><\/div>\n<\/div><\/div><\/div><\/div>\n<\/div><\/div><\/div><\/div><\/div>\n\n\n\n<div class=\"wp-block-essential-blocks-row alignfull  root-eb-row-159ev gtfy-55\"><div class=\"eb-parent-wrapper eb-parent-eb-row-159ev \"><div class=\"eb-row-root-container eb-row-159ev\" data-id=\"eb-row-159ev\"><div class=\"eb-row-wrapper\"><div class=\"eb-row-inner\">\n<div class=\"wp-block-essential-blocks-column  root-eb-column-xsmii gtfy-54\"><div class=\"eb-parent-wrapper eb-parent-eb-column-xsmii \"><div class=\"eb-column-wrapper eb-column-xsmii\"><div class=\"eb-column-inner\">\n<div class=\"wp-block-essential-blocks-advanced-heading  root-eb-advance-heading-4rnmt gtfy-45\"><div class=\"eb-parent-wrapper eb-parent-eb-advance-heading-4rnmt \"><div class=\"eb-advance-heading-wrapper eb-advance-heading-4rnmt button-1 undefined\" data-id=\"eb-advance-heading-4rnmt\"><h3 class=\"eb-ah-title\"><span class=\"first-title\">Le coaching est pertinent lorsqu\u2019une \u00e9quipe :<\/span><\/h3><\/div><\/div><\/div>\n\n\n\n<ul class=\"wp-block-list has-background-color has-text-color has-link-color wp-elements-dad0d58476d0ce8983d205a19aefde70 gtfy-52\">\n<li class=\"gtfy-46 gutenify-list-item\">traverse une <strong>p\u00e9riode de transition<\/strong> : fusion, changement de direction, projet nouveau\u2026<\/li>\n\n\n\n<li class=\"gtfy-47 gutenify-list-item\">rencontre des <strong>blocages r\u00e9currents<\/strong> : conflits non r\u00e9gul\u00e9s, manque de coop\u00e9ration, surcharge \u00e9motionnelle<\/li>\n\n\n\n<li class=\"gtfy-48 gutenify-list-item\"><strong>perd en efficacit\u00e9 ou en motivation<\/strong>, sans raison apparente<\/li>\n\n\n\n<li class=\"gtfy-49 gutenify-list-item\">a besoin de <strong>clarifier son r\u00f4le, ses priorit\u00e9s, son sens commun<\/strong><\/li>\n\n\n\n<li class=\"gtfy-50 gutenify-list-item\">fonctionne en <strong>silos<\/strong>, avec peu d\u2019interactions entre ses membres ou d\u2019autres \u00e9quipes<\/li>\n\n\n\n<li class=\"gtfy-51 gutenify-list-item\">souhaite simplement <strong>pr\u00e9server ou renforcer une dynamique d\u00e9j\u00e0 saine<\/strong>, avant qu\u2019elle ne s\u2019\u00e9puise<\/li>\n<\/ul>\n\n\n\n<p class=\"has-background-color has-text-color has-link-color wp-elements-b437f42918fc533a7b965ec16d9a5555 gtfy-53\">Osez red\u00e9couvrir la joie d\u2019apprendre et de d\u00e9sapprendre ensemble. Identifiez les blocages, laissez aller ce qui n\u2019est plus utile et passez \u00e0 l\u2019action. Avancez \u00e0 votre rythme et accueillez la nouveaut\u00e9. Croyez en vos talents inn\u00e9s et d\u00e9ployez votre puissance, pour vous-m\u00eame et au service de votre \u00e9quipe.<\/p>\n<\/div><\/div><\/div><\/div>\n<\/div><\/div><\/div><\/div><\/div>\n\n\n\n<div style=\"height:0px\" aria-hidden=\"true\" class=\"wp-block-spacer gtfy-58\"><\/div>\n\n\n\n<div class=\"wp-block-essential-blocks-row alignfull  root-eb-row-0h9h9 gtfy-70\"><div class=\"eb-parent-wrapper eb-parent-eb-row-0h9h9 \"><div class=\"eb-row-root-container eb-row-0h9h9\" data-id=\"eb-row-0h9h9\"><div class=\"eb-row-wrapper\"><div class=\"eb-row-inner\">\n<div class=\"wp-block-essential-blocks-column  root-eb-column-h2yfh gtfy-69\"><div class=\"eb-parent-wrapper eb-parent-eb-column-h2yfh \"><div class=\"eb-column-wrapper eb-column-h2yfh\"><div class=\"eb-column-inner\">\n<div class=\"wp-block-essential-blocks-advanced-heading  root-eb-advance-heading-m766t gtfy-61\"><div class=\"eb-parent-wrapper eb-parent-eb-advance-heading-m766t \"><div class=\"eb-advance-heading-wrapper eb-advance-heading-m766t button-1 undefined\" data-id=\"eb-advance-heading-m766t\"><h2 class=\"eb-ah-title\"><span class=\"first-title\"><strong><strong>Quels b\u00e9n\u00e9fices concrets attendre d\u2019un coaching d\u2019\u00e9quipe ?<\/strong><\/strong><\/span><\/h2><\/div><\/div><\/div>\n\n\n\n<p class=\"has-background-color has-text-color has-link-color wp-elements-a7598d9a9118d95ab7c6e35ee5a7b804 gtfy-62\">Un coaching d\u2019\u00e9quipe bien men\u00e9 g\u00e9n\u00e8re des <strong>r\u00e9sultats visibles et mesurables<\/strong>, sur plusieurs plans :<\/p>\n\n\n\n<ul class=\"wp-block-list gtfy-68\">\n<li class=\"gtfy-63 gutenify-list-item\"><strong>Alignement<\/strong> : les objectifs sont compris, partag\u00e9s, port\u00e9s collectivement<\/li>\n\n\n\n<li class=\"gtfy-64 gutenify-list-item\"><strong>Communication<\/strong> : les \u00e9changes gagnent en clart\u00e9, en qualit\u00e9, en efficacit\u00e9<\/li>\n\n\n\n<li class=\"gtfy-65 gutenify-list-item\"><strong>Confiance<\/strong> : les tensions se r\u00e9gulent, les relations se solidifient<\/li>\n\n\n\n<li class=\"gtfy-66 gutenify-list-item\"><strong>Coh\u00e9sion<\/strong> : les r\u00f4les et contributions sont clarifi\u00e9s et mieux assum\u00e9s<\/li>\n\n\n\n<li class=\"gtfy-67 gutenify-list-item\"><strong>Performance durable<\/strong> : les d\u00e9cisions sont plus fluides, les actions mieux coordonn\u00e9es<\/li>\n<\/ul>\n<\/div><\/div><\/div><\/div>\n<\/div><\/div><\/div><\/div><\/div>\n\n\n\n<div class=\"wp-block-essential-blocks-row alignfull  root-eb-row-f0ipy gtfy-77\"><div class=\"eb-parent-wrapper eb-parent-eb-row-f0ipy \"><div class=\"eb-row-root-container eb-row-f0ipy\" data-id=\"eb-row-f0ipy\"><div class=\"eb-row-wrapper\"><div class=\"eb-row-inner\">\n<div class=\"wp-block-essential-blocks-column  root-eb-column-sbo7g gtfy-76\"><div class=\"eb-parent-wrapper eb-parent-eb-column-sbo7g \"><div class=\"eb-column-wrapper eb-column-sbo7g\"><div class=\"eb-column-inner\">\n<p class=\"has-background-color has-text-color has-link-color wp-elements-87fcd8e4bd9d6b8a9c40ba2cb59d9024 gtfy-73\">Donn\u00e9es du march\u00e9 (ICF &amp; HBR) :<br><\/p>\n\n\n\n<figure class=\"wp-block-table is-style-stripes gtfy-74\"><table class=\"has-fixed-layout\"><tbody><tr><td><strong>Impact du coaching d\u2019\u00e9quipe (apr\u00e8s 3 \u00e0 6 mois)<\/strong><\/td><td><strong>% d\u2019\u00e9quipes observ\u00e9es<\/strong><\/td><\/tr><tr><td>Am\u00e9lioration de la communication interpersonnelle<\/td><td>76 %<\/td><\/tr><tr><td>Clarification des objectifs et des r\u00f4les<\/td><td>71 %<\/td><\/tr><tr><td>Augmentation de la coop\u00e9ration<\/td><td>69 %<\/td><\/tr><tr><td>R\u00e9duction des conflits internes<\/td><td>64 %<\/td><\/tr><\/tbody><\/table><\/figure>\n\n\n\n<p class=\"has-background-color has-text-color has-link-color wp-elements-1821ffee7eca67241addfdb05371522a gtfy-75\"><em>(Source : Synth\u00e8se HBR x ICF \u2013 Coaching Teams Impact Review, 2022)<\/em><br><\/p>\n<\/div><\/div><\/div><\/div>\n<\/div><\/div><\/div><\/div><\/div>\n\n\n\n<div class=\"wp-block-essential-blocks-row alignfull  root-eb-row-opeac gtfy-90\"><div class=\"eb-parent-wrapper eb-parent-eb-row-opeac \"><div class=\"eb-row-root-container eb-row-opeac\" data-id=\"eb-row-opeac\"><div class=\"eb-row-wrapper\"><div class=\"eb-row-inner\">\n<div class=\"wp-block-essential-blocks-column  root-eb-column-ravae gtfy-89\"><div class=\"eb-parent-wrapper eb-parent-eb-column-ravae \"><div class=\"eb-column-wrapper eb-column-ravae\"><div class=\"eb-column-inner\">\n<div class=\"wp-block-essential-blocks-advanced-heading  root-eb-advance-heading-6f7h9 gtfy-80\"><div class=\"eb-parent-wrapper eb-parent-eb-advance-heading-6f7h9 \"><div class=\"eb-advance-heading-wrapper eb-advance-heading-6f7h9 button-1 undefined\" data-id=\"eb-advance-heading-6f7h9\"><h2 class=\"eb-ah-title\"><span class=\"first-title\"><strong>Quels outils mobilise un coach d\u2019\u00e9quipe ?<\/strong><\/span><\/h2><\/div><\/div><\/div>\n\n\n\n<p class=\"has-background-color has-text-color has-link-color wp-elements-ef77aed21b1abb01fc8f7f6534f763ed gtfy-81\">Le coaching d\u2019\u00e9quipe s\u2019appuie sur des approches riches et compl\u00e9mentaires :<\/p>\n\n\n\n<ul class=\"wp-block-list gtfy-87\">\n<li class=\"gtfy-82 gutenify-list-item\"><strong>Intelligence collective<\/strong> : World Caf\u00e9, Forum Ouvert, co-construction de vision, prise de d\u00e9cisions collaboratives<\/li>\n\n\n\n<li class=\"gtfy-83 gutenify-list-item\"><strong>Typologies et profils<\/strong> : PCM, TMS, MBTI, HBDI pour mieux comprendre les styles de chacun<\/li>\n\n\n\n<li class=\"gtfy-84 gutenify-list-item\"><strong>Feedback structur\u00e9 et r\u00e9gulation<\/strong> : pour installer une communication claire et fluide<\/li>\n\n\n\n<li class=\"gtfy-85 gutenify-list-item\"><strong>Cod\u00e9veloppement professionnel<\/strong> : entre pairs, sur des cas r\u00e9els<\/li>\n\n\n\n<li class=\"gtfy-86 gutenify-list-item\"><strong>Approche syst\u00e9mique<\/strong> : lecture des interactions, des r\u00f4les implicites, des zones de tension ou d\u2019alliance<\/li>\n<\/ul>\n\n\n\n<p class=\"has-background-color has-text-color has-link-color wp-elements-3000c1cdfd87a00805408d92b7dbb4c2 gtfy-88\">Tous ces outils sont activ\u00e9s avec <strong>justesse et souplesse<\/strong>, selon la maturit\u00e9 du groupe et les objectifs fix\u00e9s.<\/p>\n<\/div><\/div><\/div><\/div>\n<\/div><\/div><\/div><\/div><\/div>\n\n\n\n<div style=\"height:0px\" aria-hidden=\"true\" class=\"wp-block-spacer gtfy-93\"><\/div>\n\n\n\n<div class=\"wp-block-essential-blocks-row alignfull  root-eb-row-nqfz6 gtfy-98\"><div class=\"eb-parent-wrapper eb-parent-eb-row-nqfz6 \"><div class=\"eb-row-root-container eb-row-nqfz6\" data-id=\"eb-row-nqfz6\"><div class=\"eb-row-wrapper\"><div class=\"eb-row-inner\">\n<div class=\"wp-block-essential-blocks-column  root-eb-column-h7y8j gtfy-97\"><div class=\"eb-parent-wrapper eb-parent-eb-column-h7y8j \"><div class=\"eb-column-wrapper eb-column-h7y8j\"><div class=\"eb-column-inner\">\n<div class=\"wp-block-essential-blocks-advanced-heading  root-eb-advance-heading-yqg60 gtfy-96\"><div class=\"eb-parent-wrapper eb-parent-eb-advance-heading-yqg60 \"><div class=\"eb-advance-heading-wrapper eb-advance-heading-yqg60 button-1 undefined\" data-id=\"eb-advance-heading-yqg60\"><h2 class=\"eb-ah-title\"><span class=\"first-title\"><strong>Comment se d\u00e9roule un accompagnement d\u2019\u00e9quipe au Saule Rieur ?<\/strong><\/span><\/h2><\/div><\/div><\/div>\n<\/div><\/div><\/div><\/div>\n<\/div><\/div><\/div><\/div><\/div>\n\n\n\n<div class=\"wp-block-essential-blocks-row alignfull  root-eb-row-otxok gtfy-111\"><div class=\"eb-parent-wrapper eb-parent-eb-row-otxok \"><div class=\"eb-row-root-container eb-row-otxok\" data-id=\"eb-row-otxok\"><div class=\"eb-row-wrapper\"><div class=\"eb-row-inner\">\n<div class=\"wp-block-essential-blocks-column  root-eb-column-8emrl gtfy-110\"><div class=\"eb-parent-wrapper eb-parent-eb-column-8emrl \"><div class=\"eb-column-wrapper eb-column-8emrl\"><div class=\"eb-column-inner\">\n<p class=\"has-background-color has-text-color has-link-color wp-elements-0312c8b9b60363ee440b9ebe3cc75df0 gtfy-101\">Chaque mission est unique, mais la d\u00e9marche suit en g\u00e9n\u00e9ral 4 grandes \u00e9tapes :<\/p>\n\n\n\n<h3 class=\"wp-block-heading gtfy-102\"><strong>1. Cadrage&nbsp;<\/strong><\/h3>\n\n\n\n<p class=\"gtfy-103\">Un temps d\u2019\u00e9coute des attentes manag\u00e9riales, des enjeux strat\u00e9giques, du contexte de l\u2019\u00e9quipe. On d\u00e9finit ensemble un cadre clair.<\/p>\n\n\n\n<h3 class=\"wp-block-heading gtfy-104\"><strong>2. Diagnostic partag\u00e9<\/strong><\/h3>\n\n\n\n<p class=\"gtfy-105\">Observation des interactions, entretiens, questionnaires ou atelier de lancement. Ce diagnostic sert de base au design de l\u2019accompagnement.<\/p>\n\n\n\n<h3 class=\"wp-block-heading gtfy-106\"><strong>3. Accompagnement actif<\/strong><\/h3>\n\n\n\n<p class=\"gtfy-107\">S\u00e9ances collectives, ateliers d\u2019intelligence collective, rituels d\u2019\u00e9quipe, coaching individuel si besoin. Le rythme est adapt\u00e9 \u00e0 la r\u00e9alit\u00e9 op\u00e9rationnelle.<\/p>\n\n\n\n<h3 class=\"wp-block-heading gtfy-108\"><strong>4. Cl\u00f4ture et projection<\/strong><\/h3>\n\n\n\n<p class=\"has-background-color has-text-color has-link-color wp-elements-301aa8c737d5e729debf9d663830726c gtfy-109\">\u00c9valuation des apprentissages, ancrage des nouvelles pratiques, plan d\u2019autonomisation de l\u2019\u00e9quipe.<br><br>Tout au long du processus, nous veillons \u00e0 co-construire, co-cr\u00e9er et d\u00e9velopper la co-responsabilisation pour enrichir la <strong>confiance et la s\u00e9curit\u00e9 psychologique au sein de l\u2019\u00e9quipe.<\/strong><\/p>\n<\/div><\/div><\/div><\/div>\n<\/div><\/div><\/div><\/div><\/div>\n\n\n\n<div style=\"height:5px\" aria-hidden=\"true\" class=\"wp-block-spacer gtfy-114\"><\/div>\n\n\n\n<div class=\"wp-block-essential-blocks-row alignfull  root-eb-row-evb4i gtfy-124\"><div class=\"eb-parent-wrapper eb-parent-eb-row-evb4i \"><div class=\"eb-row-root-container eb-row-evb4i\" data-id=\"eb-row-evb4i\"><div class=\"eb-row-wrapper\"><div class=\"eb-row-inner\">\n<div class=\"wp-block-essential-blocks-column  root-eb-column-hynix gtfy-121\"><div class=\"eb-parent-wrapper eb-parent-eb-column-hynix \"><div class=\"eb-column-wrapper eb-column-hynix\"><div class=\"eb-column-inner\">\n<div class=\"wp-block-essential-blocks-advanced-heading  root-eb-advance-heading-hqqze gtfy-117\"><div class=\"eb-parent-wrapper eb-parent-eb-advance-heading-hqqze \"><div class=\"eb-advance-heading-wrapper eb-advance-heading-hqqze button-1 undefined\" data-id=\"eb-advance-heading-hqqze\"><h2 class=\"eb-ah-title\"><span class=\"first-title\">Vous cherchez un coach d&rsquo;\u00e9quipe ?<\/span><\/h2><\/div><\/div><\/div>\n\n\n\n<p class=\"has-foreground-color has-text-color has-link-color wp-elements-ba1238313e84d32e61af7a13624464d4 gtfy-118\"><\/p>\n\n\n\n<div class=\"wp-block-essential-blocks-button  root-eb-button-37dub gtfy-119\"><div class=\"eb-parent-wrapper eb-parent-eb-button-37dub \"><div class=\"eb-button-wrapper eb-button-alignment eb-button-37dub\"><div class=\"eb-button\"><div class=\"eb-button-inner-wrapper \"><a class=\"eb-button-anchor \" href=\"https:\/\/lesaulerieur.com\/240-2\/\" target=\"_blank\" rel=\"noopener\">Contactez-nous<\/a><\/div><\/div><\/div><\/div><\/div>\n\n\n\n<p class=\"has-foreground-color has-text-color has-link-color wp-elements-ba1238313e84d32e61af7a13624464d4 gtfy-120\"><\/p>\n<\/div><\/div><\/div><\/div>\n\n\n\n<div class=\"wp-block-essential-blocks-column  root-eb-column-3y212 gtfy-123\"><div class=\"eb-parent-wrapper eb-parent-eb-column-3y212 \"><div class=\"eb-column-wrapper eb-column-3y212\"><div class=\"eb-column-inner\">\n<figure class=\"wp-block-image size-full is-resized has-custom-border is-style-default gtfy-122\" style=\"margin-top:0;margin-right:var(--wp--preset--spacing--30);margin-bottom:0;margin-left:var(--wp--preset--spacing--30)\"><img loading=\"lazy\" decoding=\"async\" width=\"682\" height=\"568\" src=\"https:\/\/lesaulerieur.com\/wp-content\/uploads\/2025\/08\/Capture-decran-2025-08-01-125923-1.png\" alt=\"\" class=\"wp-image-2152\" style=\"border-style:none;border-width:0px;border-radius:100%;object-fit:cover;width:300px;height:300px\" srcset=\"https:\/\/lesaulerieur.com\/wp-content\/uploads\/2025\/08\/Capture-decran-2025-08-01-125923-1.png 682w, https:\/\/lesaulerieur.com\/wp-content\/uploads\/2025\/08\/Capture-decran-2025-08-01-125923-1-300x250.png 300w, https:\/\/lesaulerieur.com\/wp-content\/uploads\/2025\/08\/Capture-decran-2025-08-01-125923-1-14x12.png 14w\" sizes=\"auto, (max-width: 682px) 100vw, 682px\" \/><\/figure>\n<\/div><\/div><\/div><\/div>\n<\/div><\/div><\/div><\/div><\/div>\n\n\n\n<div style=\"height:5px\" aria-hidden=\"true\" class=\"wp-block-spacer gtfy-127\"><\/div>\n\n\n\n<div class=\"wp-block-essential-blocks-row alignfull  root-eb-row-evveo gtfy-140\"><div class=\"eb-parent-wrapper eb-parent-eb-row-evveo \"><div class=\"eb-row-root-container eb-row-evveo\" data-id=\"eb-row-evveo\"><div class=\"eb-row-wrapper\"><div class=\"eb-row-inner\">\n<div class=\"wp-block-essential-blocks-column  root-eb-column-8fkee gtfy-139\"><div class=\"eb-parent-wrapper eb-parent-eb-column-8fkee \"><div class=\"eb-column-wrapper eb-column-8fkee\"><div class=\"eb-column-inner\">\n<div class=\"wp-block-essential-blocks-advanced-heading  root-eb-advance-heading-d0vj2 gtfy-130\"><div class=\"eb-parent-wrapper eb-parent-eb-advance-heading-d0vj2 \"><div class=\"eb-advance-heading-wrapper eb-advance-heading-d0vj2 button-1 undefined\" data-id=\"eb-advance-heading-d0vj2\"><h2 class=\"eb-ah-title\"><span class=\"first-title\"><strong>Comment choisir le bon coach d\u2019\u00e9quipe ?<\/strong><\/span><\/h2><\/div><\/div><\/div>\n\n\n\n<p class=\"gtfy-131\">Choisir un coach d\u2019\u00e9quipe, c\u2019est choisir un partenaire de transformation.<\/p>\n\n\n\n<p class=\"gtfy-132\">Voici les points d\u2019attention essentiels :<\/p>\n\n\n\n<ol class=\"wp-block-list gtfy-137\">\n<li class=\"gtfy-133 gutenify-list-item\">Une <strong>exp\u00e9rience solide<\/strong> en dynamique de groupe (pas seulement en individuel)<\/li>\n\n\n\n<li class=\"gtfy-134 gutenify-list-item\">Une <strong>posture d\u2019\u00e9coute et de non-savoir<\/strong>, loin des solutions toutes faites<\/li>\n\n\n\n<li class=\"gtfy-135 gutenify-list-item\">Une <strong>connaissance des organisations vivantes et complexes<\/strong><\/li>\n\n\n\n<li class=\"gtfy-136 gutenify-list-item\">Une <strong>formation certifi\u00e9e (ICF ou EMCC)<\/strong>, une <strong>supervision active<\/strong>, et une <strong>\u00e9thique claire<\/strong><\/li>\n<\/ol>\n\n\n\n<p class=\"gtfy-138\">Les coachs du <strong>Saule Rieur<\/strong> sont choisis pour leur exigence, leur exp\u00e9rience, leur humilit\u00e9. Tous sont certifi\u00e9s, supervis\u00e9s, et passionn\u00e9s par l\u2019humain dans ses dimensions individuelles et collectives.<\/p>\n<\/div><\/div><\/div><\/div>\n<\/div><\/div><\/div><\/div><\/div>\n\n\n\n<div style=\"height:5px\" aria-hidden=\"true\" class=\"wp-block-spacer gtfy-143\"><\/div>\n\n\n\n<p class=\"gtfy-146\"><\/p>\n","protected":false},"excerpt":{"rendered":"","protected":false},"author":1,"featured_media":0,"parent":1564,"menu_order":0,"comment_status":"closed","ping_status":"closed","template":"","meta":{"_acf_changed":false,"_eb_attr":"","footnotes":"[]"},"class_list":["post-1349","page","type-page","status-publish","hentry"],"acf":[],"yoast_head":"<!-- This site is optimized with the Yoast SEO plugin v27.4 - https:\/\/yoast.com\/product\/yoast-seo-wordpress\/ -->\n<title>Le coaching d&#039;\u00e9quipe : D\u00e9finitions, B\u00e9n\u00e9fices, Tarifs...<\/title>\n<meta name=\"description\" content=\"Le coaching d\u2019\u00e9quipe en entreprise est une d\u00e9marche structur\u00e9e qui vise \u00e0 am\u00e9liorer durablement le fonctionnement d\u2019un collectif.\" \/>\n<meta name=\"robots\" content=\"index, follow, max-snippet:-1, max-image-preview:large, max-video-preview:-1\" \/>\n<link rel=\"canonical\" href=\"https:\/\/lesaulerieur.com\/en\/welcome\/offers\/professional-coaching\/coaching-dequipe\/\" \/>\n<meta property=\"og:locale\" content=\"en_GB\" \/>\n<meta property=\"og:type\" content=\"article\" \/>\n<meta property=\"og:title\" content=\"Le coaching d&#039;\u00e9quipe : D\u00e9finitions, B\u00e9n\u00e9fices, Tarifs...\" \/>\n<meta property=\"og:description\" content=\"Le coaching d\u2019\u00e9quipe en entreprise est une d\u00e9marche structur\u00e9e qui vise \u00e0 am\u00e9liorer durablement le fonctionnement d\u2019un collectif.\" \/>\n<meta property=\"og:url\" content=\"https:\/\/lesaulerieur.com\/en\/welcome\/offers\/professional-coaching\/coaching-dequipe\/\" \/>\n<meta property=\"og:site_name\" content=\"Lesaulerieur\" \/>\n<meta property=\"article:modified_time\" content=\"2025-09-03T08:40:12+00:00\" \/>\n<meta property=\"og:image\" content=\"https:\/\/lesaulerieur.com\/wp-content\/uploads\/2025\/08\/Capture-decran-2025-08-01-125923-1.png\" \/>\n\t<meta property=\"og:image:width\" content=\"682\" \/>\n\t<meta property=\"og:image:height\" content=\"568\" \/>\n\t<meta property=\"og:image:type\" content=\"image\/png\" \/>\n<meta name=\"twitter:card\" content=\"summary_large_image\" \/>\n<meta name=\"twitter:label1\" content=\"Estimated reading time\" \/>\n\t<meta name=\"twitter:data1\" content=\"5 minutes\" \/>\n<script type=\"application\/ld+json\" class=\"yoast-schema-graph\">{\"@context\":\"https:\\\/\\\/schema.org\",\"@graph\":[{\"@type\":\"WebPage\",\"@id\":\"https:\\\/\\\/lesaulerieur.com\\\/accueil\\\/offres\\\/coaching-professionnel\\\/coaching-dequipe\\\/\",\"url\":\"https:\\\/\\\/lesaulerieur.com\\\/accueil\\\/offres\\\/coaching-professionnel\\\/coaching-dequipe\\\/\",\"name\":\"Le coaching d'\u00e9quipe : D\u00e9finitions, B\u00e9n\u00e9fices, Tarifs...\",\"isPartOf\":{\"@id\":\"https:\\\/\\\/lesaulerieur.com\\\/fr\\\/#website\"},\"primaryImageOfPage\":{\"@id\":\"https:\\\/\\\/lesaulerieur.com\\\/accueil\\\/offres\\\/coaching-professionnel\\\/coaching-dequipe\\\/#primaryimage\"},\"image\":{\"@id\":\"https:\\\/\\\/lesaulerieur.com\\\/accueil\\\/offres\\\/coaching-professionnel\\\/coaching-dequipe\\\/#primaryimage\"},\"thumbnailUrl\":\"https:\\\/\\\/lesaulerieur.com\\\/wp-content\\\/uploads\\\/2025\\\/08\\\/Capture-decran-2025-08-01-125923-1.png\",\"datePublished\":\"2025-05-14T14:44:07+00:00\",\"dateModified\":\"2025-09-03T08:40:12+00:00\",\"description\":\"Le coaching d\u2019\u00e9quipe en entreprise est une d\u00e9marche structur\u00e9e qui vise \u00e0 am\u00e9liorer durablement le fonctionnement d\u2019un collectif.\",\"breadcrumb\":{\"@id\":\"https:\\\/\\\/lesaulerieur.com\\\/accueil\\\/offres\\\/coaching-professionnel\\\/coaching-dequipe\\\/#breadcrumb\"},\"inLanguage\":\"en-GB\",\"potentialAction\":[{\"@type\":\"ReadAction\",\"target\":[\"https:\\\/\\\/lesaulerieur.com\\\/accueil\\\/offres\\\/coaching-professionnel\\\/coaching-dequipe\\\/\"]}]},{\"@type\":\"ImageObject\",\"inLanguage\":\"en-GB\",\"@id\":\"https:\\\/\\\/lesaulerieur.com\\\/accueil\\\/offres\\\/coaching-professionnel\\\/coaching-dequipe\\\/#primaryimage\",\"url\":\"https:\\\/\\\/lesaulerieur.com\\\/wp-content\\\/uploads\\\/2025\\\/08\\\/Capture-decran-2025-08-01-125923-1.png\",\"contentUrl\":\"https:\\\/\\\/lesaulerieur.com\\\/wp-content\\\/uploads\\\/2025\\\/08\\\/Capture-decran-2025-08-01-125923-1.png\"},{\"@type\":\"BreadcrumbList\",\"@id\":\"https:\\\/\\\/lesaulerieur.com\\\/accueil\\\/offres\\\/coaching-professionnel\\\/coaching-dequipe\\\/#breadcrumb\",\"itemListElement\":[{\"@type\":\"ListItem\",\"position\":1,\"name\":\"Home\",\"item\":\"https:\\\/\\\/lesaulerieur.com\\\/\"},{\"@type\":\"ListItem\",\"position\":2,\"name\":\"Accueil\",\"item\":\"https:\\\/\\\/lesaulerieur.com\\\/\"},{\"@type\":\"ListItem\",\"position\":3,\"name\":\"Offres\",\"item\":\"https:\\\/\\\/lesaulerieur.com\\\/accueil\\\/offres\\\/\"},{\"@type\":\"ListItem\",\"position\":4,\"name\":\"Coaching professionnel\",\"item\":\"https:\\\/\\\/lesaulerieur.com\\\/accueil\\\/offres\\\/coaching-professionnel\\\/\"},{\"@type\":\"ListItem\",\"position\":5,\"name\":\"Coaching d&rsquo;\u00e9quipe\"}]},{\"@type\":\"WebSite\",\"@id\":\"https:\\\/\\\/lesaulerieur.com\\\/fr\\\/#website\",\"url\":\"https:\\\/\\\/lesaulerieur.com\\\/fr\\\/\",\"name\":\"Lesaulerieur\",\"description\":\"\",\"publisher\":{\"@id\":\"https:\\\/\\\/lesaulerieur.com\\\/fr\\\/#organization\"},\"potentialAction\":[{\"@type\":\"SearchAction\",\"target\":{\"@type\":\"EntryPoint\",\"urlTemplate\":\"https:\\\/\\\/lesaulerieur.com\\\/fr\\\/?s={search_term_string}\"},\"query-input\":{\"@type\":\"PropertyValueSpecification\",\"valueRequired\":true,\"valueName\":\"search_term_string\"}}],\"inLanguage\":\"en-GB\"},{\"@type\":\"Organization\",\"@id\":\"https:\\\/\\\/lesaulerieur.com\\\/fr\\\/#organization\",\"name\":\"Lesaulerieur\",\"url\":\"https:\\\/\\\/lesaulerieur.com\\\/fr\\\/\",\"logo\":{\"@type\":\"ImageObject\",\"inLanguage\":\"en-GB\",\"@id\":\"https:\\\/\\\/lesaulerieur.com\\\/fr\\\/#\\\/schema\\\/logo\\\/image\\\/\",\"url\":\"https:\\\/\\\/lesaulerieur.com\\\/wp-content\\\/uploads\\\/2026\\\/03\\\/exports-saule-rieur-transparent8-1.png\",\"contentUrl\":\"https:\\\/\\\/lesaulerieur.com\\\/wp-content\\\/uploads\\\/2026\\\/03\\\/exports-saule-rieur-transparent8-1.png\",\"width\":2480,\"height\":1240,\"caption\":\"Lesaulerieur\"},\"image\":{\"@id\":\"https:\\\/\\\/lesaulerieur.com\\\/fr\\\/#\\\/schema\\\/logo\\\/image\\\/\"},\"sameAs\":[\"https:\\\/\\\/www.linkedin.com\\\/in\\\/anita-cassagne-2625a62\\\/\"]}]}<\/script>\n<!-- \/ Yoast SEO plugin. -->","yoast_head_json":{"title":"Le coaching d'\u00e9quipe : D\u00e9finitions, B\u00e9n\u00e9fices, Tarifs...","description":"Le coaching d\u2019\u00e9quipe en entreprise est une d\u00e9marche structur\u00e9e qui vise \u00e0 am\u00e9liorer durablement le fonctionnement d\u2019un collectif.","robots":{"index":"index","follow":"follow","max-snippet":"max-snippet:-1","max-image-preview":"max-image-preview:large","max-video-preview":"max-video-preview:-1"},"canonical":"https:\/\/lesaulerieur.com\/en\/welcome\/offers\/professional-coaching\/coaching-dequipe\/","og_locale":"en_GB","og_type":"article","og_title":"Le coaching d'\u00e9quipe : D\u00e9finitions, B\u00e9n\u00e9fices, Tarifs...","og_description":"Le coaching d\u2019\u00e9quipe en entreprise est une d\u00e9marche structur\u00e9e qui vise \u00e0 am\u00e9liorer durablement le fonctionnement d\u2019un collectif.","og_url":"https:\/\/lesaulerieur.com\/en\/welcome\/offers\/professional-coaching\/coaching-dequipe\/","og_site_name":"Lesaulerieur","article_modified_time":"2025-09-03T08:40:12+00:00","og_image":[{"width":682,"height":568,"url":"https:\/\/lesaulerieur.com\/wp-content\/uploads\/2025\/08\/Capture-decran-2025-08-01-125923-1.png","type":"image\/png"}],"twitter_card":"summary_large_image","twitter_misc":{"Estimated reading time":"5 minutes"},"schema":{"@context":"https:\/\/schema.org","@graph":[{"@type":"WebPage","@id":"https:\/\/lesaulerieur.com\/accueil\/offres\/coaching-professionnel\/coaching-dequipe\/","url":"https:\/\/lesaulerieur.com\/accueil\/offres\/coaching-professionnel\/coaching-dequipe\/","name":"Le coaching d'\u00e9quipe : D\u00e9finitions, B\u00e9n\u00e9fices, Tarifs...","isPartOf":{"@id":"https:\/\/lesaulerieur.com\/fr\/#website"},"primaryImageOfPage":{"@id":"https:\/\/lesaulerieur.com\/accueil\/offres\/coaching-professionnel\/coaching-dequipe\/#primaryimage"},"image":{"@id":"https:\/\/lesaulerieur.com\/accueil\/offres\/coaching-professionnel\/coaching-dequipe\/#primaryimage"},"thumbnailUrl":"https:\/\/lesaulerieur.com\/wp-content\/uploads\/2025\/08\/Capture-decran-2025-08-01-125923-1.png","datePublished":"2025-05-14T14:44:07+00:00","dateModified":"2025-09-03T08:40:12+00:00","description":"Le coaching d\u2019\u00e9quipe en entreprise est une d\u00e9marche structur\u00e9e qui vise \u00e0 am\u00e9liorer durablement le fonctionnement d\u2019un collectif.","breadcrumb":{"@id":"https:\/\/lesaulerieur.com\/accueil\/offres\/coaching-professionnel\/coaching-dequipe\/#breadcrumb"},"inLanguage":"en-GB","potentialAction":[{"@type":"ReadAction","target":["https:\/\/lesaulerieur.com\/accueil\/offres\/coaching-professionnel\/coaching-dequipe\/"]}]},{"@type":"ImageObject","inLanguage":"en-GB","@id":"https:\/\/lesaulerieur.com\/accueil\/offres\/coaching-professionnel\/coaching-dequipe\/#primaryimage","url":"https:\/\/lesaulerieur.com\/wp-content\/uploads\/2025\/08\/Capture-decran-2025-08-01-125923-1.png","contentUrl":"https:\/\/lesaulerieur.com\/wp-content\/uploads\/2025\/08\/Capture-decran-2025-08-01-125923-1.png"},{"@type":"BreadcrumbList","@id":"https:\/\/lesaulerieur.com\/accueil\/offres\/coaching-professionnel\/coaching-dequipe\/#breadcrumb","itemListElement":[{"@type":"ListItem","position":1,"name":"Home","item":"https:\/\/lesaulerieur.com\/"},{"@type":"ListItem","position":2,"name":"Accueil","item":"https:\/\/lesaulerieur.com\/"},{"@type":"ListItem","position":3,"name":"Offres","item":"https:\/\/lesaulerieur.com\/accueil\/offres\/"},{"@type":"ListItem","position":4,"name":"Coaching professionnel","item":"https:\/\/lesaulerieur.com\/accueil\/offres\/coaching-professionnel\/"},{"@type":"ListItem","position":5,"name":"Coaching d&rsquo;\u00e9quipe"}]},{"@type":"WebSite","@id":"https:\/\/lesaulerieur.com\/fr\/#website","url":"https:\/\/lesaulerieur.com\/fr\/","name":"The reseller","description":"","publisher":{"@id":"https:\/\/lesaulerieur.com\/fr\/#organization"},"potentialAction":[{"@type":"SearchAction","target":{"@type":"EntryPoint","urlTemplate":"https:\/\/lesaulerieur.com\/fr\/?s={search_term_string}"},"query-input":{"@type":"PropertyValueSpecification","valueRequired":true,"valueName":"search_term_string"}}],"inLanguage":"en-GB"},{"@type":"Organization","@id":"https:\/\/lesaulerieur.com\/fr\/#organization","name":"The reseller","url":"https:\/\/lesaulerieur.com\/fr\/","logo":{"@type":"ImageObject","inLanguage":"en-GB","@id":"https:\/\/lesaulerieur.com\/fr\/#\/schema\/logo\/image\/","url":"https:\/\/lesaulerieur.com\/wp-content\/uploads\/2026\/03\/exports-saule-rieur-transparent8-1.png","contentUrl":"https:\/\/lesaulerieur.com\/wp-content\/uploads\/2026\/03\/exports-saule-rieur-transparent8-1.png","width":2480,"height":1240,"caption":"Lesaulerieur"},"image":{"@id":"https:\/\/lesaulerieur.com\/fr\/#\/schema\/logo\/image\/"},"sameAs":["https:\/\/www.linkedin.com\/in\/anita-cassagne-2625a62\/"]}]}},"_links":{"self":[{"href":"https:\/\/lesaulerieur.com\/en\/wp-json\/wp\/v2\/pages\/1349","targetHints":{"allow":["GET"]}}],"collection":[{"href":"https:\/\/lesaulerieur.com\/en\/wp-json\/wp\/v2\/pages"}],"about":[{"href":"https:\/\/lesaulerieur.com\/en\/wp-json\/wp\/v2\/types\/page"}],"author":[{"embeddable":true,"href":"https:\/\/lesaulerieur.com\/en\/wp-json\/wp\/v2\/users\/1"}],"replies":[{"embeddable":true,"href":"https:\/\/lesaulerieur.com\/en\/wp-json\/wp\/v2\/comments?post=1349"}],"version-history":[{"count":18,"href":"https:\/\/lesaulerieur.com\/en\/wp-json\/wp\/v2\/pages\/1349\/revisions"}],"predecessor-version":[{"id":2175,"href":"https:\/\/lesaulerieur.com\/en\/wp-json\/wp\/v2\/pages\/1349\/revisions\/2175"}],"up":[{"embeddable":true,"href":"https:\/\/lesaulerieur.com\/en\/wp-json\/wp\/v2\/pages\/1564"}],"wp:attachment":[{"href":"https:\/\/lesaulerieur.com\/en\/wp-json\/wp\/v2\/media?parent=1349"}],"curies":[{"name":"wp","href":"https:\/\/api.w.org\/{rel}","templated":true}]}}