{"id":699,"date":"2024-08-17T14:47:14","date_gmt":"2024-08-17T14:47:14","guid":{"rendered":"https:\/\/lesaulerieur.com\/?page_id=699"},"modified":"2025-07-24T08:37:52","modified_gmt":"2025-07-24T08:37:52","slug":"les-fondamentaux-du-management","status":"publish","type":"page","link":"https:\/\/lesaulerieur.com\/en\/welcome\/offers\/formations\/les-fondamentaux-du-management\/","title":{"rendered":"The Fundamentals of Management"},"content":{"rendered":"<div class=\"wp-block-essential-blocks-row alignfull hide-mobile gutenify-section-85df0e90-493f-11ef-9ae6-b5ca1798ff35  root-eb-row-3tupp gtfy-5\"><div class=\"eb-parent-wrapper eb-parent-eb-row-3tupp\"><div class=\"eb-row-root-container eb-row-3tupp\" data-id=\"eb-row-3tupp\"><div class=\"eb-row-wrapper\"><div class=\"eb-row-inner\">\n<div class=\"wp-block-essential-blocks-column gutenify-section-85ddaf00-493f-11ef-9ae6-b5ca1798ff35  root-eb-column-x6e0e gtfy-2\"><div class=\"eb-parent-wrapper eb-parent-eb-column-x6e0e\"><div class=\"eb-column-wrapper eb-column-x6e0e\"><div class=\"eb-column-inner\">\n<h1 class=\"wp-block-heading gutenify-section-2af1cb10-1c2d-11ef-b026-e966c8d9abaf gtfy-1\" style=\"padding-right:var(--wp--preset--spacing--70);padding-left:var(--wp--preset--spacing--70);font-size:65px\"><strong><strong><strong>Adopter les fondements du management&nbsp;<\/strong><\/strong><\/strong><span id=\"docs-internal-guid-93f80ef0-7fff-4f53-a168-c773a818288f\" style=\"font-weight:normal;\"><div><span style=\"font-size: 18.9pt; font-family: Roboto, sans-serif; color: rgb(0, 0, 0); background-color: rgb(255, 255, 0); font-weight: 700; font-variant-numeric: normal; font-variant-east-asian: normal; font-variant-alternates: normal; font-variant-position: normal; vertical-align: baseline;\"><\/span><\/div><\/span><\/h1>\n<\/div><\/div><\/div><\/div>\n\n\n\n<div class=\"wp-block-essential-blocks-column gutenify-section-85de4b40-493f-11ef-9ae6-b5ca1798ff35  root-eb-column-p8wy9 gtfy-4\"><div class=\"eb-parent-wrapper eb-parent-eb-column-p8wy9 eb_animation eb___animated eb___slideInRight\"><div class=\"eb-column-wrapper eb-column-p8wy9\"><div class=\"eb-column-inner\">\n<p class=\"gutenify-section-955cee90-2cd0-11ef-a7b5-45366f628163 gtfy-3\" align=\"justify\" style=\"padding: 1em\">Un bon management repose sur la capacit\u00e9 \u00e0 inspirer, motiver et piloter les membres de l&rsquo;\u00e9quipe vers la r\u00e9alisation de leurs objectifs individuels et collectifs. Cela implique \u00e9galement de cr\u00e9er un environnement de travail favorable \u00e0 la cr\u00e9ativit\u00e9, \u00e0 l&rsquo;innovation et \u00e0 la collaboration qui permet aux personnes de se d\u00e9velopper et de donner le meilleur d&rsquo;elles-m\u00eames. <\/p>\n<\/div><\/div><\/div><\/div>\n<\/div><\/div><\/div><\/div><\/div>\n\n\n\n<div class=\"wp-block-essential-blocks-wrapper hide-desktop gutenify-section-85dfaad0-493f-11ef-9ae6-b5ca1798ff35  root-eb-wrapper-rv350 gtfy-11\"><div class=\"eb-parent-wrapper eb-parent-eb-wrapper-rv350\"><div class=\"eb-wrapper-outer eb-wrapper-rv350\"><div class=\"eb-wrapper-inner\"><div class=\"eb-wrapper-inner-blocks eb-wrapper-align-center\">\n<h1 class=\"wp-block-heading has-text-align-center gutenify-section-69cf4cb0-1e8d-11ef-8d11-99c3c9299bd2 has-gigantic-font-size gtfy-8\"><strong><strong><strong>Adopter les fondements du management&nbsp;<\/strong><\/strong><\/strong><\/h1>\n\n\n\n<hr class=\"wp-block-separator has-text-color has-alpha-channel-opacity has-background gutenify-section-5daa6a90-1e93-11ef-8d11-99c3c9299bd2 gtfy-9\" style=\"background-color:#1db460;color:#1db460\"\/>\n\n\n\n<p class=\"gutenify-section-955cee90-2cd0-11ef-a7b5-45366f628163 gtfy-10\" align=\"justify\" style=\"padding: 1em\">Un bon management repose sur la capacit\u00e9 \u00e0 inspirer, motiver et piloter les membres de l&rsquo;\u00e9quipe vers la r\u00e9alisation de leurs objectifs individuels et collectifs. Cela implique \u00e9galement de cr\u00e9er un environnement de travail favorable \u00e0 la cr\u00e9ativit\u00e9, \u00e0 l&rsquo;innovation et \u00e0 la collaboration qui permet aux personnes de se d\u00e9velopper et de donner le meilleur d&rsquo;elles-m\u00eames.<\/p>\n<\/div><\/div><\/div><\/div><\/div>\n\n\n\n<div class=\"wp-block-group alignfull display: block; margin: auto; gutenify-section-85dff8f0-493f-11ef-9ae6-b5ca1798ff35 has-foreground-background-color has-background is-layout-constrained wp-container-core-group-is-layout-d794d2f0 wp-block-group-is-layout-constrained gtfy-16\" style=\"border-style:none;border-width:0px;border-radius:0px;min-height:470px;padding-top:0px;padding-right:0px;padding-bottom:0px;padding-left:0px;background-image:url(&apos;https:\/\/lesaulerieur.com\/wp-content\/uploads\/2024\/08\/istockphoto-468845588-2048x2048-1.png&apos;);background-position:50% 39%;background-size:cover;\">\n<div style=\"height:130px\" aria-hidden=\"true\" class=\"wp-block-spacer gutenify-section-08d716f0-1dd8-11ef-8fdb-178abbc909b0 gtfy-14\"><\/div>\n\n\n\n<p class=\"gutenify-section-ab6fd6d0-2cde-11ef-a34f-f12b2996d7b4 gtfy-15\"><\/p>\n<\/div>\n\n\n\n<p class=\"gutenify-section-a078a350-4940-11ef-9ae6-b5ca1798ff35 gtfy-19\">Le Manager reconna\u00eet aussi l&rsquo;importance de la diversit\u00e9, de l&rsquo;inclusion et de l&rsquo;\u00e9thique dans la prise de d\u00e9cision et dans la gestion des \u00e9quipes. Il comprend et s&rsquo;adapte aux diff\u00e9rents profils de son \u00e9quipe. Face aux changements rapides de l&rsquo;environnement \u00e9conomique, technologique et social, il adopte une approche agile et favorise la r\u00e9silience.<\/p>\n\n\n\n<p class=\"gutenify-section-2cff3a80-5ca8-11ef-bcb9-090eec63ca23 gtfy-22\"><strong>Cette formation vise \u00e0 fournir aux participants les bases solides indispensables pour exercer un management efficace et inspirant, permettant ainsi \u00e0 l&rsquo;entreprise de prosp\u00e9rer dans un march\u00e9 en perp\u00e9tuelle mutation.<\/strong><\/p>\n\n\n\n<div class=\"wp-block-group alignfull gutenify-section-506ecd20-5ca6-11ef-accc-efaa5610e2a1 has-foreground-color has-text-color has-background has-link-color wp-elements-be2156b3f6d96ad3a097a3e8c62753bd is-layout-constrained wp-block-group-is-layout-constrained gtfy-26\" style=\"background-color:#1db460\">\n<p class=\"gutenify-section-45e3e8c0-5ca8-11ef-bcb9-090eec63ca23 gtfy-25\">Ce parcours se d\u00e9roule en 4 modules de formation avec 4 ateliers de co-d\u00e9veloppement en inter-sessions. Alliant apports th\u00e9oriques et animations participatives, il int\u00e8gre votre contexte et vos enjeux pour \u00eatre op\u00e9rationnel et pragmatique.<\/p>\n<\/div>\n\n\n\n<p class=\"gutenify-section-576e6b10-5ca8-11ef-bcb9-090eec63ca23 gtfy-29\"><strong><em>Ce parcours permettra de:<\/em><\/strong><\/p>\n\n\n\n<ul class=\"wp-block-list gutenify-section-57721490-5ca8-11ef-bcb9-090eec63ca23 gtfy-37\">\n<li class=\"gutenify-section-576f0750-5ca8-11ef-bcb9-090eec63ca23 gtfy-32 gutenify-list-item\"><em>Comprendre son r\u00f4le de Manager dans le cadre de son entreprise et d\u2019adapter son style de management.<\/em><\/li>\n\n\n\n<li class=\"gutenify-section-576f5570-5ca8-11ef-bcb9-090eec63ca23 gtfy-33 gutenify-list-item\"><em>D\u00e9velopper sa communication, la motivation et l&rsquo;engagement de l&rsquo;\u00e9quipe.<\/em><\/li>\n\n\n\n<li class=\"gutenify-section-576fcaa0-5ca8-11ef-bcb9-090eec63ca23 gtfy-34 gutenify-list-item\"><em>Recruter et d\u00e9velopper les talents. Ajuster ses feedbacks.<\/em><\/li>\n\n\n\n<li class=\"gutenify-section-577066e0-5ca8-11ef-bcb9-090eec63ca23 gtfy-35 gutenify-list-item\"><em>\u00c9tablir les priorit\u00e9s, fixer des objectifs, d\u00e9l\u00e9guer.<\/em><\/li>\n\n\n\n<li class=\"gutenify-section-5770b500-5ca8-11ef-bcb9-090eec63ca23 gtfy-36 gutenify-list-item\"><em>Progresser gr\u00e2ce au coaching de ses collaborateur.trices.<\/em><\/li>\n<\/ul>\n\n\n\n<div class=\"wp-block-essential-blocks-button root-eb-button-wrlot gutenify-section-85e1cdb0-493f-11ef-9ae6-b5ca1798ff35 gtfy-40\"><div class=\"eb-parent-wrapper eb-parent-eb-button-wrlot eb_animation eb___animated eb___slideInUp\"><div class=\"eb-button-wrapper eb-button-alignment eb-button-wrlot\"><div class=\"eb-button\"><div class=\"eb-button-inner-wrapper\"><a class=\"eb-button-anchor\" href=\"https:\/\/lesaulerieur.com\/en\/240-2\/\" rel=\"noopener\"><strong><strong>Contact us<\/strong><\/strong><\/a><\/div><\/div><\/div><\/div><\/div>\n\n\n\n<p class=\"gutenify-section-2b7a64b0-5ca7-11ef-bcb9-090eec63ca23 gtfy-43\"><\/p>","protected":false},"excerpt":{"rendered":"<p>Le Manager reconna\u00eet aussi l&rsquo;importance de la diversit\u00e9, de l&rsquo;inclusion et de l&rsquo;\u00e9thique dans la [&hellip;]<\/p>\n","protected":false},"author":1,"featured_media":0,"parent":1767,"menu_order":0,"comment_status":"closed","ping_status":"closed","template":"","meta":{"_acf_changed":false,"_eb_attr":"","footnotes":""},"class_list":["post-699","page","type-page","status-publish","hentry"],"acf":[],"yoast_head":"<!-- This site is optimized with the Yoast SEO plugin v27.4 - https:\/\/yoast.com\/product\/yoast-seo-wordpress\/ -->\n<title>Les fondamentaux du management - Lesaulerieur<\/title>\n<meta name=\"robots\" content=\"index, follow, max-snippet:-1, max-image-preview:large, max-video-preview:-1\" \/>\n<link rel=\"canonical\" href=\"https:\/\/lesaulerieur.com\/en\/welcome\/offers\/formations\/les-fondamentaux-du-management\/\" \/>\n<meta property=\"og:locale\" content=\"en_GB\" \/>\n<meta property=\"og:type\" content=\"article\" \/>\n<meta property=\"og:title\" content=\"Les fondamentaux du management - Lesaulerieur\" \/>\n<meta property=\"og:description\" content=\"Le Manager reconna\u00eet aussi l&rsquo;importance de la diversit\u00e9, de l&rsquo;inclusion et de l&rsquo;\u00e9thique dans la [&hellip;]\" \/>\n<meta property=\"og:url\" content=\"https:\/\/lesaulerieur.com\/en\/welcome\/offers\/formations\/les-fondamentaux-du-management\/\" \/>\n<meta property=\"og:site_name\" content=\"Lesaulerieur\" \/>\n<meta property=\"article:modified_time\" content=\"2025-07-24T08:37:52+00:00\" \/>\n<meta name=\"twitter:card\" content=\"summary_large_image\" \/>\n<meta name=\"twitter:label1\" content=\"Estimated reading time\" \/>\n\t<meta name=\"twitter:data1\" content=\"2 minutes\" \/>\n<script type=\"application\/ld+json\" class=\"yoast-schema-graph\">{\"@context\":\"https:\\\/\\\/schema.org\",\"@graph\":[{\"@type\":\"WebPage\",\"@id\":\"https:\\\/\\\/lesaulerieur.com\\\/accueil\\\/offres\\\/formations\\\/les-fondamentaux-du-management\\\/\",\"url\":\"https:\\\/\\\/lesaulerieur.com\\\/accueil\\\/offres\\\/formations\\\/les-fondamentaux-du-management\\\/\",\"name\":\"Les fondamentaux du management - Lesaulerieur\",\"isPartOf\":{\"@id\":\"https:\\\/\\\/lesaulerieur.com\\\/fr\\\/#website\"},\"datePublished\":\"2024-08-17T14:47:14+00:00\",\"dateModified\":\"2025-07-24T08:37:52+00:00\",\"breadcrumb\":{\"@id\":\"https:\\\/\\\/lesaulerieur.com\\\/accueil\\\/offres\\\/formations\\\/les-fondamentaux-du-management\\\/#breadcrumb\"},\"inLanguage\":\"en-GB\",\"potentialAction\":[{\"@type\":\"ReadAction\",\"target\":[\"https:\\\/\\\/lesaulerieur.com\\\/accueil\\\/offres\\\/formations\\\/les-fondamentaux-du-management\\\/\"]}]},{\"@type\":\"BreadcrumbList\",\"@id\":\"https:\\\/\\\/lesaulerieur.com\\\/accueil\\\/offres\\\/formations\\\/les-fondamentaux-du-management\\\/#breadcrumb\",\"itemListElement\":[{\"@type\":\"ListItem\",\"position\":1,\"name\":\"Home\",\"item\":\"https:\\\/\\\/lesaulerieur.com\\\/\"},{\"@type\":\"ListItem\",\"position\":2,\"name\":\"Accueil\",\"item\":\"https:\\\/\\\/lesaulerieur.com\\\/\"},{\"@type\":\"ListItem\",\"position\":3,\"name\":\"Offres\",\"item\":\"https:\\\/\\\/lesaulerieur.com\\\/accueil\\\/offres\\\/\"},{\"@type\":\"ListItem\",\"position\":4,\"name\":\"Formations\",\"item\":\"https:\\\/\\\/lesaulerieur.com\\\/accueil\\\/offres\\\/formations\\\/\"},{\"@type\":\"ListItem\",\"position\":5,\"name\":\"Les fondamentaux du management\"}]},{\"@type\":\"WebSite\",\"@id\":\"https:\\\/\\\/lesaulerieur.com\\\/fr\\\/#website\",\"url\":\"https:\\\/\\\/lesaulerieur.com\\\/fr\\\/\",\"name\":\"Lesaulerieur\",\"description\":\"\",\"publisher\":{\"@id\":\"https:\\\/\\\/lesaulerieur.com\\\/fr\\\/#organization\"},\"potentialAction\":[{\"@type\":\"SearchAction\",\"target\":{\"@type\":\"EntryPoint\",\"urlTemplate\":\"https:\\\/\\\/lesaulerieur.com\\\/fr\\\/?s={search_term_string}\"},\"query-input\":{\"@type\":\"PropertyValueSpecification\",\"valueRequired\":true,\"valueName\":\"search_term_string\"}}],\"inLanguage\":\"en-GB\"},{\"@type\":\"Organization\",\"@id\":\"https:\\\/\\\/lesaulerieur.com\\\/fr\\\/#organization\",\"name\":\"Lesaulerieur\",\"url\":\"https:\\\/\\\/lesaulerieur.com\\\/fr\\\/\",\"logo\":{\"@type\":\"ImageObject\",\"inLanguage\":\"en-GB\",\"@id\":\"https:\\\/\\\/lesaulerieur.com\\\/fr\\\/#\\\/schema\\\/logo\\\/image\\\/\",\"url\":\"https:\\\/\\\/lesaulerieur.com\\\/wp-content\\\/uploads\\\/2026\\\/03\\\/exports-saule-rieur-transparent8-1.png\",\"contentUrl\":\"https:\\\/\\\/lesaulerieur.com\\\/wp-content\\\/uploads\\\/2026\\\/03\\\/exports-saule-rieur-transparent8-1.png\",\"width\":2480,\"height\":1240,\"caption\":\"Lesaulerieur\"},\"image\":{\"@id\":\"https:\\\/\\\/lesaulerieur.com\\\/fr\\\/#\\\/schema\\\/logo\\\/image\\\/\"},\"sameAs\":[\"https:\\\/\\\/www.linkedin.com\\\/in\\\/anita-cassagne-2625a62\\\/\"]}]}<\/script>\n<!-- \/ Yoast SEO plugin. -->","yoast_head_json":{"title":"Les fondamentaux du management - Lesaulerieur","robots":{"index":"index","follow":"follow","max-snippet":"max-snippet:-1","max-image-preview":"max-image-preview:large","max-video-preview":"max-video-preview:-1"},"canonical":"https:\/\/lesaulerieur.com\/en\/welcome\/offers\/formations\/les-fondamentaux-du-management\/","og_locale":"en_GB","og_type":"article","og_title":"Les fondamentaux du management - Lesaulerieur","og_description":"Le Manager reconna\u00eet aussi l&rsquo;importance de la diversit\u00e9, de l&rsquo;inclusion et de l&rsquo;\u00e9thique dans la [&hellip;]","og_url":"https:\/\/lesaulerieur.com\/en\/welcome\/offers\/formations\/les-fondamentaux-du-management\/","og_site_name":"Lesaulerieur","article_modified_time":"2025-07-24T08:37:52+00:00","twitter_card":"summary_large_image","twitter_misc":{"Estimated reading time":"2 minutes"},"schema":{"@context":"https:\/\/schema.org","@graph":[{"@type":"WebPage","@id":"https:\/\/lesaulerieur.com\/accueil\/offres\/formations\/les-fondamentaux-du-management\/","url":"https:\/\/lesaulerieur.com\/accueil\/offres\/formations\/les-fondamentaux-du-management\/","name":"Les fondamentaux du management - Lesaulerieur","isPartOf":{"@id":"https:\/\/lesaulerieur.com\/fr\/#website"},"datePublished":"2024-08-17T14:47:14+00:00","dateModified":"2025-07-24T08:37:52+00:00","breadcrumb":{"@id":"https:\/\/lesaulerieur.com\/accueil\/offres\/formations\/les-fondamentaux-du-management\/#breadcrumb"},"inLanguage":"en-GB","potentialAction":[{"@type":"ReadAction","target":["https:\/\/lesaulerieur.com\/accueil\/offres\/formations\/les-fondamentaux-du-management\/"]}]},{"@type":"BreadcrumbList","@id":"https:\/\/lesaulerieur.com\/accueil\/offres\/formations\/les-fondamentaux-du-management\/#breadcrumb","itemListElement":[{"@type":"ListItem","position":1,"name":"Home","item":"https:\/\/lesaulerieur.com\/"},{"@type":"ListItem","position":2,"name":"Accueil","item":"https:\/\/lesaulerieur.com\/"},{"@type":"ListItem","position":3,"name":"Offres","item":"https:\/\/lesaulerieur.com\/accueil\/offres\/"},{"@type":"ListItem","position":4,"name":"Formations","item":"https:\/\/lesaulerieur.com\/accueil\/offres\/formations\/"},{"@type":"ListItem","position":5,"name":"Les fondamentaux du management"}]},{"@type":"WebSite","@id":"https:\/\/lesaulerieur.com\/fr\/#website","url":"https:\/\/lesaulerieur.com\/fr\/","name":"The reseller","description":"","publisher":{"@id":"https:\/\/lesaulerieur.com\/fr\/#organization"},"potentialAction":[{"@type":"SearchAction","target":{"@type":"EntryPoint","urlTemplate":"https:\/\/lesaulerieur.com\/fr\/?s={search_term_string}"},"query-input":{"@type":"PropertyValueSpecification","valueRequired":true,"valueName":"search_term_string"}}],"inLanguage":"en-GB"},{"@type":"Organization","@id":"https:\/\/lesaulerieur.com\/fr\/#organization","name":"The reseller","url":"https:\/\/lesaulerieur.com\/fr\/","logo":{"@type":"ImageObject","inLanguage":"en-GB","@id":"https:\/\/lesaulerieur.com\/fr\/#\/schema\/logo\/image\/","url":"https:\/\/lesaulerieur.com\/wp-content\/uploads\/2026\/03\/exports-saule-rieur-transparent8-1.png","contentUrl":"https:\/\/lesaulerieur.com\/wp-content\/uploads\/2026\/03\/exports-saule-rieur-transparent8-1.png","width":2480,"height":1240,"caption":"Lesaulerieur"},"image":{"@id":"https:\/\/lesaulerieur.com\/fr\/#\/schema\/logo\/image\/"},"sameAs":["https:\/\/www.linkedin.com\/in\/anita-cassagne-2625a62\/"]}]}},"_links":{"self":[{"href":"https:\/\/lesaulerieur.com\/en\/wp-json\/wp\/v2\/pages\/699","targetHints":{"allow":["GET"]}}],"collection":[{"href":"https:\/\/lesaulerieur.com\/en\/wp-json\/wp\/v2\/pages"}],"about":[{"href":"https:\/\/lesaulerieur.com\/en\/wp-json\/wp\/v2\/types\/page"}],"author":[{"embeddable":true,"href":"https:\/\/lesaulerieur.com\/en\/wp-json\/wp\/v2\/users\/1"}],"replies":[{"embeddable":true,"href":"https:\/\/lesaulerieur.com\/en\/wp-json\/wp\/v2\/comments?post=699"}],"version-history":[{"count":7,"href":"https:\/\/lesaulerieur.com\/en\/wp-json\/wp\/v2\/pages\/699\/revisions"}],"predecessor-version":[{"id":1959,"href":"https:\/\/lesaulerieur.com\/en\/wp-json\/wp\/v2\/pages\/699\/revisions\/1959"}],"up":[{"embeddable":true,"href":"https:\/\/lesaulerieur.com\/en\/wp-json\/wp\/v2\/pages\/1767"}],"wp:attachment":[{"href":"https:\/\/lesaulerieur.com\/en\/wp-json\/wp\/v2\/media?parent=699"}],"curies":[{"name":"wp","href":"https:\/\/api.w.org\/{rel}","templated":true}]}}