{"id":1342,"date":"2025-05-14T14:43:48","date_gmt":"2025-05-14T14:43:48","guid":{"rendered":"https:\/\/lesaulerieur.com\/?page_id=1342"},"modified":"2025-09-03T08:31:36","modified_gmt":"2025-09-03T08:31:36","slug":"coaching-individuel","status":"publish","type":"page","link":"https:\/\/lesaulerieur.com\/fr\/accueil\/offres\/coaching-professionnel\/coaching-individuel\/","title":{"rendered":"Coaching individuel"},"content":{"rendered":"\n<p class=\"gtfy-1\"><\/p>\n\n\n\n<p class=\"gtfy-4\"><\/p>\n\n\n\n        <div class=\"root-eb-breadcrumb-wf7sf wp-block-essential-blocks-breadcrumbs gtfy-7\">\n            <div class=\"eb-parent-wrapper eb-parent-eb-breadcrumb-wf7sf \">\n                <div aria-label=\"Breadcrumb\" class=\"eb-breadcrumb-wrapper eb-breadcrumb-wf7sf\" data-id=\"eb-breadcrumb-wf7sf\">\n                    \n                    <span class=\"eb-breadcrumb-item current\">Page<\/span><\/div>\n                <\/div>\n            <\/div>\n        <\/div>\n\n\n<div class=\"wp-block-essential-blocks-row alignfull  root-eb-row-r59ps gtfy-14\"><div class=\"eb-parent-wrapper eb-parent-eb-row-r59ps \"><div class=\"eb-row-root-container eb-row-r59ps\" data-id=\"eb-row-r59ps\"><div class=\"eb-row-wrapper\"><div class=\"eb-row-inner\">\n<div class=\"wp-block-essential-blocks-column  root-eb-column-fc4c6 gtfy-11\"><div class=\"eb-parent-wrapper eb-parent-eb-column-fc4c6 \"><div class=\"eb-column-wrapper eb-column-fc4c6\"><div class=\"eb-column-inner\">\n<div class=\"wp-block-essential-blocks-advanced-heading  root-eb-advance-heading-whm94 gtfy-10\"><div class=\"eb-parent-wrapper eb-parent-eb-advance-heading-whm94 \"><div class=\"eb-advance-heading-wrapper eb-advance-heading-whm94 button-1 undefined\" data-id=\"eb-advance-heading-whm94\"><h1 class=\"eb-ah-title\"><span class=\"first-title\">Coaching individuel<\/span><\/h1><\/div><\/div><\/div>\n<\/div><\/div><\/div><\/div>\n\n\n\n<div class=\"wp-block-essential-blocks-column  root-eb-column-07moz gtfy-12\"><div class=\"eb-parent-wrapper eb-parent-eb-column-07moz \"><div class=\"eb-column-wrapper eb-column-07moz\"><div class=\"eb-column-inner\"><\/div><\/div><\/div><\/div>\n\n\n\n<div class=\"wp-block-essential-blocks-column  root-eb-column-1fafa gtfy-13\"><div class=\"eb-parent-wrapper eb-parent-eb-column-1fafa \"><div class=\"eb-column-wrapper eb-column-1fafa\"><div class=\"eb-column-inner\"><\/div><\/div><\/div><\/div>\n<\/div><\/div><\/div><\/div><\/div>\n\n\n\n<div class=\"wp-block-essential-blocks-row alignfull  root-eb-row-3mzjp gtfy-21\"><div class=\"eb-parent-wrapper eb-parent-eb-row-3mzjp \"><div class=\"eb-row-root-container eb-row-3mzjp\" data-id=\"eb-row-3mzjp\"><div class=\"eb-row-wrapper\"><div class=\"eb-row-inner\">\n<div class=\"wp-block-essential-blocks-column  root-eb-column-zogx2 gtfy-18\"><div class=\"eb-parent-wrapper eb-parent-eb-column-zogx2 \"><div class=\"eb-column-wrapper eb-column-zogx2\"><div class=\"eb-column-inner\"><div class=\"root-eb-toc-rcovw wp-block-essential-blocks-table-of-contents gtfy-17\"><div class=\"eb-parent-wrapper eb-parent-eb-toc-rcovw \"><div class=\"eb-toc-container eb-toc-rcovw  eb-toc-is-not-sticky eb-toc-not-collapsible eb-toc-initially-not-collapsed eb-toc-scrollToTop style-1 list-style-none\" data-scroll-top=\"true\" data-scroll-top-icon=\"fas fa-angle-up\" data-collapsible=\"false\" data-sticky-hide-mobile=\"false\" data-sticky=\"false\" data-scroll-target=\"scroll_to_toc\" data-copy-link=\"false\" data-editor-type=\"\" data-hide-desktop=\"false\" data-hide-tab=\"false\" data-hide-mobile=\"false\" data-itemCollapsed=\"false\" data-highlight-scroll=\"false\"><div class=\"eb-toc-header\"><h2 class=\"eb-toc-title\"><\/h2><\/div><div class=\"eb-toc-wrapper \" data-headers=\"[{&quot;level&quot;:2,&quot;content&quot;:&quot;Le coaching individuel, c\\u2019est quoi ?&quot;,&quot;text&quot;:&quot;Le coaching individuel, c\\u2019est quoi ?&quot;,&quot;link&quot;:&quot;le-coaching-individuel-cest-quoi&quot;},{&quot;level&quot;:2,&quot;content&quot;:&quot;Comment savoir si vous avez besoin d\\u2019un coaching individuel ?&quot;,&quot;text&quot;:&quot;Comment savoir si vous avez besoin d\\u2019un coaching individuel ?&quot;,&quot;link&quot;:&quot;comment-savoir-si-vous-avez-besoin-dun-coaching-individuel&quot;},{&quot;level&quot;:3,&quot;content&quot;:&quot;Accompagnement du changement&quot;,&quot;text&quot;:&quot;Accompagnement du changement&quot;,&quot;link&quot;:&quot;accompagnement-du-changement&quot;},{&quot;level&quot;:3,&quot;content&quot;:&quot;D\\u00e9veloppement du leadership&quot;,&quot;text&quot;:&quot;D\\u00e9veloppement du leadership&quot;,&quot;link&quot;:&quot;eb-table-content-3&quot;},{&quot;level&quot;:3,&quot;content&quot;:&quot;Prise de poste ou changement de r\\u00f4le&quot;,&quot;text&quot;:&quot;Prise de poste ou changement de r\\u00f4le&quot;,&quot;link&quot;:&quot;eb-table-content-4&quot;},{&quot;level&quot;:3,&quot;content&quot;:&quot;Am\\u00e9lioration des comp\\u00e9tences relationnelles&quot;,&quot;text&quot;:&quot;Am\\u00e9lioration des comp\\u00e9tences relationnelles&quot;,&quot;link&quot;:&quot;eb-table-content-5&quot;},{&quot;level&quot;:3,&quot;content&quot;:&quot;Gestion du stress et \\u00e9quilibre de vie&quot;,&quot;text&quot;:&quot;Gestion du stress et \\u00e9quilibre de vie&quot;,&quot;link&quot;:&quot;eb-table-content-6&quot;},{&quot;level&quot;:3,&quot;content&quot;:&quot;D\\u00e9veloppement de carri\\u00e8re&quot;,&quot;text&quot;:&quot;D\\u00e9veloppement de carri\\u00e8re&quot;,&quot;link&quot;:&quot;eb-table-content-7&quot;},{&quot;level&quot;:2,&quot;content&quot;:&quot;Quels b\\u00e9n\\u00e9fices concrets attendre d\\u2019un coaching individuel ?&quot;,&quot;text&quot;:&quot;Quels b\\u00e9n\\u00e9fices concrets attendre d\\u2019un coaching individuel ?&quot;,&quot;link&quot;:&quot;eb-table-content-8&quot;},{&quot;level&quot;:2,&quot;content&quot;:&quot;Les \\u00e9tapes d\\u00e9taill\\u00e9es d\\u2019un coaching individuel&quot;,&quot;text&quot;:&quot;Les \\u00e9tapes d\\u00e9taill\\u00e9es d\\u2019un coaching individuel&quot;,&quot;link&quot;:&quot;eb-table-content-9&quot;},{&quot;level&quot;:3,&quot;content&quot;:&quot;1. Premi\\u00e8re rencontre et d\\u00e9finition du besoin&quot;,&quot;text&quot;:&quot;1. Premi\\u00e8re rencontre et d\\u00e9finition du besoin&quot;,&quot;link&quot;:&quot;eb-table-content-10&quot;},{&quot;level&quot;:3,&quot;content&quot;:&quot;2. S\\u00e9ances individuelles r\\u00e9guli\\u00e8res&quot;,&quot;text&quot;:&quot;2. S\\u00e9ances individuelles r\\u00e9guli\\u00e8res&quot;,&quot;link&quot;:&quot;eb-table-content-11&quot;},{&quot;level&quot;:3,&quot;content&quot;:&quot;3. Bilan final et perspectives d\\u2019avenir&quot;,&quot;text&quot;:&quot;3. Bilan final et perspectives d\\u2019avenir&quot;,&quot;link&quot;:&quot;3-bilan-final-et-perspectives-davenir&quot;},{&quot;level&quot;:2,&quot;content&quot;:&quot;Quels outils concrets utilise un coach individuel ?&quot;,&quot;text&quot;:&quot;Quels outils concrets utilise un coach individuel ?&quot;,&quot;link&quot;:&quot;quels-outils-concrets-utilise-un-coach-individuel&quot;},{&quot;level&quot;:2,&quot;content&quot;:&quot;Vous cherchez un coach individuel ?&quot;,&quot;text&quot;:&quot;Vous cherchez un coach individuel ?&quot;,&quot;link&quot;:&quot;vous-cherchez-un-coach-individuel&quot;},{&quot;level&quot;:2,&quot;content&quot;:&quot;Comment bien choisir son coach individuel ? (Crit\\u00e8res factuels)&quot;,&quot;text&quot;:&quot;Comment bien choisir son coach individuel ? (Crit\\u00e8res factuels)&quot;,&quot;link&quot;:&quot;eb-table-content-15&quot;}]\" data-visible=\"[false,true,true,false,false,false]\" data-delete-headers=\"[{&quot;label&quot;:&quot;Le coaching individuel, c\\u2019est quoi ?&quot;,&quot;value&quot;:&quot;le-coaching-individuel-cest-quoi&quot;,&quot;isDelete&quot;:false},{&quot;label&quot;:&quot;Comment savoir si vous avez besoin d\\u2019un coaching individuel ?&quot;,&quot;value&quot;:&quot;comment-savoir-si-vous-avez-besoin-dun-coaching-individuel&quot;,&quot;isDelete&quot;:false},{&quot;label&quot;:&quot;Accompagnement du changement&quot;,&quot;value&quot;:&quot;accompagnement-du-changement&quot;,&quot;isDelete&quot;:false},{&quot;label&quot;:&quot;D\\u00e9veloppement du leadership&quot;,&quot;value&quot;:&quot;d\\u00e9veloppement-du-leadership&quot;,&quot;isDelete&quot;:false},{&quot;label&quot;:&quot;Prise de poste ou changement de r\\u00f4le&quot;,&quot;value&quot;:&quot;prise-de-poste-ou-changement-de-r\\u00f4le&quot;,&quot;isDelete&quot;:false},{&quot;label&quot;:&quot;Am\\u00e9lioration des comp\\u00e9tences relationnelles&quot;,&quot;value&quot;:&quot;am\\u00e9lioration-des-comp\\u00e9tences-relationnelles&quot;,&quot;isDelete&quot;:false},{&quot;label&quot;:&quot;Gestion du stress et \\u00e9quilibre de vie&quot;,&quot;value&quot;:&quot;gestion-du-stress-et-\\u00e9quilibre-de-vie&quot;,&quot;isDelete&quot;:false},{&quot;label&quot;:&quot;D\\u00e9veloppement de carri\\u00e8re&quot;,&quot;value&quot;:&quot;d\\u00e9veloppement-de-carri\\u00e8re&quot;,&quot;isDelete&quot;:false},{&quot;label&quot;:&quot;Quels b\\u00e9n\\u00e9fices concrets attendre d\\u2019un coaching individuel ?&quot;,&quot;value&quot;:&quot;quels-b\\u00e9n\\u00e9fices-concrets-attendre-dun-coaching-individuel&quot;,&quot;isDelete&quot;:false},{&quot;label&quot;:&quot;Les \\u00e9tapes d\\u00e9taill\\u00e9es d\\u2019un coaching individuel&quot;,&quot;value&quot;:&quot;les-\\u00e9tapes-d\\u00e9taill\\u00e9es-dun-coaching-individuel&quot;,&quot;isDelete&quot;:false},{&quot;label&quot;:&quot;1. Premi\\u00e8re rencontre et d\\u00e9finition du besoin&quot;,&quot;value&quot;:&quot;1-premi\\u00e8re-rencontre-et-d\\u00e9finition-du-besoin&quot;,&quot;isDelete&quot;:false},{&quot;label&quot;:&quot;2. S\\u00e9ances individuelles r\\u00e9guli\\u00e8res&quot;,&quot;value&quot;:&quot;2-s\\u00e9ances-individuelles-r\\u00e9guli\\u00e8res&quot;,&quot;isDelete&quot;:false},{&quot;label&quot;:&quot;3. Bilan final et perspectives d\\u2019avenir&quot;,&quot;value&quot;:&quot;3-bilan-final-et-perspectives-davenir&quot;,&quot;isDelete&quot;:false},{&quot;label&quot;:&quot;Quels outils concrets utilise un coach individuel ?&quot;,&quot;value&quot;:&quot;quels-outils-concrets-utilise-un-coach-individuel&quot;,&quot;isDelete&quot;:false},{&quot;label&quot;:&quot;Vous cherchez un coach individuel ?&quot;,&quot;value&quot;:&quot;vous-cherchez-un-coach-individuel&quot;,&quot;isDelete&quot;:false},{&quot;label&quot;:&quot;Comment bien choisir son coach individuel ? (Crit\\u00e8res factuels)&quot;,&quot;value&quot;:&quot;comment-bien-choisir-son-coach-individuel-crit\\u00e8res-factuels&quot;,&quot;isDelete&quot;:false}]\" data-smooth=\"true\" data-top-offset=\"-30\"><div class=\"eb-toc__list-wrap\"><ul class='eb-toc__list'><li><a href=\"#le-coaching-individuel-cest-quoi\">Le coaching individuel, c\u2019est quoi ?<\/a><li><a href=\"#comment-savoir-si-vous-avez-besoin-dun-coaching-individuel\">Comment savoir si vous avez besoin d\u2019un coaching individuel ?<\/a><ul class='eb-toc__list'><li><a href=\"#accompagnement-du-changement\">Accompagnement du changement<\/a><li><a href=\"#eb-table-content-3\">D\u00e9veloppement du leadership<\/a><li><a href=\"#eb-table-content-4\">Prise de poste ou changement de r\u00f4le<\/a><li><a href=\"#eb-table-content-5\">Am\u00e9lioration des comp\u00e9tences relationnelles<\/a><li><a href=\"#eb-table-content-6\">Gestion du stress et \u00e9quilibre de vie<\/a><li><a href=\"#eb-table-content-7\">D\u00e9veloppement de carri\u00e8re<\/a><\/li><\/ul><li><a href=\"#eb-table-content-8\">Quels b\u00e9n\u00e9fices concrets attendre d\u2019un coaching individuel ?<\/a><li><a href=\"#eb-table-content-9\">Les \u00e9tapes d\u00e9taill\u00e9es d\u2019un coaching individuel<\/a><ul class='eb-toc__list'><li><a href=\"#eb-table-content-10\">1. Premi\u00e8re rencontre et d\u00e9finition du besoin<\/a><li><a href=\"#eb-table-content-11\">2. S\u00e9ances individuelles r\u00e9guli\u00e8res<\/a><li><a href=\"#3-bilan-final-et-perspectives-davenir\">3. Bilan final et perspectives d\u2019avenir<\/a><\/li><\/ul><li><a href=\"#quels-outils-concrets-utilise-un-coach-individuel\">Quels outils concrets utilise un coach individuel ?<\/a><li><a href=\"#vous-cherchez-un-coach-individuel\">Vous cherchez un coach individuel ?<\/a><li><a href=\"#eb-table-content-15\">Comment bien choisir son coach individuel ? (Crit\u00e8res factuels)<\/a><\/ul><\/div><\/div><\/div><\/div><\/div><\/div><\/div><\/div><\/div>\n\n\n\n<div class=\"wp-block-essential-blocks-column  root-eb-column-vx0uv gtfy-20\"><div class=\"eb-parent-wrapper eb-parent-eb-column-vx0uv \"><div class=\"eb-column-wrapper eb-column-vx0uv\"><div class=\"eb-column-inner\">\n<p class=\"has-background-color has-text-color has-link-color wp-elements-a2bb7e2357bc5e1d27fa2993c2ba2284 gtfy-19\" style=\"margin-right:var(--wp--preset--spacing--40);margin-left:var(--wp--preset--spacing--40);font-size:20px\">S\u2019accorder un espace. Souffler. Prendre du recul. S\u2019all\u00e9ger de l\u2019inutile. Le <strong>coaching individuel<\/strong>, en entreprise ou \u00e0 titre personnel, est un accompagnement unique, qui vous permet de clarifier, d\u2019aligner et de transformer. <br><br>Chez Le Saule Rieur, il s\u2019agit avant tout d\u2019une <strong>rencontre<\/strong>. Une relation de confiance, construite pas \u00e0 pas, o\u00f9 vous devenez pleinement acteur ou actrice de votre chemin. Il n\u2019y a pas de recette. Seulement des questions puissantes, un miroir bienveillant, des pauses \u201cm\u00e9ta\u201d et des prises de conscience qui transforment.<\/p>\n<\/div><\/div><\/div><\/div>\n<\/div><\/div><\/div><\/div><\/div>\n\n\n\n<div style=\"height:20px\" aria-hidden=\"true\" class=\"wp-block-spacer gtfy-24\"><\/div>\n\n\n\n<div class=\"wp-block-essential-blocks-row alignfull  root-eb-row-v7d5b gtfy-31\"><div class=\"eb-parent-wrapper eb-parent-eb-row-v7d5b \"><div class=\"eb-row-root-container eb-row-v7d5b\" data-id=\"eb-row-v7d5b\"><div class=\"eb-row-wrapper\"><div class=\"eb-row-inner\">\n<div class=\"wp-block-essential-blocks-column  root-eb-column-wo72i gtfy-30\"><div class=\"eb-parent-wrapper eb-parent-eb-column-wo72i \"><div class=\"eb-column-wrapper eb-column-wo72i\"><div class=\"eb-column-inner\">\n<div class=\"wp-block-essential-blocks-advanced-heading  root-eb-advance-heading-skfh2 gtfy-27\"><div class=\"eb-parent-wrapper eb-parent-eb-advance-heading-skfh2 \"><div class=\"eb-advance-heading-wrapper eb-advance-heading-skfh2 button-1 undefined\" data-id=\"eb-advance-heading-skfh2\"><h2 class=\"eb-ah-title\"><span class=\"first-title\"><strong>Le coaching individuel, c\u2019est quoi ?<\/strong><\/span><\/h2><\/div><\/div><\/div>\n\n\n\n<p class=\"has-foreground-color has-text-color has-link-color wp-elements-0cd9abb4f34129667b8a0ddbfb097323 gtfy-28\">Le coaching individuel est un <strong>espace confidentiel et structur\u00e9<\/strong>, qui permet de traverser une situation, d\u2019\u00e9clairer un tournant, ou de renforcer une posture professionnelle.<\/p>\n\n\n\n<p class=\"has-foreground-color has-text-color has-link-color wp-elements-02d177dba14e6c72a47cd9752227d627 gtfy-29\">En entreprise, il peut soutenir un manager dans une prise de fonction, accompagner un dirigeant dans une d\u00e9cision complexe, ou aider un collaborateur \u00e0 retrouver du sens dans son travail. Ce n\u2019est pas une formation, ni du conseil. C\u2019est une d\u00e9marche profond\u00e9ment humaine, orient\u00e9e vers l\u2019action, et enracin\u00e9e dans l\u2019\u00e9coute et la pr\u00e9sence.<\/p>\n<\/div><\/div><\/div><\/div>\n<\/div><\/div><\/div><\/div><\/div>\n\n\n\n<div class=\"wp-block-essential-blocks-row alignfull  root-eb-row-qbmd4 gtfy-36\"><div class=\"eb-parent-wrapper eb-parent-eb-row-qbmd4 \"><div class=\"eb-row-root-container eb-row-qbmd4\" data-id=\"eb-row-qbmd4\"><div class=\"eb-row-wrapper\"><div class=\"eb-row-inner\">\n<div class=\"wp-block-essential-blocks-column  root-eb-column-t7er8 gtfy-35\"><div class=\"eb-parent-wrapper eb-parent-eb-column-t7er8 \"><div class=\"eb-column-wrapper eb-column-t7er8\"><div class=\"eb-column-inner\">\n<div class=\"wp-block-essential-blocks-advanced-heading  root-eb-advance-heading-zx29k gtfy-34\"><div class=\"eb-parent-wrapper eb-parent-eb-advance-heading-zx29k \"><div class=\"eb-advance-heading-wrapper eb-advance-heading-zx29k button-1 undefined\" data-id=\"eb-advance-heading-zx29k\"><h2 class=\"eb-ah-title\"><span class=\"first-title\"><strong>Comment savoir si vous avez besoin d\u2019un coaching individuel ?<\/strong><\/span><\/h2><\/div><\/div><\/div>\n<\/div><\/div><\/div><\/div>\n<\/div><\/div><\/div><\/div><\/div>\n\n\n\n<div class=\"wp-block-essential-blocks-row alignfull  root-eb-row-159ev gtfy-46\"><div class=\"eb-parent-wrapper eb-parent-eb-row-159ev \"><div class=\"eb-row-root-container eb-row-159ev\" data-id=\"eb-row-159ev\"><div class=\"eb-row-wrapper\"><div class=\"eb-row-inner\">\n<div class=\"wp-block-essential-blocks-column  root-eb-column-xsmii gtfy-45\"><div class=\"eb-parent-wrapper eb-parent-eb-column-xsmii \"><div class=\"eb-column-wrapper eb-column-xsmii\"><div class=\"eb-column-inner\">\n<p class=\"has-background-color has-text-color has-link-color wp-elements-51e7e22352499591888422b3ce57fc64 gtfy-39\">Vous \u00eates dans une situation adapt\u00e9e au coaching individuel si vous vous reconnaissez dans l\u2019une de ces probl\u00e9matiques concr\u00e8tes :<\/p>\n\n\n\n<div class=\"wp-block-essential-blocks-advanced-heading  root-eb-advance-heading-4rnmt gtfy-40\"><div class=\"eb-parent-wrapper eb-parent-eb-advance-heading-4rnmt \"><div class=\"eb-advance-heading-wrapper eb-advance-heading-4rnmt button-1 undefined\" data-id=\"eb-advance-heading-4rnmt\"><h3 class=\"eb-ah-title\"><span class=\"first-title\"><strong>Accompagnement du changement<\/strong><\/span><\/h3><\/div><\/div><\/div>\n\n\n\n<ul class=\"wp-block-list gtfy-44\">\n<li class=\"gtfy-41 gutenify-list-item\">Renforcer sa r\u00e9silience<\/li>\n\n\n\n<li class=\"gtfy-42 gutenify-list-item\">Accompagner une restructuration ou \u00e0 une transformation organisationnelle<\/li>\n\n\n\n<li class=\"gtfy-43 gutenify-list-item\">Savoir naviguer au travers des p\u00e9riodes d\u2019incertitude et\/ou en changement constant<\/li>\n<\/ul>\n<\/div><\/div><\/div><\/div>\n<\/div><\/div><\/div><\/div><\/div>\n\n\n\n<div class=\"wp-block-essential-blocks-row alignfull  root-eb-row-eyk0e gtfy-55\"><div class=\"eb-parent-wrapper eb-parent-eb-row-eyk0e \"><div class=\"eb-row-root-container eb-row-eyk0e\" data-id=\"eb-row-eyk0e\"><div class=\"eb-row-wrapper\"><div class=\"eb-row-inner\">\n<div class=\"wp-block-essential-blocks-column  root-eb-column-mirg0 gtfy-54\"><div class=\"eb-parent-wrapper eb-parent-eb-column-mirg0 \"><div class=\"eb-column-wrapper eb-column-mirg0\"><div class=\"eb-column-inner\">\n<div class=\"wp-block-essential-blocks-advanced-heading  root-eb-advance-heading-nue2e gtfy-49\"><div class=\"eb-parent-wrapper eb-parent-eb-advance-heading-nue2e \"><div class=\"eb-advance-heading-wrapper eb-advance-heading-nue2e button-1 undefined\" data-id=\"eb-advance-heading-nue2e\"><h3 class=\"eb-ah-title\"><span class=\"first-title\"><strong><strong>D\u00e9veloppement du leadership<\/strong><\/strong><\/span><\/h3><\/div><\/div><\/div>\n\n\n\n<ul class=\"wp-block-list gtfy-53\">\n<li class=\"gtfy-50 gutenify-list-item\">D\u00e9velopper et incarner le leadership authentique<\/li>\n\n\n\n<li class=\"gtfy-51 gutenify-list-item\">Inspirer, motiver et d\u00e9velopper ses \u00e9quipes afin de renforcer la collaboration<\/li>\n\n\n\n<li class=\"gtfy-52 gutenify-list-item\">Prendre des d\u00e9cisions plus strat\u00e9giques<\/li>\n<\/ul>\n<\/div><\/div><\/div><\/div>\n<\/div><\/div><\/div><\/div><\/div>\n\n\n\n<div class=\"wp-block-essential-blocks-row alignfull  root-eb-row-81zhn gtfy-65\"><div class=\"eb-parent-wrapper eb-parent-eb-row-81zhn \"><div class=\"eb-row-root-container eb-row-81zhn\" data-id=\"eb-row-81zhn\"><div class=\"eb-row-wrapper\"><div class=\"eb-row-inner\">\n<div class=\"wp-block-essential-blocks-column  root-eb-column-hizpk gtfy-64\"><div class=\"eb-parent-wrapper eb-parent-eb-column-hizpk \"><div class=\"eb-column-wrapper eb-column-hizpk\"><div class=\"eb-column-inner\">\n<div class=\"wp-block-essential-blocks-advanced-heading  root-eb-advance-heading-afdap gtfy-58\"><div class=\"eb-parent-wrapper eb-parent-eb-advance-heading-afdap \"><div class=\"eb-advance-heading-wrapper eb-advance-heading-afdap button-1 undefined\" data-id=\"eb-advance-heading-afdap\"><h3 class=\"eb-ah-title\"><span class=\"first-title\"><strong><strong><strong>Prise de poste ou changement de r\u00f4le<\/strong><\/strong><\/strong><\/span><\/h3><\/div><\/div><\/div>\n\n\n\n<ul class=\"wp-block-list gtfy-63\">\n<li class=\"gtfy-59 gutenify-list-item\">R\u00e9ussir une prise de fonction (notamment manag\u00e9riale, int\u00e9gration d\u2019un co-dir,&#8230;)<\/li>\n\n\n\n<li class=\"gtfy-60 gutenify-list-item\">Mieux g\u00e9rer les responsabilit\u00e9s nouvelles<\/li>\n\n\n\n<li class=\"gtfy-61 gutenify-list-item\">D\u00e9velopper son influence, sa communication et son assertivit\u00e9<\/li>\n\n\n\n<li class=\"gtfy-62 gutenify-list-item\">S\u2019adapter \u00e0 un nouvel environnement ou une nouvelle \u00e9quipe ( hybrides ou complexes)<\/li>\n<\/ul>\n<\/div><\/div><\/div><\/div>\n<\/div><\/div><\/div><\/div><\/div>\n\n\n\n<div class=\"wp-block-essential-blocks-row alignfull  root-eb-row-1iw0d gtfy-74\"><div class=\"eb-parent-wrapper eb-parent-eb-row-1iw0d \"><div class=\"eb-row-root-container eb-row-1iw0d\" data-id=\"eb-row-1iw0d\"><div class=\"eb-row-wrapper\"><div class=\"eb-row-inner\">\n<div class=\"wp-block-essential-blocks-column  root-eb-column-yiefv gtfy-73\"><div class=\"eb-parent-wrapper eb-parent-eb-column-yiefv \"><div class=\"eb-column-wrapper eb-column-yiefv\"><div class=\"eb-column-inner\">\n<div class=\"wp-block-essential-blocks-advanced-heading  root-eb-advance-heading-0xe8s gtfy-68\"><div class=\"eb-parent-wrapper eb-parent-eb-advance-heading-0xe8s \"><div class=\"eb-advance-heading-wrapper eb-advance-heading-0xe8s button-1 undefined\" data-id=\"eb-advance-heading-0xe8s\"><h3 class=\"eb-ah-title\"><span class=\"first-title\"><strong><strong><strong><strong><strong>Am\u00e9lioration des comp\u00e9tences relationnelles<\/strong><\/strong><\/strong><\/strong><\/strong><\/span><\/h3><\/div><\/div><\/div>\n\n\n\n<ul class=\"wp-block-list gtfy-72\">\n<li class=\"gtfy-69 gutenify-list-item\">D\u00e9velopper l\u2019intelligence \u00e9motionnelle<\/li>\n\n\n\n<li class=\"gtfy-70 gutenify-list-item\">Am\u00e9liorer la communication interpersonnelle<\/li>\n\n\n\n<li class=\"gtfy-71 gutenify-list-item\">G\u00e9rer les conflits ou les situations tendues<\/li>\n<\/ul>\n<\/div><\/div><\/div><\/div>\n<\/div><\/div><\/div><\/div><\/div>\n\n\n\n<div class=\"wp-block-essential-blocks-row alignfull  root-eb-row-9mxzv gtfy-83\"><div class=\"eb-parent-wrapper eb-parent-eb-row-9mxzv \"><div class=\"eb-row-root-container eb-row-9mxzv\" data-id=\"eb-row-9mxzv\"><div class=\"eb-row-wrapper\"><div class=\"eb-row-inner\">\n<div class=\"wp-block-essential-blocks-column  root-eb-column-zu74k gtfy-82\"><div class=\"eb-parent-wrapper eb-parent-eb-column-zu74k \"><div class=\"eb-column-wrapper eb-column-zu74k\"><div class=\"eb-column-inner\">\n<div class=\"wp-block-essential-blocks-advanced-heading  root-eb-advance-heading-xtych gtfy-77\"><div class=\"eb-parent-wrapper eb-parent-eb-advance-heading-xtych \"><div class=\"eb-advance-heading-wrapper eb-advance-heading-xtych button-1 undefined\" data-id=\"eb-advance-heading-xtych\"><h3 class=\"eb-ah-title\"><span class=\"first-title\"><strong><strong><strong><strong>Gestion du stress et \u00e9quilibre de vie<\/strong><\/strong><\/strong><\/strong><\/span><\/h3><\/div><\/div><\/div>\n\n\n\n<ul class=\"wp-block-list gtfy-81\">\n<li class=\"gtfy-78 gutenify-list-item\">Apprendre \u00e0 mieux g\u00e9rer la pression<\/li>\n\n\n\n<li class=\"gtfy-79 gutenify-list-item\">Trouver un \u00e9quilibre entre vie professionnelle et personnelle<\/li>\n\n\n\n<li class=\"gtfy-80 gutenify-list-item\">Pr\u00e9venir et \u00e9viter l\u2019\u00e9puisement<\/li>\n<\/ul>\n<\/div><\/div><\/div><\/div>\n<\/div><\/div><\/div><\/div><\/div>\n\n\n\n<div class=\"wp-block-essential-blocks-row alignfull  root-eb-row-u8h45 gtfy-93\"><div class=\"eb-parent-wrapper eb-parent-eb-row-u8h45 \"><div class=\"eb-row-root-container eb-row-u8h45\" data-id=\"eb-row-u8h45\"><div class=\"eb-row-wrapper\"><div class=\"eb-row-inner\">\n<div class=\"wp-block-essential-blocks-column  root-eb-column-nslwb gtfy-92\"><div class=\"eb-parent-wrapper eb-parent-eb-column-nslwb \"><div class=\"eb-column-wrapper eb-column-nslwb\"><div class=\"eb-column-inner\">\n<div class=\"wp-block-essential-blocks-advanced-heading  root-eb-advance-heading-jxq2r gtfy-86\"><div class=\"eb-parent-wrapper eb-parent-eb-advance-heading-jxq2r \"><div class=\"eb-advance-heading-wrapper eb-advance-heading-jxq2r button-1 undefined\" data-id=\"eb-advance-heading-jxq2r\"><h3 class=\"eb-ah-title\"><span class=\"first-title\"><strong><strong><strong><strong><strong>D\u00e9veloppement de carri\u00e8re<\/strong><\/strong><\/strong><\/strong><\/strong><\/span><\/h3><\/div><\/div><\/div>\n\n\n\n<ul class=\"wp-block-list gtfy-91\">\n<li class=\"gtfy-87 gutenify-list-item\">Clarifier ses objectifs professionnels<\/li>\n\n\n\n<li class=\"gtfy-88 gutenify-list-item\">Pr\u00e9parer une \u00e9volution ou une reconversion<\/li>\n\n\n\n<li class=\"gtfy-89 gutenify-list-item\">Identifier ses forces et axes d\u2019am\u00e9lioration<\/li>\n\n\n\n<li class=\"gtfy-90 gutenify-list-item\">Gagner en confiance et en leadership<\/li>\n<\/ul>\n<\/div><\/div><\/div><\/div>\n<\/div><\/div><\/div><\/div><\/div>\n\n\n\n<div class=\"wp-block-essential-blocks-row alignfull  root-eb-row-ih110 gtfy-98\"><div class=\"eb-parent-wrapper eb-parent-eb-row-ih110 \"><div class=\"eb-row-root-container eb-row-ih110\" data-id=\"eb-row-ih110\"><div class=\"eb-row-wrapper\"><div class=\"eb-row-inner\">\n<div class=\"wp-block-essential-blocks-column  root-eb-column-fglle gtfy-97\"><div class=\"eb-parent-wrapper eb-parent-eb-column-fglle \"><div class=\"eb-column-wrapper eb-column-fglle\"><div class=\"eb-column-inner\">\n<div class=\"wp-block-essential-blocks-testimonial  root-eb-testimonial-6duob gtfy-96\"><div class=\"eb-parent-wrapper eb-parent-eb-testimonial-6duob \"><div class=\"eb-testimonial-wrapper eb-testimonial-6duob layout-preset-3\" data-id=\"eb-testimonial-6duob\"><div class=\"eb-testimonial-container\"><div class=\"eb-avatar-container avatar-inline \"><div class=\"image-container\"><div class=\"eb-avatar-style\"><\/div><\/div><\/div><div class=\"eb-description-container\"><p class=\"eb-testimonial-description\"><em>N\u2019allez pas l\u00e0 o\u00f9 le chemin peut mener\u2026 Allez l\u00e0 o\u00f9 il n\u2019y a pas de chemin et laissez une trace.<\/em><\/p><\/div><div class=\"eb-userinfo-container\"><p class=\"eb-testimonial-username\"><strong>Ralph Waldo Emerson<\/strong><\/p><p class=\"eb-testimonial-company\"><\/p><\/div><\/div><\/div><\/div><\/div>\n<\/div><\/div><\/div><\/div>\n<\/div><\/div><\/div><\/div><\/div>\n\n\n\n<div style=\"height:0px\" aria-hidden=\"true\" class=\"wp-block-spacer gtfy-101\"><\/div>\n\n\n\n<div class=\"wp-block-essential-blocks-row alignfull  root-eb-row-0h9h9 gtfy-108\"><div class=\"eb-parent-wrapper eb-parent-eb-row-0h9h9 \"><div class=\"eb-row-root-container eb-row-0h9h9\" data-id=\"eb-row-0h9h9\"><div class=\"eb-row-wrapper\"><div class=\"eb-row-inner\">\n<div class=\"wp-block-essential-blocks-column  root-eb-column-h2yfh gtfy-107\"><div class=\"eb-parent-wrapper eb-parent-eb-column-h2yfh \"><div class=\"eb-column-wrapper eb-column-h2yfh\"><div class=\"eb-column-inner\">\n<div class=\"wp-block-essential-blocks-advanced-heading  root-eb-advance-heading-m766t gtfy-104\"><div class=\"eb-parent-wrapper eb-parent-eb-advance-heading-m766t \"><div class=\"eb-advance-heading-wrapper eb-advance-heading-m766t button-1 undefined\" data-id=\"eb-advance-heading-m766t\"><h2 class=\"eb-ah-title\"><span class=\"first-title\"><strong>Quels b\u00e9n\u00e9fices concrets attendre d\u2019un coaching individuel ?<\/strong><\/span><\/h2><\/div><\/div><\/div>\n\n\n\n<p class=\"has-background-color has-text-color has-link-color wp-elements-801e9bd61031dbc38680f5322d40bb4b gtfy-105\">D\u2019apr\u00e8s les \u00e9tudes de l\u2019ICF (International Coaching Federation, 2022), les r\u00e9sultats les plus fr\u00e9quemment observ\u00e9s apr\u00e8s un coaching individuel sont :<br><br><\/p>\n\n\n\n<figure class=\"wp-block-table is-style-stripes gtfy-106\"><table class=\"has-fixed-layout\"><tbody><tr><td><strong>Comp\u00e9tences am\u00e9lior\u00e9es<\/strong><\/td><td><strong>% de coach\u00e9s constatant une am\u00e9lioration significative<\/strong><\/td><\/tr><tr><td>Confiance en soi<\/td><td>80%<\/td><\/tr><tr><td>Communication interpersonnelle<\/td><td>72%<\/td><\/tr><tr><td>Comp\u00e9tences de leadership<\/td><td>75%<\/td><\/tr><tr><td>Gestion du stress et des \u00e9motions<\/td><td>65%<\/td><\/tr><tr><td>Clart\u00e9 sur les objectifs professionnels<\/td><td>77%<\/td><\/tr><\/tbody><\/table><\/figure>\n<\/div><\/div><\/div><\/div>\n<\/div><\/div><\/div><\/div><\/div>\n\n\n\n<div class=\"wp-block-essential-blocks-row alignfull  root-eb-row-f0ipy gtfy-113\"><div class=\"eb-parent-wrapper eb-parent-eb-row-f0ipy \"><div class=\"eb-row-root-container eb-row-f0ipy\" data-id=\"eb-row-f0ipy\"><div class=\"eb-row-wrapper\"><div class=\"eb-row-inner\">\n<div class=\"wp-block-essential-blocks-column  root-eb-column-sbo7g gtfy-112\"><div class=\"eb-parent-wrapper eb-parent-eb-column-sbo7g \"><div class=\"eb-column-wrapper eb-column-sbo7g\"><div class=\"eb-column-inner\">\n<p class=\"has-background-color has-text-color has-link-color wp-elements-26fd16b00a87d1194a568c283b00377d gtfy-111\">Ces r\u00e9sultats sont g\u00e9n\u00e9ralement visibles d\u00e8s 6 \u00e0 8 s\u00e9ances, soit un parcours moyen de 4 \u00e0 6 mois.<\/p>\n<\/div><\/div><\/div><\/div>\n<\/div><\/div><\/div><\/div><\/div>\n\n\n\n<div class=\"wp-block-essential-blocks-row alignfull  root-eb-row-opeac gtfy-125\"><div class=\"eb-parent-wrapper eb-parent-eb-row-opeac \"><div class=\"eb-row-root-container eb-row-opeac\" data-id=\"eb-row-opeac\"><div class=\"eb-row-wrapper\"><div class=\"eb-row-inner\">\n<div class=\"wp-block-essential-blocks-column  root-eb-column-ravae gtfy-124\"><div class=\"eb-parent-wrapper eb-parent-eb-column-ravae \"><div class=\"eb-column-wrapper eb-column-ravae\"><div class=\"eb-column-inner\">\n<div class=\"wp-block-essential-blocks-advanced-heading  root-eb-advance-heading-6f7h9 gtfy-116\"><div class=\"eb-parent-wrapper eb-parent-eb-advance-heading-6f7h9 \"><div class=\"eb-advance-heading-wrapper eb-advance-heading-6f7h9 button-1 undefined\" data-id=\"eb-advance-heading-6f7h9\"><h2 class=\"eb-ah-title\"><span class=\"first-title\"><strong>Les \u00e9tapes d\u00e9taill\u00e9es d\u2019un coaching individuel<\/strong><\/span><\/h2><\/div><\/div><\/div>\n\n\n\n<p class=\"has-background-color has-text-color has-link-color wp-elements-207037a1a0fd9b26b28bf4ab5a3a3d7e gtfy-117\">Chaque accompagnement individuel est un cheminement unique, que nous construisons ensemble \u00e9tape apr\u00e8s \u00e9tape. Chez Le Saule Rieur, ce parcours se dessine toujours autour de plusieurs temps forts, clairement d\u00e9finis et rassurants.<\/p>\n\n\n\n<div class=\"wp-block-essential-blocks-advanced-heading  root-eb-advance-heading-wjkeu gtfy-118\"><div class=\"eb-parent-wrapper eb-parent-eb-advance-heading-wjkeu \"><div class=\"eb-advance-heading-wrapper eb-advance-heading-wjkeu button-1 undefined\" data-id=\"eb-advance-heading-wjkeu\"><h3 class=\"eb-ah-title\"><span class=\"first-title\">1. <strong><strong>Premi\u00e8re rencontre et d\u00e9finition du besoin<\/strong><\/strong><\/span><\/h3><\/div><\/div><\/div>\n\n\n\n<p class=\"has-background-color has-text-color has-link-color wp-elements-b97aaf5a77fc9242f280fa607f9284bc gtfy-119\">Lors de notre premi\u00e8re rencontre, nous prenons le temps de nous conna\u00eetre. Vous exprimez vos attentes, vos pr\u00e9occupations, ce qui vous pousse aujourd&rsquo;hui \u00e0 rechercher un accompagnement. Ensemble, nous d\u00e9finissons les objectifs concrets de votre coaching.<\/p>\n\n\n\n<div class=\"wp-block-essential-blocks-advanced-heading  root-eb-advance-heading-u0vjd gtfy-120\"><div class=\"eb-parent-wrapper eb-parent-eb-advance-heading-u0vjd \"><div class=\"eb-advance-heading-wrapper eb-advance-heading-u0vjd button-1 undefined\" data-id=\"eb-advance-heading-u0vjd\"><h3 class=\"eb-ah-title\"><span class=\"first-title\">2. <strong>S\u00e9ances individuelles r\u00e9guli\u00e8res<\/strong><\/span><\/h3><\/div><\/div><\/div>\n\n\n\n<p class=\"has-background-color has-text-color has-link-color wp-elements-861aaf93bccda6c9bfebdc22fcc77ff8 gtfy-121\">Vient ensuite le c\u0153ur de l\u2019accompagnement : des s\u00e9ances r\u00e9guli\u00e8res, espac\u00e9es g\u00e9n\u00e9ralement de deux \u00e0 trois semaines. Chaque s\u00e9ance dure environ 90\u2019. Durant ces temps privil\u00e9gi\u00e9s, vous b\u00e9n\u00e9ficiez d&rsquo;un espace s\u00e9curis\u00e9 o\u00f9 vous pouvez explorer, clarifier et ajuster vos strat\u00e9gies. Des exp\u00e9rimentations concr\u00e8tes vous seront propos\u00e9es entre les s\u00e9ances, pour ancrer les apprentissages dans votre quotidien professionnel.<\/p>\n\n\n\n<div class=\"wp-block-essential-blocks-advanced-heading  root-eb-advance-heading-egq50 gtfy-122\"><div class=\"eb-parent-wrapper eb-parent-eb-advance-heading-egq50 \"><div class=\"eb-advance-heading-wrapper eb-advance-heading-egq50 button-1 undefined\" data-id=\"eb-advance-heading-egq50\"><h3 class=\"eb-ah-title\"><span class=\"first-title\">3. <strong>Bilan final et perspectives d\u2019avenir<\/strong><\/span><\/h3><\/div><\/div><\/div>\n\n\n\n<p class=\"has-background-color has-text-color has-link-color wp-elements-6d5558b7fa731b2f9bdc27aa1b27de76 gtfy-123\">En fin de parcours, nous faisons un bilan ensemble par rapport aux objectifs de coaching pos\u00e9s en d\u00e9but de parcours : qu&rsquo;avez-vous appris ? Qu&rsquo;est-ce qui a chang\u00e9 en vous et autour de vous ? Comment vous sentez-vous dans votre r\u00f4le aujourd&rsquo;hui ? C&rsquo;est aussi le moment o\u00f9 vous projetez la suite, avec autonomie et confiance.<\/p>\n<\/div><\/div><\/div><\/div>\n<\/div><\/div><\/div><\/div><\/div>\n\n\n\n<div style=\"height:0px\" aria-hidden=\"true\" class=\"wp-block-spacer gtfy-128\"><\/div>\n\n\n\n<div class=\"wp-block-essential-blocks-row alignfull  root-eb-row-nqfz6 gtfy-133\"><div class=\"eb-parent-wrapper eb-parent-eb-row-nqfz6 \"><div class=\"eb-row-root-container eb-row-nqfz6\" data-id=\"eb-row-nqfz6\"><div class=\"eb-row-wrapper\"><div class=\"eb-row-inner\">\n<div class=\"wp-block-essential-blocks-column  root-eb-column-h7y8j gtfy-132\"><div class=\"eb-parent-wrapper eb-parent-eb-column-h7y8j \"><div class=\"eb-column-wrapper eb-column-h7y8j\"><div class=\"eb-column-inner\">\n<div class=\"wp-block-essential-blocks-advanced-heading  root-eb-advance-heading-yqg60 gtfy-131\"><div class=\"eb-parent-wrapper eb-parent-eb-advance-heading-yqg60 \"><div class=\"eb-advance-heading-wrapper eb-advance-heading-yqg60 button-1 undefined\" data-id=\"eb-advance-heading-yqg60\"><h2 class=\"eb-ah-title\"><span class=\"first-title\"><strong>Quels outils concrets utilise un coach individuel ?<\/strong><\/span><\/h2><\/div><\/div><\/div>\n<\/div><\/div><\/div><\/div>\n<\/div><\/div><\/div><\/div><\/div>\n\n\n\n<div class=\"wp-block-essential-blocks-row alignfull  root-eb-row-otxok gtfy-140\"><div class=\"eb-parent-wrapper eb-parent-eb-row-otxok \"><div class=\"eb-row-root-container eb-row-otxok\" data-id=\"eb-row-otxok\"><div class=\"eb-row-wrapper\"><div class=\"eb-row-inner\">\n<div class=\"wp-block-essential-blocks-column  root-eb-column-8emrl gtfy-139\"><div class=\"eb-parent-wrapper eb-parent-eb-column-8emrl \"><div class=\"eb-column-wrapper eb-column-8emrl\"><div class=\"eb-column-inner\">\n<p class=\"has-background-color has-text-color has-link-color wp-elements-85e0e90ff6ef9da891adfe4ae02de343 gtfy-136\">Chaque coach dispose d\u2019outils vari\u00e9s qu\u2019il mobilise selon votre besoin, tels que:<\/p>\n\n\n\n<p class=\"gtfy-137\">Process Communication Model (PCM), Team Management System (TMS), Programmation Neurolinguistique (PNL), The Work, Clarification, Co-d\u00e9veloppement (CODEV), Inspired Leadership, Analyse Transactionnelle, TIPI, Communication NonViolente (CNV), N\u00e9gociation Complexe (ADN Group)&#8230;&nbsp;<\/p>\n\n\n\n<p class=\"has-background-color has-text-color has-link-color wp-elements-da00141f4d14fefb6ce4226bdcc2bc69 gtfy-138\">Quels que soient les outils mobilis\u00e9s, ils ne sont jamais une fin en soi mais un moyen d\u2019enrichir et d\u2019\u00e9clairer le travail que nous faisons au service des objectifs d\u00e9finis.<\/p>\n<\/div><\/div><\/div><\/div>\n<\/div><\/div><\/div><\/div><\/div>\n\n\n\n<div style=\"height:5px\" aria-hidden=\"true\" class=\"wp-block-spacer gtfy-143\"><\/div>\n\n\n\n<div class=\"wp-block-essential-blocks-row alignfull  root-eb-row-evb4i gtfy-153\"><div class=\"eb-parent-wrapper eb-parent-eb-row-evb4i \"><div class=\"eb-row-root-container eb-row-evb4i\" data-id=\"eb-row-evb4i\"><div class=\"eb-row-wrapper\"><div class=\"eb-row-inner\">\n<div class=\"wp-block-essential-blocks-column  root-eb-column-hynix gtfy-150\"><div class=\"eb-parent-wrapper eb-parent-eb-column-hynix \"><div class=\"eb-column-wrapper eb-column-hynix\"><div class=\"eb-column-inner\">\n<div class=\"wp-block-essential-blocks-advanced-heading  root-eb-advance-heading-hqqze gtfy-146\"><div class=\"eb-parent-wrapper eb-parent-eb-advance-heading-hqqze \"><div class=\"eb-advance-heading-wrapper eb-advance-heading-hqqze button-1 undefined\" data-id=\"eb-advance-heading-hqqze\"><h2 class=\"eb-ah-title\"><span class=\"first-title\">Vous cherchez un coach individuel ?<\/span><\/h2><\/div><\/div><\/div>\n\n\n\n<p class=\"has-foreground-color has-text-color has-link-color wp-elements-ba1238313e84d32e61af7a13624464d4 gtfy-147\"><\/p>\n\n\n\n<div class=\"wp-block-essential-blocks-button  root-eb-button-37dub gtfy-148\"><div class=\"eb-parent-wrapper eb-parent-eb-button-37dub \"><div class=\"eb-button-wrapper eb-button-alignment eb-button-37dub\"><div class=\"eb-button\"><div class=\"eb-button-inner-wrapper \"><a class=\"eb-button-anchor \" href=\"https:\/\/lesaulerieur.com\/240-2\/\" target=\"_blank\" rel=\"noopener\">Contactez-nous<\/a><\/div><\/div><\/div><\/div><\/div>\n\n\n\n<p class=\"has-foreground-color has-text-color has-link-color wp-elements-ba1238313e84d32e61af7a13624464d4 gtfy-149\"><\/p>\n<\/div><\/div><\/div><\/div>\n\n\n\n<div class=\"wp-block-essential-blocks-column  root-eb-column-3y212 gtfy-152\"><div class=\"eb-parent-wrapper eb-parent-eb-column-3y212 \"><div class=\"eb-column-wrapper eb-column-3y212\"><div class=\"eb-column-inner\">\n<figure class=\"wp-block-image size-full is-resized has-custom-border is-style-default gtfy-151\" style=\"margin-top:0;margin-right:var(--wp--preset--spacing--30);margin-bottom:0;margin-left:var(--wp--preset--spacing--30)\"><img loading=\"lazy\" decoding=\"async\" width=\"682\" height=\"568\" src=\"https:\/\/lesaulerieur.com\/wp-content\/uploads\/2025\/08\/Capture-decran-2025-08-01-125923-1.png\" alt=\"\" class=\"wp-image-2152\" style=\"border-style:none;border-width:0px;border-radius:100%;object-fit:cover;width:300px;height:300px\" srcset=\"https:\/\/lesaulerieur.com\/wp-content\/uploads\/2025\/08\/Capture-decran-2025-08-01-125923-1.png 682w, https:\/\/lesaulerieur.com\/wp-content\/uploads\/2025\/08\/Capture-decran-2025-08-01-125923-1-300x250.png 300w, https:\/\/lesaulerieur.com\/wp-content\/uploads\/2025\/08\/Capture-decran-2025-08-01-125923-1-14x12.png 14w\" sizes=\"auto, (max-width: 682px) 100vw, 682px\" \/><\/figure>\n<\/div><\/div><\/div><\/div>\n<\/div><\/div><\/div><\/div><\/div>\n\n\n\n<div style=\"height:5px\" aria-hidden=\"true\" class=\"wp-block-spacer gtfy-156\"><\/div>\n\n\n\n<div class=\"wp-block-essential-blocks-row alignfull  root-eb-row-evveo gtfy-169\"><div class=\"eb-parent-wrapper eb-parent-eb-row-evveo \"><div class=\"eb-row-root-container eb-row-evveo\" data-id=\"eb-row-evveo\"><div class=\"eb-row-wrapper\"><div class=\"eb-row-inner\">\n<div class=\"wp-block-essential-blocks-column  root-eb-column-8fkee gtfy-168\"><div class=\"eb-parent-wrapper eb-parent-eb-column-8fkee \"><div class=\"eb-column-wrapper eb-column-8fkee\"><div class=\"eb-column-inner\">\n<div class=\"wp-block-essential-blocks-advanced-heading  root-eb-advance-heading-d0vj2 gtfy-159\"><div class=\"eb-parent-wrapper eb-parent-eb-advance-heading-d0vj2 \"><div class=\"eb-advance-heading-wrapper eb-advance-heading-d0vj2 button-1 undefined\" data-id=\"eb-advance-heading-d0vj2\"><h2 class=\"eb-ah-title\"><span class=\"first-title\"><strong>Comment bien choisir son coach individuel ? (Crit\u00e8res factuels)<\/strong><\/span><\/h2><\/div><\/div><\/div>\n\n\n\n<p class=\"gtfy-160\">Pour vous aider \u00e0 choisir votre coach, voici des crit\u00e8res pr\u00e9cis et v\u00e9rifiables, que vous passiez en direct ou via un <a href=\"https:\/\/annuaireduconseil.com\">annuaire des consultants<\/a> :<\/p>\n\n\n\n<ol class=\"wp-block-list gtfy-165\">\n<li class=\"gtfy-161 gutenify-list-item\"><strong>Certification reconnue<\/strong> : Privil\u00e9giez des coachs certifi\u00e9s ICF (International Coaching Federation) ou EMCC.<\/li>\n\n\n\n<li class=\"gtfy-162 gutenify-list-item\"><strong>Supervision professionnelle<\/strong> : Demandez si le coach b\u00e9n\u00e9ficie d\u2019une supervision r\u00e9guli\u00e8re (indispensable pour garantir la qualit\u00e9 \u00e9thique de son accompagnement).<\/li>\n\n\n\n<li class=\"gtfy-163 gutenify-list-item\"><strong>Exp\u00e9rience professionnelle<\/strong> : Minimum de 5 \u00e0 10 ans d\u2019exp\u00e9rience dans un contexte professionnel.<\/li>\n\n\n\n<li class=\"gtfy-164 gutenify-list-item\"><strong>Sp\u00e9cialisation<\/strong> : V\u00e9rifiez que le coach poss\u00e8de une exp\u00e9rience sp\u00e9cifique sur votre probl\u00e9matique (leadership, gestion des conflits, gestion de carri\u00e8re\u2026).<\/li>\n<\/ol>\n\n\n\n<p class=\"gtfy-166\">Chez Le Saule Rieur, chaque coach est certifi\u00e9, supervis\u00e9, et b\u00e9n\u00e9ficie d\u2019au moins 10 ans d\u2019exp\u00e9rience professionnelle en entreprise, garantissant ainsi la qualit\u00e9 de votre accompagnement.<\/p>\n\n\n\n<div class=\"wp-block-essential-blocks-advanced-heading  root-eb-advance-heading-46a4e gtfy-167\"><div class=\"eb-parent-wrapper eb-parent-eb-advance-heading-46a4e \"><div class=\"eb-advance-heading-wrapper eb-advance-heading-46a4e button-1 undefined\" data-id=\"eb-advance-heading-46a4e\"><p class=\"eb-ah-title\"><span class=\"first-title\"><strong><strong>Osez construire une relation privil\u00e9gi\u00e9e avec votre coach, fond\u00e9e sur les principes de co-cr\u00e9ation, de co-responsabilit\u00e9 et de co-protection!<\/strong><\/strong><\/span><\/p><\/div><\/div><\/div>\n<\/div><\/div><\/div><\/div>\n<\/div><\/div><\/div><\/div><\/div>\n\n\n\n<div style=\"height:5px\" aria-hidden=\"true\" class=\"wp-block-spacer gtfy-172\"><\/div>\n","protected":false},"excerpt":{"rendered":"","protected":false},"author":1,"featured_media":0,"parent":1564,"menu_order":0,"comment_status":"closed","ping_status":"closed","template":"","meta":{"_acf_changed":false,"_eb_attr":"","footnotes":""},"class_list":["post-1342","page","type-page","status-publish","hentry"],"acf":[],"yoast_head":"<!-- This site is optimized with the Yoast SEO plugin v27.4 - https:\/\/yoast.com\/product\/yoast-seo-wordpress\/ -->\n<title>Qu&#039;est-ce que le coaching individuel : Missions, Prix...<\/title>\n<meta name=\"description\" content=\"Le coaching individuel est un espace confidentiel et structur\u00e9, qui permet de traverser une situation, d\u2019\u00e9clairer un tournant, ou de renforcer une posture professionnelle.\" \/>\n<meta name=\"robots\" content=\"index, follow, max-snippet:-1, max-image-preview:large, max-video-preview:-1\" \/>\n<link rel=\"canonical\" href=\"https:\/\/lesaulerieur.com\/fr\/accueil\/offres\/coaching-professionnel\/coaching-individuel\/\" \/>\n<meta property=\"og:locale\" content=\"fr_FR\" \/>\n<meta property=\"og:type\" content=\"article\" \/>\n<meta property=\"og:title\" content=\"Qu&#039;est-ce que le coaching individuel : Missions, Prix...\" \/>\n<meta property=\"og:description\" content=\"Le coaching individuel est un espace confidentiel et structur\u00e9, qui permet de traverser une situation, d\u2019\u00e9clairer un tournant, ou de renforcer une posture professionnelle.\" \/>\n<meta property=\"og:url\" content=\"https:\/\/lesaulerieur.com\/fr\/accueil\/offres\/coaching-professionnel\/coaching-individuel\/\" \/>\n<meta property=\"og:site_name\" content=\"Lesaulerieur\" \/>\n<meta property=\"article:modified_time\" content=\"2025-09-03T08:31:36+00:00\" \/>\n<meta property=\"og:image\" content=\"https:\/\/lesaulerieur.com\/wp-content\/uploads\/2025\/08\/Capture-decran-2025-08-01-125923-1.png\" \/>\n\t<meta property=\"og:image:width\" content=\"682\" \/>\n\t<meta property=\"og:image:height\" content=\"568\" \/>\n\t<meta property=\"og:image:type\" content=\"image\/png\" \/>\n<meta name=\"twitter:card\" content=\"summary_large_image\" \/>\n<meta name=\"twitter:label1\" content=\"Dur\u00e9e de lecture estim\u00e9e\" \/>\n\t<meta name=\"twitter:data1\" content=\"5 minutes\" \/>\n<script type=\"application\/ld+json\" class=\"yoast-schema-graph\">{\"@context\":\"https:\\\/\\\/schema.org\",\"@graph\":[{\"@type\":\"WebPage\",\"@id\":\"https:\\\/\\\/lesaulerieur.com\\\/accueil\\\/offres\\\/coaching-professionnel\\\/coaching-individuel\\\/\",\"url\":\"https:\\\/\\\/lesaulerieur.com\\\/accueil\\\/offres\\\/coaching-professionnel\\\/coaching-individuel\\\/\",\"name\":\"Qu'est-ce que le coaching individuel : Missions, Prix...\",\"isPartOf\":{\"@id\":\"https:\\\/\\\/lesaulerieur.com\\\/fr\\\/#website\"},\"primaryImageOfPage\":{\"@id\":\"https:\\\/\\\/lesaulerieur.com\\\/accueil\\\/offres\\\/coaching-professionnel\\\/coaching-individuel\\\/#primaryimage\"},\"image\":{\"@id\":\"https:\\\/\\\/lesaulerieur.com\\\/accueil\\\/offres\\\/coaching-professionnel\\\/coaching-individuel\\\/#primaryimage\"},\"thumbnailUrl\":\"https:\\\/\\\/lesaulerieur.com\\\/wp-content\\\/uploads\\\/2025\\\/08\\\/Capture-decran-2025-08-01-125923-1.png\",\"datePublished\":\"2025-05-14T14:43:48+00:00\",\"dateModified\":\"2025-09-03T08:31:36+00:00\",\"description\":\"Le coaching individuel est un espace confidentiel et structur\u00e9, qui permet de traverser une situation, d\u2019\u00e9clairer un tournant, ou de renforcer une posture professionnelle.\",\"breadcrumb\":{\"@id\":\"https:\\\/\\\/lesaulerieur.com\\\/accueil\\\/offres\\\/coaching-professionnel\\\/coaching-individuel\\\/#breadcrumb\"},\"inLanguage\":\"fr-FR\",\"potentialAction\":[{\"@type\":\"ReadAction\",\"target\":[\"https:\\\/\\\/lesaulerieur.com\\\/accueil\\\/offres\\\/coaching-professionnel\\\/coaching-individuel\\\/\"]}]},{\"@type\":\"ImageObject\",\"inLanguage\":\"fr-FR\",\"@id\":\"https:\\\/\\\/lesaulerieur.com\\\/accueil\\\/offres\\\/coaching-professionnel\\\/coaching-individuel\\\/#primaryimage\",\"url\":\"https:\\\/\\\/lesaulerieur.com\\\/wp-content\\\/uploads\\\/2025\\\/08\\\/Capture-decran-2025-08-01-125923-1.png\",\"contentUrl\":\"https:\\\/\\\/lesaulerieur.com\\\/wp-content\\\/uploads\\\/2025\\\/08\\\/Capture-decran-2025-08-01-125923-1.png\"},{\"@type\":\"BreadcrumbList\",\"@id\":\"https:\\\/\\\/lesaulerieur.com\\\/accueil\\\/offres\\\/coaching-professionnel\\\/coaching-individuel\\\/#breadcrumb\",\"itemListElement\":[{\"@type\":\"ListItem\",\"position\":1,\"name\":\"Home\",\"item\":\"https:\\\/\\\/lesaulerieur.com\\\/\"},{\"@type\":\"ListItem\",\"position\":2,\"name\":\"Accueil\",\"item\":\"https:\\\/\\\/lesaulerieur.com\\\/\"},{\"@type\":\"ListItem\",\"position\":3,\"name\":\"Offres\",\"item\":\"https:\\\/\\\/lesaulerieur.com\\\/accueil\\\/offres\\\/\"},{\"@type\":\"ListItem\",\"position\":4,\"name\":\"Coaching professionnel\",\"item\":\"https:\\\/\\\/lesaulerieur.com\\\/accueil\\\/offres\\\/coaching-professionnel\\\/\"},{\"@type\":\"ListItem\",\"position\":5,\"name\":\"Coaching individuel\"}]},{\"@type\":\"WebSite\",\"@id\":\"https:\\\/\\\/lesaulerieur.com\\\/fr\\\/#website\",\"url\":\"https:\\\/\\\/lesaulerieur.com\\\/fr\\\/\",\"name\":\"Lesaulerieur\",\"description\":\"\",\"publisher\":{\"@id\":\"https:\\\/\\\/lesaulerieur.com\\\/fr\\\/#organization\"},\"potentialAction\":[{\"@type\":\"SearchAction\",\"target\":{\"@type\":\"EntryPoint\",\"urlTemplate\":\"https:\\\/\\\/lesaulerieur.com\\\/fr\\\/?s={search_term_string}\"},\"query-input\":{\"@type\":\"PropertyValueSpecification\",\"valueRequired\":true,\"valueName\":\"search_term_string\"}}],\"inLanguage\":\"fr-FR\"},{\"@type\":\"Organization\",\"@id\":\"https:\\\/\\\/lesaulerieur.com\\\/fr\\\/#organization\",\"name\":\"Lesaulerieur\",\"url\":\"https:\\\/\\\/lesaulerieur.com\\\/fr\\\/\",\"logo\":{\"@type\":\"ImageObject\",\"inLanguage\":\"fr-FR\",\"@id\":\"https:\\\/\\\/lesaulerieur.com\\\/fr\\\/#\\\/schema\\\/logo\\\/image\\\/\",\"url\":\"https:\\\/\\\/lesaulerieur.com\\\/wp-content\\\/uploads\\\/2026\\\/03\\\/exports-saule-rieur-transparent8-1.png\",\"contentUrl\":\"https:\\\/\\\/lesaulerieur.com\\\/wp-content\\\/uploads\\\/2026\\\/03\\\/exports-saule-rieur-transparent8-1.png\",\"width\":2480,\"height\":1240,\"caption\":\"Lesaulerieur\"},\"image\":{\"@id\":\"https:\\\/\\\/lesaulerieur.com\\\/fr\\\/#\\\/schema\\\/logo\\\/image\\\/\"},\"sameAs\":[\"https:\\\/\\\/www.linkedin.com\\\/in\\\/anita-cassagne-2625a62\\\/\"]}]}<\/script>\n<!-- \/ Yoast SEO plugin. -->","yoast_head_json":{"title":"Qu'est-ce que le coaching individuel : Missions, Prix...","description":"Le coaching individuel est un espace confidentiel et structur\u00e9, qui permet de traverser une situation, d\u2019\u00e9clairer un tournant, ou de renforcer une posture professionnelle.","robots":{"index":"index","follow":"follow","max-snippet":"max-snippet:-1","max-image-preview":"max-image-preview:large","max-video-preview":"max-video-preview:-1"},"canonical":"https:\/\/lesaulerieur.com\/fr\/accueil\/offres\/coaching-professionnel\/coaching-individuel\/","og_locale":"fr_FR","og_type":"article","og_title":"Qu'est-ce que le coaching individuel : Missions, Prix...","og_description":"Le coaching individuel est un espace confidentiel et structur\u00e9, qui permet de traverser une situation, d\u2019\u00e9clairer un tournant, ou de renforcer une posture professionnelle.","og_url":"https:\/\/lesaulerieur.com\/fr\/accueil\/offres\/coaching-professionnel\/coaching-individuel\/","og_site_name":"Lesaulerieur","article_modified_time":"2025-09-03T08:31:36+00:00","og_image":[{"width":682,"height":568,"url":"https:\/\/lesaulerieur.com\/wp-content\/uploads\/2025\/08\/Capture-decran-2025-08-01-125923-1.png","type":"image\/png"}],"twitter_card":"summary_large_image","twitter_misc":{"Dur\u00e9e de lecture estim\u00e9e":"5 minutes"},"schema":{"@context":"https:\/\/schema.org","@graph":[{"@type":"WebPage","@id":"https:\/\/lesaulerieur.com\/accueil\/offres\/coaching-professionnel\/coaching-individuel\/","url":"https:\/\/lesaulerieur.com\/accueil\/offres\/coaching-professionnel\/coaching-individuel\/","name":"Qu'est-ce que le coaching individuel : Missions, Prix...","isPartOf":{"@id":"https:\/\/lesaulerieur.com\/fr\/#website"},"primaryImageOfPage":{"@id":"https:\/\/lesaulerieur.com\/accueil\/offres\/coaching-professionnel\/coaching-individuel\/#primaryimage"},"image":{"@id":"https:\/\/lesaulerieur.com\/accueil\/offres\/coaching-professionnel\/coaching-individuel\/#primaryimage"},"thumbnailUrl":"https:\/\/lesaulerieur.com\/wp-content\/uploads\/2025\/08\/Capture-decran-2025-08-01-125923-1.png","datePublished":"2025-05-14T14:43:48+00:00","dateModified":"2025-09-03T08:31:36+00:00","description":"Le coaching individuel est un espace confidentiel et structur\u00e9, qui permet de traverser une situation, d\u2019\u00e9clairer un tournant, ou de renforcer une posture professionnelle.","breadcrumb":{"@id":"https:\/\/lesaulerieur.com\/accueil\/offres\/coaching-professionnel\/coaching-individuel\/#breadcrumb"},"inLanguage":"fr-FR","potentialAction":[{"@type":"ReadAction","target":["https:\/\/lesaulerieur.com\/accueil\/offres\/coaching-professionnel\/coaching-individuel\/"]}]},{"@type":"ImageObject","inLanguage":"fr-FR","@id":"https:\/\/lesaulerieur.com\/accueil\/offres\/coaching-professionnel\/coaching-individuel\/#primaryimage","url":"https:\/\/lesaulerieur.com\/wp-content\/uploads\/2025\/08\/Capture-decran-2025-08-01-125923-1.png","contentUrl":"https:\/\/lesaulerieur.com\/wp-content\/uploads\/2025\/08\/Capture-decran-2025-08-01-125923-1.png"},{"@type":"BreadcrumbList","@id":"https:\/\/lesaulerieur.com\/accueil\/offres\/coaching-professionnel\/coaching-individuel\/#breadcrumb","itemListElement":[{"@type":"ListItem","position":1,"name":"Home","item":"https:\/\/lesaulerieur.com\/"},{"@type":"ListItem","position":2,"name":"Accueil","item":"https:\/\/lesaulerieur.com\/"},{"@type":"ListItem","position":3,"name":"Offres","item":"https:\/\/lesaulerieur.com\/accueil\/offres\/"},{"@type":"ListItem","position":4,"name":"Coaching professionnel","item":"https:\/\/lesaulerieur.com\/accueil\/offres\/coaching-professionnel\/"},{"@type":"ListItem","position":5,"name":"Coaching individuel"}]},{"@type":"WebSite","@id":"https:\/\/lesaulerieur.com\/fr\/#website","url":"https:\/\/lesaulerieur.com\/fr\/","name":"Lesaulerieur","description":"","publisher":{"@id":"https:\/\/lesaulerieur.com\/fr\/#organization"},"potentialAction":[{"@type":"SearchAction","target":{"@type":"EntryPoint","urlTemplate":"https:\/\/lesaulerieur.com\/fr\/?s={search_term_string}"},"query-input":{"@type":"PropertyValueSpecification","valueRequired":true,"valueName":"search_term_string"}}],"inLanguage":"fr-FR"},{"@type":"Organization","@id":"https:\/\/lesaulerieur.com\/fr\/#organization","name":"Lesaulerieur","url":"https:\/\/lesaulerieur.com\/fr\/","logo":{"@type":"ImageObject","inLanguage":"fr-FR","@id":"https:\/\/lesaulerieur.com\/fr\/#\/schema\/logo\/image\/","url":"https:\/\/lesaulerieur.com\/wp-content\/uploads\/2026\/03\/exports-saule-rieur-transparent8-1.png","contentUrl":"https:\/\/lesaulerieur.com\/wp-content\/uploads\/2026\/03\/exports-saule-rieur-transparent8-1.png","width":2480,"height":1240,"caption":"Lesaulerieur"},"image":{"@id":"https:\/\/lesaulerieur.com\/fr\/#\/schema\/logo\/image\/"},"sameAs":["https:\/\/www.linkedin.com\/in\/anita-cassagne-2625a62\/"]}]}},"_links":{"self":[{"href":"https:\/\/lesaulerieur.com\/fr\/wp-json\/wp\/v2\/pages\/1342","targetHints":{"allow":["GET"]}}],"collection":[{"href":"https:\/\/lesaulerieur.com\/fr\/wp-json\/wp\/v2\/pages"}],"about":[{"href":"https:\/\/lesaulerieur.com\/fr\/wp-json\/wp\/v2\/types\/page"}],"author":[{"embeddable":true,"href":"https:\/\/lesaulerieur.com\/fr\/wp-json\/wp\/v2\/users\/1"}],"replies":[{"embeddable":true,"href":"https:\/\/lesaulerieur.com\/fr\/wp-json\/wp\/v2\/comments?post=1342"}],"version-history":[{"count":17,"href":"https:\/\/lesaulerieur.com\/fr\/wp-json\/wp\/v2\/pages\/1342\/revisions"}],"predecessor-version":[{"id":2170,"href":"https:\/\/lesaulerieur.com\/fr\/wp-json\/wp\/v2\/pages\/1342\/revisions\/2170"}],"up":[{"embeddable":true,"href":"https:\/\/lesaulerieur.com\/fr\/wp-json\/wp\/v2\/pages\/1564"}],"wp:attachment":[{"href":"https:\/\/lesaulerieur.com\/fr\/wp-json\/wp\/v2\/media?parent=1342"}],"curies":[{"name":"wp","href":"https:\/\/api.w.org\/{rel}","templated":true}]}}