{"id":1346,"date":"2025-05-14T14:47:29","date_gmt":"2025-05-14T14:47:29","guid":{"rendered":"https:\/\/lesaulerieur.com\/?page_id=1346"},"modified":"2025-09-04T09:33:46","modified_gmt":"2025-09-04T09:33:46","slug":"coaching-dorganisation","status":"publish","type":"page","link":"https:\/\/lesaulerieur.com\/fr\/accueil\/offres\/coaching-professionnel\/coaching-dorganisation\/","title":{"rendered":"Coaching d&rsquo;organisation"},"content":{"rendered":"\n<p class=\"gtfy-1\"><\/p>\n\n\n\n<p class=\"gtfy-4\"><\/p>\n\n\n\n        <div class=\"root-eb-breadcrumb-wf7sf wp-block-essential-blocks-breadcrumbs gtfy-7\">\n            <div class=\"eb-parent-wrapper eb-parent-eb-breadcrumb-wf7sf \">\n                <div aria-label=\"Breadcrumb\" class=\"eb-breadcrumb-wrapper eb-breadcrumb-wf7sf\" data-id=\"eb-breadcrumb-wf7sf\">\n                    \n                    <span class=\"eb-breadcrumb-item current\">Page<\/span><\/div>\n                <\/div>\n            <\/div>\n        <\/div>\n\n\n<div class=\"wp-block-essential-blocks-row alignfull  root-eb-row-r59ps gtfy-14\"><div class=\"eb-parent-wrapper eb-parent-eb-row-r59ps \"><div class=\"eb-row-root-container eb-row-r59ps\" data-id=\"eb-row-r59ps\"><div class=\"eb-row-wrapper\"><div class=\"eb-row-inner\">\n<div class=\"wp-block-essential-blocks-column  root-eb-column-fc4c6 gtfy-11\"><div class=\"eb-parent-wrapper eb-parent-eb-column-fc4c6 \"><div class=\"eb-column-wrapper eb-column-fc4c6\"><div class=\"eb-column-inner\">\n<div class=\"wp-block-essential-blocks-advanced-heading  root-eb-advance-heading-whm94 gtfy-10\"><div class=\"eb-parent-wrapper eb-parent-eb-advance-heading-whm94 \"><div class=\"eb-advance-heading-wrapper eb-advance-heading-whm94 button-1 undefined\" data-id=\"eb-advance-heading-whm94\"><h1 class=\"eb-ah-title\"><span class=\"first-title\">Coaching d&rsquo;organisation<\/span><\/h1><\/div><\/div><\/div>\n<\/div><\/div><\/div><\/div>\n\n\n\n<div class=\"wp-block-essential-blocks-column  root-eb-column-07moz gtfy-12\"><div class=\"eb-parent-wrapper eb-parent-eb-column-07moz \"><div class=\"eb-column-wrapper eb-column-07moz\"><div class=\"eb-column-inner\"><\/div><\/div><\/div><\/div>\n\n\n\n<div class=\"wp-block-essential-blocks-column  root-eb-column-1fafa gtfy-13\"><div class=\"eb-parent-wrapper eb-parent-eb-column-1fafa \"><div class=\"eb-column-wrapper eb-column-1fafa\"><div class=\"eb-column-inner\"><\/div><\/div><\/div><\/div>\n<\/div><\/div><\/div><\/div><\/div>\n\n\n\n<div class=\"wp-block-essential-blocks-row alignfull  root-eb-row-3mzjp gtfy-21\"><div class=\"eb-parent-wrapper eb-parent-eb-row-3mzjp \"><div class=\"eb-row-root-container eb-row-3mzjp\" data-id=\"eb-row-3mzjp\"><div class=\"eb-row-wrapper\"><div class=\"eb-row-inner\">\n<div class=\"wp-block-essential-blocks-column  root-eb-column-zogx2 gtfy-18\"><div class=\"eb-parent-wrapper eb-parent-eb-column-zogx2 \"><div class=\"eb-column-wrapper eb-column-zogx2\"><div class=\"eb-column-inner\"><div class=\"root-eb-toc-rcovw wp-block-essential-blocks-table-of-contents gtfy-17\"><div class=\"eb-parent-wrapper eb-parent-eb-toc-rcovw \"><div class=\"eb-toc-container eb-toc-rcovw  eb-toc-is-not-sticky eb-toc-not-collapsible eb-toc-initially-not-collapsed eb-toc-scrollToTop style-1 list-style-none\" data-scroll-top=\"true\" data-scroll-top-icon=\"fas fa-angle-up\" data-collapsible=\"false\" data-sticky-hide-mobile=\"false\" data-sticky=\"false\" data-scroll-target=\"scroll_to_toc\" data-copy-link=\"false\" data-editor-type=\"\" data-hide-desktop=\"false\" data-hide-tab=\"false\" data-hide-mobile=\"false\" data-itemCollapsed=\"false\" data-highlight-scroll=\"false\"><div class=\"eb-toc-header\"><h2 class=\"eb-toc-title\"><\/h2><\/div><div class=\"eb-toc-wrapper \" data-headers=\"[{&quot;level&quot;:2,&quot;content&quot;:&quot;Qu&#039;est-ce que le coaching d&#039;organisation ?&quot;,&quot;text&quot;:&quot;Qu&#039;est-ce que le coaching d&#039;organisation ?&quot;,&quot;link&quot;:&quot;quest-ce-que-le-coaching-dorganisation&quot;},{&quot;level&quot;:2,&quot;content&quot;:&quot;Les diff\\u00e9rents types de coaching d&#039;organisations&quot;,&quot;text&quot;:&quot;Les diff\\u00e9rents types de coaching d&#039;organisations&quot;,&quot;link&quot;:&quot;eb-table-content-1&quot;},{&quot;level&quot;:3,&quot;content&quot;:&quot;Coaching de transformation&quot;,&quot;text&quot;:&quot;Coaching de transformation&quot;,&quot;link&quot;:&quot;coaching-de-transformation&quot;},{&quot;level&quot;:3,&quot;content&quot;:&quot;Coaching en leadership&quot;,&quot;text&quot;:&quot;Coaching en leadership&quot;,&quot;link&quot;:&quot;coaching-en-leadership&quot;},{&quot;level&quot;:3,&quot;content&quot;:&quot;Coaching en conduite du changement&quot;,&quot;text&quot;:&quot;Coaching en conduite du changement&quot;,&quot;link&quot;:&quot;coaching-en-conduite-du-changement&quot;},{&quot;level&quot;:3,&quot;content&quot;:&quot;Coaching d&#039;\\u00e9quipes et inter-\\u00e9quipes&quot;,&quot;text&quot;:&quot;Coaching d&#039;\\u00e9quipes et inter-\\u00e9quipes&quot;,&quot;link&quot;:&quot;eb-table-content-5&quot;},{&quot;level&quot;:3,&quot;content&quot;:&quot;Coaching syst\\u00e9mique&quot;,&quot;text&quot;:&quot;Coaching syst\\u00e9mique&quot;,&quot;link&quot;:&quot;eb-table-content-6&quot;},{&quot;level&quot;:3,&quot;content&quot;:&quot;Coaching strat\\u00e9gique&quot;,&quot;text&quot;:&quot;Coaching strat\\u00e9gique&quot;,&quot;link&quot;:&quot;eb-table-content-7&quot;},{&quot;level&quot;:2,&quot;content&quot;:&quot;La valeur ajout\\u00e9e du Saule Rieur en coaching d&#039;organisations&quot;,&quot;text&quot;:&quot;La valeur ajout\\u00e9e du Saule Rieur en coaching d&#039;organisations&quot;,&quot;link&quot;:&quot;eb-table-content-8&quot;},{&quot;level&quot;:2,&quot;content&quot;:&quot;Quel est le tarif d&#039;un coaching d&#039;organisation ?&quot;,&quot;text&quot;:&quot;Quel est le tarif d&#039;un coaching d&#039;organisation ?&quot;,&quot;link&quot;:&quot;quel-est-le-tarif-dun-coaching-dorganisation&quot;},{&quot;level&quot;:2,&quot;content&quot;:&quot;Vous cherchez un coach d&#039;organisations ?&quot;,&quot;text&quot;:&quot;Vous cherchez un coach d&#039;organisations ?&quot;,&quot;link&quot;:&quot;vous-cherchez-un-coach-dorganisations&quot;},{&quot;level&quot;:2,&quot;content&quot;:&quot;Comment s&#039;articule une s\\u00e9ance de coaching d&#039;organisation ?&quot;,&quot;text&quot;:&quot;Comment s&#039;articule une s\\u00e9ance de coaching d&#039;organisation ?&quot;,&quot;link&quot;:&quot;eb-table-content-11&quot;}]\" data-visible=\"[false,true,true,false,false,false]\" data-delete-headers=\"[{&quot;label&quot;:&quot;Qu&#039;est-ce que le coaching d&#039;organisation ?&quot;,&quot;value&quot;:&quot;quest-ce-que-le-coaching-dorganisation&quot;,&quot;isDelete&quot;:false},{&quot;label&quot;:&quot;Les diff\\u00e9rents types de coaching d&#039;organisations&quot;,&quot;value&quot;:&quot;les-diff\\u00e9rents-types-de-coaching-dorganisations&quot;,&quot;isDelete&quot;:false},{&quot;label&quot;:&quot;Coaching de transformation&quot;,&quot;value&quot;:&quot;coaching-de-transformation&quot;,&quot;isDelete&quot;:false},{&quot;label&quot;:&quot;Coaching en leadership&quot;,&quot;value&quot;:&quot;coaching-en-leadership&quot;,&quot;isDelete&quot;:false},{&quot;label&quot;:&quot;Coaching en conduite du changement&quot;,&quot;value&quot;:&quot;coaching-en-conduite-du-changement&quot;,&quot;isDelete&quot;:false},{&quot;label&quot;:&quot;Coaching d&#039;\\u00e9quipes et inter-\\u00e9quipes&quot;,&quot;value&quot;:&quot;coaching-d\\u00e9quipes-et-inter-\\u00e9quipes&quot;,&quot;isDelete&quot;:false},{&quot;label&quot;:&quot;Coaching syst\\u00e9mique&quot;,&quot;value&quot;:&quot;coaching-syst\\u00e9mique&quot;,&quot;isDelete&quot;:false},{&quot;label&quot;:&quot;Coaching strat\\u00e9gique&quot;,&quot;value&quot;:&quot;coaching-strat\\u00e9gique&quot;,&quot;isDelete&quot;:false},{&quot;label&quot;:&quot;La valeur ajout\\u00e9e du Saule Rieur en coaching d&#039;organisations&quot;,&quot;value&quot;:&quot;la-valeur-ajout\\u00e9e-du-saule-rieur-en-coaching-dorganisations&quot;,&quot;isDelete&quot;:false},{&quot;label&quot;:&quot;Quel est le tarif d&#039;un coaching d&#039;organisation ?&quot;,&quot;value&quot;:&quot;quel-est-le-tarif-dun-coaching-dorganisation&quot;,&quot;isDelete&quot;:false},{&quot;label&quot;:&quot;Vous cherchez un coach d&#039;organisations ?&quot;,&quot;value&quot;:&quot;vous-cherchez-un-coach-dorganisations&quot;,&quot;isDelete&quot;:false},{&quot;label&quot;:&quot;Comment s&#039;articule une s\\u00e9ance de coaching d&#039;organisation ?&quot;,&quot;value&quot;:&quot;comment-sarticule-une-s\\u00e9ance-de-coaching-dorganisation&quot;,&quot;isDelete&quot;:false}]\" data-smooth=\"true\" data-top-offset=\"-30\"><div class=\"eb-toc__list-wrap\"><ul class='eb-toc__list'><li><a href=\"#quest-ce-que-le-coaching-dorganisation\">Qu&rsquo;est-ce que le coaching d&rsquo;organisation ?<\/a><li><a href=\"#eb-table-content-1\">Les diff\u00e9rents types de coaching d&rsquo;organisations<\/a><ul class='eb-toc__list'><li><a href=\"#coaching-de-transformation\">Coaching de transformation<\/a><li><a href=\"#coaching-en-leadership\">Coaching en leadership<\/a><li><a href=\"#coaching-en-conduite-du-changement\">Coaching en conduite du changement<\/a><li><a href=\"#eb-table-content-5\">Coaching d&rsquo;\u00e9quipes et inter-\u00e9quipes<\/a><li><a href=\"#eb-table-content-6\">Coaching syst\u00e9mique<\/a><li><a href=\"#eb-table-content-7\">Coaching strat\u00e9gique<\/a><\/li><\/ul><li><a href=\"#eb-table-content-8\">La valeur ajout\u00e9e du Saule Rieur en coaching d&rsquo;organisations<\/a><li><a href=\"#quel-est-le-tarif-dun-coaching-dorganisation\">Quel est le tarif d&rsquo;un coaching d&rsquo;organisation ?<\/a><li><a href=\"#vous-cherchez-un-coach-dorganisations\">Vous cherchez un coach d&rsquo;organisations ?<\/a><li><a href=\"#eb-table-content-11\">Comment s&rsquo;articule une s\u00e9ance de coaching d&rsquo;organisation ?<\/a><\/ul><\/div><\/div><\/div><\/div><\/div><\/div><\/div><\/div><\/div>\n\n\n\n<div class=\"wp-block-essential-blocks-column  root-eb-column-vx0uv gtfy-20\"><div class=\"eb-parent-wrapper eb-parent-eb-column-vx0uv \"><div class=\"eb-column-wrapper eb-column-vx0uv\"><div class=\"eb-column-inner\">\n<p class=\"has-background-color has-text-color has-link-color wp-elements-18a7092c7b8b4e0985a8dd86ae6e3165 gtfy-19\" style=\"margin-right:var(--wp--preset--spacing--40);margin-left:var(--wp--preset--spacing--40);font-size:20px\">Dans un monde en constante mutation, les organisations sont appel\u00e9es \u00e0 se r\u00e9inventer, \u00e0 int\u00e9grer de nouveaux paradigmes, \u00e0 mettre l\u2019humain au c\u0153ur de leur dynamique. Le <strong>coaching d\u2019organisation<\/strong>, tel que nous le proposons au Saule Rieur, soutient ces mouvements en profondeur, avec exigence, \u00e9thique et cr\u00e9ativit\u00e9.<\/p>\n<\/div><\/div><\/div><\/div>\n<\/div><\/div><\/div><\/div><\/div>\n\n\n\n<div style=\"height:20px\" aria-hidden=\"true\" class=\"wp-block-spacer gtfy-24\"><\/div>\n\n\n\n<div class=\"wp-block-essential-blocks-row alignfull  root-eb-row-v7d5b gtfy-35\"><div class=\"eb-parent-wrapper eb-parent-eb-row-v7d5b \"><div class=\"eb-row-root-container eb-row-v7d5b\" data-id=\"eb-row-v7d5b\"><div class=\"eb-row-wrapper\"><div class=\"eb-row-inner\">\n<div class=\"wp-block-essential-blocks-column  root-eb-column-wo72i gtfy-34\"><div class=\"eb-parent-wrapper eb-parent-eb-column-wo72i \"><div class=\"eb-column-wrapper eb-column-wo72i\"><div class=\"eb-column-inner\">\n<div class=\"wp-block-essential-blocks-advanced-heading  root-eb-advance-heading-skfh2 gtfy-27\"><div class=\"eb-parent-wrapper eb-parent-eb-advance-heading-skfh2 \"><div class=\"eb-advance-heading-wrapper eb-advance-heading-skfh2 button-1 undefined\" data-id=\"eb-advance-heading-skfh2\"><h2 class=\"eb-ah-title\"><span class=\"first-title\"><strong>Qu&rsquo;est-ce que le coaching d&rsquo;organisation ?<\/strong><\/span><\/h2><\/div><\/div><\/div>\n\n\n\n<p class=\"has-foreground-color has-text-color has-link-color wp-elements-0d9d0d347e2507955e8c4fa8fb6f1f6a gtfy-28\">Le <strong>coaching d\u2019organisation<\/strong> est une d\u00e9marche globale et syst\u00e9mique qui vise \u00e0 accompagner une entreprise ou une institution dans ses \u00e9volutions structurelles, culturelles et relationnelles. <br>Contrairement \u00e0 une intervention ponctuelle ou technique, il s\u2019agit d\u2019un <strong>accompagnement sur mesure<\/strong> qui prend en compte :<\/p>\n\n\n\n<ul class=\"wp-block-list has-foreground-color has-text-color has-link-color wp-elements-9495cf2cb6b165443fd040467b3b61f5 gtfy-32\">\n<li class=\"gtfy-29 gutenify-list-item\">l\u2019histoire et les valeurs de l\u2019organisation<\/li>\n\n\n\n<li class=\"gtfy-30 gutenify-list-item\">ses dynamiques visibles et invisibles<\/li>\n\n\n\n<li class=\"gtfy-31 gutenify-list-item\">ses enjeux humains, \u00e9conomiques et strat\u00e9giques<\/li>\n<\/ul>\n\n\n\n<p class=\"has-foreground-color has-text-color has-link-color wp-elements-7f0df93ae5de41f82a2742a2c7e58b1f gtfy-33\">Le coaching d\u2019organisation agit comme un r\u00e9v\u00e9lateur, un catalyseur. Il cr\u00e9e des espaces de r\u00e9flexion partag\u00e9s, clarifie les visions, facilite les transitions et renforce la coh\u00e9sion autour d\u2019un projet commun.<\/p>\n<\/div><\/div><\/div><\/div>\n<\/div><\/div><\/div><\/div><\/div>\n\n\n\n<div class=\"wp-block-essential-blocks-row alignfull  root-eb-row-qbmd4 gtfy-40\"><div class=\"eb-parent-wrapper eb-parent-eb-row-qbmd4 \"><div class=\"eb-row-root-container eb-row-qbmd4\" data-id=\"eb-row-qbmd4\"><div class=\"eb-row-wrapper\"><div class=\"eb-row-inner\">\n<div class=\"wp-block-essential-blocks-column  root-eb-column-t7er8 gtfy-39\"><div class=\"eb-parent-wrapper eb-parent-eb-column-t7er8 \"><div class=\"eb-column-wrapper eb-column-t7er8\"><div class=\"eb-column-inner\">\n<div class=\"wp-block-essential-blocks-advanced-heading  root-eb-advance-heading-zx29k gtfy-38\"><div class=\"eb-parent-wrapper eb-parent-eb-advance-heading-zx29k \"><div class=\"eb-advance-heading-wrapper eb-advance-heading-zx29k button-1 undefined\" data-id=\"eb-advance-heading-zx29k\"><h2 class=\"eb-ah-title\"><span class=\"first-title\"><strong>Les diff\u00e9rents types de coaching d&rsquo;organisations<\/strong><\/span><\/h2><\/div><\/div><\/div>\n<\/div><\/div><\/div><\/div>\n<\/div><\/div><\/div><\/div><\/div>\n\n\n\n<div class=\"wp-block-essential-blocks-row alignfull  root-eb-row-159ev gtfy-48\"><div class=\"eb-parent-wrapper eb-parent-eb-row-159ev \"><div class=\"eb-row-root-container eb-row-159ev\" data-id=\"eb-row-159ev\"><div class=\"eb-row-wrapper\"><div class=\"eb-row-inner\">\n<div class=\"wp-block-essential-blocks-column  root-eb-column-xsmii gtfy-47\"><div class=\"eb-parent-wrapper eb-parent-eb-column-xsmii \"><div class=\"eb-column-wrapper eb-column-xsmii\"><div class=\"eb-column-inner\">\n<p class=\"has-background-color has-text-color has-link-color wp-elements-976081091f0ad8d3c296fdf3b7bb1b3c gtfy-43\">Chaque organisation est unique, avec ses rythmes, ses besoins, ses tensions fertiles. C\u2019est pourquoi nos interventions s\u2019adaptent \u00e0 la r\u00e9alit\u00e9 du terrain, en mobilisant diff\u00e9rents types de coaching.<br><\/p>\n\n\n\n<div class=\"wp-block-essential-blocks-advanced-heading  root-eb-advance-heading-4rnmt gtfy-44\"><div class=\"eb-parent-wrapper eb-parent-eb-advance-heading-4rnmt \"><div class=\"eb-advance-heading-wrapper eb-advance-heading-4rnmt button-1 undefined\" data-id=\"eb-advance-heading-4rnmt\"><h3 class=\"eb-ah-title\"><span class=\"first-title\"><strong>Coaching de transformation<\/strong><\/span><\/h3><\/div><\/div><\/div>\n\n\n\n<p class=\"has-background-color has-text-color has-link-color wp-elements-0b86a3715f05923fdd8dedebb3990733 gtfy-45\">Accompagner une transformation, c\u2019est bien plus que mettre en place un nouveau plan d\u2019action. C\u2019est soutenir un <strong>changement d\u2019identit\u00e9 collective<\/strong>, souvent profond.<\/p>\n\n\n\n<p class=\"has-background-color has-text-color has-link-color wp-elements-606fa8dff62efd9c3e6d56f8adacd5de gtfy-46\">Nous intervenons dans les contextes de fusion, r\u00e9organisation, \u00e9volution de mod\u00e8le ou de culture, avec une approche ancr\u00e9e, syst\u00e9mique et sensible aux signaux faibles.<\/p>\n<\/div><\/div><\/div><\/div>\n<\/div><\/div><\/div><\/div><\/div>\n\n\n\n<div class=\"wp-block-essential-blocks-row alignfull  root-eb-row-vonig gtfy-55\"><div class=\"eb-parent-wrapper eb-parent-eb-row-vonig \"><div class=\"eb-row-root-container eb-row-vonig\" data-id=\"eb-row-vonig\"><div class=\"eb-row-wrapper\"><div class=\"eb-row-inner\">\n<div class=\"wp-block-essential-blocks-column  root-eb-column-rpch9 gtfy-54\"><div class=\"eb-parent-wrapper eb-parent-eb-column-rpch9 \"><div class=\"eb-column-wrapper eb-column-rpch9\"><div class=\"eb-column-inner\">\n<div class=\"wp-block-essential-blocks-advanced-heading  root-eb-advance-heading-mc227 gtfy-51\"><div class=\"eb-parent-wrapper eb-parent-eb-advance-heading-mc227 \"><div class=\"eb-advance-heading-wrapper eb-advance-heading-mc227 button-1 undefined\" data-id=\"eb-advance-heading-mc227\"><h3 class=\"eb-ah-title\"><span class=\"first-title\"><strong>Coaching en leadership<\/strong><\/span><\/h3><\/div><\/div><\/div>\n\n\n\n<p class=\"has-background-color has-text-color has-link-color wp-elements-b38178489746f13e02c8b6cc48614e9d gtfy-52\">D\u00e9ployer un leadership collectif, coh\u00e9rent et incarn\u00e9 \u00e0 tous les niveaux de l\u2019organisation.<\/p>\n\n\n\n<p class=\"has-background-color has-text-color has-link-color wp-elements-37b6497c74ece1b9eb593133db013eac gtfy-53\">Nous aidons les leaders \u00e0 d\u00e9velopper leur impact, \u00e0 mieux collaborer, \u00e0 affirmer leur posture dans un environnement incertain, tout en restant align\u00e9s avec leur \u00e9thique et leur singularit\u00e9.<\/p>\n<\/div><\/div><\/div><\/div>\n<\/div><\/div><\/div><\/div><\/div>\n\n\n\n<div class=\"wp-block-essential-blocks-row alignfull  root-eb-row-4eliv gtfy-62\"><div class=\"eb-parent-wrapper eb-parent-eb-row-4eliv \"><div class=\"eb-row-root-container eb-row-4eliv\" data-id=\"eb-row-4eliv\"><div class=\"eb-row-wrapper\"><div class=\"eb-row-inner\">\n<div class=\"wp-block-essential-blocks-column  root-eb-column-ib9ca gtfy-61\"><div class=\"eb-parent-wrapper eb-parent-eb-column-ib9ca \"><div class=\"eb-column-wrapper eb-column-ib9ca\"><div class=\"eb-column-inner\">\n<div class=\"wp-block-essential-blocks-advanced-heading  root-eb-advance-heading-jnyd6 gtfy-58\"><div class=\"eb-parent-wrapper eb-parent-eb-advance-heading-jnyd6 \"><div class=\"eb-advance-heading-wrapper eb-advance-heading-jnyd6 button-1 undefined\" data-id=\"eb-advance-heading-jnyd6\"><h3 class=\"eb-ah-title\"><span class=\"first-title\"><strong>Coaching en conduite du changement<\/strong><\/span><\/h3><\/div><\/div><\/div>\n\n\n\n<p class=\"has-background-color has-text-color has-link-color wp-elements-ff8e6e506ccde381dbb8bd44c4a3ae10 gtfy-59\">Face aux r\u00e9sistances, aux tensions, aux zones d\u2019inconfort, il est essentiel de prendre soin de <strong>l\u2019exp\u00e9rience humaine du changement<\/strong>.<\/p>\n\n\n\n<p class=\"has-background-color has-text-color has-link-color wp-elements-bd7e7d55fab9db6927dc2855d9bbf0db gtfy-60\">Nous accompagnons la transition en facilitant la compr\u00e9hension, l\u2019adh\u00e9sion et la mise en mouvement des \u00e9quipes, sans oublier le sens.<\/p>\n<\/div><\/div><\/div><\/div>\n<\/div><\/div><\/div><\/div><\/div>\n\n\n\n<div class=\"wp-block-essential-blocks-row alignfull  root-eb-row-k5ymj gtfy-69\"><div class=\"eb-parent-wrapper eb-parent-eb-row-k5ymj \"><div class=\"eb-row-root-container eb-row-k5ymj\" data-id=\"eb-row-k5ymj\"><div class=\"eb-row-wrapper\"><div class=\"eb-row-inner\">\n<div class=\"wp-block-essential-blocks-column  root-eb-column-t6bbl gtfy-68\"><div class=\"eb-parent-wrapper eb-parent-eb-column-t6bbl \"><div class=\"eb-column-wrapper eb-column-t6bbl\"><div class=\"eb-column-inner\">\n<div class=\"wp-block-essential-blocks-advanced-heading  root-eb-advance-heading-e4qiy gtfy-65\"><div class=\"eb-parent-wrapper eb-parent-eb-advance-heading-e4qiy \"><div class=\"eb-advance-heading-wrapper eb-advance-heading-e4qiy button-1 undefined\" data-id=\"eb-advance-heading-e4qiy\"><h3 class=\"eb-ah-title\"><span class=\"first-title\"><strong><strong>Coaching d&rsquo;\u00e9quipes et inter-\u00e9quipes<\/strong><\/strong><\/span><\/h3><\/div><\/div><\/div>\n\n\n\n<p class=\"has-background-color has-text-color has-link-color wp-elements-fc30d429a128c2ebbd15ab1a2e77c209 gtfy-66\">Quand les silos s\u2019installent ou que la dynamique collective s\u2019essouffle, il devient n\u00e9cessaire de remettre du lien, de la confiance et de la clart\u00e9.<\/p>\n\n\n\n<p class=\"has-background-color has-text-color has-link-color wp-elements-b0c0736a00020196409073841faeb5a9 gtfy-67\">Nous intervenons aupr\u00e8s des \u00e9quipes, des comit\u00e9s de direction ou des collectifs inter-services pour renforcer la coop\u00e9ration et fluidifier les interactions.<\/p>\n<\/div><\/div><\/div><\/div>\n<\/div><\/div><\/div><\/div><\/div>\n\n\n\n<div class=\"wp-block-essential-blocks-row alignfull  root-eb-row-h5pdq gtfy-76\"><div class=\"eb-parent-wrapper eb-parent-eb-row-h5pdq \"><div class=\"eb-row-root-container eb-row-h5pdq\" data-id=\"eb-row-h5pdq\"><div class=\"eb-row-wrapper\"><div class=\"eb-row-inner\">\n<div class=\"wp-block-essential-blocks-column  root-eb-column-598yw gtfy-75\"><div class=\"eb-parent-wrapper eb-parent-eb-column-598yw \"><div class=\"eb-column-wrapper eb-column-598yw\"><div class=\"eb-column-inner\">\n<div class=\"wp-block-essential-blocks-advanced-heading  root-eb-advance-heading-xeehx gtfy-72\"><div class=\"eb-parent-wrapper eb-parent-eb-advance-heading-xeehx \"><div class=\"eb-advance-heading-wrapper eb-advance-heading-xeehx button-1 undefined\" data-id=\"eb-advance-heading-xeehx\"><h3 class=\"eb-ah-title\"><span class=\"first-title\"><strong><strong><strong>Coaching syst\u00e9mique<\/strong><\/strong><\/strong><\/span><\/h3><\/div><\/div><\/div>\n\n\n\n<p class=\"has-background-color has-text-color has-link-color wp-elements-f80cf167c9a0377b57af022ea9f7532a gtfy-73\">Ici, nous travaillons avec les <strong>interactions, les boucles, les tensions<\/strong>, plus qu\u2019avec les individus eux-m\u00eames.<\/p>\n\n\n\n<p class=\"has-background-color has-text-color has-link-color wp-elements-fd132f20fe3d33daea36bac4043be2ef gtfy-74\">C\u2019est une approche fine et puissante qui permet de d\u00e9tecter ce qui bloque ou favorise l\u2019\u00e9volution dans le syst\u00e8me. Elle est particuli\u00e8rement utile dans les environnements complexes ou en p\u00e9riode de crise.<\/p>\n<\/div><\/div><\/div><\/div>\n<\/div><\/div><\/div><\/div><\/div>\n\n\n\n<div class=\"wp-block-essential-blocks-row alignfull  root-eb-row-4a9nt gtfy-83\"><div class=\"eb-parent-wrapper eb-parent-eb-row-4a9nt \"><div class=\"eb-row-root-container eb-row-4a9nt\" data-id=\"eb-row-4a9nt\"><div class=\"eb-row-wrapper\"><div class=\"eb-row-inner\">\n<div class=\"wp-block-essential-blocks-column  root-eb-column-xr8m4 gtfy-82\"><div class=\"eb-parent-wrapper eb-parent-eb-column-xr8m4 \"><div class=\"eb-column-wrapper eb-column-xr8m4\"><div class=\"eb-column-inner\">\n<div class=\"wp-block-essential-blocks-advanced-heading  root-eb-advance-heading-oyhoz gtfy-79\"><div class=\"eb-parent-wrapper eb-parent-eb-advance-heading-oyhoz \"><div class=\"eb-advance-heading-wrapper eb-advance-heading-oyhoz button-1 undefined\" data-id=\"eb-advance-heading-oyhoz\"><h3 class=\"eb-ah-title\"><span class=\"first-title\"><strong><strong><strong><strong>Coaching strat\u00e9gique<\/strong><\/strong><\/strong><\/strong><\/span><\/h3><\/div><\/div><\/div>\n\n\n\n<p class=\"has-background-color has-text-color has-link-color wp-elements-306205976411d786c73ec2965c389a03 gtfy-80\">Accompagner la r\u00e9flexion strat\u00e9gique des d\u00e9cideurs, en apportant un regard ext\u00e9rieur, structurant, mais toujours align\u00e9 avec la vision et les valeurs de l\u2019organisation.<\/p>\n\n\n\n<p class=\"has-background-color has-text-color has-link-color wp-elements-d5978c0b21b80a41dc97a01994beab5b gtfy-81\">Clarifier la direction, poser des choix, aligner les parties prenantes &#8211; dans une logique de durabilit\u00e9 et de sens.<\/p>\n<\/div><\/div><\/div><\/div>\n<\/div><\/div><\/div><\/div><\/div>\n\n\n\n<div style=\"height:0px\" aria-hidden=\"true\" class=\"wp-block-spacer gtfy-86\"><\/div>\n\n\n\n<div class=\"wp-block-essential-blocks-row alignfull  root-eb-row-0h9h9 gtfy-97\"><div class=\"eb-parent-wrapper eb-parent-eb-row-0h9h9 \"><div class=\"eb-row-root-container eb-row-0h9h9\" data-id=\"eb-row-0h9h9\"><div class=\"eb-row-wrapper\"><div class=\"eb-row-inner\">\n<div class=\"wp-block-essential-blocks-column  root-eb-column-h2yfh gtfy-96\"><div class=\"eb-parent-wrapper eb-parent-eb-column-h2yfh \"><div class=\"eb-column-wrapper eb-column-h2yfh\"><div class=\"eb-column-inner\">\n<div class=\"wp-block-essential-blocks-advanced-heading  root-eb-advance-heading-m766t gtfy-89\"><div class=\"eb-parent-wrapper eb-parent-eb-advance-heading-m766t \"><div class=\"eb-advance-heading-wrapper eb-advance-heading-m766t button-1 undefined\" data-id=\"eb-advance-heading-m766t\"><h2 class=\"eb-ah-title\"><span class=\"first-title\"><strong>La valeur ajout\u00e9e du Saule Rieur en coaching d&rsquo;organisations<\/strong><\/span><\/h2><\/div><\/div><\/div>\n\n\n\n<p class=\"has-background-color has-text-color has-link-color wp-elements-bed18f5bb38ff25a6351d934a7cda24a gtfy-90\">Le Saule Rieur, c\u2019est une posture, un regard, une qualit\u00e9 de pr\u00e9sence.<br>Notre \u00e9quipe rassemble des coachs certifi\u00e9s, exp\u00e9riment\u00e9s, issus du monde de l\u2019entreprise et form\u00e9s \u00e0 des approches compl\u00e9mentaires : intelligence collective, psychologie syst\u00e9mique, conduite du changement, analyse transactionnelle\u2026<\/p>\n\n\n\n<p class=\"has-background-color has-text-color has-link-color wp-elements-6e3253b941917cf7e719f410394158ef gtfy-91\">Ce qui nous distingue :<\/p>\n\n\n\n<ul class=\"wp-block-list gtfy-95\">\n<li class=\"gtfy-92 gutenify-list-item\">Une <strong>approche humaniste et rigoureuse<\/strong>, qui respecte la complexit\u00e9 sans chercher \u00e0 la simplifier<\/li>\n\n\n\n<li class=\"gtfy-93 gutenify-list-item\">Une <strong>\u00e9coute fine des dynamiques profondes<\/strong>, pour agir l\u00e0 o\u00f9 c\u2019est juste et durable<\/li>\n\n\n\n<li class=\"gtfy-94 gutenify-list-item\">Une <strong>capacit\u00e9 \u00e0 cr\u00e9er des espaces de transformation fertiles<\/strong>, qui font bouger les lignes sans forcer<\/li>\n<\/ul>\n<\/div><\/div><\/div><\/div>\n<\/div><\/div><\/div><\/div><\/div>\n\n\n\n<div class=\"wp-block-essential-blocks-row alignfull  root-eb-row-f0ipy gtfy-102\"><div class=\"eb-parent-wrapper eb-parent-eb-row-f0ipy \"><div class=\"eb-row-root-container eb-row-f0ipy\" data-id=\"eb-row-f0ipy\"><div class=\"eb-row-wrapper\"><div class=\"eb-row-inner\">\n<div class=\"wp-block-essential-blocks-column  root-eb-column-sbo7g gtfy-101\"><div class=\"eb-parent-wrapper eb-parent-eb-column-sbo7g \"><div class=\"eb-column-wrapper eb-column-sbo7g\"><div class=\"eb-column-inner\">\n<p class=\"gtfy-100\">Nous ne venons pas \u00ab\u00a0faire \u00e0 la place de\u00a0\u00bb. Nous venons r\u00e9v\u00e9ler, questionner, relier. Ensemble, nous faisons \u00e9merger un futur d\u00e9sirable et r\u00e9alisable.<\/p>\n<\/div><\/div><\/div><\/div>\n<\/div><\/div><\/div><\/div><\/div>\n\n\n\n<div class=\"wp-block-essential-blocks-row alignfull  root-eb-row-opeac gtfy-113\"><div class=\"eb-parent-wrapper eb-parent-eb-row-opeac \"><div class=\"eb-row-root-container eb-row-opeac\" data-id=\"eb-row-opeac\"><div class=\"eb-row-wrapper\"><div class=\"eb-row-inner\">\n<div class=\"wp-block-essential-blocks-column  root-eb-column-ravae gtfy-112\"><div class=\"eb-parent-wrapper eb-parent-eb-column-ravae \"><div class=\"eb-column-wrapper eb-column-ravae\"><div class=\"eb-column-inner\">\n<div class=\"wp-block-essential-blocks-advanced-heading  root-eb-advance-heading-6f7h9 gtfy-105\"><div class=\"eb-parent-wrapper eb-parent-eb-advance-heading-6f7h9 \"><div class=\"eb-advance-heading-wrapper eb-advance-heading-6f7h9 button-1 undefined\" data-id=\"eb-advance-heading-6f7h9\"><h2 class=\"eb-ah-title\"><span class=\"first-title\"><strong>Quel est le tarif d&rsquo;un coaching d&rsquo;organisation ?<\/strong><\/span><\/h2><\/div><\/div><\/div>\n\n\n\n<p class=\"has-background-color has-text-color has-link-color wp-elements-e07b39c9b2efa9ed72915aec75875699 gtfy-106\">Le tarif d\u2019un coaching d\u2019organisation d\u00e9pend de plusieurs param\u00e8tres :<\/p>\n\n\n\n<ul class=\"wp-block-list gtfy-110\">\n<li class=\"gtfy-107 gutenify-list-item\">la taille de l\u2019organisation et l\u2019ampleur de l\u2019accompagnement<\/li>\n\n\n\n<li class=\"gtfy-108 gutenify-list-item\">le nombre de parties prenantes concern\u00e9es<\/li>\n\n\n\n<li class=\"gtfy-109 gutenify-list-item\">la dur\u00e9e de la mission, sa fr\u00e9quence et ses modalit\u00e9s (ateliers, s\u00e9minaires, coachings individuels, diagnostics&#8230;)<\/li>\n<\/ul>\n\n\n\n<p class=\"has-background-color has-text-color has-link-color wp-elements-22015fdf7228b9ee12eab4043d6f64ce gtfy-111\">Chez Le Saule Rieur, nous proposons des <strong>devis personnalis\u00e9s<\/strong>, adapt\u00e9s \u00e0 vos enjeux, avec une totale transparence.<br>Chaque mission est pens\u00e9e comme un <strong>partenariat strat\u00e9gique<\/strong>, respectueux de votre r\u00e9alit\u00e9 op\u00e9rationnelle et budg\u00e9taire.<\/p>\n<\/div><\/div><\/div><\/div>\n<\/div><\/div><\/div><\/div><\/div>\n\n\n\n<div style=\"height:0px\" aria-hidden=\"true\" class=\"wp-block-spacer gtfy-116\"><\/div>\n\n\n\n<div style=\"height:5px\" aria-hidden=\"true\" class=\"wp-block-spacer gtfy-119\"><\/div>\n\n\n\n<div class=\"wp-block-essential-blocks-row alignfull  root-eb-row-evb4i gtfy-129\"><div class=\"eb-parent-wrapper eb-parent-eb-row-evb4i \"><div class=\"eb-row-root-container eb-row-evb4i\" data-id=\"eb-row-evb4i\"><div class=\"eb-row-wrapper\"><div class=\"eb-row-inner\">\n<div class=\"wp-block-essential-blocks-column  root-eb-column-hynix gtfy-126\"><div class=\"eb-parent-wrapper eb-parent-eb-column-hynix \"><div class=\"eb-column-wrapper eb-column-hynix\"><div class=\"eb-column-inner\">\n<div class=\"wp-block-essential-blocks-advanced-heading  root-eb-advance-heading-hqqze gtfy-122\"><div class=\"eb-parent-wrapper eb-parent-eb-advance-heading-hqqze \"><div class=\"eb-advance-heading-wrapper eb-advance-heading-hqqze button-1 undefined\" data-id=\"eb-advance-heading-hqqze\"><h2 class=\"eb-ah-title\"><span class=\"first-title\">Vous cherchez un coach d&rsquo;organisations ?<\/span><\/h2><\/div><\/div><\/div>\n\n\n\n<p class=\"has-foreground-color has-text-color has-link-color wp-elements-ba1238313e84d32e61af7a13624464d4 gtfy-123\"><\/p>\n\n\n\n<div class=\"wp-block-essential-blocks-button  root-eb-button-37dub gtfy-124\"><div class=\"eb-parent-wrapper eb-parent-eb-button-37dub \"><div class=\"eb-button-wrapper eb-button-alignment eb-button-37dub\"><div class=\"eb-button\"><div class=\"eb-button-inner-wrapper \"><a class=\"eb-button-anchor \" href=\"https:\/\/lesaulerieur.com\/240-2\/\" target=\"_blank\" rel=\"noopener\">Contactez-nous<\/a><\/div><\/div><\/div><\/div><\/div>\n\n\n\n<p class=\"has-foreground-color has-text-color has-link-color wp-elements-ba1238313e84d32e61af7a13624464d4 gtfy-125\"><\/p>\n<\/div><\/div><\/div><\/div>\n\n\n\n<div class=\"wp-block-essential-blocks-column  root-eb-column-3y212 gtfy-128\"><div class=\"eb-parent-wrapper eb-parent-eb-column-3y212 \"><div class=\"eb-column-wrapper eb-column-3y212\"><div class=\"eb-column-inner\">\n<figure class=\"wp-block-image size-full is-resized has-custom-border is-style-default gtfy-127\" style=\"margin-top:0;margin-right:var(--wp--preset--spacing--30);margin-bottom:0;margin-left:var(--wp--preset--spacing--30)\"><img loading=\"lazy\" decoding=\"async\" width=\"682\" height=\"568\" src=\"https:\/\/lesaulerieur.com\/wp-content\/uploads\/2025\/08\/Capture-decran-2025-08-01-125923-1.png\" alt=\"\" class=\"wp-image-2152\" style=\"border-style:none;border-width:0px;border-radius:100%;object-fit:cover;width:300px;height:300px\" srcset=\"https:\/\/lesaulerieur.com\/wp-content\/uploads\/2025\/08\/Capture-decran-2025-08-01-125923-1.png 682w, https:\/\/lesaulerieur.com\/wp-content\/uploads\/2025\/08\/Capture-decran-2025-08-01-125923-1-300x250.png 300w, https:\/\/lesaulerieur.com\/wp-content\/uploads\/2025\/08\/Capture-decran-2025-08-01-125923-1-14x12.png 14w\" sizes=\"auto, (max-width: 682px) 100vw, 682px\" \/><\/figure>\n<\/div><\/div><\/div><\/div>\n<\/div><\/div><\/div><\/div><\/div>\n\n\n\n<div style=\"height:5px\" aria-hidden=\"true\" class=\"wp-block-spacer gtfy-132\"><\/div>\n\n\n\n<div class=\"wp-block-essential-blocks-row alignfull  root-eb-row-evveo gtfy-145\"><div class=\"eb-parent-wrapper eb-parent-eb-row-evveo \"><div class=\"eb-row-root-container eb-row-evveo\" data-id=\"eb-row-evveo\"><div class=\"eb-row-wrapper\"><div class=\"eb-row-inner\">\n<div class=\"wp-block-essential-blocks-column  root-eb-column-8fkee gtfy-144\"><div class=\"eb-parent-wrapper eb-parent-eb-column-8fkee \"><div class=\"eb-column-wrapper eb-column-8fkee\"><div class=\"eb-column-inner\">\n<div class=\"wp-block-essential-blocks-advanced-heading  root-eb-advance-heading-d0vj2 gtfy-135\"><div class=\"eb-parent-wrapper eb-parent-eb-advance-heading-d0vj2 \"><div class=\"eb-advance-heading-wrapper eb-advance-heading-d0vj2 button-1 undefined\" data-id=\"eb-advance-heading-d0vj2\"><h2 class=\"eb-ah-title\"><span class=\"first-title\"><strong>Comment s&rsquo;articule une s\u00e9ance de coaching d&rsquo;organisation ?<\/strong><\/span><\/h2><\/div><\/div><\/div>\n\n\n\n<p class=\"gtfy-136\">Il n\u2019y a pas de s\u00e9ance-type : chaque intervention est construite en co-cr\u00e9ation.<br>Cependant, voici les grandes \u00e9tapes qui structurent notre d\u00e9marche :<\/p>\n\n\n\n<ol class=\"wp-block-list gtfy-142\">\n<li class=\"gtfy-137 gutenify-list-item\"><strong>Immersion &amp; diagnostic<\/strong> : compr\u00e9hension fine de la culture, des enjeux, des tensions et des forces<\/li>\n\n\n\n<li class=\"gtfy-138 gutenify-list-item\"><strong>Co-construction du dispositif<\/strong> : d\u00e9finition claire des objectifs, choix des formats d\u2019intervention<\/li>\n\n\n\n<li class=\"gtfy-139 gutenify-list-item\"><strong>S\u00e9ances de coaching<\/strong> : en individuel, en \u00e9quipe ou en collectif, selon les besoins. Ces espaces allient \u00e9coute, confrontation bienveillante, intelligence \u00e9motionnelle et strat\u00e9gie<\/li>\n\n\n\n<li class=\"gtfy-140 gutenify-list-item\"><strong>Rituels d\u2019ancrage<\/strong> : points d\u2019\u00e9tape, ajustements, partages de feedbacks<\/li>\n\n\n\n<li class=\"gtfy-141 gutenify-list-item\"><strong>Cl\u00f4ture &amp; mise en autonomie<\/strong> : synth\u00e8se, valorisation des apprentissages, projection vers la suite<\/li>\n<\/ol>\n\n\n\n<p class=\"gtfy-143\">Tout au long de l\u2019accompagnement, nous mettons l\u2019accent sur la <strong>co-responsabilit\u00e9<\/strong>, la <strong>co-cr\u00e9ation, <\/strong>et la<strong> co-protection <\/strong>pour d\u00e9velopper la <strong>transparence<\/strong> et la <strong>confiance mutuelle<\/strong>.<\/p>\n<\/div><\/div><\/div><\/div>\n<\/div><\/div><\/div><\/div><\/div>\n\n\n\n<div style=\"height:5px\" aria-hidden=\"true\" class=\"wp-block-spacer gtfy-148\"><\/div>\n\n\n\n<p class=\"gtfy-151\"><\/p>\n","protected":false},"excerpt":{"rendered":"","protected":false},"author":1,"featured_media":0,"parent":1564,"menu_order":0,"comment_status":"closed","ping_status":"closed","template":"","meta":{"_acf_changed":false,"_eb_attr":"","footnotes":""},"class_list":["post-1346","page","type-page","status-publish","hentry"],"acf":[],"yoast_head":"<!-- This site is optimized with the Yoast SEO plugin v27.4 - https:\/\/yoast.com\/product\/yoast-seo-wordpress\/ -->\n<title>Le coaching d&#039;organisation... c&#039;est quoi ? B\u00e9n\u00e9fices, Prix...<\/title>\n<meta name=\"description\" content=\"Le coaching d\u2019organisation est une d\u00e9marche globale et syst\u00e9mique qui vise \u00e0 accompagner une entreprise ou une institution dans ses \u00e9volutions structurelles, culturelles et relationnelles.\" \/>\n<meta name=\"robots\" content=\"index, follow, max-snippet:-1, max-image-preview:large, max-video-preview:-1\" \/>\n<link rel=\"canonical\" href=\"https:\/\/lesaulerieur.com\/fr\/accueil\/offres\/coaching-professionnel\/coaching-dorganisation\/\" \/>\n<meta property=\"og:locale\" content=\"fr_FR\" \/>\n<meta property=\"og:type\" content=\"article\" \/>\n<meta property=\"og:title\" content=\"Le coaching d&#039;organisation... c&#039;est quoi ? B\u00e9n\u00e9fices, Prix...\" \/>\n<meta property=\"og:description\" content=\"Le coaching d\u2019organisation est une d\u00e9marche globale et syst\u00e9mique qui vise \u00e0 accompagner une entreprise ou une institution dans ses \u00e9volutions structurelles, culturelles et relationnelles.\" \/>\n<meta property=\"og:url\" content=\"https:\/\/lesaulerieur.com\/fr\/accueil\/offres\/coaching-professionnel\/coaching-dorganisation\/\" \/>\n<meta property=\"og:site_name\" content=\"Lesaulerieur\" \/>\n<meta property=\"article:modified_time\" content=\"2025-09-04T09:33:46+00:00\" \/>\n<meta property=\"og:image\" content=\"https:\/\/lesaulerieur.com\/wp-content\/uploads\/2025\/08\/Capture-decran-2025-08-01-125923-1.png\" \/>\n\t<meta property=\"og:image:width\" content=\"682\" \/>\n\t<meta property=\"og:image:height\" content=\"568\" \/>\n\t<meta property=\"og:image:type\" content=\"image\/png\" \/>\n<meta name=\"twitter:card\" content=\"summary_large_image\" \/>\n<meta name=\"twitter:label1\" content=\"Dur\u00e9e de lecture estim\u00e9e\" \/>\n\t<meta name=\"twitter:data1\" content=\"5 minutes\" \/>\n<script type=\"application\/ld+json\" class=\"yoast-schema-graph\">{\"@context\":\"https:\\\/\\\/schema.org\",\"@graph\":[{\"@type\":\"WebPage\",\"@id\":\"https:\\\/\\\/lesaulerieur.com\\\/accueil\\\/offres\\\/coaching-professionnel\\\/coaching-dorganisation\\\/\",\"url\":\"https:\\\/\\\/lesaulerieur.com\\\/accueil\\\/offres\\\/coaching-professionnel\\\/coaching-dorganisation\\\/\",\"name\":\"Le coaching d'organisation... c'est quoi ? B\u00e9n\u00e9fices, Prix...\",\"isPartOf\":{\"@id\":\"https:\\\/\\\/lesaulerieur.com\\\/fr\\\/#website\"},\"primaryImageOfPage\":{\"@id\":\"https:\\\/\\\/lesaulerieur.com\\\/accueil\\\/offres\\\/coaching-professionnel\\\/coaching-dorganisation\\\/#primaryimage\"},\"image\":{\"@id\":\"https:\\\/\\\/lesaulerieur.com\\\/accueil\\\/offres\\\/coaching-professionnel\\\/coaching-dorganisation\\\/#primaryimage\"},\"thumbnailUrl\":\"https:\\\/\\\/lesaulerieur.com\\\/wp-content\\\/uploads\\\/2025\\\/08\\\/Capture-decran-2025-08-01-125923-1.png\",\"datePublished\":\"2025-05-14T14:47:29+00:00\",\"dateModified\":\"2025-09-04T09:33:46+00:00\",\"description\":\"Le coaching d\u2019organisation est une d\u00e9marche globale et syst\u00e9mique qui vise \u00e0 accompagner une entreprise ou une institution dans ses \u00e9volutions structurelles, culturelles et relationnelles.\",\"breadcrumb\":{\"@id\":\"https:\\\/\\\/lesaulerieur.com\\\/accueil\\\/offres\\\/coaching-professionnel\\\/coaching-dorganisation\\\/#breadcrumb\"},\"inLanguage\":\"fr-FR\",\"potentialAction\":[{\"@type\":\"ReadAction\",\"target\":[\"https:\\\/\\\/lesaulerieur.com\\\/accueil\\\/offres\\\/coaching-professionnel\\\/coaching-dorganisation\\\/\"]}]},{\"@type\":\"ImageObject\",\"inLanguage\":\"fr-FR\",\"@id\":\"https:\\\/\\\/lesaulerieur.com\\\/accueil\\\/offres\\\/coaching-professionnel\\\/coaching-dorganisation\\\/#primaryimage\",\"url\":\"https:\\\/\\\/lesaulerieur.com\\\/wp-content\\\/uploads\\\/2025\\\/08\\\/Capture-decran-2025-08-01-125923-1.png\",\"contentUrl\":\"https:\\\/\\\/lesaulerieur.com\\\/wp-content\\\/uploads\\\/2025\\\/08\\\/Capture-decran-2025-08-01-125923-1.png\"},{\"@type\":\"BreadcrumbList\",\"@id\":\"https:\\\/\\\/lesaulerieur.com\\\/accueil\\\/offres\\\/coaching-professionnel\\\/coaching-dorganisation\\\/#breadcrumb\",\"itemListElement\":[{\"@type\":\"ListItem\",\"position\":1,\"name\":\"Home\",\"item\":\"https:\\\/\\\/lesaulerieur.com\\\/\"},{\"@type\":\"ListItem\",\"position\":2,\"name\":\"Accueil\",\"item\":\"https:\\\/\\\/lesaulerieur.com\\\/\"},{\"@type\":\"ListItem\",\"position\":3,\"name\":\"Offres\",\"item\":\"https:\\\/\\\/lesaulerieur.com\\\/accueil\\\/offres\\\/\"},{\"@type\":\"ListItem\",\"position\":4,\"name\":\"Coaching professionnel\",\"item\":\"https:\\\/\\\/lesaulerieur.com\\\/accueil\\\/offres\\\/coaching-professionnel\\\/\"},{\"@type\":\"ListItem\",\"position\":5,\"name\":\"Coaching d&rsquo;organisation\"}]},{\"@type\":\"WebSite\",\"@id\":\"https:\\\/\\\/lesaulerieur.com\\\/fr\\\/#website\",\"url\":\"https:\\\/\\\/lesaulerieur.com\\\/fr\\\/\",\"name\":\"Lesaulerieur\",\"description\":\"\",\"publisher\":{\"@id\":\"https:\\\/\\\/lesaulerieur.com\\\/fr\\\/#organization\"},\"potentialAction\":[{\"@type\":\"SearchAction\",\"target\":{\"@type\":\"EntryPoint\",\"urlTemplate\":\"https:\\\/\\\/lesaulerieur.com\\\/fr\\\/?s={search_term_string}\"},\"query-input\":{\"@type\":\"PropertyValueSpecification\",\"valueRequired\":true,\"valueName\":\"search_term_string\"}}],\"inLanguage\":\"fr-FR\"},{\"@type\":\"Organization\",\"@id\":\"https:\\\/\\\/lesaulerieur.com\\\/fr\\\/#organization\",\"name\":\"Lesaulerieur\",\"url\":\"https:\\\/\\\/lesaulerieur.com\\\/fr\\\/\",\"logo\":{\"@type\":\"ImageObject\",\"inLanguage\":\"fr-FR\",\"@id\":\"https:\\\/\\\/lesaulerieur.com\\\/fr\\\/#\\\/schema\\\/logo\\\/image\\\/\",\"url\":\"https:\\\/\\\/lesaulerieur.com\\\/wp-content\\\/uploads\\\/2026\\\/03\\\/exports-saule-rieur-transparent8-1.png\",\"contentUrl\":\"https:\\\/\\\/lesaulerieur.com\\\/wp-content\\\/uploads\\\/2026\\\/03\\\/exports-saule-rieur-transparent8-1.png\",\"width\":2480,\"height\":1240,\"caption\":\"Lesaulerieur\"},\"image\":{\"@id\":\"https:\\\/\\\/lesaulerieur.com\\\/fr\\\/#\\\/schema\\\/logo\\\/image\\\/\"},\"sameAs\":[\"https:\\\/\\\/www.linkedin.com\\\/in\\\/anita-cassagne-2625a62\\\/\"]}]}<\/script>\n<!-- \/ Yoast SEO plugin. -->","yoast_head_json":{"title":"Le coaching d'organisation... c'est quoi ? B\u00e9n\u00e9fices, Prix...","description":"Le coaching d\u2019organisation est une d\u00e9marche globale et syst\u00e9mique qui vise \u00e0 accompagner une entreprise ou une institution dans ses \u00e9volutions structurelles, culturelles et relationnelles.","robots":{"index":"index","follow":"follow","max-snippet":"max-snippet:-1","max-image-preview":"max-image-preview:large","max-video-preview":"max-video-preview:-1"},"canonical":"https:\/\/lesaulerieur.com\/fr\/accueil\/offres\/coaching-professionnel\/coaching-dorganisation\/","og_locale":"fr_FR","og_type":"article","og_title":"Le coaching d'organisation... c'est quoi ? B\u00e9n\u00e9fices, Prix...","og_description":"Le coaching d\u2019organisation est une d\u00e9marche globale et syst\u00e9mique qui vise \u00e0 accompagner une entreprise ou une institution dans ses \u00e9volutions structurelles, culturelles et relationnelles.","og_url":"https:\/\/lesaulerieur.com\/fr\/accueil\/offres\/coaching-professionnel\/coaching-dorganisation\/","og_site_name":"Lesaulerieur","article_modified_time":"2025-09-04T09:33:46+00:00","og_image":[{"width":682,"height":568,"url":"https:\/\/lesaulerieur.com\/wp-content\/uploads\/2025\/08\/Capture-decran-2025-08-01-125923-1.png","type":"image\/png"}],"twitter_card":"summary_large_image","twitter_misc":{"Dur\u00e9e de lecture estim\u00e9e":"5 minutes"},"schema":{"@context":"https:\/\/schema.org","@graph":[{"@type":"WebPage","@id":"https:\/\/lesaulerieur.com\/accueil\/offres\/coaching-professionnel\/coaching-dorganisation\/","url":"https:\/\/lesaulerieur.com\/accueil\/offres\/coaching-professionnel\/coaching-dorganisation\/","name":"Le coaching d'organisation... c'est quoi ? B\u00e9n\u00e9fices, Prix...","isPartOf":{"@id":"https:\/\/lesaulerieur.com\/fr\/#website"},"primaryImageOfPage":{"@id":"https:\/\/lesaulerieur.com\/accueil\/offres\/coaching-professionnel\/coaching-dorganisation\/#primaryimage"},"image":{"@id":"https:\/\/lesaulerieur.com\/accueil\/offres\/coaching-professionnel\/coaching-dorganisation\/#primaryimage"},"thumbnailUrl":"https:\/\/lesaulerieur.com\/wp-content\/uploads\/2025\/08\/Capture-decran-2025-08-01-125923-1.png","datePublished":"2025-05-14T14:47:29+00:00","dateModified":"2025-09-04T09:33:46+00:00","description":"Le coaching d\u2019organisation est une d\u00e9marche globale et syst\u00e9mique qui vise \u00e0 accompagner une entreprise ou une institution dans ses \u00e9volutions structurelles, culturelles et relationnelles.","breadcrumb":{"@id":"https:\/\/lesaulerieur.com\/accueil\/offres\/coaching-professionnel\/coaching-dorganisation\/#breadcrumb"},"inLanguage":"fr-FR","potentialAction":[{"@type":"ReadAction","target":["https:\/\/lesaulerieur.com\/accueil\/offres\/coaching-professionnel\/coaching-dorganisation\/"]}]},{"@type":"ImageObject","inLanguage":"fr-FR","@id":"https:\/\/lesaulerieur.com\/accueil\/offres\/coaching-professionnel\/coaching-dorganisation\/#primaryimage","url":"https:\/\/lesaulerieur.com\/wp-content\/uploads\/2025\/08\/Capture-decran-2025-08-01-125923-1.png","contentUrl":"https:\/\/lesaulerieur.com\/wp-content\/uploads\/2025\/08\/Capture-decran-2025-08-01-125923-1.png"},{"@type":"BreadcrumbList","@id":"https:\/\/lesaulerieur.com\/accueil\/offres\/coaching-professionnel\/coaching-dorganisation\/#breadcrumb","itemListElement":[{"@type":"ListItem","position":1,"name":"Home","item":"https:\/\/lesaulerieur.com\/"},{"@type":"ListItem","position":2,"name":"Accueil","item":"https:\/\/lesaulerieur.com\/"},{"@type":"ListItem","position":3,"name":"Offres","item":"https:\/\/lesaulerieur.com\/accueil\/offres\/"},{"@type":"ListItem","position":4,"name":"Coaching professionnel","item":"https:\/\/lesaulerieur.com\/accueil\/offres\/coaching-professionnel\/"},{"@type":"ListItem","position":5,"name":"Coaching d&rsquo;organisation"}]},{"@type":"WebSite","@id":"https:\/\/lesaulerieur.com\/fr\/#website","url":"https:\/\/lesaulerieur.com\/fr\/","name":"Lesaulerieur","description":"","publisher":{"@id":"https:\/\/lesaulerieur.com\/fr\/#organization"},"potentialAction":[{"@type":"SearchAction","target":{"@type":"EntryPoint","urlTemplate":"https:\/\/lesaulerieur.com\/fr\/?s={search_term_string}"},"query-input":{"@type":"PropertyValueSpecification","valueRequired":true,"valueName":"search_term_string"}}],"inLanguage":"fr-FR"},{"@type":"Organization","@id":"https:\/\/lesaulerieur.com\/fr\/#organization","name":"Lesaulerieur","url":"https:\/\/lesaulerieur.com\/fr\/","logo":{"@type":"ImageObject","inLanguage":"fr-FR","@id":"https:\/\/lesaulerieur.com\/fr\/#\/schema\/logo\/image\/","url":"https:\/\/lesaulerieur.com\/wp-content\/uploads\/2026\/03\/exports-saule-rieur-transparent8-1.png","contentUrl":"https:\/\/lesaulerieur.com\/wp-content\/uploads\/2026\/03\/exports-saule-rieur-transparent8-1.png","width":2480,"height":1240,"caption":"Lesaulerieur"},"image":{"@id":"https:\/\/lesaulerieur.com\/fr\/#\/schema\/logo\/image\/"},"sameAs":["https:\/\/www.linkedin.com\/in\/anita-cassagne-2625a62\/"]}]}},"_links":{"self":[{"href":"https:\/\/lesaulerieur.com\/fr\/wp-json\/wp\/v2\/pages\/1346","targetHints":{"allow":["GET"]}}],"collection":[{"href":"https:\/\/lesaulerieur.com\/fr\/wp-json\/wp\/v2\/pages"}],"about":[{"href":"https:\/\/lesaulerieur.com\/fr\/wp-json\/wp\/v2\/types\/page"}],"author":[{"embeddable":true,"href":"https:\/\/lesaulerieur.com\/fr\/wp-json\/wp\/v2\/users\/1"}],"replies":[{"embeddable":true,"href":"https:\/\/lesaulerieur.com\/fr\/wp-json\/wp\/v2\/comments?post=1346"}],"version-history":[{"count":22,"href":"https:\/\/lesaulerieur.com\/fr\/wp-json\/wp\/v2\/pages\/1346\/revisions"}],"predecessor-version":[{"id":2218,"href":"https:\/\/lesaulerieur.com\/fr\/wp-json\/wp\/v2\/pages\/1346\/revisions\/2218"}],"up":[{"embeddable":true,"href":"https:\/\/lesaulerieur.com\/fr\/wp-json\/wp\/v2\/pages\/1564"}],"wp:attachment":[{"href":"https:\/\/lesaulerieur.com\/fr\/wp-json\/wp\/v2\/media?parent=1346"}],"curies":[{"name":"wp","href":"https:\/\/api.w.org\/{rel}","templated":true}]}}