{"id":1727,"date":"2025-06-16T08:10:14","date_gmt":"2025-06-16T08:10:14","guid":{"rendered":"https:\/\/lesaulerieur.com\/?page_id=1727"},"modified":"2025-12-01T11:49:30","modified_gmt":"2025-12-01T11:49:30","slug":"change-management","status":"publish","type":"page","link":"https:\/\/lesaulerieur.com\/fr\/accueil\/offres\/change-management\/","title":{"rendered":"Change Management"},"content":{"rendered":"\n<p class=\"gtfy-1\"><\/p>\n\n\n\n<p class=\"gtfy-4\"><\/p>\n\n\n\n        <div class=\"root-eb-breadcrumb-wf7sf wp-block-essential-blocks-breadcrumbs gtfy-7\">\n            <div class=\"eb-parent-wrapper eb-parent-eb-breadcrumb-wf7sf \">\n                <div aria-label=\"Breadcrumb\" class=\"eb-breadcrumb-wrapper eb-breadcrumb-wf7sf\" data-id=\"eb-breadcrumb-wf7sf\">\n                    \n                    <span class=\"eb-breadcrumb-item current\">Page<\/span><\/div>\n                <\/div>\n            <\/div>\n        <\/div>\n\n\n<div class=\"wp-block-essential-blocks-row alignfull  root-eb-row-r59ps gtfy-14\"><div class=\"eb-parent-wrapper eb-parent-eb-row-r59ps \"><div class=\"eb-row-root-container eb-row-r59ps\" data-id=\"eb-row-r59ps\"><div class=\"eb-row-wrapper\"><div class=\"eb-row-inner\">\n<div class=\"wp-block-essential-blocks-column  root-eb-column-fc4c6 gtfy-11\"><div class=\"eb-parent-wrapper eb-parent-eb-column-fc4c6 \"><div class=\"eb-column-wrapper eb-column-fc4c6\"><div class=\"eb-column-inner\">\n<div class=\"wp-block-essential-blocks-advanced-heading  root-eb-advance-heading-whm94 gtfy-10\"><div class=\"eb-parent-wrapper eb-parent-eb-advance-heading-whm94 \"><div class=\"eb-advance-heading-wrapper eb-advance-heading-whm94 button-1 undefined\" data-id=\"eb-advance-heading-whm94\"><h1 class=\"eb-ah-title\"><span class=\"first-title\">Change Management<\/span><\/h1><\/div><\/div><\/div>\n<\/div><\/div><\/div><\/div>\n\n\n\n<div class=\"wp-block-essential-blocks-column  root-eb-column-07moz gtfy-12\"><div class=\"eb-parent-wrapper eb-parent-eb-column-07moz \"><div class=\"eb-column-wrapper eb-column-07moz\"><div class=\"eb-column-inner\"><\/div><\/div><\/div><\/div>\n\n\n\n<div class=\"wp-block-essential-blocks-column  root-eb-column-1fafa gtfy-13\"><div class=\"eb-parent-wrapper eb-parent-eb-column-1fafa \"><div class=\"eb-column-wrapper eb-column-1fafa\"><div class=\"eb-column-inner\"><\/div><\/div><\/div><\/div>\n<\/div><\/div><\/div><\/div><\/div>\n\n\n\n<div class=\"wp-block-essential-blocks-row alignfull  root-eb-row-3mzjp gtfy-21\"><div class=\"eb-parent-wrapper eb-parent-eb-row-3mzjp \"><div class=\"eb-row-root-container eb-row-3mzjp\" data-id=\"eb-row-3mzjp\"><div class=\"eb-row-wrapper\"><div class=\"eb-row-inner\">\n<div class=\"wp-block-essential-blocks-column  root-eb-column-zogx2 gtfy-18\"><div class=\"eb-parent-wrapper eb-parent-eb-column-zogx2 \"><div class=\"eb-column-wrapper eb-column-zogx2\"><div class=\"eb-column-inner\"><div class=\"root-eb-toc-rcovw wp-block-essential-blocks-table-of-contents gtfy-17\"><div class=\"eb-parent-wrapper eb-parent-eb-toc-rcovw \"><div class=\"eb-toc-container eb-toc-rcovw  eb-toc-is-not-sticky eb-toc-not-collapsible eb-toc-initially-not-collapsed eb-toc-scrollToTop style-1 list-style-none\" data-scroll-top=\"true\" data-scroll-top-icon=\"fas fa-angle-up\" data-collapsible=\"false\" data-sticky-hide-mobile=\"false\" data-sticky=\"false\" data-scroll-target=\"scroll_to_toc\" data-copy-link=\"false\" data-editor-type=\"\" data-hide-desktop=\"false\" data-hide-tab=\"false\" data-hide-mobile=\"false\" data-itemCollapsed=\"false\" data-highlight-scroll=\"false\"><div class=\"eb-toc-header\"><h2 class=\"eb-toc-title\"><\/h2><\/div><div class=\"eb-toc-wrapper \" data-headers=\"[{&quot;level&quot;:2,&quot;content&quot;:&quot;Le Change Management, c\\u2019est quoi ?&quot;,&quot;text&quot;:&quot;Le Change Management, c\\u2019est quoi ?&quot;,&quot;link&quot;:&quot;le-change-management-cest-quoi&quot;},{&quot;level&quot;:2,&quot;content&quot;:&quot;Quels types de changement peut-on rencontrer en entreprise ?&quot;,&quot;text&quot;:&quot;Quels types de changement peut-on rencontrer en entreprise ?&quot;,&quot;link&quot;:&quot;quels-types-de-changement-peut-on-rencontrer-en-entreprise&quot;},{&quot;level&quot;:2,&quot;content&quot;:&quot;Pourquoi faire du Change Management ?&quot;,&quot;text&quot;:&quot;Pourquoi faire du Change Management ?&quot;,&quot;link&quot;:&quot;pourquoi-faire-du-change-management&quot;},{&quot;level&quot;:2,&quot;content&quot;:&quot;Les principes cl\\u00e9s d\\u2019un changement r\\u00e9ussi&quot;,&quot;text&quot;:&quot;Les principes cl\\u00e9s d\\u2019un changement r\\u00e9ussi&quot;,&quot;link&quot;:&quot;eb-table-content-3&quot;},{&quot;level&quot;:2,&quot;content&quot;:&quot;Vous avez un besoin en Change Management ?&quot;,&quot;text&quot;:&quot;Vous avez un besoin en Change Management ?&quot;,&quot;link&quot;:&quot;vous-avez-un-besoin-en-change-management&quot;},{&quot;level&quot;:2,&quot;content&quot;:&quot;Quels b\\u00e9n\\u00e9fices attendre d\\u2019un Change Management bien men\\u00e9 ?&quot;,&quot;text&quot;:&quot;Quels b\\u00e9n\\u00e9fices attendre d\\u2019un Change Management bien men\\u00e9 ?&quot;,&quot;link&quot;:&quot;eb-table-content-5&quot;},{&quot;level&quot;:2,&quot;content&quot;:&quot;Les 3 dimensions du Change Management&quot;,&quot;text&quot;:&quot;Les 3 dimensions du Change Management&quot;,&quot;link&quot;:&quot;les-3-dimensions-du-change-management&quot;},{&quot;level&quot;:2,&quot;content&quot;:&quot;Transformation vs Change Management&quot;,&quot;text&quot;:&quot;Transformation vs Change Management&quot;,&quot;link&quot;:&quot;transformation-vs-change-management&quot;},{&quot;level&quot;:2,&quot;content&quot;:&quot;Se faire accompagner dans le changement&quot;,&quot;text&quot;:&quot;Se faire accompagner dans le changement&quot;,&quot;link&quot;:&quot;se-faire-accompagner-dans-le-changement&quot;}]\" data-visible=\"[false,true,true,false,false,false]\" data-delete-headers=\"[{&quot;label&quot;:&quot;Le Change Management, c\\u2019est quoi ?&quot;,&quot;value&quot;:&quot;le-change-management-cest-quoi&quot;,&quot;isDelete&quot;:false},{&quot;label&quot;:&quot;Quels types de changement peut-on rencontrer en entreprise ?&quot;,&quot;value&quot;:&quot;quels-types-de-changement-peut-on-rencontrer-en-entreprise&quot;,&quot;isDelete&quot;:false},{&quot;label&quot;:&quot;Pourquoi faire du Change Management ?&quot;,&quot;value&quot;:&quot;pourquoi-faire-du-change-management&quot;,&quot;isDelete&quot;:false},{&quot;label&quot;:&quot;Les principes cl\\u00e9s d\\u2019un changement r\\u00e9ussi&quot;,&quot;value&quot;:&quot;les-principes-cl\\u00e9s-dun-changement-r\\u00e9ussi&quot;,&quot;isDelete&quot;:false},{&quot;label&quot;:&quot;Vous avez un besoin en Change Management ?&quot;,&quot;value&quot;:&quot;vous-avez-un-besoin-en-change-management&quot;,&quot;isDelete&quot;:false},{&quot;label&quot;:&quot;Quels b\\u00e9n\\u00e9fices attendre d\\u2019un Change Management bien men\\u00e9 ?&quot;,&quot;value&quot;:&quot;quels-b\\u00e9n\\u00e9fices-attendre-dun-change-management-bien-men\\u00e9&quot;,&quot;isDelete&quot;:false},{&quot;label&quot;:&quot;Les 3 dimensions du Change Management&quot;,&quot;value&quot;:&quot;les-3-dimensions-du-change-management&quot;,&quot;isDelete&quot;:false},{&quot;label&quot;:&quot;Transformation vs Change Management&quot;,&quot;value&quot;:&quot;transformation-vs-change-management&quot;,&quot;isDelete&quot;:false},{&quot;label&quot;:&quot;Se faire accompagner dans le changement&quot;,&quot;value&quot;:&quot;se-faire-accompagner-dans-le-changement&quot;,&quot;isDelete&quot;:false}]\" data-smooth=\"true\" data-top-offset=\"-30\"><div class=\"eb-toc__list-wrap\"><ul class='eb-toc__list'><li><a href=\"#le-change-management-cest-quoi\">Le Change Management, c\u2019est quoi ?<\/a><li><a href=\"#quels-types-de-changement-peut-on-rencontrer-en-entreprise\">Quels types de changement peut-on rencontrer en entreprise ?<\/a><li><a href=\"#pourquoi-faire-du-change-management\">Pourquoi faire du Change Management ?<\/a><li><a href=\"#eb-table-content-3\">Les principes cl\u00e9s d\u2019un changement r\u00e9ussi<\/a><li><a href=\"#vous-avez-un-besoin-en-change-management\">Vous avez un besoin en Change Management ?<\/a><li><a href=\"#eb-table-content-5\">Quels b\u00e9n\u00e9fices attendre d\u2019un Change Management bien men\u00e9 ?<\/a><li><a href=\"#les-3-dimensions-du-change-management\">Les 3 dimensions du Change Management<\/a><li><a href=\"#transformation-vs-change-management\">Transformation vs Change Management<\/a><li><a href=\"#se-faire-accompagner-dans-le-changement\">Se faire accompagner dans le changement<\/a><\/ul><\/div><\/div><\/div><\/div><\/div><\/div><\/div><\/div><\/div>\n\n\n\n<div class=\"wp-block-essential-blocks-column  root-eb-column-vx0uv gtfy-20\"><div class=\"eb-parent-wrapper eb-parent-eb-column-vx0uv \"><div class=\"eb-column-wrapper eb-column-vx0uv\"><div class=\"eb-column-inner\">\n<p class=\"has-background-color has-text-color has-link-color wp-elements-638d6703cb436457dc353de98756fc71 gtfy-19\" style=\"margin-right:var(--wp--preset--spacing--40);margin-left:var(--wp--preset--spacing--40);font-size:20px\">Le changement fait partie de la vie d\u2019une organisation. Nouveaux outils, r\u00e9organisations, fusions, \u00e9volutions culturelles\u2026 il ne suffit pas de d\u00e9cider un changement pour qu\u2019il s\u2019op\u00e8re naturellement.<br>La cl\u00e9, ce n\u2019est pas seulement le plan : c\u2019est <strong>la mani\u00e8re dont les femmes et les hommes le vivent<\/strong>.Le <strong>Change Management<\/strong>, ou conduite du changement, permet d\u2019accompagner les personnes, les \u00e9quipes et les syst\u00e8mes dans <strong>une transformation r\u00e9aliste, humaine et durable<\/strong>.<br>Chez Le Saule Rieur, nous aidons les organisations \u00e0 aborder le changement avec lucidit\u00e9, m\u00e9thode et intelligence collective.<\/p>\n<\/div><\/div><\/div><\/div>\n<\/div><\/div><\/div><\/div><\/div>\n\n\n\n<div style=\"height:20px\" aria-hidden=\"true\" class=\"wp-block-spacer gtfy-24\"><\/div>\n\n\n\n<div class=\"wp-block-essential-blocks-row alignfull  root-eb-row-v7d5b gtfy-30\"><div class=\"eb-parent-wrapper eb-parent-eb-row-v7d5b \"><div class=\"eb-row-root-container eb-row-v7d5b\" data-id=\"eb-row-v7d5b\"><div class=\"eb-row-wrapper\"><div class=\"eb-row-inner\">\n<div class=\"wp-block-essential-blocks-column  root-eb-column-wo72i gtfy-29\"><div class=\"eb-parent-wrapper eb-parent-eb-column-wo72i \"><div class=\"eb-column-wrapper eb-column-wo72i\"><div class=\"eb-column-inner\">\n<div class=\"wp-block-essential-blocks-advanced-heading  root-eb-advance-heading-skfh2 gtfy-27\"><div class=\"eb-parent-wrapper eb-parent-eb-advance-heading-skfh2 \"><div class=\"eb-advance-heading-wrapper eb-advance-heading-skfh2 button-1 undefined\" data-id=\"eb-advance-heading-skfh2\"><h2 class=\"eb-ah-title\"><span class=\"first-title\"><strong>Le Change Management, c\u2019est quoi ?<\/strong><\/span><\/h2><\/div><\/div><\/div>\n\n\n\n<p class=\"has-foreground-color has-text-color has-link-color wp-elements-ef9920f4cdc856e6fd1910a295d78a1a gtfy-28\">Le Change Management est un <strong>ensemble de pratiques qui visent \u00e0 faciliter l\u2019adh\u00e9sion et l\u2019appropriation d\u2019un changement par les personnes concern\u00e9es<\/strong>.<br>Il ne s\u2019agit pas simplement de \u201ccommuniquer\u201d ou de \u201cformer\u201d : il s\u2019agit d\u2019accompagner un passage, un d\u00e9calage entre un \u201cavant\u201d et un \u201capr\u00e8s\u201d.<br><br>Contrairement \u00e0 une transformation strat\u00e9gique, qui porte sur la vision ou les processus de l\u2019organisation, <strong>le Change Management porte sur l\u2019humain<\/strong> : il s\u2019agit du comment, de la mani\u00e8re dont les gens comprennent, acceptent, s\u2019adaptent et s\u2019engagent dans le changement.<\/p>\n<\/div><\/div><\/div><\/div>\n<\/div><\/div><\/div><\/div><\/div>\n\n\n\n<div class=\"wp-block-essential-blocks-row alignfull  root-eb-row-qbmd4 gtfy-35\"><div class=\"eb-parent-wrapper eb-parent-eb-row-qbmd4 \"><div class=\"eb-row-root-container eb-row-qbmd4\" data-id=\"eb-row-qbmd4\"><div class=\"eb-row-wrapper\"><div class=\"eb-row-inner\">\n<div class=\"wp-block-essential-blocks-column  root-eb-column-t7er8 gtfy-34\"><div class=\"eb-parent-wrapper eb-parent-eb-column-t7er8 \"><div class=\"eb-column-wrapper eb-column-t7er8\"><div class=\"eb-column-inner\">\n<div class=\"wp-block-essential-blocks-advanced-heading  root-eb-advance-heading-zx29k gtfy-33\"><div class=\"eb-parent-wrapper eb-parent-eb-advance-heading-zx29k \"><div class=\"eb-advance-heading-wrapper eb-advance-heading-zx29k button-1 undefined\" data-id=\"eb-advance-heading-zx29k\"><h2 class=\"eb-ah-title\"><span class=\"first-title\"><strong>Quels types de changement peut-on rencontrer en entreprise ?<\/strong><\/span><\/h2><\/div><\/div><\/div>\n<\/div><\/div><\/div><\/div>\n<\/div><\/div><\/div><\/div><\/div>\n\n\n\n<div class=\"wp-block-essential-blocks-row alignfull  root-eb-row-159ev gtfy-47\"><div class=\"eb-parent-wrapper eb-parent-eb-row-159ev \"><div class=\"eb-row-root-container eb-row-159ev\" data-id=\"eb-row-159ev\"><div class=\"eb-row-wrapper\"><div class=\"eb-row-inner\">\n<div class=\"wp-block-essential-blocks-column  root-eb-column-xsmii gtfy-46\"><div class=\"eb-parent-wrapper eb-parent-eb-column-xsmii \"><div class=\"eb-column-wrapper eb-column-xsmii\"><div class=\"eb-column-inner\">\n<p class=\"has-background-color has-text-color has-link-color wp-elements-d7f53818c437f7c8e0b821c252e8fbd1 gtfy-38\">Voici quelques exemples concrets que nous accompagnons r\u00e9guli\u00e8rement :<\/p>\n\n\n\n<ul class=\"wp-block-list gtfy-44\">\n<li class=\"gtfy-39 gutenify-list-item\">R\u00e9organisation interne ou fusion d\u2019\u00e9quipes<\/li>\n\n\n\n<li class=\"gtfy-40 gutenify-list-item\">Changement de direction ou de gouvernance<\/li>\n\n\n\n<li class=\"gtfy-41 gutenify-list-item\">Transition manag\u00e9riale ou culturelle<\/li>\n\n\n\n<li class=\"gtfy-42 gutenify-list-item\">D\u00e9ploiement d\u2019un projet strat\u00e9gique \u00e0 l\u2019\u00e9chelle nationale ou internationale<\/li>\n\n\n\n<li class=\"gtfy-43 gutenify-list-item\">Mise en place d\u2019un syst\u00e8me ou nouvel outil m\u00e9tier<\/li>\n<\/ul>\n\n\n\n<p class=\"has-background-color has-text-color has-link-color wp-elements-797b9469ed40c1eb42ba1c6411f7ba88 gtfy-45\">Chaque type de changement g\u00e9n\u00e8re <strong>des impacts humains sp\u00e9cifiques<\/strong> qu\u2019il faut identifier, \u00e9couter et accompagner.<\/p>\n<\/div><\/div><\/div><\/div>\n<\/div><\/div><\/div><\/div><\/div>\n\n\n\n<div style=\"height:0px\" aria-hidden=\"true\" class=\"wp-block-spacer gtfy-50\"><\/div>\n\n\n\n<div class=\"wp-block-essential-blocks-row alignfull  root-eb-row-0h9h9 gtfy-61\"><div class=\"eb-parent-wrapper eb-parent-eb-row-0h9h9 \"><div class=\"eb-row-root-container eb-row-0h9h9\" data-id=\"eb-row-0h9h9\"><div class=\"eb-row-wrapper\"><div class=\"eb-row-inner\">\n<div class=\"wp-block-essential-blocks-column  root-eb-column-h2yfh gtfy-60\"><div class=\"eb-parent-wrapper eb-parent-eb-column-h2yfh \"><div class=\"eb-column-wrapper eb-column-h2yfh\"><div class=\"eb-column-inner\">\n<div class=\"wp-block-essential-blocks-advanced-heading  root-eb-advance-heading-m766t gtfy-53\"><div class=\"eb-parent-wrapper eb-parent-eb-advance-heading-m766t \"><div class=\"eb-advance-heading-wrapper eb-advance-heading-m766t button-1 undefined\" data-id=\"eb-advance-heading-m766t\"><h2 class=\"eb-ah-title\"><span class=\"first-title\"><strong>Pourquoi faire du Change Management ?<\/strong><\/span><\/h2><\/div><\/div><\/div>\n\n\n\n<p class=\"has-background-color has-text-color has-link-color wp-elements-73d9d22141556ddb8205f72e309cf8bf gtfy-54\">La conduite du changement devient essentielle d\u00e8s qu\u2019un projet touche aux comportements, aux habitudes ou aux r\u00f4les des collaborateurs. Sans accompagnement, on observe souvent:<\/p>\n\n\n\n<ul class=\"wp-block-list gtfy-59\">\n<li class=\"gtfy-55 gutenify-list-item\">de la <strong>r\u00e9sistance passive<\/strong><\/li>\n\n\n\n<li class=\"gtfy-56 gutenify-list-item\">une <strong>perte d\u2019engagement<\/strong><\/li>\n\n\n\n<li class=\"gtfy-57 gutenify-list-item\">une <strong>d\u00e9t\u00e9rioration de la communication<\/strong><\/li>\n\n\n\n<li class=\"gtfy-58 gutenify-list-item\">et parfois m\u00eame un <strong>\u00e9chec du projet<\/strong> lui-m\u00eame<\/li>\n<\/ul>\n<\/div><\/div><\/div><\/div>\n<\/div><\/div><\/div><\/div><\/div>\n\n\n\n<div class=\"wp-block-essential-blocks-row alignfull  root-eb-row-f0ipy gtfy-66\"><div class=\"eb-parent-wrapper eb-parent-eb-row-f0ipy \"><div class=\"eb-row-root-container eb-row-f0ipy\" data-id=\"eb-row-f0ipy\"><div class=\"eb-row-wrapper\"><div class=\"eb-row-inner\">\n<div class=\"wp-block-essential-blocks-column  root-eb-column-sbo7g gtfy-65\"><div class=\"eb-parent-wrapper eb-parent-eb-column-sbo7g \"><div class=\"eb-column-wrapper eb-column-sbo7g\"><div class=\"eb-column-inner\">\n<p class=\"has-background-color has-text-color has-link-color wp-elements-2d397c463998cde76ac15d3ed47696ae gtfy-64\">Le r\u00f4le du Change Management est donc de <strong>pr\u00e9parer, soutenir et s\u00e9curiser le changement<\/strong> \u00e0 toutes les \u00e9tapes.<br>Et cela ne fonctionne <strong>que si les managers sont impliqu\u00e9s activement<\/strong>, car ce sont eux qui incarnent le changement au quotidien.<\/p>\n<\/div><\/div><\/div><\/div>\n<\/div><\/div><\/div><\/div><\/div>\n\n\n\n<div class=\"wp-block-essential-blocks-row alignfull  root-eb-row-opeac gtfy-79\"><div class=\"eb-parent-wrapper eb-parent-eb-row-opeac \"><div class=\"eb-row-root-container eb-row-opeac\" data-id=\"eb-row-opeac\"><div class=\"eb-row-wrapper\"><div class=\"eb-row-inner\">\n<div class=\"wp-block-essential-blocks-column  root-eb-column-ravae gtfy-78\"><div class=\"eb-parent-wrapper eb-parent-eb-column-ravae \"><div class=\"eb-column-wrapper eb-column-ravae\"><div class=\"eb-column-inner\">\n<div class=\"wp-block-essential-blocks-advanced-heading  root-eb-advance-heading-6f7h9 gtfy-69\"><div class=\"eb-parent-wrapper eb-parent-eb-advance-heading-6f7h9 \"><div class=\"eb-advance-heading-wrapper eb-advance-heading-6f7h9 button-1 undefined\" data-id=\"eb-advance-heading-6f7h9\"><h2 class=\"eb-ah-title\"><span class=\"first-title\"><strong>Les principes cl\u00e9s d\u2019un changement r\u00e9ussi<\/strong><\/span><\/h2><\/div><\/div><\/div>\n\n\n\n<p class=\"has-background-color has-text-color has-link-color wp-elements-e889d44c5217e4e33ff2d0154c587509 gtfy-70\">Voici les fondations que nous observons dans tous les projets de changement r\u00e9ussis :<\/p>\n\n\n\n<ul class=\"wp-block-list gtfy-76\">\n<li class=\"gtfy-71 gutenify-list-item\"><strong>Donner du sens, avoir une vision claire et partag\u00e9e<\/strong> : pourquoi ce changement ? Pour quoi faire ?<\/li>\n\n\n\n<li class=\"gtfy-72 gutenify-list-item\"><strong>Une implication active des acteurs cl\u00e9s<\/strong>, en particulier les managers de proximit\u00e9<\/li>\n\n\n\n<li class=\"gtfy-73 gutenify-list-item\"><strong>Une structure d\u2019accompagnement<\/strong> qui respecte les rythmes humains<\/li>\n\n\n\n<li class=\"gtfy-74 gutenify-list-item\"><strong>Une communication ouverte et r\u00e9guli\u00e8re<\/strong>, sans langue de bois<\/li>\n\n\n\n<li class=\"gtfy-75 gutenify-list-item\"><strong>Un droit \u00e0 l\u2019ajustement<\/strong>, \u00e0 la r\u00e9gulation, \u00e0 l\u2019erreur<\/li>\n<\/ul>\n\n\n\n<p class=\"has-background-color has-text-color has-link-color wp-elements-e3cec3cb2893306584267d9c19be90e9 gtfy-77\">C\u2019est sur cette base que nous construisons nos accompagnements chez Le Saule Rieur.<\/p>\n<\/div><\/div><\/div><\/div>\n<\/div><\/div><\/div><\/div><\/div>\n\n\n\n<div style=\"height:0px\" aria-hidden=\"true\" class=\"wp-block-spacer gtfy-82\"><\/div>\n\n\n\n<div class=\"wp-block-essential-blocks-row alignfull  root-eb-row-otxok gtfy-92\"><div class=\"eb-parent-wrapper eb-parent-eb-row-otxok \"><div class=\"eb-row-root-container eb-row-otxok\" data-id=\"eb-row-otxok\"><div class=\"eb-row-wrapper\"><div class=\"eb-row-inner\">\n<div class=\"wp-block-essential-blocks-column  root-eb-column-8emrl gtfy-91\"><div class=\"eb-parent-wrapper eb-parent-eb-column-8emrl \"><div class=\"eb-column-wrapper eb-column-8emrl\"><div class=\"eb-column-inner\">\n<p class=\"has-background-color has-text-color has-link-color wp-elements-ca3e61afb09f2c9fa0ba4a5e2660f453 gtfy-85\">Voici les grandes \u00e9tapes d\u2019un accompagnement structur\u00e9 :<\/p>\n\n\n\n<ol class=\"wp-block-list gtfy-90\">\n<li class=\"gtfy-86 gutenify-list-item\"><strong>Diagnostic &amp; cartographie des impacts<\/strong><br>On identifie les zones de tension, les parties prenantes, les risques humains.<\/li>\n\n\n\n<li class=\"gtfy-87 gutenify-list-item\"><strong>Co-construction du plan d\u2019accompagnement<\/strong><br>Quels besoins ? Quelles priorit\u00e9s ? Quels formats (ateliers, coaching, communication) ?<\/li>\n\n\n\n<li class=\"gtfy-88 gutenify-list-item\"><strong>Mise en \u0153uvre<\/strong><br>S\u00e9ances d\u2019\u00e9quipe, accompagnement des managers, actions de communication, ateliers de feedback.<\/li>\n\n\n\n<li class=\"gtfy-89 gutenify-list-item\"><strong><strong>Suivi et ajustements<\/strong><\/strong><br>On mesure l\u2019adh\u00e9sion, on adapte, on ancre. Le plan n\u2019est jamais fig\u00e9.<\/li>\n<\/ol>\n<\/div><\/div><\/div><\/div>\n<\/div><\/div><\/div><\/div><\/div>\n\n\n\n<div class=\"wp-block-essential-blocks-row alignfull  root-eb-row-ompd1 gtfy-97\"><div class=\"eb-parent-wrapper eb-parent-eb-row-ompd1 \"><div class=\"eb-row-root-container eb-row-ompd1\" data-id=\"eb-row-ompd1\"><div class=\"eb-row-wrapper\"><div class=\"eb-row-inner\">\n<div class=\"wp-block-essential-blocks-column  root-eb-column-4ff1y gtfy-96\"><div class=\"eb-parent-wrapper eb-parent-eb-column-4ff1y \"><div class=\"eb-column-wrapper eb-column-4ff1y\"><div class=\"eb-column-inner\">\n<p class=\"has-background-color has-text-color has-link-color wp-elements-a911c1e84d24e6faf78292314ec0274f gtfy-95\"><\/p>\n<\/div><\/div><\/div><\/div>\n<\/div><\/div><\/div><\/div><\/div>\n\n\n\n<div style=\"height:5px\" aria-hidden=\"true\" class=\"wp-block-spacer gtfy-100\"><\/div>\n\n\n\n<div class=\"wp-block-essential-blocks-row alignfull  root-eb-row-evb4i gtfy-110\"><div class=\"eb-parent-wrapper eb-parent-eb-row-evb4i \"><div class=\"eb-row-root-container eb-row-evb4i\" data-id=\"eb-row-evb4i\"><div class=\"eb-row-wrapper\"><div class=\"eb-row-inner\">\n<div class=\"wp-block-essential-blocks-column  root-eb-column-hynix gtfy-106\"><div class=\"eb-parent-wrapper eb-parent-eb-column-hynix \"><div class=\"eb-column-wrapper eb-column-hynix\"><div class=\"eb-column-inner\">\n<div class=\"wp-block-essential-blocks-advanced-heading  root-eb-advance-heading-hqqze gtfy-103\"><div class=\"eb-parent-wrapper eb-parent-eb-advance-heading-hqqze \"><div class=\"eb-advance-heading-wrapper eb-advance-heading-hqqze button-1 undefined\" data-id=\"eb-advance-heading-hqqze\"><h2 class=\"eb-ah-title\"><span class=\"first-title\">Vous avez un besoin en Change Management ?<\/span><\/h2><\/div><\/div><\/div>\n\n\n\n<p class=\"has-foreground-color has-text-color has-link-color wp-elements-ba1238313e84d32e61af7a13624464d4 gtfy-104\"><\/p>\n\n\n\n<div class=\"wp-block-essential-blocks-button  root-eb-button-37dub gtfy-105\"><div class=\"eb-parent-wrapper eb-parent-eb-button-37dub \"><div class=\"eb-button-wrapper eb-button-alignment eb-button-37dub\"><div class=\"eb-button\"><div class=\"eb-button-inner-wrapper \"><a class=\"eb-button-anchor  \" href=\"https:\/\/lesaulerieur.com\/240-2\/\" target=\"_blank\" rel=\"noopener\">Contactez-nous<\/a><\/div><\/div><\/div><\/div><\/div>\n<\/div><\/div><\/div><\/div>\n\n\n\n<div class=\"wp-block-essential-blocks-column  root-eb-column-3y212 gtfy-109\"><div class=\"eb-parent-wrapper eb-parent-eb-column-3y212 \"><div class=\"eb-column-wrapper eb-column-3y212\"><div class=\"eb-column-inner\">\n<p class=\"has-foreground-color has-text-color has-link-color wp-elements-ba1238313e84d32e61af7a13624464d4 gtfy-107\"><\/p>\n\n\n\n<figure class=\"wp-block-image size-full is-resized has-custom-border is-style-default gtfy-108\" style=\"margin-top:0;margin-right:var(--wp--preset--spacing--30);margin-bottom:0;margin-left:var(--wp--preset--spacing--30)\"><img loading=\"lazy\" decoding=\"async\" width=\"682\" height=\"568\" src=\"https:\/\/lesaulerieur.com\/wp-content\/uploads\/2025\/08\/Capture-decran-2025-08-01-125923-1.png\" alt=\"\" class=\"wp-image-2152\" style=\"border-style:none;border-width:0px;border-radius:100%;object-fit:cover;width:300px;height:300px\" srcset=\"https:\/\/lesaulerieur.com\/wp-content\/uploads\/2025\/08\/Capture-decran-2025-08-01-125923-1.png 682w, https:\/\/lesaulerieur.com\/wp-content\/uploads\/2025\/08\/Capture-decran-2025-08-01-125923-1-300x250.png 300w, https:\/\/lesaulerieur.com\/wp-content\/uploads\/2025\/08\/Capture-decran-2025-08-01-125923-1-14x12.png 14w\" sizes=\"auto, (max-width: 682px) 100vw, 682px\" \/><\/figure>\n<\/div><\/div><\/div><\/div>\n<\/div><\/div><\/div><\/div><\/div>\n\n\n\n<div style=\"height:5px\" aria-hidden=\"true\" class=\"wp-block-spacer gtfy-113\"><\/div>\n\n\n\n<div class=\"wp-block-essential-blocks-row alignfull  root-eb-row-evveo gtfy-125\"><div class=\"eb-parent-wrapper eb-parent-eb-row-evveo \"><div class=\"eb-row-root-container eb-row-evveo\" data-id=\"eb-row-evveo\"><div class=\"eb-row-wrapper\"><div class=\"eb-row-inner\">\n<div class=\"wp-block-essential-blocks-column  root-eb-column-8fkee gtfy-124\"><div class=\"eb-parent-wrapper eb-parent-eb-column-8fkee \"><div class=\"eb-column-wrapper eb-column-8fkee\"><div class=\"eb-column-inner\">\n<div class=\"wp-block-essential-blocks-advanced-heading  root-eb-advance-heading-d0vj2 gtfy-116\"><div class=\"eb-parent-wrapper eb-parent-eb-advance-heading-d0vj2 \"><div class=\"eb-advance-heading-wrapper eb-advance-heading-d0vj2 button-1 undefined\" data-id=\"eb-advance-heading-d0vj2\"><h2 class=\"eb-ah-title\"><span class=\"first-title\"><strong>Quels b\u00e9n\u00e9fices attendre d\u2019un Change Management bien men\u00e9 ?<\/strong><\/span><\/h2><\/div><\/div><\/div>\n\n\n\n<p class=\"gtfy-117\">Un accompagnement structur\u00e9 permet de :<\/p>\n\n\n\n<ul class=\"wp-block-list gtfy-123\">\n<li class=\"gtfy-118 gutenify-list-item\"><strong>R\u00e9duire le taux d\u2019\u00e9chec des projets<\/strong> (jusqu\u2019\u00e0 70 % des projets \u00e9chouent sans Change Management \u2013 source Prosci, 2022)<\/li>\n\n\n\n<li class=\"gtfy-119 gutenify-list-item\"><strong>Acc\u00e9l\u00e9rer l\u2019adh\u00e9sion<\/strong> et le d\u00e9ploiement<\/li>\n\n\n\n<li class=\"gtfy-120 gutenify-list-item\"><strong>Limiter les pertes de performance<\/strong> en p\u00e9riode de transition<\/li>\n\n\n\n<li class=\"gtfy-121 gutenify-list-item\"><strong>Pr\u00e9server la motivation et la sant\u00e9 mentale des \u00e9quipes<\/strong><\/li>\n\n\n\n<li class=\"gtfy-122 gutenify-list-item\"><strong>Favoriser la durabilit\u00e9 du changement<\/strong> dans le temps<\/li>\n<\/ul>\n<\/div><\/div><\/div><\/div>\n<\/div><\/div><\/div><\/div><\/div>\n\n\n\n<div class=\"wp-block-essential-blocks-row alignfull  root-eb-row-wwuel gtfy-136\"><div class=\"eb-parent-wrapper eb-parent-eb-row-wwuel \"><div class=\"eb-row-root-container eb-row-wwuel\" data-id=\"eb-row-wwuel\"><div class=\"eb-row-wrapper\"><div class=\"eb-row-inner\">\n<div class=\"wp-block-essential-blocks-column  root-eb-column-9ma3h gtfy-135\"><div class=\"eb-parent-wrapper eb-parent-eb-column-9ma3h \"><div class=\"eb-column-wrapper eb-column-9ma3h\"><div class=\"eb-column-inner\">\n<div class=\"wp-block-essential-blocks-advanced-heading  root-eb-advance-heading-aabuy gtfy-128\"><div class=\"eb-parent-wrapper eb-parent-eb-advance-heading-aabuy \"><div class=\"eb-advance-heading-wrapper eb-advance-heading-aabuy button-1 undefined\" data-id=\"eb-advance-heading-aabuy\"><h2 class=\"eb-ah-title\"><span class=\"first-title\"><strong>Les 3 dimensions du Change Management<\/strong><\/span><\/h2><\/div><\/div><\/div>\n\n\n\n<p class=\"gtfy-129\">Le changement n\u2019op\u00e8re pas au m\u00eame niveau pour tout le monde. Il est essentiel de travailler sur trois plans distincts :<\/p>\n\n\n\n<ol class=\"wp-block-list gtfy-133\">\n<li class=\"gtfy-130 gutenify-list-item\"><strong>Individuel (Individual Change Management)<\/strong><br>Chaque collaborateur vit le changement \u00e0 sa mani\u00e8re. Un bon accompagnement aide chacun \u00e0 comprendre, accepter et s\u2019engager.<\/li>\n\n\n\n<li class=\"gtfy-131 gutenify-list-item\"><strong>\u00c9quipe (Team Change Management)<\/strong><br>Les \u00e9quipes doivent fonctionner malgr\u00e9 l\u2019incertitude. Il faut r\u00e9guler, r\u00e9aligner, red\u00e9finir les r\u00f4les.<\/li>\n\n\n\n<li class=\"gtfy-132 gutenify-list-item\"><strong>Organisation (Organizational Change Capability)<\/strong><br>Le changement devient durable quand il s\u2019inscrit dans la culture, les modes de gouvernance, les apprentissages collectifs.<\/li>\n<\/ol>\n\n\n\n<p class=\"gtfy-134\">Le Saule Rieur agit sur ces trois niveaux, avec exigence, respect et clart\u00e9.<\/p>\n<\/div><\/div><\/div><\/div>\n<\/div><\/div><\/div><\/div><\/div>\n\n\n\n<div class=\"wp-block-essential-blocks-row alignfull  root-eb-row-vt8ph gtfy-144\"><div class=\"eb-parent-wrapper eb-parent-eb-row-vt8ph \"><div class=\"eb-row-root-container eb-row-vt8ph\" data-id=\"eb-row-vt8ph\"><div class=\"eb-row-wrapper\"><div class=\"eb-row-inner\">\n<div class=\"wp-block-essential-blocks-column  root-eb-column-txf50 gtfy-143\"><div class=\"eb-parent-wrapper eb-parent-eb-column-txf50 \"><div class=\"eb-column-wrapper eb-column-txf50\"><div class=\"eb-column-inner\">\n<div class=\"wp-block-essential-blocks-advanced-heading  root-eb-advance-heading-hf4wt gtfy-139\"><div class=\"eb-parent-wrapper eb-parent-eb-advance-heading-hf4wt \"><div class=\"eb-advance-heading-wrapper eb-advance-heading-hf4wt button-1 undefined\" data-id=\"eb-advance-heading-hf4wt\"><h2 class=\"eb-ah-title\"><span class=\"first-title\">Transformation vs Change Management<\/span><\/h2><\/div><\/div><\/div>\n\n\n\n<p class=\"gtfy-140\">On utilise parfois ces deux termes comme synonymes \u2026 mais ils d\u00e9signent des r\u00e9alit\u00e9s diff\u00e9rentes. Voici un comparatif simple pour y voir plus clair :<\/p>\n\n\n\n<figure class=\"wp-block-table is-style-stripes gtfy-141\"><table class=\"has-fixed-layout\"><tbody><tr><td><strong>Transformation<\/strong><\/td><td><strong>Change Management<\/strong><\/td><\/tr><tr><td>C\u2019est <strong>l\u2019objectif<\/strong> : un changement en profondeur de l\u2019organisation<\/td><td>C\u2019est <strong>le processus<\/strong> : comment on accompagne ce changement humainement<\/td><\/tr><tr><td>Porte sur le <strong>mod\u00e8le, la strat\u00e9gie, la culture<\/strong><\/td><td>Porte sur les <strong>comportements, les r\u00e9sistances, l\u2019adh\u00e9sion<\/strong><\/td><\/tr><tr><td>Vise \u00e0 <strong>r\u00e9inventer l\u2019organisation<\/strong><\/td><td>Vise \u00e0 <strong>fluidifier et s\u00e9curiser la transition<\/strong><\/td><\/tr><tr><td>N\u00e9cessite une <strong>vision de rupture<\/strong><\/td><td>N\u00e9cessite une <strong>m\u00e9thode d\u2019accompagnement<\/strong><\/td><\/tr><tr><td>Exemples : changement de business model, fusion, refonte RH<\/td><td>Exemples : communication interne, ateliers de sens, coaching<\/td><\/tr><\/tbody><\/table><\/figure>\n\n\n\n<p class=\"gtfy-142\">La transformation donne le cap. Le Change Management rend le voyage possible.<\/p>\n<\/div><\/div><\/div><\/div>\n<\/div><\/div><\/div><\/div><\/div>\n\n\n\n<p class=\"gtfy-147\"><\/p>\n\n\n\n<div class=\"wp-block-essential-blocks-row alignfull  root-eb-row-ixie8 gtfy-158\"><div class=\"eb-parent-wrapper eb-parent-eb-row-ixie8 \"><div class=\"eb-row-root-container eb-row-ixie8\" data-id=\"eb-row-ixie8\"><div class=\"eb-row-wrapper\"><div class=\"eb-row-inner\">\n<div class=\"wp-block-essential-blocks-column  root-eb-column-p4sg8 gtfy-153\"><div class=\"eb-parent-wrapper eb-parent-eb-column-p4sg8 \"><div class=\"eb-column-wrapper eb-column-p4sg8\"><div class=\"eb-column-inner\">\n<div class=\"wp-block-essential-blocks-advanced-heading  root-eb-advance-heading-vkt7p gtfy-150\"><div class=\"eb-parent-wrapper eb-parent-eb-advance-heading-vkt7p \"><div class=\"eb-advance-heading-wrapper eb-advance-heading-vkt7p button-1 undefined\" data-id=\"eb-advance-heading-vkt7p\"><h2 class=\"eb-ah-title\"><span class=\"first-title\"><strong>Se faire accompagner dans le changement<\/strong><\/span><\/h2><\/div><\/div><\/div>\n\n\n\n<p class=\"has-foreground-color has-text-color has-link-color wp-elements-ba1238313e84d32e61af7a13624464d4 gtfy-151\"><\/p>\n\n\n\n<div class=\"wp-block-essential-blocks-button  root-eb-button-dbnj1 gtfy-152\"><div class=\"eb-parent-wrapper eb-parent-eb-button-dbnj1 \"><div class=\"eb-button-wrapper eb-button-alignment eb-button-dbnj1\"><div class=\"eb-button\"><div class=\"eb-button-inner-wrapper \"><a class=\"eb-button-anchor  \" href=\"https:\/\/lesaulerieur.com\/240-2\/\" target=\"_blank\" rel=\"noopener\">Contactez-nous<\/a><\/div><\/div><\/div><\/div><\/div>\n<\/div><\/div><\/div><\/div>\n\n\n\n<div class=\"wp-block-essential-blocks-column  root-eb-column-uzhy8 gtfy-157\"><div class=\"eb-parent-wrapper eb-parent-eb-column-uzhy8 \"><div class=\"eb-column-wrapper eb-column-uzhy8\"><div class=\"eb-column-inner\">\n<p class=\"has-foreground-color has-text-color has-link-color wp-elements-f57e3acf402c697ade9d5bef0a3bc455 gtfy-154\">Accompagner un changement, ce n\u2019est pas cocher des cases sur un plan projet.<br>C\u2019est <strong>faire du lien, cr\u00e9er du sens, restaurer la confiance<\/strong>.<\/p>\n\n\n\n<p class=\"has-foreground-color has-text-color has-link-color wp-elements-c52a28204cce36dd875ef425c264a4ad gtfy-155\">Le Saule Rieur accompagne les organisations avec une approche humaine, syst\u00e9mique et ancr\u00e9e.<br>Nos coachs sont certifi\u00e9s, supervis\u00e9s, et savent naviguer dans des environnements complexes, multiculturels, en mouvement.<\/p>\n\n\n\n<p class=\"has-foreground-color has-text-color has-link-color wp-elements-31d1e137c57d2cfc1a71a99444f5a1da gtfy-156\"><strong>Envie d\u2019en parler ? \u00c9changeons sur votre contexte.<\/strong><\/p>\n<\/div><\/div><\/div><\/div>\n<\/div><\/div><\/div><\/div><\/div>\n","protected":false},"excerpt":{"rendered":"","protected":false},"author":1,"featured_media":0,"parent":1407,"menu_order":0,"comment_status":"closed","ping_status":"closed","template":"","meta":{"_acf_changed":false,"_eb_attr":"","footnotes":""},"class_list":["post-1727","page","type-page","status-publish","hentry"],"acf":[],"yoast_head":"<!-- This site is optimized with the Yoast SEO plugin v27.4 - https:\/\/yoast.com\/product\/yoast-seo-wordpress\/ -->\n<title>Change Management : R\u00e9ussir la conduite du changement<\/title>\n<meta name=\"description\" content=\"Le Change Management est un ensemble de pratiques qui visent \u00e0 faciliter l\u2019adh\u00e9sion et l\u2019appropriation d\u2019un changement par les personnes concern\u00e9es.\" \/>\n<meta name=\"robots\" content=\"index, follow, max-snippet:-1, max-image-preview:large, max-video-preview:-1\" \/>\n<link rel=\"canonical\" href=\"https:\/\/lesaulerieur.com\/fr\/accueil\/offres\/change-management\/\" \/>\n<meta property=\"og:locale\" content=\"fr_FR\" \/>\n<meta property=\"og:type\" content=\"article\" \/>\n<meta property=\"og:title\" content=\"Change Management : R\u00e9ussir la conduite du changement\" \/>\n<meta property=\"og:description\" content=\"Le Change Management est un ensemble de pratiques qui visent \u00e0 faciliter l\u2019adh\u00e9sion et l\u2019appropriation d\u2019un changement par les personnes concern\u00e9es.\" \/>\n<meta property=\"og:url\" content=\"https:\/\/lesaulerieur.com\/fr\/accueil\/offres\/change-management\/\" \/>\n<meta property=\"og:site_name\" content=\"Lesaulerieur\" \/>\n<meta property=\"article:modified_time\" content=\"2025-12-01T11:49:30+00:00\" \/>\n<meta property=\"og:image\" content=\"https:\/\/lesaulerieur.com\/wp-content\/uploads\/2025\/08\/Capture-decran-2025-08-01-125923-1.png\" \/>\n\t<meta property=\"og:image:width\" content=\"682\" \/>\n\t<meta property=\"og:image:height\" content=\"568\" \/>\n\t<meta property=\"og:image:type\" content=\"image\/png\" \/>\n<meta name=\"twitter:card\" content=\"summary_large_image\" \/>\n<meta name=\"twitter:label1\" content=\"Dur\u00e9e de lecture estim\u00e9e\" \/>\n\t<meta name=\"twitter:data1\" content=\"5 minutes\" \/>\n<script type=\"application\/ld+json\" class=\"yoast-schema-graph\">{\"@context\":\"https:\\\/\\\/schema.org\",\"@graph\":[{\"@type\":\"WebPage\",\"@id\":\"https:\\\/\\\/lesaulerieur.com\\\/accueil\\\/offres\\\/change-management\\\/\",\"url\":\"https:\\\/\\\/lesaulerieur.com\\\/accueil\\\/offres\\\/change-management\\\/\",\"name\":\"Change Management : R\u00e9ussir la conduite du changement\",\"isPartOf\":{\"@id\":\"https:\\\/\\\/lesaulerieur.com\\\/fr\\\/#website\"},\"primaryImageOfPage\":{\"@id\":\"https:\\\/\\\/lesaulerieur.com\\\/accueil\\\/offres\\\/change-management\\\/#primaryimage\"},\"image\":{\"@id\":\"https:\\\/\\\/lesaulerieur.com\\\/accueil\\\/offres\\\/change-management\\\/#primaryimage\"},\"thumbnailUrl\":\"https:\\\/\\\/lesaulerieur.com\\\/wp-content\\\/uploads\\\/2025\\\/08\\\/Capture-decran-2025-08-01-125923-1.png\",\"datePublished\":\"2025-06-16T08:10:14+00:00\",\"dateModified\":\"2025-12-01T11:49:30+00:00\",\"description\":\"Le Change Management est un ensemble de pratiques qui visent \u00e0 faciliter l\u2019adh\u00e9sion et l\u2019appropriation d\u2019un changement par les personnes concern\u00e9es.\",\"breadcrumb\":{\"@id\":\"https:\\\/\\\/lesaulerieur.com\\\/accueil\\\/offres\\\/change-management\\\/#breadcrumb\"},\"inLanguage\":\"fr-FR\",\"potentialAction\":[{\"@type\":\"ReadAction\",\"target\":[\"https:\\\/\\\/lesaulerieur.com\\\/accueil\\\/offres\\\/change-management\\\/\"]}]},{\"@type\":\"ImageObject\",\"inLanguage\":\"fr-FR\",\"@id\":\"https:\\\/\\\/lesaulerieur.com\\\/accueil\\\/offres\\\/change-management\\\/#primaryimage\",\"url\":\"https:\\\/\\\/lesaulerieur.com\\\/wp-content\\\/uploads\\\/2025\\\/08\\\/Capture-decran-2025-08-01-125923-1.png\",\"contentUrl\":\"https:\\\/\\\/lesaulerieur.com\\\/wp-content\\\/uploads\\\/2025\\\/08\\\/Capture-decran-2025-08-01-125923-1.png\"},{\"@type\":\"BreadcrumbList\",\"@id\":\"https:\\\/\\\/lesaulerieur.com\\\/accueil\\\/offres\\\/change-management\\\/#breadcrumb\",\"itemListElement\":[{\"@type\":\"ListItem\",\"position\":1,\"name\":\"Home\",\"item\":\"https:\\\/\\\/lesaulerieur.com\\\/\"},{\"@type\":\"ListItem\",\"position\":2,\"name\":\"Accueil\",\"item\":\"https:\\\/\\\/lesaulerieur.com\\\/\"},{\"@type\":\"ListItem\",\"position\":3,\"name\":\"Offres\",\"item\":\"https:\\\/\\\/lesaulerieur.com\\\/accueil\\\/offres\\\/\"},{\"@type\":\"ListItem\",\"position\":4,\"name\":\"Change Management\"}]},{\"@type\":\"WebSite\",\"@id\":\"https:\\\/\\\/lesaulerieur.com\\\/fr\\\/#website\",\"url\":\"https:\\\/\\\/lesaulerieur.com\\\/fr\\\/\",\"name\":\"Lesaulerieur\",\"description\":\"\",\"publisher\":{\"@id\":\"https:\\\/\\\/lesaulerieur.com\\\/fr\\\/#organization\"},\"potentialAction\":[{\"@type\":\"SearchAction\",\"target\":{\"@type\":\"EntryPoint\",\"urlTemplate\":\"https:\\\/\\\/lesaulerieur.com\\\/fr\\\/?s={search_term_string}\"},\"query-input\":{\"@type\":\"PropertyValueSpecification\",\"valueRequired\":true,\"valueName\":\"search_term_string\"}}],\"inLanguage\":\"fr-FR\"},{\"@type\":\"Organization\",\"@id\":\"https:\\\/\\\/lesaulerieur.com\\\/fr\\\/#organization\",\"name\":\"Lesaulerieur\",\"url\":\"https:\\\/\\\/lesaulerieur.com\\\/fr\\\/\",\"logo\":{\"@type\":\"ImageObject\",\"inLanguage\":\"fr-FR\",\"@id\":\"https:\\\/\\\/lesaulerieur.com\\\/fr\\\/#\\\/schema\\\/logo\\\/image\\\/\",\"url\":\"https:\\\/\\\/lesaulerieur.com\\\/wp-content\\\/uploads\\\/2026\\\/03\\\/exports-saule-rieur-transparent8-1.png\",\"contentUrl\":\"https:\\\/\\\/lesaulerieur.com\\\/wp-content\\\/uploads\\\/2026\\\/03\\\/exports-saule-rieur-transparent8-1.png\",\"width\":2480,\"height\":1240,\"caption\":\"Lesaulerieur\"},\"image\":{\"@id\":\"https:\\\/\\\/lesaulerieur.com\\\/fr\\\/#\\\/schema\\\/logo\\\/image\\\/\"},\"sameAs\":[\"https:\\\/\\\/www.linkedin.com\\\/in\\\/anita-cassagne-2625a62\\\/\"]}]}<\/script>\n<!-- \/ Yoast SEO plugin. -->","yoast_head_json":{"title":"Change Management : R\u00e9ussir la conduite du changement","description":"Le Change Management est un ensemble de pratiques qui visent \u00e0 faciliter l\u2019adh\u00e9sion et l\u2019appropriation d\u2019un changement par les personnes concern\u00e9es.","robots":{"index":"index","follow":"follow","max-snippet":"max-snippet:-1","max-image-preview":"max-image-preview:large","max-video-preview":"max-video-preview:-1"},"canonical":"https:\/\/lesaulerieur.com\/fr\/accueil\/offres\/change-management\/","og_locale":"fr_FR","og_type":"article","og_title":"Change Management : R\u00e9ussir la conduite du changement","og_description":"Le Change Management est un ensemble de pratiques qui visent \u00e0 faciliter l\u2019adh\u00e9sion et l\u2019appropriation d\u2019un changement par les personnes concern\u00e9es.","og_url":"https:\/\/lesaulerieur.com\/fr\/accueil\/offres\/change-management\/","og_site_name":"Lesaulerieur","article_modified_time":"2025-12-01T11:49:30+00:00","og_image":[{"width":682,"height":568,"url":"https:\/\/lesaulerieur.com\/wp-content\/uploads\/2025\/08\/Capture-decran-2025-08-01-125923-1.png","type":"image\/png"}],"twitter_card":"summary_large_image","twitter_misc":{"Dur\u00e9e de lecture estim\u00e9e":"5 minutes"},"schema":{"@context":"https:\/\/schema.org","@graph":[{"@type":"WebPage","@id":"https:\/\/lesaulerieur.com\/accueil\/offres\/change-management\/","url":"https:\/\/lesaulerieur.com\/accueil\/offres\/change-management\/","name":"Change Management : R\u00e9ussir la conduite du changement","isPartOf":{"@id":"https:\/\/lesaulerieur.com\/fr\/#website"},"primaryImageOfPage":{"@id":"https:\/\/lesaulerieur.com\/accueil\/offres\/change-management\/#primaryimage"},"image":{"@id":"https:\/\/lesaulerieur.com\/accueil\/offres\/change-management\/#primaryimage"},"thumbnailUrl":"https:\/\/lesaulerieur.com\/wp-content\/uploads\/2025\/08\/Capture-decran-2025-08-01-125923-1.png","datePublished":"2025-06-16T08:10:14+00:00","dateModified":"2025-12-01T11:49:30+00:00","description":"Le Change Management est un ensemble de pratiques qui visent \u00e0 faciliter l\u2019adh\u00e9sion et l\u2019appropriation d\u2019un changement par les personnes concern\u00e9es.","breadcrumb":{"@id":"https:\/\/lesaulerieur.com\/accueil\/offres\/change-management\/#breadcrumb"},"inLanguage":"fr-FR","potentialAction":[{"@type":"ReadAction","target":["https:\/\/lesaulerieur.com\/accueil\/offres\/change-management\/"]}]},{"@type":"ImageObject","inLanguage":"fr-FR","@id":"https:\/\/lesaulerieur.com\/accueil\/offres\/change-management\/#primaryimage","url":"https:\/\/lesaulerieur.com\/wp-content\/uploads\/2025\/08\/Capture-decran-2025-08-01-125923-1.png","contentUrl":"https:\/\/lesaulerieur.com\/wp-content\/uploads\/2025\/08\/Capture-decran-2025-08-01-125923-1.png"},{"@type":"BreadcrumbList","@id":"https:\/\/lesaulerieur.com\/accueil\/offres\/change-management\/#breadcrumb","itemListElement":[{"@type":"ListItem","position":1,"name":"Home","item":"https:\/\/lesaulerieur.com\/"},{"@type":"ListItem","position":2,"name":"Accueil","item":"https:\/\/lesaulerieur.com\/"},{"@type":"ListItem","position":3,"name":"Offres","item":"https:\/\/lesaulerieur.com\/accueil\/offres\/"},{"@type":"ListItem","position":4,"name":"Change Management"}]},{"@type":"WebSite","@id":"https:\/\/lesaulerieur.com\/fr\/#website","url":"https:\/\/lesaulerieur.com\/fr\/","name":"Lesaulerieur","description":"","publisher":{"@id":"https:\/\/lesaulerieur.com\/fr\/#organization"},"potentialAction":[{"@type":"SearchAction","target":{"@type":"EntryPoint","urlTemplate":"https:\/\/lesaulerieur.com\/fr\/?s={search_term_string}"},"query-input":{"@type":"PropertyValueSpecification","valueRequired":true,"valueName":"search_term_string"}}],"inLanguage":"fr-FR"},{"@type":"Organization","@id":"https:\/\/lesaulerieur.com\/fr\/#organization","name":"Lesaulerieur","url":"https:\/\/lesaulerieur.com\/fr\/","logo":{"@type":"ImageObject","inLanguage":"fr-FR","@id":"https:\/\/lesaulerieur.com\/fr\/#\/schema\/logo\/image\/","url":"https:\/\/lesaulerieur.com\/wp-content\/uploads\/2026\/03\/exports-saule-rieur-transparent8-1.png","contentUrl":"https:\/\/lesaulerieur.com\/wp-content\/uploads\/2026\/03\/exports-saule-rieur-transparent8-1.png","width":2480,"height":1240,"caption":"Lesaulerieur"},"image":{"@id":"https:\/\/lesaulerieur.com\/fr\/#\/schema\/logo\/image\/"},"sameAs":["https:\/\/www.linkedin.com\/in\/anita-cassagne-2625a62\/"]}]}},"_links":{"self":[{"href":"https:\/\/lesaulerieur.com\/fr\/wp-json\/wp\/v2\/pages\/1727","targetHints":{"allow":["GET"]}}],"collection":[{"href":"https:\/\/lesaulerieur.com\/fr\/wp-json\/wp\/v2\/pages"}],"about":[{"href":"https:\/\/lesaulerieur.com\/fr\/wp-json\/wp\/v2\/types\/page"}],"author":[{"embeddable":true,"href":"https:\/\/lesaulerieur.com\/fr\/wp-json\/wp\/v2\/users\/1"}],"replies":[{"embeddable":true,"href":"https:\/\/lesaulerieur.com\/fr\/wp-json\/wp\/v2\/comments?post=1727"}],"version-history":[{"count":13,"href":"https:\/\/lesaulerieur.com\/fr\/wp-json\/wp\/v2\/pages\/1727\/revisions"}],"predecessor-version":[{"id":2591,"href":"https:\/\/lesaulerieur.com\/fr\/wp-json\/wp\/v2\/pages\/1727\/revisions\/2591"}],"up":[{"embeddable":true,"href":"https:\/\/lesaulerieur.com\/fr\/wp-json\/wp\/v2\/pages\/1407"}],"wp:attachment":[{"href":"https:\/\/lesaulerieur.com\/fr\/wp-json\/wp\/v2\/media?parent=1727"}],"curies":[{"name":"wp","href":"https:\/\/api.w.org\/{rel}","templated":true}]}}