{"id":1767,"date":"2025-06-27T13:15:30","date_gmt":"2025-06-27T13:15:30","guid":{"rendered":"https:\/\/lesaulerieur.com\/?page_id=1767"},"modified":"2026-03-06T09:04:52","modified_gmt":"2026-03-06T09:04:52","slug":"formations","status":"publish","type":"page","link":"https:\/\/lesaulerieur.com\/fr\/accueil\/offres\/formations\/","title":{"rendered":"Formations"},"content":{"rendered":"\n<p class=\"gtfy-1\"><\/p>\n\n\n\n<p class=\"gtfy-4\"><\/p>\n\n\n\n        <div class=\"root-eb-breadcrumb-wf7sf wp-block-essential-blocks-breadcrumbs gtfy-7\">\n            <div class=\"eb-parent-wrapper eb-parent-eb-breadcrumb-wf7sf \">\n                <div aria-label=\"Breadcrumb\" class=\"eb-breadcrumb-wrapper eb-breadcrumb-wf7sf\" data-id=\"eb-breadcrumb-wf7sf\">\n                    \n                    <span class=\"eb-breadcrumb-item current\">Page<\/span><\/div>\n                <\/div>\n            <\/div>\n        <\/div>\n\n\n<div class=\"wp-block-essential-blocks-row alignfull  root-eb-row-r59ps gtfy-14\"><div class=\"eb-parent-wrapper eb-parent-eb-row-r59ps \"><div class=\"eb-row-root-container eb-row-r59ps\" data-id=\"eb-row-r59ps\"><div class=\"eb-row-wrapper\"><div class=\"eb-row-inner\">\n<div class=\"wp-block-essential-blocks-column  root-eb-column-fc4c6 gtfy-11\"><div class=\"eb-parent-wrapper eb-parent-eb-column-fc4c6 \"><div class=\"eb-column-wrapper eb-column-fc4c6\"><div class=\"eb-column-inner\">\n<div class=\"wp-block-essential-blocks-advanced-heading  root-eb-advance-heading-whm94 gtfy-10\"><div class=\"eb-parent-wrapper eb-parent-eb-advance-heading-whm94 \"><div class=\"eb-advance-heading-wrapper eb-advance-heading-whm94 button-1 undefined\" data-id=\"eb-advance-heading-whm94\"><h1 class=\"eb-ah-title\"><span class=\"first-title\">Formations<\/span><\/h1><\/div><\/div><\/div>\n<\/div><\/div><\/div><\/div>\n\n\n\n<div class=\"wp-block-essential-blocks-column  root-eb-column-07moz gtfy-12\"><div class=\"eb-parent-wrapper eb-parent-eb-column-07moz \"><div class=\"eb-column-wrapper eb-column-07moz\"><div class=\"eb-column-inner\"><\/div><\/div><\/div><\/div>\n\n\n\n<div class=\"wp-block-essential-blocks-column  root-eb-column-1fafa gtfy-13\"><div class=\"eb-parent-wrapper eb-parent-eb-column-1fafa \"><div class=\"eb-column-wrapper eb-column-1fafa\"><div class=\"eb-column-inner\"><\/div><\/div><\/div><\/div>\n<\/div><\/div><\/div><\/div><\/div>\n\n\n\n<div style=\"height:20px\" aria-hidden=\"true\" class=\"wp-block-spacer gtfy-17\"><\/div>\n\n\n\n<div class=\"wp-block-essential-blocks-row alignfull  root-eb-row-v7d5b gtfy-27\"><div class=\"eb-parent-wrapper eb-parent-eb-row-v7d5b \"><div class=\"eb-row-root-container eb-row-v7d5b\" data-id=\"eb-row-v7d5b\"><div class=\"eb-row-wrapper\"><div class=\"eb-row-inner\">\n<div class=\"wp-block-essential-blocks-column  root-eb-column-wo72i gtfy-26\"><div class=\"eb-parent-wrapper eb-parent-eb-column-wo72i \"><div class=\"eb-column-wrapper eb-column-wo72i\"><div class=\"eb-column-inner\">\n<div class=\"wp-block-essential-blocks-advanced-heading  root-eb-advance-heading-skfh2 gtfy-20\"><div class=\"eb-parent-wrapper eb-parent-eb-advance-heading-skfh2 \"><div class=\"eb-advance-heading-wrapper eb-advance-heading-skfh2 button-1 undefined\" data-id=\"eb-advance-heading-skfh2\"><h2 class=\"eb-ah-title\"><span class=\"first-title\">Les formations du Saule Rieur<\/span><\/h2><\/div><\/div><\/div>\n\n\n\n<div class=\"wp-block-essential-blocks-row alignfull  root-eb-row-j7stc gtfy-25\"><div class=\"eb-parent-wrapper eb-parent-eb-row-j7stc \"><div class=\"eb-row-root-container eb-row-j7stc\" data-id=\"eb-row-j7stc\"><div class=\"eb-row-wrapper\"><div class=\"eb-row-inner\">\n<div class=\"wp-block-essential-blocks-column  root-eb-column-7rd9k gtfy-22\"><div class=\"eb-parent-wrapper eb-parent-eb-column-7rd9k \"><div class=\"eb-column-wrapper eb-column-7rd9k\"><div class=\"eb-column-inner\">\n<p class=\"has-foreground-color has-text-color has-link-color wp-elements-8dffbf59665d523150cf6372a69ed99e gtfy-21\"><strong>Le Saule Rieur con\u00e7oit avec vous des parcours sur mesure pour d\u00e9velopper les managers et encourager un leadership plus innovant, coop\u00e9ratif et inspirant, au service de la performance de l\u2019entreprise et de l\u2019impact positif des \u00e9quipes.<\/strong><\/p>\n<\/div><\/div><\/div><\/div>\n\n\n\n<div class=\"wp-block-essential-blocks-column  root-eb-column-g8owz gtfy-24\"><div class=\"eb-parent-wrapper eb-parent-eb-column-g8owz \"><div class=\"eb-column-wrapper eb-column-g8owz\"><div class=\"eb-column-inner\">\n<div class=\"wp-block-essential-blocks-advanced-image  root-eb-advanced-image-ednvw gtfy-23\"><div class=\"eb-parent-wrapper eb-parent-eb-advanced-image-ednvw \"><figure class=\"eb-advanced-image-wrapper eb-advanced-image-ednvw no-effect\" data-id=\"eb-advanced-image-ednvw\"><div class=\"eb-image-wrapper\"><div class=\"eb-image-wrapper-inner eb-img-style-circle\"><img decoding=\"async\" src=\"https:\/\/lesaulerieur.com\/wp-content\/uploads\/2025\/04\/people-first.png\" alt=\"\"\/><\/div><\/div><\/figure><\/div><\/div>\n<\/div><\/div><\/div><\/div>\n<\/div><\/div><\/div><\/div><\/div>\n<\/div><\/div><\/div><\/div>\n<\/div><\/div><\/div><\/div><\/div>\n\n\n\n<div class=\"wp-block-essential-blocks-row alignfull  root-eb-row-159ev gtfy-39\"><div class=\"eb-parent-wrapper eb-parent-eb-row-159ev \"><div class=\"eb-row-root-container eb-row-159ev\" data-id=\"eb-row-159ev\"><div class=\"eb-row-wrapper\"><div class=\"eb-row-inner\">\n<div class=\"wp-block-essential-blocks-column  root-eb-column-xsmii gtfy-38\"><div class=\"eb-parent-wrapper eb-parent-eb-column-xsmii \"><div class=\"eb-column-wrapper eb-column-xsmii\"><div class=\"eb-column-inner\">\n<h2 class=\"wp-block-heading gtfy-30\"><strong>Notre approche<\/strong><\/h2>\n\n\n\n<p class=\"gtfy-31\">Nos formations s\u2019appuient sur :<\/p>\n\n\n\n<ul class=\"wp-block-list gtfy-36\">\n<li class=\"gtfy-32 gutenify-list-item\">Une <strong>vision holistique<\/strong> du leadership et du d\u00e9veloppement professionnel<\/li>\n\n\n\n<li class=\"gtfy-33 gutenify-list-item\">Des <strong>p\u00e9dagogies exp\u00e9rientielles <\/strong>et engageantes<\/li>\n\n\n\n<li class=\"gtfy-34 gutenify-list-item\">L\u2019<strong>inspiration<\/strong> comme moteur de transformation<\/li>\n\n\n\n<li class=\"gtfy-35 gutenify-list-item\">Une \u00e9quipe de <strong>coachs et de facilitateurs exp\u00e9riment\u00e9s<\/strong><\/li>\n<\/ul>\n\n\n\n<p class=\"gtfy-37\">Les contenus sont pens\u00e9s pour r\u00e9pondre \u00e0 vos enjeux, tout en permettant une transformation individuelle et collective. <br><br>Chaque programme propose un \u00e9quilibre entre <strong>apports th\u00e9oriques<\/strong>, <strong>r\u00e9flexion personnelle<\/strong> et <strong>brillance collective<\/strong>, pour favoriser une \u00e9volution concr\u00e8te et durable des pratiques.<\/p>\n<\/div><\/div><\/div><\/div>\n<\/div><\/div><\/div><\/div><\/div>\n\n\n\n<div class=\"wp-block-essential-blocks-row alignfull  root-eb-row-4eliv gtfy-44\"><div class=\"eb-parent-wrapper eb-parent-eb-row-4eliv \"><div class=\"eb-row-root-container eb-row-4eliv\" data-id=\"eb-row-4eliv\"><div class=\"eb-row-wrapper\"><div class=\"eb-row-inner\">\n<div class=\"wp-block-essential-blocks-column  root-eb-column-ib9ca gtfy-43\"><div class=\"eb-parent-wrapper eb-parent-eb-column-ib9ca \"><div class=\"eb-column-wrapper eb-column-ib9ca\"><div class=\"eb-column-inner\">\n<div class=\"wp-block-essential-blocks-advanced-heading  root-eb-advance-heading-mc227 gtfy-42\"><div class=\"eb-parent-wrapper eb-parent-eb-advance-heading-mc227 \"><div class=\"eb-advance-heading-wrapper eb-advance-heading-mc227 button-1 undefined\" data-id=\"eb-advance-heading-mc227\"><h2 class=\"eb-ah-title\"><span class=\"first-title\"><strong>Nos programmes phares<\/strong><\/span><\/h2><\/div><\/div><\/div>\n<\/div><\/div><\/div><\/div>\n<\/div><\/div><\/div><\/div><\/div>\n\n\n\n<div class=\"wp-block-essential-blocks-row alignfull  root-eb-row-ih110 gtfy-53\"><div class=\"eb-parent-wrapper eb-parent-eb-row-ih110 \"><div class=\"eb-row-root-container eb-row-ih110\" data-id=\"eb-row-ih110\"><div class=\"eb-row-wrapper\"><div class=\"eb-row-inner\">\n<div class=\"wp-block-essential-blocks-column  root-eb-column-fglle gtfy-48\"><div class=\"eb-parent-wrapper eb-parent-eb-column-fglle \"><div class=\"eb-column-wrapper eb-column-fglle\"><div class=\"eb-column-inner\">\n<div class=\"wp-block-essential-blocks-infobox  root-eb-infobox-xa1un gtfy-47\"><div class=\"eb-parent-wrapper eb-parent-eb-infobox-xa1un \"><div class=\"eb-infobox-xa1un eb-infobox-wrapper\"><div class=\"infobox-wrapper-inner\"><div class=\"contents-wrapper\"><h3 class=\"title\"><strong>Programme Leadership Inspir\u00e9<\/strong><\/h3><p class=\"description\">Un parcours pour d\u00e9velopper un leadership authentique, curieux et habilitant. Les leaders inspir\u00e9s alignent leurs \u00e9quipes avec la mission de l\u2019entreprise et stimulent le potentiel de chacun. <strong>Inspirer pour transformer<\/strong>: ils cr\u00e9ent une dynamique positive et durable dans l\u2019organisation.<\/p><div class=\"eb-button-inner-wrapper eb-infobox-btn-wrapper\"><a class=\"eb-button-anchor infobox-btn    \" href=\"https:\/\/lesaulerieur.com\/fr\/accueil\/offres\/formations\/programme-leadership-inspire\/\" rel=\"noopener\">En savoir plus<\/a><\/div><\/div><\/div><\/div><\/div><\/div>\n<\/div><\/div><\/div><\/div>\n\n\n\n<div class=\"wp-block-essential-blocks-column  root-eb-column-v9jh5 gtfy-50\"><div class=\"eb-parent-wrapper eb-parent-eb-column-v9jh5 \"><div class=\"eb-column-wrapper eb-column-v9jh5\"><div class=\"eb-column-inner\">\n<div class=\"wp-block-essential-blocks-infobox  root-eb-infobox-hf9k6 gtfy-49\"><div class=\"eb-parent-wrapper eb-parent-eb-infobox-hf9k6 \"><div class=\"eb-infobox-hf9k6 eb-infobox-wrapper\"><div class=\"infobox-wrapper-inner\"><div class=\"contents-wrapper\"><h3 class=\"title\"><strong>Les fondamentaux du management<\/strong><\/h3><p class=\"description\">Une formation concr\u00e8te pour les managers de premi\u00e8re ligne ou les managers autodidactes.<br>Gr\u00e2ce \u00e0 des apports pratiques, des mises en situation et un accompagnement adapt\u00e9 \u00e0 votre contexte, les participants acqui\u00e8rent les <strong>comp\u00e9tences cl\u00e9s pour engager, adapter et faire grandir leurs \u00e9quipes.<\/strong><\/p><div class=\"eb-button-inner-wrapper eb-infobox-btn-wrapper\"><a class=\"eb-button-anchor infobox-btn    \" href=\"https:\/\/lesaulerieur.com\/fr\/accueil\/offres\/formations\/les-fondamentaux-du-management\/\" rel=\"noopener\">En savoir plus<\/a><\/div><\/div><\/div><\/div><\/div><\/div>\n<\/div><\/div><\/div><\/div>\n\n\n\n<div class=\"wp-block-essential-blocks-column  root-eb-column-b9qo0 gtfy-52\"><div class=\"eb-parent-wrapper eb-parent-eb-column-b9qo0 \"><div class=\"eb-column-wrapper eb-column-b9qo0\"><div class=\"eb-column-inner\">\n<div class=\"wp-block-essential-blocks-infobox  root-eb-infobox-dwk1x gtfy-51\"><div class=\"eb-parent-wrapper eb-parent-eb-infobox-dwk1x \"><div class=\"eb-infobox-dwk1x eb-infobox-wrapper\"><div class=\"infobox-wrapper-inner\"><div class=\"contents-wrapper\"><h3 class=\"title\"><strong>Formation au storytelling<\/strong><\/h3><p class=\"description\">Les leaders qui savent raconter des histoires ont une longueur d\u2019avance.Le storytelling permet de <strong>f\u00e9d\u00e9rer, donner du sens, cr\u00e9er de la confiance et stimuler l\u2019innovation.<\/strong>Cette formation suit un fil rouge simple et efficace, \u00e9prouv\u00e9 aupr\u00e8s de nombreux clients.<\/p><div class=\"eb-button-inner-wrapper eb-infobox-btn-wrapper\"><a class=\"eb-button-anchor infobox-btn    \" href=\"https:\/\/lesaulerieur.com\/fr\/accueil\/offres\/formations\/formation-au-storytelling\/\" rel=\"noopener\">En savoir plus<\/a><\/div><\/div><\/div><\/div><\/div><\/div>\n<\/div><\/div><\/div><\/div>\n<\/div><\/div><\/div><\/div><\/div>\n\n\n\n<div class=\"wp-block-essential-blocks-row alignfull  root-eb-row-djajb gtfy-62\"><div class=\"eb-parent-wrapper eb-parent-eb-row-djajb \"><div class=\"eb-row-root-container eb-row-djajb\" data-id=\"eb-row-djajb\"><div class=\"eb-row-wrapper\"><div class=\"eb-row-inner\">\n<div class=\"wp-block-essential-blocks-column  root-eb-column-im6ib gtfy-57\"><div class=\"eb-parent-wrapper eb-parent-eb-column-im6ib \"><div class=\"eb-column-wrapper eb-column-im6ib\"><div class=\"eb-column-inner\">\n<div class=\"wp-block-essential-blocks-infobox  root-eb-infobox-nz6qw gtfy-56\"><div class=\"eb-parent-wrapper eb-parent-eb-infobox-nz6qw \"><div class=\"eb-infobox-nz6qw eb-infobox-wrapper\"><div class=\"infobox-wrapper-inner\"><div class=\"contents-wrapper\"><h3 class=\"title\"><strong>Le co-d\u00e9veloppement<\/strong><\/h3><p class=\"description\">Le co-d\u00e9veloppement est une m\u00e9thode d\u2019apprentissage entre pairs, structur\u00e9e et puissante.<br>Elle favorise <strong>le partage d\u2019exp\u00e9riences<\/strong>, l\u2019ouverture de nouvelles perspectives et <strong>des solutions concr\u00e8tes<\/strong> \u00e0 des probl\u00e9matiques complexes.<br>Un vrai levier de mont\u00e9e en comp\u00e9tences et de culture collaborative.<\/p><div class=\"eb-button-inner-wrapper eb-infobox-btn-wrapper\"><a class=\"eb-button-anchor infobox-btn    \" href=\"https:\/\/lesaulerieur.com\/fr\/amplifying-collective-intelligence\/\" rel=\"noopener\">En savoir plus<\/a><\/div><\/div><\/div><\/div><\/div><\/div>\n<\/div><\/div><\/div><\/div>\n\n\n\n<div class=\"wp-block-essential-blocks-column  root-eb-column-29bvg gtfy-59\"><div class=\"eb-parent-wrapper eb-parent-eb-column-29bvg \"><div class=\"eb-column-wrapper eb-column-29bvg\"><div class=\"eb-column-inner\">\n<div class=\"wp-block-essential-blocks-infobox  root-eb-infobox-ghfux gtfy-58\"><div class=\"eb-parent-wrapper eb-parent-eb-infobox-ghfux \"><div class=\"eb-infobox-ghfux eb-infobox-wrapper\"><div class=\"infobox-wrapper-inner\"><div class=\"contents-wrapper\"><h3 class=\"title\"><strong>Ateliers de leadership<\/strong><\/h3><p class=\"description\">Les leaders influencent leur \u00e9cosyst\u00e8me, au sein comme en dehors de l\u2019organisation.<br>Pour prolonger le <strong>Programme Leadership Inspirant<\/strong>, nous proposons des ateliers ponctuels.<strong> <\/strong>Ces ateliers nourrissent l\u2019inspiration collective et renforcent l\u2019impact syst\u00e9mique du leadership dans la dur\u00e9e.<\/p><div class=\"eb-button-inner-wrapper eb-infobox-btn-wrapper\"><a class=\"eb-button-anchor infobox-btn    \" href=\"https:\/\/lesaulerieur.com\/accueil\/offres\/formations\/ateliers-de-leadership\/\" rel=\"noopener\">En savoir plus<\/a><\/div><\/div><\/div><\/div><\/div><\/div>\n<\/div><\/div><\/div><\/div>\n\n\n\n<div class=\"wp-block-essential-blocks-column  root-eb-column-3u3sg gtfy-61\"><div class=\"eb-parent-wrapper eb-parent-eb-column-3u3sg \"><div class=\"eb-column-wrapper eb-column-3u3sg\"><div class=\"eb-column-inner\">\n<div class=\"wp-block-essential-blocks-infobox  root-eb-infobox-xvukf gtfy-60\"><div class=\"eb-parent-wrapper eb-parent-eb-infobox-xvukf \"><div class=\"eb-infobox-xvukf eb-infobox-wrapper\"><div class=\"infobox-wrapper-inner\"><div class=\"contents-wrapper\"><h3 class=\"title\"><strong><strong>Process Communication Model\u00ae (PCM)<\/strong><br><\/strong><\/h3><p class=\"description\">Pour bien manager, il faut d\u2019abord bien se  conna\u00eetre. Comprendre ses besoins, ses sources de stress, ses zones d\u2019excellence et la mani\u00e8re dont on communique\u2026 c\u2019est la base pour inspirer, f\u00e9d\u00e9rer et cr\u00e9er de la performance durable.<br>C\u2019est dans cette logique que nous utilisons<strong> Process Communication Model\u00ae (PCM)<\/strong>.<\/p><div class=\"eb-button-inner-wrapper eb-infobox-btn-wrapper\"><a class=\"eb-button-anchor infobox-btn    \" href=\"https:\/\/lesaulerieur.com\/mieux-se-connaitre-pour-mieux-collaborer\/\" rel=\"noopener\">En savoir plus<\/a><\/div><\/div><\/div><\/div><\/div><\/div>\n<\/div><\/div><\/div><\/div>\n<\/div><\/div><\/div><\/div><\/div>\n\n\n\n<div style=\"height:20px\" aria-hidden=\"true\" class=\"wp-block-spacer gtfy-65\"><\/div>\n","protected":false},"excerpt":{"rendered":"","protected":false},"author":1,"featured_media":0,"parent":1407,"menu_order":0,"comment_status":"closed","ping_status":"closed","template":"","meta":{"_acf_changed":false,"_eb_attr":"","footnotes":""},"class_list":["post-1767","page","type-page","status-publish","hentry"],"acf":[],"yoast_head":"<!-- This site is optimized with the Yoast SEO plugin v27.4 - https:\/\/yoast.com\/product\/yoast-seo-wordpress\/ -->\n<title>Formations - Lesaulerieur<\/title>\n<meta name=\"robots\" content=\"index, follow, max-snippet:-1, max-image-preview:large, max-video-preview:-1\" \/>\n<link rel=\"canonical\" href=\"https:\/\/lesaulerieur.com\/fr\/accueil\/offres\/formations\/\" \/>\n<meta property=\"og:locale\" content=\"fr_FR\" \/>\n<meta property=\"og:type\" content=\"article\" \/>\n<meta property=\"og:title\" content=\"Formations - Lesaulerieur\" \/>\n<meta property=\"og:url\" content=\"https:\/\/lesaulerieur.com\/fr\/accueil\/offres\/formations\/\" \/>\n<meta property=\"og:site_name\" content=\"Lesaulerieur\" \/>\n<meta property=\"article:modified_time\" content=\"2026-03-06T09:04:52+00:00\" \/>\n<meta property=\"og:image\" content=\"https:\/\/lesaulerieur.com\/wp-content\/uploads\/2025\/04\/people-first.png\" \/>\n<meta name=\"twitter:card\" content=\"summary_large_image\" \/>\n<meta name=\"twitter:label1\" content=\"Dur\u00e9e de lecture estim\u00e9e\" \/>\n\t<meta name=\"twitter:data1\" content=\"3 minutes\" \/>\n<script type=\"application\/ld+json\" class=\"yoast-schema-graph\">{\"@context\":\"https:\\\/\\\/schema.org\",\"@graph\":[{\"@type\":\"WebPage\",\"@id\":\"https:\\\/\\\/lesaulerieur.com\\\/accueil\\\/offres\\\/formations\\\/\",\"url\":\"https:\\\/\\\/lesaulerieur.com\\\/accueil\\\/offres\\\/formations\\\/\",\"name\":\"Formations - Lesaulerieur\",\"isPartOf\":{\"@id\":\"https:\\\/\\\/lesaulerieur.com\\\/fr\\\/#website\"},\"primaryImageOfPage\":{\"@id\":\"https:\\\/\\\/lesaulerieur.com\\\/accueil\\\/offres\\\/formations\\\/#primaryimage\"},\"image\":{\"@id\":\"https:\\\/\\\/lesaulerieur.com\\\/accueil\\\/offres\\\/formations\\\/#primaryimage\"},\"thumbnailUrl\":\"https:\\\/\\\/lesaulerieur.com\\\/wp-content\\\/uploads\\\/2025\\\/04\\\/people-first.png\",\"datePublished\":\"2025-06-27T13:15:30+00:00\",\"dateModified\":\"2026-03-06T09:04:52+00:00\",\"breadcrumb\":{\"@id\":\"https:\\\/\\\/lesaulerieur.com\\\/accueil\\\/offres\\\/formations\\\/#breadcrumb\"},\"inLanguage\":\"fr-FR\",\"potentialAction\":[{\"@type\":\"ReadAction\",\"target\":[\"https:\\\/\\\/lesaulerieur.com\\\/accueil\\\/offres\\\/formations\\\/\"]}]},{\"@type\":\"ImageObject\",\"inLanguage\":\"fr-FR\",\"@id\":\"https:\\\/\\\/lesaulerieur.com\\\/accueil\\\/offres\\\/formations\\\/#primaryimage\",\"url\":\"https:\\\/\\\/lesaulerieur.com\\\/wp-content\\\/uploads\\\/2025\\\/04\\\/people-first.png\",\"contentUrl\":\"https:\\\/\\\/lesaulerieur.com\\\/wp-content\\\/uploads\\\/2025\\\/04\\\/people-first.png\"},{\"@type\":\"BreadcrumbList\",\"@id\":\"https:\\\/\\\/lesaulerieur.com\\\/accueil\\\/offres\\\/formations\\\/#breadcrumb\",\"itemListElement\":[{\"@type\":\"ListItem\",\"position\":1,\"name\":\"Home\",\"item\":\"https:\\\/\\\/lesaulerieur.com\\\/\"},{\"@type\":\"ListItem\",\"position\":2,\"name\":\"Accueil\",\"item\":\"https:\\\/\\\/lesaulerieur.com\\\/\"},{\"@type\":\"ListItem\",\"position\":3,\"name\":\"Offres\",\"item\":\"https:\\\/\\\/lesaulerieur.com\\\/accueil\\\/offres\\\/\"},{\"@type\":\"ListItem\",\"position\":4,\"name\":\"Formations\"}]},{\"@type\":\"WebSite\",\"@id\":\"https:\\\/\\\/lesaulerieur.com\\\/fr\\\/#website\",\"url\":\"https:\\\/\\\/lesaulerieur.com\\\/fr\\\/\",\"name\":\"Lesaulerieur\",\"description\":\"\",\"publisher\":{\"@id\":\"https:\\\/\\\/lesaulerieur.com\\\/fr\\\/#organization\"},\"potentialAction\":[{\"@type\":\"SearchAction\",\"target\":{\"@type\":\"EntryPoint\",\"urlTemplate\":\"https:\\\/\\\/lesaulerieur.com\\\/fr\\\/?s={search_term_string}\"},\"query-input\":{\"@type\":\"PropertyValueSpecification\",\"valueRequired\":true,\"valueName\":\"search_term_string\"}}],\"inLanguage\":\"fr-FR\"},{\"@type\":\"Organization\",\"@id\":\"https:\\\/\\\/lesaulerieur.com\\\/fr\\\/#organization\",\"name\":\"Lesaulerieur\",\"url\":\"https:\\\/\\\/lesaulerieur.com\\\/fr\\\/\",\"logo\":{\"@type\":\"ImageObject\",\"inLanguage\":\"fr-FR\",\"@id\":\"https:\\\/\\\/lesaulerieur.com\\\/fr\\\/#\\\/schema\\\/logo\\\/image\\\/\",\"url\":\"https:\\\/\\\/lesaulerieur.com\\\/wp-content\\\/uploads\\\/2026\\\/03\\\/exports-saule-rieur-transparent8-1.png\",\"contentUrl\":\"https:\\\/\\\/lesaulerieur.com\\\/wp-content\\\/uploads\\\/2026\\\/03\\\/exports-saule-rieur-transparent8-1.png\",\"width\":2480,\"height\":1240,\"caption\":\"Lesaulerieur\"},\"image\":{\"@id\":\"https:\\\/\\\/lesaulerieur.com\\\/fr\\\/#\\\/schema\\\/logo\\\/image\\\/\"},\"sameAs\":[\"https:\\\/\\\/www.linkedin.com\\\/in\\\/anita-cassagne-2625a62\\\/\"]}]}<\/script>\n<!-- \/ Yoast SEO plugin. -->","yoast_head_json":{"title":"Formations - Lesaulerieur","robots":{"index":"index","follow":"follow","max-snippet":"max-snippet:-1","max-image-preview":"max-image-preview:large","max-video-preview":"max-video-preview:-1"},"canonical":"https:\/\/lesaulerieur.com\/fr\/accueil\/offres\/formations\/","og_locale":"fr_FR","og_type":"article","og_title":"Formations - Lesaulerieur","og_url":"https:\/\/lesaulerieur.com\/fr\/accueil\/offres\/formations\/","og_site_name":"Lesaulerieur","article_modified_time":"2026-03-06T09:04:52+00:00","og_image":[{"url":"https:\/\/lesaulerieur.com\/wp-content\/uploads\/2025\/04\/people-first.png","type":"","width":"","height":""}],"twitter_card":"summary_large_image","twitter_misc":{"Dur\u00e9e de lecture estim\u00e9e":"3 minutes"},"schema":{"@context":"https:\/\/schema.org","@graph":[{"@type":"WebPage","@id":"https:\/\/lesaulerieur.com\/accueil\/offres\/formations\/","url":"https:\/\/lesaulerieur.com\/accueil\/offres\/formations\/","name":"Formations - Lesaulerieur","isPartOf":{"@id":"https:\/\/lesaulerieur.com\/fr\/#website"},"primaryImageOfPage":{"@id":"https:\/\/lesaulerieur.com\/accueil\/offres\/formations\/#primaryimage"},"image":{"@id":"https:\/\/lesaulerieur.com\/accueil\/offres\/formations\/#primaryimage"},"thumbnailUrl":"https:\/\/lesaulerieur.com\/wp-content\/uploads\/2025\/04\/people-first.png","datePublished":"2025-06-27T13:15:30+00:00","dateModified":"2026-03-06T09:04:52+00:00","breadcrumb":{"@id":"https:\/\/lesaulerieur.com\/accueil\/offres\/formations\/#breadcrumb"},"inLanguage":"fr-FR","potentialAction":[{"@type":"ReadAction","target":["https:\/\/lesaulerieur.com\/accueil\/offres\/formations\/"]}]},{"@type":"ImageObject","inLanguage":"fr-FR","@id":"https:\/\/lesaulerieur.com\/accueil\/offres\/formations\/#primaryimage","url":"https:\/\/lesaulerieur.com\/wp-content\/uploads\/2025\/04\/people-first.png","contentUrl":"https:\/\/lesaulerieur.com\/wp-content\/uploads\/2025\/04\/people-first.png"},{"@type":"BreadcrumbList","@id":"https:\/\/lesaulerieur.com\/accueil\/offres\/formations\/#breadcrumb","itemListElement":[{"@type":"ListItem","position":1,"name":"Home","item":"https:\/\/lesaulerieur.com\/"},{"@type":"ListItem","position":2,"name":"Accueil","item":"https:\/\/lesaulerieur.com\/"},{"@type":"ListItem","position":3,"name":"Offres","item":"https:\/\/lesaulerieur.com\/accueil\/offres\/"},{"@type":"ListItem","position":4,"name":"Formations"}]},{"@type":"WebSite","@id":"https:\/\/lesaulerieur.com\/fr\/#website","url":"https:\/\/lesaulerieur.com\/fr\/","name":"Lesaulerieur","description":"","publisher":{"@id":"https:\/\/lesaulerieur.com\/fr\/#organization"},"potentialAction":[{"@type":"SearchAction","target":{"@type":"EntryPoint","urlTemplate":"https:\/\/lesaulerieur.com\/fr\/?s={search_term_string}"},"query-input":{"@type":"PropertyValueSpecification","valueRequired":true,"valueName":"search_term_string"}}],"inLanguage":"fr-FR"},{"@type":"Organization","@id":"https:\/\/lesaulerieur.com\/fr\/#organization","name":"Lesaulerieur","url":"https:\/\/lesaulerieur.com\/fr\/","logo":{"@type":"ImageObject","inLanguage":"fr-FR","@id":"https:\/\/lesaulerieur.com\/fr\/#\/schema\/logo\/image\/","url":"https:\/\/lesaulerieur.com\/wp-content\/uploads\/2026\/03\/exports-saule-rieur-transparent8-1.png","contentUrl":"https:\/\/lesaulerieur.com\/wp-content\/uploads\/2026\/03\/exports-saule-rieur-transparent8-1.png","width":2480,"height":1240,"caption":"Lesaulerieur"},"image":{"@id":"https:\/\/lesaulerieur.com\/fr\/#\/schema\/logo\/image\/"},"sameAs":["https:\/\/www.linkedin.com\/in\/anita-cassagne-2625a62\/"]}]}},"_links":{"self":[{"href":"https:\/\/lesaulerieur.com\/fr\/wp-json\/wp\/v2\/pages\/1767","targetHints":{"allow":["GET"]}}],"collection":[{"href":"https:\/\/lesaulerieur.com\/fr\/wp-json\/wp\/v2\/pages"}],"about":[{"href":"https:\/\/lesaulerieur.com\/fr\/wp-json\/wp\/v2\/types\/page"}],"author":[{"embeddable":true,"href":"https:\/\/lesaulerieur.com\/fr\/wp-json\/wp\/v2\/users\/1"}],"replies":[{"embeddable":true,"href":"https:\/\/lesaulerieur.com\/fr\/wp-json\/wp\/v2\/comments?post=1767"}],"version-history":[{"count":38,"href":"https:\/\/lesaulerieur.com\/fr\/wp-json\/wp\/v2\/pages\/1767\/revisions"}],"predecessor-version":[{"id":2788,"href":"https:\/\/lesaulerieur.com\/fr\/wp-json\/wp\/v2\/pages\/1767\/revisions\/2788"}],"up":[{"embeddable":true,"href":"https:\/\/lesaulerieur.com\/fr\/wp-json\/wp\/v2\/pages\/1407"}],"wp:attachment":[{"href":"https:\/\/lesaulerieur.com\/fr\/wp-json\/wp\/v2\/media?parent=1767"}],"curies":[{"name":"wp","href":"https:\/\/api.w.org\/{rel}","templated":true}]}}