{"id":1964,"date":"2025-07-24T08:57:01","date_gmt":"2025-07-24T08:57:01","guid":{"rendered":"https:\/\/lesaulerieur.com\/?page_id=1964"},"modified":"2025-07-30T13:46:30","modified_gmt":"2025-07-30T13:46:30","slug":"ateliers-de-leadership","status":"publish","type":"page","link":"https:\/\/lesaulerieur.com\/fr\/accueil\/offres\/formations\/ateliers-de-leadership\/","title":{"rendered":"Ateliers de leadership"},"content":{"rendered":"\n<div class=\"wp-block-essential-blocks-row alignfull hide-mobile gutenify-section-85df0e90-493f-11ef-9ae6-b5ca1798ff35  root-eb-row-3tupp gtfy-6\"><div class=\"eb-parent-wrapper eb-parent-eb-row-3tupp \"><div class=\"eb-row-root-container eb-row-3tupp\" data-id=\"eb-row-3tupp\"><div class=\"eb-row-wrapper\"><div class=\"eb-row-inner\">\n<div class=\"wp-block-essential-blocks-column gutenify-section-85ddaf00-493f-11ef-9ae6-b5ca1798ff35  root-eb-column-x6e0e gtfy-3\"><div class=\"eb-parent-wrapper eb-parent-eb-column-x6e0e \"><div class=\"eb-column-wrapper eb-column-x6e0e\"><div class=\"eb-column-inner\">\n<h1 class=\"wp-block-heading gutenify-section-2af1cb10-1c2d-11ef-b026-e966c8d9abaf has-background-color has-text-color has-link-color wp-elements-2f9e31b122bde8dd8498ff7e57da4d24 gtfy-1\" style=\"padding-top:var(--wp--preset--spacing--80);padding-right:var(--wp--preset--spacing--50);padding-left:var(--wp--preset--spacing--20);font-size:54px\"><strong>Comment cultiver le leadership et l\u2019engagement \u00e0 tous les niveaux?<\/strong><\/h1>\n\n\n\n<div style=\"height:100px\" aria-hidden=\"true\" class=\"wp-block-spacer gtfy-2\"><\/div>\n<\/div><\/div><\/div><\/div>\n\n\n\n<div class=\"wp-block-essential-blocks-column gutenify-section-85de4b40-493f-11ef-9ae6-b5ca1798ff35  root-eb-column-p8wy9 gtfy-5\"><div class=\"eb-parent-wrapper eb-parent-eb-column-p8wy9 eb_animation eb___animated eb___slideInRight\"><div class=\"eb-column-wrapper eb-column-p8wy9\"><div class=\"eb-column-inner\">\n<p class=\"gutenify-section-955cee90-2cd0-11ef-a7b5-45366f628163 gtfy-4\" align=\"justify\" style=\"padding: 1em\">Les leaders influencent leur \u00e9cosyst\u00e8me et contribuent au succ\u00e8s durable des organisations. Pour soutenir cette dynamique de mani\u00e8re concr\u00e8te, nous avons con\u00e7u des ateliers sur-mesure qui renforcent les comp\u00e9tences humaines, la coop\u00e9ration et l&rsquo;engagement collectif.\nChez Le Saule Rieur, nous croyons en une p\u00e9dagogie vivante, humaine et exigeante, qui relie action et introspection. Chaque atelier devient un espace de transformation, au service des individus comme des \u00e9quipes.<\/p>\n<\/div><\/div><\/div><\/div>\n<\/div><\/div><\/div><\/div><\/div>\n\n\n\n<h2 class=\"wp-block-heading gtfy-9\"><strong>Des ateliers th\u00e9matiques, concrets et transformateurs<\/strong><\/h2>\n\n\n\n<p class=\"gtfy-12\">Nos ateliers peuvent \u00eatre propos\u00e9s \u00e0 l\u2019unit\u00e9 ou int\u00e9gr\u00e9s dans des parcours de formation, d\u2019onboarding ou de transformation. Chacun est con\u00e7u pour r\u00e9pondre \u00e0 des enjeux pr\u00e9cis tout en favorisant une dynamique collective.<\/p>\n\n\n\n<div style=\"height:20px\" aria-hidden=\"true\" class=\"wp-block-spacer gtfy-15\"><\/div>\n\n\n\n<p class=\"gutenify-section-85e50200-493f-11ef-9ae6-b5ca1798ff35 gtfy-18\"><strong>Une approche syst\u00e9mique et ancr\u00e9e dans la r\u00e9alit\u00e9<\/strong><\/p>\n\n\n\n<p class=\"gtfy-21\">Ces ateliers s\u2019inscrivent dans la continuit\u00e9 de notre programme Les Leaders Inspir\u00e9s, et s\u2019articulent autour de quatre piliers fondateurs :<\/p>\n\n\n\n<p class=\"gtfy-24\">Cette approche syst\u00e9mique permet de faire \u00e9voluer les pratiques et les postures en profondeur.<\/p>\n\n\n\n<ul class=\"wp-block-list gtfy-31\">\n<li class=\"gtfy-27 gutenify-list-item\"><strong>Connexion<\/strong> : cr\u00e9er des liens solides et de la confiance<br><\/li>\n\n\n\n<li class=\"gtfy-28 gutenify-list-item\"><strong>D\u00e9veloppement<\/strong> : renforcer les comp\u00e9tences cl\u00e9s<br><\/li>\n\n\n\n<li class=\"gtfy-29 gutenify-list-item\"><strong>Bien-\u00eatre<\/strong> : favoriser un climat de travail sain et motivant<br><\/li>\n\n\n\n<li class=\"gtfy-30 gutenify-list-item\"><strong>Alignement<\/strong> : clarifier les intentions et incarner les valeurs<br><\/li>\n<\/ul>\n\n\n\n<div style=\"height:20px\" aria-hidden=\"true\" class=\"wp-block-spacer gtfy-34\"><\/div>\n\n\n\n<div class=\"wp-block-essential-blocks-row alignfull  root-eb-row-ntuxj gtfy-50\"><div class=\"eb-parent-wrapper eb-parent-eb-row-ntuxj \"><div class=\"eb-row-root-container eb-row-ntuxj\" data-id=\"eb-row-ntuxj\"><div class=\"eb-row-wrapper\"><div class=\"eb-row-inner\">\n<div class=\"wp-block-essential-blocks-column  root-eb-column-lwp3k gtfy-49\"><div class=\"eb-parent-wrapper eb-parent-eb-column-lwp3k \"><div class=\"eb-column-wrapper eb-column-lwp3k\"><div class=\"eb-column-inner\">\n<p class=\"has-text-align-center has-foreground-color has-text-color has-link-color wp-elements-04c02313fec04789cb61de2cbf9bff7e gtfy-37\"><strong>Th\u00e9matiques propos\u00e9es :<\/strong><\/p>\n\n\n\n<ul class=\"wp-block-list gtfy-48\">\n<li class=\"has-foreground-color has-text-color has-link-color wp-elements-7a2fb0b4d84fb37db5099c59ed9b14a0 gtfy-38 gutenify-list-item\"><strong>Feedback constructif et culture du feedback<\/strong> : apprendre \u00e0 donner et recevoir des retours utiles et impactants<br><\/li>\n\n\n\n<li class=\"has-foreground-color has-text-color has-link-color wp-elements-518cbc96c059b48716f2e128aa6d3d6b gtfy-39 gutenify-list-item\"><strong>Posture de manager coach<\/strong> : d\u00e9velopper des comp\u00e9tences de questionnement, d\u2019\u00e9coute et de responsabilisation<br><\/li>\n\n\n\n<li class=\"has-foreground-color has-text-color has-link-color wp-elements-1d596b517138846e984e5c9080a4d0ae gtfy-40 gutenify-list-item\"><strong>Efficacit\u00e9 personnelle et priorisation<\/strong> : mieux g\u00e9rer son temps, ses priorit\u00e9s et son \u00e9nergie<br><\/li>\n\n\n\n<li class=\"has-foreground-color has-text-color has-link-color wp-elements-3e2328181061778db2e48ac565f1aae9 gtfy-41 gutenify-list-item\"><strong>D\u00e9veloppement des soft skills<\/strong> : am\u00e9liorer sa communication, sa collaboration, sa capacit\u00e9 d\u2019adaptation<br><\/li>\n\n\n\n<li class=\"has-foreground-color has-text-color has-link-color wp-elements-bd4974ffe68a8c8b5b8056a0aed7fc6c gtfy-42 gutenify-list-item\"><strong>Intelligence \u00e9motionnelle<\/strong> : identifier, comprendre et r\u00e9guler ses \u00e9motions pour mieux interagir<br><\/li>\n\n\n\n<li class=\"has-foreground-color has-text-color has-link-color wp-elements-dd982979bc06c2d92e1be049248820e4 gtfy-43 gutenify-list-item\"><strong>Mieux se conna\u00eetre<\/strong> : prendre conscience de son mode de fonctionnement pour d\u00e9velopper sa posture professionnelle<br><\/li>\n\n\n\n<li class=\"has-foreground-color has-text-color has-link-color wp-elements-99113e6141c6dee2ad5d6db613d88bab gtfy-44 gutenify-list-item\"><strong>Empathie et \u00e9coute active<\/strong> : renforcer la qualit\u00e9 relationnelle dans les \u00e9quipes<br><\/li>\n\n\n\n<li class=\"has-foreground-color has-text-color has-link-color wp-elements-64ae09e8811c6e46b6cb3187d7661ae6 gtfy-45 gutenify-list-item\"><strong>Cr\u00e9ativit\u00e9 et innovation<\/strong> : favoriser la pens\u00e9e divergente et l\u2019\u00e9mergence de solutions nouvelles<br><\/li>\n\n\n\n<li class=\"has-foreground-color has-text-color has-link-color wp-elements-0ac682a69965d8b9f30f078b34bd6777 gtfy-46 gutenify-list-item\"><strong>Collaboration et intelligence collective<\/strong> : sortir du mode silo pour mieux coop\u00e9rer<br><\/li>\n\n\n\n<li class=\"has-foreground-color has-text-color has-link-color wp-elements-8308ec6b48691d97f0517b6162f2e9a5 gtfy-47 gutenify-list-item\"><strong>Engagement des employ\u00e9s<\/strong> : renforcer la motivation et l\u2019implication dans un environnement en \u00e9volution<br><\/li>\n<\/ul>\n<\/div><\/div><\/div><\/div>\n<\/div><\/div><\/div><\/div><\/div>\n\n\n\n<div style=\"height:20px\" aria-hidden=\"true\" class=\"wp-block-spacer gtfy-53\"><\/div>\n\n\n\n<h2 class=\"wp-block-heading gtfy-56\"><strong>Les b\u00e9n\u00e9fices pour votre organisation<\/strong><\/h2>\n\n\n\n<ul class=\"wp-block-list gtfy-64\">\n<li class=\"gtfy-59 gutenify-list-item\">D\u00e9velopper un leadership \u00e0 tous les niveaux<br><\/li>\n\n\n\n<li class=\"gtfy-60 gutenify-list-item\">Faire de l\u2019engagement un levier de performance durable<br><\/li>\n\n\n\n<li class=\"gtfy-61 gutenify-list-item\">Cr\u00e9er une culture de coop\u00e9ration, d\u2019innovation et de feedback<br><\/li>\n\n\n\n<li class=\"gtfy-62 gutenify-list-item\">Soutenir la transformation humaine des collectifs<br><\/li>\n\n\n\n<li class=\"gtfy-63 gutenify-list-item\">Favoriser le bien-\u00eatre, la clart\u00e9 et la responsabilisation<br><\/li>\n<\/ul>\n\n\n\n<div style=\"height:20px\" aria-hidden=\"true\" class=\"wp-block-spacer gtfy-67\"><\/div>\n\n\n\n<h2 class=\"wp-block-heading gtfy-70\"><strong>Une p\u00e9dagogie active, sur-mesure et engageante<\/strong><\/h2>\n\n\n\n<p class=\"gtfy-73\">Chaque atelier combine apports th\u00e9oriques, exercices pratiques, \u00e9changes en groupe et temps d\u2019introspection. Nous privil\u00e9gions une approche exp\u00e9rientielle qui favorise la mise en mouvement et l\u2019ancrage durable des apprentissages.<\/p>\n\n\n\n<p class=\"gtfy-76\">Nos ateliers s\u2019appuient sur des outils reconnus : intelligence collective, cod\u00e9veloppement, mod\u00e8les de communication (PCM, MBTI, HBDI), pratiques de feedback, m\u00e9thodes de cr\u00e9ativit\u00e9, et lectures syst\u00e9miques.<\/p>\n\n\n\n<div style=\"height:20px\" aria-hidden=\"true\" class=\"wp-block-spacer gtfy-79\"><\/div>\n\n\n\n<h2 class=\"wp-block-heading gtfy-82\"><strong>Pour qui ?<\/strong><\/h2>\n\n\n\n<ul class=\"wp-block-list gtfy-89\">\n<li class=\"gtfy-85 gutenify-list-item\">Managers et leaders \u00e0 tous les niveaux<br><\/li>\n\n\n\n<li class=\"gtfy-86 gutenify-list-item\">Collaborateurs en mont\u00e9e en comp\u00e9tences<br><\/li>\n\n\n\n<li class=\"gtfy-87 gutenify-list-item\">\u00c9quipes op\u00e9rationnelles, RH, projets ou transverses<br><\/li>\n\n\n\n<li class=\"gtfy-88 gutenify-list-item\">Comit\u00e9s de direction&nbsp;<\/li>\n<\/ul>\n\n\n\n<div style=\"height:20px\" aria-hidden=\"true\" class=\"wp-block-spacer gtfy-92\"><\/div>\n\n\n\n<h2 class=\"wp-block-heading gtfy-95\"><strong>Modalit\u00e9s<\/strong><\/h2>\n\n\n\n<p class=\"gutenify-section-85e50200-493f-11ef-9ae6-b5ca1798ff35 gtfy-98\">Adaptables selon votre contexte, vos enjeux et votre culture<\/p>\n\n\n\n<ul class=\"wp-block-list gtfy-102\">\n<li class=\"gtfy-101 gutenify-list-item\">Formats en pr\u00e9sentiel, \u00e0 distance ou hybrides<br><\/li>\n<\/ul>\n\n\n\n<ul class=\"wp-block-list gtfy-106\">\n<li class=\"gtfy-105 gutenify-list-item\">Dur\u00e9e de 2 heures \u00e0 2 jours<br><\/li>\n<\/ul>\n\n\n\n<ul class=\"wp-block-list gtfy-110\">\n<li class=\"gtfy-109 gutenify-list-item\">Ateliers en fran\u00e7ais, anglais ou espagnol<br><\/li>\n<\/ul>\n","protected":false},"excerpt":{"rendered":"<p>Des ateliers th\u00e9matiques, concrets et transformateurs Nos ateliers peuvent \u00eatre propos\u00e9s \u00e0 l\u2019unit\u00e9 ou int\u00e9gr\u00e9s [&hellip;]<\/p>\n","protected":false},"author":1,"featured_media":0,"parent":1767,"menu_order":0,"comment_status":"closed","ping_status":"closed","template":"","meta":{"_acf_changed":false,"_eb_attr":"","footnotes":""},"class_list":["post-1964","page","type-page","status-publish","hentry"],"acf":[],"yoast_head":"<!-- This site is optimized with the Yoast SEO plugin v27.4 - https:\/\/yoast.com\/product\/yoast-seo-wordpress\/ -->\n<title>Ateliers de leadership - Lesaulerieur<\/title>\n<meta name=\"robots\" content=\"index, follow, max-snippet:-1, max-image-preview:large, max-video-preview:-1\" \/>\n<link rel=\"canonical\" href=\"https:\/\/lesaulerieur.com\/fr\/accueil\/offres\/formations\/ateliers-de-leadership\/\" \/>\n<meta property=\"og:locale\" content=\"fr_FR\" \/>\n<meta property=\"og:type\" content=\"article\" \/>\n<meta property=\"og:title\" content=\"Ateliers de leadership - Lesaulerieur\" \/>\n<meta property=\"og:description\" content=\"Des ateliers th\u00e9matiques, concrets et transformateurs Nos ateliers peuvent \u00eatre propos\u00e9s \u00e0 l\u2019unit\u00e9 ou int\u00e9gr\u00e9s [&hellip;]\" \/>\n<meta property=\"og:url\" content=\"https:\/\/lesaulerieur.com\/fr\/accueil\/offres\/formations\/ateliers-de-leadership\/\" \/>\n<meta property=\"og:site_name\" content=\"Lesaulerieur\" \/>\n<meta property=\"article:modified_time\" content=\"2025-07-30T13:46:30+00:00\" \/>\n<meta name=\"twitter:card\" content=\"summary_large_image\" \/>\n<meta name=\"twitter:label1\" content=\"Dur\u00e9e de lecture estim\u00e9e\" \/>\n\t<meta name=\"twitter:data1\" content=\"3 minutes\" \/>\n<script type=\"application\/ld+json\" class=\"yoast-schema-graph\">{\"@context\":\"https:\\\/\\\/schema.org\",\"@graph\":[{\"@type\":\"WebPage\",\"@id\":\"https:\\\/\\\/lesaulerieur.com\\\/accueil\\\/offres\\\/formations\\\/ateliers-de-leadership\\\/\",\"url\":\"https:\\\/\\\/lesaulerieur.com\\\/accueil\\\/offres\\\/formations\\\/ateliers-de-leadership\\\/\",\"name\":\"Ateliers de leadership - Lesaulerieur\",\"isPartOf\":{\"@id\":\"https:\\\/\\\/lesaulerieur.com\\\/fr\\\/#website\"},\"datePublished\":\"2025-07-24T08:57:01+00:00\",\"dateModified\":\"2025-07-30T13:46:30+00:00\",\"breadcrumb\":{\"@id\":\"https:\\\/\\\/lesaulerieur.com\\\/accueil\\\/offres\\\/formations\\\/ateliers-de-leadership\\\/#breadcrumb\"},\"inLanguage\":\"fr-FR\",\"potentialAction\":[{\"@type\":\"ReadAction\",\"target\":[\"https:\\\/\\\/lesaulerieur.com\\\/accueil\\\/offres\\\/formations\\\/ateliers-de-leadership\\\/\"]}]},{\"@type\":\"BreadcrumbList\",\"@id\":\"https:\\\/\\\/lesaulerieur.com\\\/accueil\\\/offres\\\/formations\\\/ateliers-de-leadership\\\/#breadcrumb\",\"itemListElement\":[{\"@type\":\"ListItem\",\"position\":1,\"name\":\"Home\",\"item\":\"https:\\\/\\\/lesaulerieur.com\\\/\"},{\"@type\":\"ListItem\",\"position\":2,\"name\":\"Accueil\",\"item\":\"https:\\\/\\\/lesaulerieur.com\\\/\"},{\"@type\":\"ListItem\",\"position\":3,\"name\":\"Offres\",\"item\":\"https:\\\/\\\/lesaulerieur.com\\\/accueil\\\/offres\\\/\"},{\"@type\":\"ListItem\",\"position\":4,\"name\":\"Formations\",\"item\":\"https:\\\/\\\/lesaulerieur.com\\\/accueil\\\/offres\\\/formations\\\/\"},{\"@type\":\"ListItem\",\"position\":5,\"name\":\"Ateliers de leadership\"}]},{\"@type\":\"WebSite\",\"@id\":\"https:\\\/\\\/lesaulerieur.com\\\/fr\\\/#website\",\"url\":\"https:\\\/\\\/lesaulerieur.com\\\/fr\\\/\",\"name\":\"Lesaulerieur\",\"description\":\"\",\"publisher\":{\"@id\":\"https:\\\/\\\/lesaulerieur.com\\\/fr\\\/#organization\"},\"potentialAction\":[{\"@type\":\"SearchAction\",\"target\":{\"@type\":\"EntryPoint\",\"urlTemplate\":\"https:\\\/\\\/lesaulerieur.com\\\/fr\\\/?s={search_term_string}\"},\"query-input\":{\"@type\":\"PropertyValueSpecification\",\"valueRequired\":true,\"valueName\":\"search_term_string\"}}],\"inLanguage\":\"fr-FR\"},{\"@type\":\"Organization\",\"@id\":\"https:\\\/\\\/lesaulerieur.com\\\/fr\\\/#organization\",\"name\":\"Lesaulerieur\",\"url\":\"https:\\\/\\\/lesaulerieur.com\\\/fr\\\/\",\"logo\":{\"@type\":\"ImageObject\",\"inLanguage\":\"fr-FR\",\"@id\":\"https:\\\/\\\/lesaulerieur.com\\\/fr\\\/#\\\/schema\\\/logo\\\/image\\\/\",\"url\":\"https:\\\/\\\/lesaulerieur.com\\\/wp-content\\\/uploads\\\/2026\\\/03\\\/exports-saule-rieur-transparent8-1.png\",\"contentUrl\":\"https:\\\/\\\/lesaulerieur.com\\\/wp-content\\\/uploads\\\/2026\\\/03\\\/exports-saule-rieur-transparent8-1.png\",\"width\":2480,\"height\":1240,\"caption\":\"Lesaulerieur\"},\"image\":{\"@id\":\"https:\\\/\\\/lesaulerieur.com\\\/fr\\\/#\\\/schema\\\/logo\\\/image\\\/\"},\"sameAs\":[\"https:\\\/\\\/www.linkedin.com\\\/in\\\/anita-cassagne-2625a62\\\/\"]}]}<\/script>\n<!-- \/ Yoast SEO plugin. -->","yoast_head_json":{"title":"Ateliers de leadership - Lesaulerieur","robots":{"index":"index","follow":"follow","max-snippet":"max-snippet:-1","max-image-preview":"max-image-preview:large","max-video-preview":"max-video-preview:-1"},"canonical":"https:\/\/lesaulerieur.com\/fr\/accueil\/offres\/formations\/ateliers-de-leadership\/","og_locale":"fr_FR","og_type":"article","og_title":"Ateliers de leadership - Lesaulerieur","og_description":"Des ateliers th\u00e9matiques, concrets et transformateurs Nos ateliers peuvent \u00eatre propos\u00e9s \u00e0 l\u2019unit\u00e9 ou int\u00e9gr\u00e9s [&hellip;]","og_url":"https:\/\/lesaulerieur.com\/fr\/accueil\/offres\/formations\/ateliers-de-leadership\/","og_site_name":"Lesaulerieur","article_modified_time":"2025-07-30T13:46:30+00:00","twitter_card":"summary_large_image","twitter_misc":{"Dur\u00e9e de lecture estim\u00e9e":"3 minutes"},"schema":{"@context":"https:\/\/schema.org","@graph":[{"@type":"WebPage","@id":"https:\/\/lesaulerieur.com\/accueil\/offres\/formations\/ateliers-de-leadership\/","url":"https:\/\/lesaulerieur.com\/accueil\/offres\/formations\/ateliers-de-leadership\/","name":"Ateliers de leadership - Lesaulerieur","isPartOf":{"@id":"https:\/\/lesaulerieur.com\/fr\/#website"},"datePublished":"2025-07-24T08:57:01+00:00","dateModified":"2025-07-30T13:46:30+00:00","breadcrumb":{"@id":"https:\/\/lesaulerieur.com\/accueil\/offres\/formations\/ateliers-de-leadership\/#breadcrumb"},"inLanguage":"fr-FR","potentialAction":[{"@type":"ReadAction","target":["https:\/\/lesaulerieur.com\/accueil\/offres\/formations\/ateliers-de-leadership\/"]}]},{"@type":"BreadcrumbList","@id":"https:\/\/lesaulerieur.com\/accueil\/offres\/formations\/ateliers-de-leadership\/#breadcrumb","itemListElement":[{"@type":"ListItem","position":1,"name":"Home","item":"https:\/\/lesaulerieur.com\/"},{"@type":"ListItem","position":2,"name":"Accueil","item":"https:\/\/lesaulerieur.com\/"},{"@type":"ListItem","position":3,"name":"Offres","item":"https:\/\/lesaulerieur.com\/accueil\/offres\/"},{"@type":"ListItem","position":4,"name":"Formations","item":"https:\/\/lesaulerieur.com\/accueil\/offres\/formations\/"},{"@type":"ListItem","position":5,"name":"Ateliers de leadership"}]},{"@type":"WebSite","@id":"https:\/\/lesaulerieur.com\/fr\/#website","url":"https:\/\/lesaulerieur.com\/fr\/","name":"Lesaulerieur","description":"","publisher":{"@id":"https:\/\/lesaulerieur.com\/fr\/#organization"},"potentialAction":[{"@type":"SearchAction","target":{"@type":"EntryPoint","urlTemplate":"https:\/\/lesaulerieur.com\/fr\/?s={search_term_string}"},"query-input":{"@type":"PropertyValueSpecification","valueRequired":true,"valueName":"search_term_string"}}],"inLanguage":"fr-FR"},{"@type":"Organization","@id":"https:\/\/lesaulerieur.com\/fr\/#organization","name":"Lesaulerieur","url":"https:\/\/lesaulerieur.com\/fr\/","logo":{"@type":"ImageObject","inLanguage":"fr-FR","@id":"https:\/\/lesaulerieur.com\/fr\/#\/schema\/logo\/image\/","url":"https:\/\/lesaulerieur.com\/wp-content\/uploads\/2026\/03\/exports-saule-rieur-transparent8-1.png","contentUrl":"https:\/\/lesaulerieur.com\/wp-content\/uploads\/2026\/03\/exports-saule-rieur-transparent8-1.png","width":2480,"height":1240,"caption":"Lesaulerieur"},"image":{"@id":"https:\/\/lesaulerieur.com\/fr\/#\/schema\/logo\/image\/"},"sameAs":["https:\/\/www.linkedin.com\/in\/anita-cassagne-2625a62\/"]}]}},"_links":{"self":[{"href":"https:\/\/lesaulerieur.com\/fr\/wp-json\/wp\/v2\/pages\/1964","targetHints":{"allow":["GET"]}}],"collection":[{"href":"https:\/\/lesaulerieur.com\/fr\/wp-json\/wp\/v2\/pages"}],"about":[{"href":"https:\/\/lesaulerieur.com\/fr\/wp-json\/wp\/v2\/types\/page"}],"author":[{"embeddable":true,"href":"https:\/\/lesaulerieur.com\/fr\/wp-json\/wp\/v2\/users\/1"}],"replies":[{"embeddable":true,"href":"https:\/\/lesaulerieur.com\/fr\/wp-json\/wp\/v2\/comments?post=1964"}],"version-history":[{"count":15,"href":"https:\/\/lesaulerieur.com\/fr\/wp-json\/wp\/v2\/pages\/1964\/revisions"}],"predecessor-version":[{"id":2076,"href":"https:\/\/lesaulerieur.com\/fr\/wp-json\/wp\/v2\/pages\/1964\/revisions\/2076"}],"up":[{"embeddable":true,"href":"https:\/\/lesaulerieur.com\/fr\/wp-json\/wp\/v2\/pages\/1767"}],"wp:attachment":[{"href":"https:\/\/lesaulerieur.com\/fr\/wp-json\/wp\/v2\/media?parent=1964"}],"curies":[{"name":"wp","href":"https:\/\/api.w.org\/{rel}","templated":true}]}}