{"id":2224,"date":"2025-09-05T12:50:23","date_gmt":"2025-09-05T12:50:23","guid":{"rendered":"https:\/\/lesaulerieur.com\/?page_id=2224"},"modified":"2025-11-04T16:45:20","modified_gmt":"2025-11-04T16:45:20","slug":"aborder-la-conduite-du-changement","status":"publish","type":"page","link":"https:\/\/lesaulerieur.com\/fr\/ressources\/aborder-la-conduite-du-changement\/","title":{"rendered":"Aborder la conduite du changement"},"content":{"rendered":"\n<p class=\"gtfy-1\"><\/p>\n\n\n\n<p class=\"gtfy-4\"><\/p>\n\n\n\n        <div class=\"root-eb-breadcrumb-wf7sf wp-block-essential-blocks-breadcrumbs gtfy-7\">\n            <div class=\"eb-parent-wrapper eb-parent-eb-breadcrumb-wf7sf \">\n                <div aria-label=\"Breadcrumb\" class=\"eb-breadcrumb-wrapper eb-breadcrumb-wf7sf\" data-id=\"eb-breadcrumb-wf7sf\">\n                    \n                    <span class=\"eb-breadcrumb-item current\">Page<\/span><\/div>\n                <\/div>\n            <\/div>\n        <\/div>\n\n\n<div style=\"height:30px\" aria-hidden=\"true\" class=\"wp-block-spacer gtfy-10\"><\/div>\n\n\n\n<div class=\"wp-block-essential-blocks-row alignfull  root-eb-row-v7d5b gtfy-15\"><div class=\"eb-parent-wrapper eb-parent-eb-row-v7d5b \"><div class=\"eb-row-root-container eb-row-v7d5b\" data-id=\"eb-row-v7d5b\"><div class=\"eb-row-wrapper\"><div class=\"eb-row-inner\">\n<div class=\"wp-block-essential-blocks-column  root-eb-column-wo72i gtfy-14\"><div class=\"eb-parent-wrapper eb-parent-eb-column-wo72i \"><div class=\"eb-column-wrapper eb-column-wo72i\"><div class=\"eb-column-inner\">\n<div class=\"wp-block-essential-blocks-advanced-heading  root-eb-advance-heading-skfh2 gtfy-13\"><div class=\"eb-parent-wrapper eb-parent-eb-advance-heading-skfh2 \"><div class=\"eb-advance-heading-wrapper eb-advance-heading-skfh2 button-1 undefined\" data-id=\"eb-advance-heading-skfh2\"><h1 class=\"eb-ah-title\"><span class=\"first-title\"><strong>Aborder la conduite du changement: par o\u00f9 commencer concr\u00e8tement ?<\/strong><\/span><\/h1><\/div><\/div><\/div>\n<\/div><\/div><\/div><\/div>\n<\/div><\/div><\/div><\/div><\/div>\n\n\n\n<div class=\"wp-block-essential-blocks-row alignfull  root-eb-row-3b01a gtfy-22\"><div class=\"eb-parent-wrapper eb-parent-eb-row-3b01a \"><div class=\"eb-row-root-container eb-row-3b01a\" data-id=\"eb-row-3b01a\"><div class=\"eb-row-wrapper\"><div class=\"eb-row-inner\">\n<div class=\"wp-block-essential-blocks-column  root-eb-column-gpij8 gtfy-21\"><div class=\"eb-parent-wrapper eb-parent-eb-column-gpij8 \"><div class=\"eb-column-wrapper eb-column-gpij8\"><div class=\"eb-column-inner\">\n<p class=\"has-foreground-color has-text-color has-link-color wp-elements-5fc86e109a63ba5cf0b9203fc117214c gtfy-18\">Conduire un changement ne se r\u00e9sume pas \u00e0 annoncer un plan et esp\u00e9rer qu\u2019il soit suivi. Cela implique d\u2019accompagner des transitions humaines profondes, souvent invisibles mais d\u00e9cisives.<br>Postures, r\u00f4les, habitudes, \u00e9motions : tout ce qui fait la vie d\u2019une organisation est impact\u00e9.<\/p>\n\n\n\n<p class=\"has-foreground-color has-text-color has-link-color wp-elements-6179a7d46a4a50df08e1078e0b9e22f2 gtfy-19\">Dans cet article, nous vous proposons une approche claire et structur\u00e9e pour <strong>aborder efficacement la conduite du changement<\/strong>, sans perdre de vue l\u2019essentiel : <strong>l\u2019adh\u00e9sion des personnes concern\u00e9es<\/strong>.<\/p>\n\n\n\n<p class=\"has-foreground-color has-text-color has-link-color wp-elements-2891a60c699ac6e76e37bf2fe474ed2e gtfy-20\">Que vous soyez dirigeant, manager ou chef de projet, vous trouverez ici des rep\u00e8res pour mieux anticiper, mieux piloter et mieux ancrer la transformation, \u00e9tape par \u00e9tape.<\/p>\n<\/div><\/div><\/div><\/div>\n<\/div><\/div><\/div><\/div><\/div>\n\n\n\n<div style=\"height:30px\" aria-hidden=\"true\" class=\"wp-block-spacer gtfy-25\"><\/div>\n\n\n\n<div class=\"wp-block-essential-blocks-row alignfull  root-eb-row-159ev gtfy-33\"><div class=\"eb-parent-wrapper eb-parent-eb-row-159ev \"><div class=\"eb-row-root-container eb-row-159ev\" data-id=\"eb-row-159ev\"><div class=\"eb-row-wrapper\"><div class=\"eb-row-inner\">\n<div class=\"wp-block-essential-blocks-column  root-eb-column-xsmii gtfy-32\"><div class=\"eb-parent-wrapper eb-parent-eb-column-xsmii \"><div class=\"eb-column-wrapper eb-column-xsmii\"><div class=\"eb-column-inner\">\n<div class=\"wp-block-essential-blocks-advanced-heading  root-eb-advance-heading-zx29k gtfy-28\"><div class=\"eb-parent-wrapper eb-parent-eb-advance-heading-zx29k \"><div class=\"eb-advance-heading-wrapper eb-advance-heading-zx29k button-1 undefined\" data-id=\"eb-advance-heading-zx29k\"><h2 class=\"eb-ah-title\"><span class=\"first-title\"><strong>Ce qu\u2019implique vraiment conduire le changement<\/strong> <\/span><\/h2><\/div><\/div><\/div>\n\n\n\n<p class=\"has-background-color has-text-color has-link-color wp-elements-4d9274c54e49e806614a146bf3d02a00 gtfy-29\">L\u2019enjeu, ce n\u2019est pas d\u2019imposer une solution, mais de <strong>cr\u00e9er les conditions d\u2019une appropriation progressive<\/strong> par celles et ceux qui devront vivre ce changement au quotidien. Autrement dit : la r\u00e9ussite d\u2019un changement ne d\u00e9pend pas uniquement de la pertinence du projet\u2026 mais de la mani\u00e8re dont il est <strong>accompagn\u00e9 humainement<\/strong>.<\/p>\n\n\n\n<p class=\"has-background-color has-text-color has-link-color wp-elements-3aea3c53f41b372402cdcb470e8c8611 gtfy-30\"><strong>\u201cPilotage de projet\u201d vs \u201cConduite du changement\u201d<\/strong><\/p>\n\n\n\n<figure class=\"wp-block-table is-style-stripes gtfy-31\"><table class=\"has-fixed-layout\"><tbody><tr><td><strong><strong><strong>Pilotage de projet<\/strong><\/strong><\/strong><\/td><td><strong><strong><strong><strong>Conduite du changement<\/strong><\/strong><\/strong><\/strong><\/td><\/tr><tr><td>G\u00e8re des t\u00e2ches, des d\u00e9lais, des livrables<\/td><td>Accompagne des comportements et des perceptions<\/td><\/tr><tr><td>Objectifs mesurables et techniques<\/td><td>R\u00e9sultats souvent humains et immat\u00e9riels<\/td><\/tr><tr><td>Approche rationnelle<\/td><td>Approche sensible, adaptative<\/td><\/tr><tr><td>Communication descendante<\/td><td>\u00c9coute active, ajustements continus<\/td><\/tr><tr><td>Focus sur le <em>quoi<\/em><\/td><td>Focus sur le <em>comment<\/em> et le <em>pourquoi<\/em><\/td><\/tr><\/tbody><\/table><\/figure>\n<\/div><\/div><\/div><\/div>\n<\/div><\/div><\/div><\/div><\/div>\n\n\n\n<div style=\"height:0px\" aria-hidden=\"true\" class=\"wp-block-spacer gtfy-36\"><\/div>\n\n\n\n<div class=\"wp-block-essential-blocks-row alignfull  root-eb-row-0h9h9 gtfy-50\"><div class=\"eb-parent-wrapper eb-parent-eb-row-0h9h9 \"><div class=\"eb-row-root-container eb-row-0h9h9\" data-id=\"eb-row-0h9h9\"><div class=\"eb-row-wrapper\"><div class=\"eb-row-inner\">\n<div class=\"wp-block-essential-blocks-column  root-eb-column-h2yfh gtfy-49\"><div class=\"eb-parent-wrapper eb-parent-eb-column-h2yfh \"><div class=\"eb-column-wrapper eb-column-h2yfh\"><div class=\"eb-column-inner\">\n<div class=\"wp-block-essential-blocks-advanced-heading  root-eb-advance-heading-9imvd gtfy-39\"><div class=\"eb-parent-wrapper eb-parent-eb-advance-heading-9imvd \"><div class=\"eb-advance-heading-wrapper eb-advance-heading-9imvd button-1 undefined\" data-id=\"eb-advance-heading-9imvd\"><h2 class=\"eb-ah-title\"><span class=\"first-title\"><strong>Avant d\u2019agir: bien pr\u00e9parer la conduite du changement<\/strong><\/span><\/h2><\/div><\/div><\/div>\n\n\n\n<p class=\"has-background-color has-text-color has-link-color wp-elements-e7dfd010f65b8c98cd324347acb64bc7 gtfy-40\">La r\u00e9ussite d\u2019un changement ne se joue pas au moment de l\u2019annonce, mais bien <strong>en amont<\/strong>, dans la fa\u00e7on dont il est pr\u00e9par\u00e9.<\/p>\n\n\n\n<p class=\"has-background-color has-text-color has-link-color wp-elements-1262e3f09415989c5a7130dccaf541fc gtfy-41\">Anticiper les r\u00e9actions, comprendre les zones sensibles, poser les bases d\u2019un dialogue\u2026 autant d\u2019\u00e9tapes invisibles, mais d\u00e9cisives. Voici les premiers r\u00e9flexes \u00e0 adopter.<\/p>\n\n\n\n<div class=\"wp-block-essential-blocks-advanced-heading  root-eb-advance-heading-m766t gtfy-42\"><div class=\"eb-parent-wrapper eb-parent-eb-advance-heading-m766t \"><div class=\"eb-advance-heading-wrapper eb-advance-heading-m766t button-1 undefined\" data-id=\"eb-advance-heading-m766t\"><h3 class=\"eb-ah-title\"><span class=\"first-title\"><strong>Identifier les impacts humains concrets<\/strong><\/span><\/h3><\/div><\/div><\/div>\n\n\n\n<p class=\"has-background-color has-text-color has-link-color wp-elements-91970facf5f7fa6a3d72081053f4e0e3 gtfy-43\">Tout changement &#8211; m\u00eame s\u2019il semble technique &#8211; <strong>impacte des personnes<\/strong>, dans leurs rep\u00e8res, leurs habitudes, leur r\u00f4le ou leur autonomie.<\/p>\n\n\n\n<p class=\"gtfy-44\">Prenons deux exemples :<\/p>\n\n\n\n<ul class=\"wp-block-list gtfy-47\">\n<li class=\"gtfy-45 gutenify-list-item\">Un nouveau logiciel m\u00e9tier ? Cela peut remettre en question des comp\u00e9tences, des routines bien install\u00e9es ou un sentiment d\u2019efficacit\u00e9.<br><\/li>\n\n\n\n<li class=\"gtfy-46 gutenify-list-item\">Une r\u00e9organisation d\u2019\u00e9quipe ? Cela touche directement aux relations interpersonnelles, au sens du travail et parfois m\u00eame \u00e0 la s\u00e9curit\u00e9 psychologique.<br><\/li>\n<\/ul>\n\n\n\n<p class=\"has-background-color has-text-color has-link-color wp-elements-93c2717c6b2e5ac0495b8c42b3046a07 gtfy-48\">Pour bien aborder le changement, il faut <strong>traduire la transformation projet\u00e9e en impacts humains r\u00e9els<\/strong>.<br>C\u2019est ce qui permet ensuite d\u2019ajuster le rythme, les messages, les soutiens n\u00e9cessaires.<br><strong>Outil possible \u00e0 cette \u00e9tape : une matrice \u201cimpact \/ sensibilit\u00e9\u201d<\/strong> \u00e0 produire ensuite si souhait\u00e9.<\/p>\n<\/div><\/div><\/div><\/div>\n<\/div><\/div><\/div><\/div><\/div>\n\n\n\n<div style=\"height:0px\" aria-hidden=\"true\" class=\"wp-block-spacer gtfy-53\"><\/div>\n\n\n\n<div class=\"wp-block-essential-blocks-row alignfull  root-eb-row-2f08j gtfy-67\"><div class=\"eb-parent-wrapper eb-parent-eb-row-2f08j \"><div class=\"eb-row-root-container eb-row-2f08j\" data-id=\"eb-row-2f08j\"><div class=\"eb-row-wrapper\"><div class=\"eb-row-inner\">\n<div class=\"wp-block-essential-blocks-column  root-eb-column-hq49x gtfy-66\"><div class=\"eb-parent-wrapper eb-parent-eb-column-hq49x \"><div class=\"eb-column-wrapper eb-column-hq49x\"><div class=\"eb-column-inner\">\n<div class=\"wp-block-essential-blocks-advanced-heading  root-eb-advance-heading-mvceu gtfy-56\"><div class=\"eb-parent-wrapper eb-parent-eb-advance-heading-mvceu \"><div class=\"eb-advance-heading-wrapper eb-advance-heading-mvceu button-1 undefined\" data-id=\"eb-advance-heading-mvceu\"><h3 class=\"eb-ah-title\"><span class=\"first-title\"><strong>C\u00e9l\u00e9brer les \u00e9volutions, m\u00eame imparfaites<\/strong><\/span><\/h3><\/div><\/div><\/div>\n\n\n\n<p class=\"has-background-color has-text-color has-link-color wp-elements-08e54d19780bd0bf90c767829d92db07 gtfy-57\">Conduire un changement sans savoir <strong>qui est concern\u00e9, comment et avec quelle posture<\/strong>, c\u2019est comme naviguer sans boussole.<br>Avant de lancer la transformation, il est essentiel de cartographier les parties prenantes : une analyse fine de celles et ceux qui auront un r\u00f4le, direct ou indirect, dans la r\u00e9ussite du changement.<\/p>\n\n\n\n<p class=\"gtfy-58\">On identifie g\u00e9n\u00e9ralement plusieurs profils cl\u00e9s :<\/p>\n\n\n\n<ul class=\"wp-block-list gtfy-64\">\n<li class=\"gtfy-59 gutenify-list-item\"><strong>Les sponsors<\/strong> : ceux qui portent la vision, soutiennent activement le changement et lui donnent du poids politique.<br><\/li>\n\n\n\n<li class=\"gtfy-60 gutenify-list-item\"><strong>Les relais<\/strong> : figures d\u2019influence ou managers de proximit\u00e9, essentiels pour traduire la strat\u00e9gie en action au quotidien.<br><\/li>\n\n\n\n<li class=\"gtfy-61 gutenify-list-item\"><strong>Les moteurs<\/strong> : collaborateurs enthousiastes et volontaires, pr\u00e9cieux pour impulser la dynamique d\u00e8s les premi\u00e8res \u00e9tapes.<br><\/li>\n\n\n\n<li class=\"gtfy-62 gutenify-list-item\"><strong>Les attentistes<\/strong> : ni pour ni contre. Leur position peut basculer selon la qualit\u00e9 de l\u2019accompagnement.<br><\/li>\n\n\n\n<li class=\"gtfy-63 gutenify-list-item\"><strong>Les r\u00e9sistants<\/strong> : personnes en d\u00e9saccord ou en retrait, souvent par crainte, surcharge ou manque de clart\u00e9.<br><\/li>\n<\/ul>\n\n\n\n<p class=\"has-background-color has-text-color has-link-color wp-elements-404effecf43e3870d9bc35bd0812578b gtfy-65\">Cette cartographie permet d\u2019ajuster la communication, les actions d\u2019accompagnement et le tempo du projet.<\/p>\n<\/div><\/div><\/div><\/div>\n<\/div><\/div><\/div><\/div><\/div>\n\n\n\n<div class=\"wp-block-essential-blocks-row alignfull  root-eb-row-wtvll gtfy-81\"><div class=\"eb-parent-wrapper eb-parent-eb-row-wtvll \"><div class=\"eb-row-root-container eb-row-wtvll\" data-id=\"eb-row-wtvll\"><div class=\"eb-row-wrapper\"><div class=\"eb-row-inner\">\n<div class=\"wp-block-essential-blocks-column  root-eb-column-blw9q gtfy-80\"><div class=\"eb-parent-wrapper eb-parent-eb-column-blw9q \"><div class=\"eb-column-wrapper eb-column-blw9q\"><div class=\"eb-column-inner\">\n<div class=\"wp-block-essential-blocks-advanced-heading  root-eb-advance-heading-o09pp gtfy-70\"><div class=\"eb-parent-wrapper eb-parent-eb-advance-heading-o09pp \"><div class=\"eb-advance-heading-wrapper eb-advance-heading-o09pp button-1 undefined\" data-id=\"eb-advance-heading-o09pp\"><h3 class=\"eb-ah-title\"><span class=\"first-title\"><strong>Clarifier le \u201cpourquoi\u201d interne du changement<\/strong><\/span><\/h3><\/div><\/div><\/div>\n\n\n\n<p class=\"has-background-color has-text-color has-link-color wp-elements-4063ad7b57a9a3bb2a695d88e0221f25 gtfy-71\">Avant de chercher \u00e0 faire adh\u00e9rer, il faut commencer par <strong>donner du sens<\/strong>.&nbsp;<\/p>\n\n\n\n<p class=\"gtfy-72\">Un changement, aussi justifi\u00e9 soit-il sur le plan strat\u00e9gique, ne convaincra pas s\u2019il est per\u00e7u comme abstrait, brutal ou d\u00e9connect\u00e9 du terrain.<\/p>\n\n\n\n<p class=\"gtfy-73\">C\u2019est pourquoi il est essentiel de formuler un <strong>\u201cpourquoi\u201d du changement<\/strong> qui parle autant \u00e0 la direction qu\u2019aux \u00e9quipes.<\/p>\n\n\n\n<h4 class=\"wp-block-heading gtfy-74\"><strong>Ce \u201cpourquoi\u201d repose sur trois piliers :<\/strong><\/h4>\n\n\n\n<ol class=\"wp-block-list gtfy-78\">\n<li class=\"gtfy-75 gutenify-list-item\"><strong>La vision<\/strong> port\u00e9e par l\u2019entreprise : O\u00f9 allons-nous ? Quelle ambition guide ce changement ?<br><\/li>\n\n\n\n<li class=\"gtfy-76 gutenify-list-item\"><strong>Les enjeux internes<\/strong> : Quels signaux, tensions ou d\u00e9salignements rendent ce changement n\u00e9cessaire ici et maintenant ?<br><\/li>\n\n\n\n<li class=\"gtfy-77 gutenify-list-item\"><strong>L\u2019histoire de l\u2019organisation<\/strong> : En quoi cette transformation s\u2019inscrit-elle dans la continuit\u00e9 (ou la rupture) de notre culture et de nos valeurs ?<br><\/li>\n<\/ol>\n\n\n\n<p class=\"has-background-color has-text-color has-link-color wp-elements-1b7d2db594ec6723467f751a42db0e01 gtfy-79\">Quand ces trois dimensions sont align\u00e9es, on cr\u00e9e un \u201cnarratif de changement\u201d clair, l\u00e9gitime, incarn\u00e9. Et ce r\u00e9cit devient un <strong>levier d\u2019engagement<\/strong> \u00e0 chaque niveau.<\/p>\n<\/div><\/div><\/div><\/div>\n<\/div><\/div><\/div><\/div><\/div>\n\n\n\n<div class=\"wp-block-essential-blocks-row alignfull  root-eb-row-15933 gtfy-89\"><div class=\"eb-parent-wrapper eb-parent-eb-row-15933 \"><div class=\"eb-row-root-container eb-row-15933\" data-id=\"eb-row-15933\"><div class=\"eb-row-wrapper\"><div class=\"eb-row-inner\">\n<div class=\"wp-block-essential-blocks-column  root-eb-column-5qst5 gtfy-88\"><div class=\"eb-parent-wrapper eb-parent-eb-column-5qst5 \"><div class=\"eb-column-wrapper eb-column-5qst5\"><div class=\"eb-column-inner\">\n<div class=\"wp-block-essential-blocks-advanced-heading  root-eb-advance-heading-59sd8 gtfy-84\"><div class=\"eb-parent-wrapper eb-parent-eb-advance-heading-59sd8 \"><div class=\"eb-advance-heading-wrapper eb-advance-heading-59sd8 button-1 undefined\" data-id=\"eb-advance-heading-59sd8\"><h2 class=\"eb-ah-title\"><span class=\"first-title\">Pendant la transformation: les bons r\u00e9flexes pour accompagner<\/span><\/h2><\/div><\/div><\/div>\n\n\n\n<p class=\"gtfy-85\">Lorsque la phase de d\u00e9ploiement commence, le plus dur n\u2019est pas toujours de faire\u2026 mais de <strong>faire durer<\/strong>.<\/p>\n\n\n\n<p class=\"gtfy-86\">Les premi\u00e8res semaines peuvent g\u00e9n\u00e9rer de l\u2019enthousiasme, mais aussi de la confusion ou de la fatigue si rien n\u2019est structur\u00e9.<\/p>\n\n\n\n<p class=\"gtfy-87\">C\u2019est dans cette phase que le pilotage du changement prend toute sa dimension humaine : il faut soutenir, rythmer, ajuster &#8211; sans rel\u00e2cher.<\/p>\n<\/div><\/div><\/div><\/div>\n<\/div><\/div><\/div><\/div><\/div>\n\n\n\n<div class=\"wp-block-essential-blocks-row alignfull  root-eb-row-itmq5 gtfy-109\"><div class=\"eb-parent-wrapper eb-parent-eb-row-itmq5 \"><div class=\"eb-row-root-container eb-row-itmq5\" data-id=\"eb-row-itmq5\"><div class=\"eb-row-wrapper\"><div class=\"eb-row-inner\">\n<div class=\"wp-block-essential-blocks-column  root-eb-column-a0vfz gtfy-108\"><div class=\"eb-parent-wrapper eb-parent-eb-column-a0vfz \"><div class=\"eb-column-wrapper eb-column-a0vfz\"><div class=\"eb-column-inner\">\n<div class=\"wp-block-essential-blocks-advanced-heading  root-eb-advance-heading-yc73e gtfy-92\"><div class=\"eb-parent-wrapper eb-parent-eb-advance-heading-yc73e \"><div class=\"eb-advance-heading-wrapper eb-advance-heading-yc73e button-1 undefined\" data-id=\"eb-advance-heading-yc73e\"><h3 class=\"eb-ah-title\"><span class=\"first-title\"><strong>Avancer par \u00e9tapes claires et visibles<\/strong><\/span><\/h3><\/div><\/div><\/div>\n\n\n\n<p class=\"gtfy-93\"><strong>Un changement r\u00e9ussi est un changement lisible.<\/strong><strong><br><\/strong>Plut\u00f4t qu\u2019un plan global impos\u00e9 d\u2019un seul bloc, il est plus efficace d\u2019avancer par <strong>jalons progressifs<\/strong>, en valorisant les petites victoires et les retours d\u2019exp\u00e9rience.<\/p>\n\n\n\n<p class=\"gtfy-94\">Cette approche par \u00e9tapes permet :<\/p>\n\n\n\n<ul class=\"wp-block-list gtfy-99\">\n<li class=\"gtfy-95 gutenify-list-item\">d\u2019<strong>ancrer durablement les transformations<\/strong><\/li>\n\n\n\n<li class=\"gtfy-96 gutenify-list-item\">de maintenir l\u2019\u00e9nergie des \u00e9quipes<\/li>\n\n\n\n<li class=\"gtfy-97 gutenify-list-item\">de rassurer sur la direction prise<\/li>\n\n\n\n<li class=\"gtfy-98 gutenify-list-item\">et d\u2019<strong>\u00e9viter les effets d\u2019usure<\/strong> ou de confusion li\u00e9s \u00e0 l\u2019incertitude<\/li>\n<\/ul>\n\n\n\n<p class=\"gtfy-100\"><strong>Exemples d\u2019\u00e9tapes dans une conduite de changement<\/strong><\/p>\n\n\n\n<ol class=\"wp-block-list gtfy-107\">\n<li class=\"gtfy-101 gutenify-list-item\"><strong>Diagnostic partag\u00e9<\/strong> \u2192 Identifier les irritants, les attentes, les points de convergence et les zones sensibles, en impliquant activement les acteurs concern\u00e9s.<br><\/li>\n\n\n\n<li class=\"gtfy-102 gutenify-list-item\"><strong>Clarification du \u201cpourquoi\u201d et des enjeux<\/strong> \u2192 Donner du sens \u00e0 la d\u00e9marche, la relier aux r\u00e9alit\u00e9s internes, \u00e0 la vision de l\u2019entreprise et aux besoins locaux.<br><\/li>\n\n\n\n<li class=\"gtfy-103 gutenify-list-item\"><strong>Lancement d\u2019actions pilotes<\/strong> \u2192 Exp\u00e9rimenter \u00e0 petite \u00e9chelle, s\u00e9curiser des premiers succ\u00e8s, recueillir du feedback pour affiner la suite.<br><\/li>\n\n\n\n<li class=\"gtfy-104 gutenify-list-item\"><strong>Communication r\u00e9guli\u00e8re et rituels d\u2019\u00e9coute<\/strong> \u2192 Maintenir une circulation claire des informations, ouvrir des espaces d\u2019expression et d\u2019ajustement.<br><\/li>\n\n\n\n<li class=\"gtfy-105 gutenify-list-item\"><strong>D\u00e9ploiement progressif et ajustements continus<\/strong> \u2192 \u00c9tendre progressivement les changements, tout en adaptant aux retours terrain et aux contraintes op\u00e9rationnelles.<br><\/li>\n\n\n\n<li class=\"gtfy-106 gutenify-list-item\"><strong>Ancrage et consolidation<\/strong>  \u2192 Int\u00e9grer les nouvelles pratiques dans les habitudes, processus, outils et culture manag\u00e9riale.<\/li>\n<\/ol>\n<\/div><\/div><\/div><\/div>\n<\/div><\/div><\/div><\/div><\/div>\n\n\n\n<div class=\"wp-block-essential-blocks-row alignfull  root-eb-row-wlrdw gtfy-122\"><div class=\"eb-parent-wrapper eb-parent-eb-row-wlrdw \"><div class=\"eb-row-root-container eb-row-wlrdw\" data-id=\"eb-row-wlrdw\"><div class=\"eb-row-wrapper\"><div class=\"eb-row-inner\">\n<div class=\"wp-block-essential-blocks-column  root-eb-column-jja4r gtfy-121\"><div class=\"eb-parent-wrapper eb-parent-eb-column-jja4r \"><div class=\"eb-column-wrapper eb-column-jja4r\"><div class=\"eb-column-inner\">\n<div class=\"wp-block-essential-blocks-advanced-heading  root-eb-advance-heading-k2z6a gtfy-112\"><div class=\"eb-parent-wrapper eb-parent-eb-advance-heading-k2z6a \"><div class=\"eb-advance-heading-wrapper eb-advance-heading-k2z6a button-1 undefined\" data-id=\"eb-advance-heading-k2z6a\"><h3 class=\"eb-ah-title\"><span class=\"first-title\"><strong>Maintenir une communication ouverte et continue<\/strong><\/span><\/h3><\/div><\/div><\/div>\n\n\n\n<p class=\"gtfy-113\">Dans toute conduite du changement, <strong>ce qui n\u2019est pas dit devient une rumeur<\/strong>.<br>Et ce qui est dit une fois\u2026 est souvent oubli\u00e9 le lendemain.<\/p>\n\n\n\n<p class=\"gtfy-114\">Une communication efficace pendant la transformation ne repose pas sur des \u201cgrands moments\u201d, mais sur une <strong>pr\u00e9sence continue, incarn\u00e9e, bidirectionnelle<\/strong>. Elle doit \u00eatre :<\/p>\n\n\n\n<ul class=\"wp-block-list gtfy-118\">\n<li class=\"gtfy-115 gutenify-list-item\"><strong>fr\u00e9quente<\/strong> : pas forc\u00e9ment longue, mais r\u00e9guli\u00e8re. Mieux vaut 5 points courts qu\u2019un long mail oubli\u00e9<\/li>\n\n\n\n<li class=\"gtfy-116 gutenify-list-item\"><strong>claire et honn\u00eate<\/strong> : dire ce qu\u2019on sait, ce qu\u2019on ne sait pas encore, et ce qui est en cours<\/li>\n\n\n\n<li class=\"gtfy-117 gutenify-list-item\"><strong>ouverte au feedback<\/strong> : cr\u00e9er des espaces d\u2019expression sinc\u00e8re (rituels, barom\u00e8tres, sondages courts, r\u00e9unions invers\u00e9es\u2026)<\/li>\n<\/ul>\n\n\n\n<h4 class=\"wp-block-heading gtfy-119\"><strong>Le r\u00f4le du manager est central :<\/strong><\/h4>\n\n\n\n<p class=\"gtfy-120\">Il devient <strong>le premier vecteur de sens<\/strong>, celui qui r\u00e9explique localement, traduit les d\u00e9cisions et rassure par sa posture.<br>Il est aussi celui qui peut faire remonter les signaux faibles.<\/p>\n<\/div><\/div><\/div><\/div>\n<\/div><\/div><\/div><\/div><\/div>\n\n\n\n<div class=\"wp-block-essential-blocks-row alignfull  root-eb-row-xj78b gtfy-142\"><div class=\"eb-parent-wrapper eb-parent-eb-row-xj78b \"><div class=\"eb-row-root-container eb-row-xj78b\" data-id=\"eb-row-xj78b\"><div class=\"eb-row-wrapper\"><div class=\"eb-row-inner\">\n<div class=\"wp-block-essential-blocks-column  root-eb-column-5lmgb gtfy-141\"><div class=\"eb-parent-wrapper eb-parent-eb-column-5lmgb \"><div class=\"eb-column-wrapper eb-column-5lmgb\"><div class=\"eb-column-inner\">\n<p class=\"gtfy-125\">Dans tout changement, la <strong>r\u00e9sistance<\/strong> n\u2019est pas une anomalie\u2026 c\u2019est une <strong>r\u00e9action normale<\/strong>.<br>Elle peut prendre la forme d\u2019un doute, d\u2019un ralentissement, d\u2019un repli, d\u2019un d\u00e9sengagement passif\u2026 ou d\u2019une opposition plus franche.<\/p>\n\n\n\n<p class=\"gtfy-126\">Mais attention : vouloir \u201c\u00e9radiquer\u201d la r\u00e9sistance, c\u2019est risquer d\u2019\u00e9touffer des signaux utiles.<\/p>\n\n\n\n<p class=\"gtfy-127\">Le bon r\u00e9flexe : <strong>accueillir la r\u00e9sistance comme un indicateur de ce qui m\u00e9rite d\u2019\u00eatre clarifi\u00e9, soutenu ou adapt\u00e9.<\/strong><\/p>\n\n\n\n<h4 class=\"wp-block-heading gtfy-128\"><strong>R\u00e9sister, c\u2019est souvent\u2026<\/strong><\/h4>\n\n\n\n<ul class=\"wp-block-list gtfy-133\">\n<li class=\"gtfy-129 gutenify-list-item\">prot\u00e9ger ses rep\u00e8res,<br><\/li>\n\n\n\n<li class=\"gtfy-130 gutenify-list-item\">exprimer une perte de sens ou de confiance,<br><\/li>\n\n\n\n<li class=\"gtfy-131 gutenify-list-item\">refuser une m\u00e9thode brutale,<br><\/li>\n\n\n\n<li class=\"gtfy-132 gutenify-list-item\">ou rappeler un angle mort du projet.<br><\/li>\n<\/ul>\n\n\n\n<p class=\"gtfy-134\"><strong>Laisser un espace \u00e0 la parole<\/strong><\/p>\n\n\n\n<p class=\"gtfy-135\">Cr\u00e9er des temps pour <strong>entendre ce qui freine<\/strong>, sans jugement, est souvent un levier de transformation en soi. Cela permet :<\/p>\n\n\n\n<ul class=\"wp-block-list gtfy-139\">\n<li class=\"gtfy-136 gutenify-list-item\">de <strong>diminuer la pression \u00e9motionnelle<\/strong> (col\u00e8re, peur, fatigue),<br><\/li>\n\n\n\n<li class=\"gtfy-137 gutenify-list-item\">de <strong>faire \u00e9merger des propositions concr\u00e8tes<\/strong> d\u2019ajustement,<br><\/li>\n\n\n\n<li class=\"gtfy-138 gutenify-list-item\">et d\u2019\u00e9viter l\u2019enkystement d\u2019une opposition silencieuse, beaucoup plus dangereuse.<br><\/li>\n<\/ul>\n\n\n\n<p class=\"gtfy-140\"><strong>\u00c9couter ne veut pas dire renoncer.<\/strong><strong><br><\/strong>Mais cela permet de r\u00e9ajuster intelligemment &#8211; et de montrer que le changement se construit <strong>avec<\/strong>, pas <strong>contre<\/strong>.<\/p>\n<\/div><\/div><\/div><\/div>\n<\/div><\/div><\/div><\/div><\/div>\n\n\n\n<div style=\"height:30px\" aria-hidden=\"true\" class=\"wp-block-spacer gtfy-145\"><\/div>\n\n\n\n<div class=\"wp-block-essential-blocks-row alignfull  root-eb-row-1d1rj gtfy-154\"><div class=\"eb-parent-wrapper eb-parent-eb-row-1d1rj \"><div class=\"eb-row-root-container eb-row-1d1rj\" data-id=\"eb-row-1d1rj\"><div class=\"eb-row-wrapper\"><div class=\"eb-row-inner\">\n<div class=\"wp-block-essential-blocks-column  root-eb-column-c2k9u gtfy-153\"><div class=\"eb-parent-wrapper eb-parent-eb-column-c2k9u \"><div class=\"eb-column-wrapper eb-column-c2k9u\"><div class=\"eb-column-inner\">\n<div class=\"wp-block-essential-blocks-advanced-heading  root-eb-advance-heading-1mo02 gtfy-148\"><div class=\"eb-parent-wrapper eb-parent-eb-advance-heading-1mo02 \"><div class=\"eb-advance-heading-wrapper eb-advance-heading-1mo02 button-1 undefined\" data-id=\"eb-advance-heading-1mo02\"><h2 class=\"eb-ah-title\"><span class=\"first-title\"><strong>Apr\u00e8s la transformation: les bonnes pratiques<\/strong><\/span><\/h2><\/div><\/div><\/div>\n\n\n\n<p class=\"has-background-color has-text-color has-link-color wp-elements-a911c1e84d24e6faf78292314ec0274f gtfy-149\"><\/p>\n\n\n\n<p class=\"has-background-color has-text-color has-link-color wp-elements-8c67ae9b6bb95379eb13405ea611711a gtfy-150\">Le changement ne s\u2019arr\u00eate pas au moment o\u00f9 la nouvelle organisation est \u201cen place\u201d.<\/p>\n\n\n\n<p class=\"gtfy-151\">C\u2019est souvent <strong>apr\u00e8s le d\u00e9ploiement<\/strong> que tout se joue : les habitudes se r\u00e9installent, les automatismes reviennent, les tensions remontent.<\/p>\n\n\n\n<p class=\"has-background-color has-text-color has-link-color wp-elements-396b94824952468aa81a1bd4ffa62bd6 gtfy-152\">C\u2019est l\u00e0 qu\u2019il faut rester attentif, accompagner avec finesse et faire vivre le changement\u2026 pour \u00e9viter qu\u2019il ne s\u2019\u00e9teigne.<\/p>\n<\/div><\/div><\/div><\/div>\n<\/div><\/div><\/div><\/div><\/div>\n\n\n\n<div class=\"wp-block-essential-blocks-row alignfull  root-eb-row-eld1k gtfy-167\"><div class=\"eb-parent-wrapper eb-parent-eb-row-eld1k \"><div class=\"eb-row-root-container eb-row-eld1k\" data-id=\"eb-row-eld1k\"><div class=\"eb-row-wrapper\"><div class=\"eb-row-inner\">\n<div class=\"wp-block-essential-blocks-column  root-eb-column-8e2ex gtfy-166\"><div class=\"eb-parent-wrapper eb-parent-eb-column-8e2ex \"><div class=\"eb-column-wrapper eb-column-8e2ex\"><div class=\"eb-column-inner\">\n<div class=\"wp-block-essential-blocks-advanced-heading  root-eb-advance-heading-h8pc4 gtfy-157\"><div class=\"eb-parent-wrapper eb-parent-eb-advance-heading-h8pc4 \"><div class=\"eb-advance-heading-wrapper eb-advance-heading-h8pc4 button-1 undefined\" data-id=\"eb-advance-heading-h8pc4\"><h3 class=\"eb-ah-title\"><span class=\"first-title\">\u00c9couter les signaux faibles des \u00e9quipes<\/span><\/h3><\/div><\/div><\/div>\n\n\n\n<p class=\"has-background-color has-text-color has-link-color wp-elements-8296c6182e4cee81a9d95d5773faa9f0 gtfy-158\">Un tableau de bord peut afficher des KPIs rassurants, mais le terrain peut raconter tout autre chose.<br>L\u00e0 o\u00f9 les plans \u00e9chouent souvent, c\u2019est dans le <strong>manque d\u2019attention aux micro-d\u00e9crochages<\/strong>.<\/p>\n\n\n\n<p class=\"gtfy-159\">Les <strong>signaux faibles<\/strong> sont ces petites alertes souvent invisibles dans les reportings, mais r\u00e9v\u00e9latrices :<\/p>\n\n\n\n<ul class=\"wp-block-list gtfy-164\">\n<li class=\"gtfy-160 gutenify-list-item\">un discours qui change (\u201con va attendre un peu\u2026\u201d)<br><\/li>\n\n\n\n<li class=\"gtfy-161 gutenify-list-item\">une \u00e9quipe qui cesse de poser des questions<br><\/li>\n\n\n\n<li class=\"gtfy-162 gutenify-list-item\">une r\u00e9union o\u00f9 l\u2019on revient aux anciennes m\u00e9thodes<br><\/li>\n\n\n\n<li class=\"gtfy-163 gutenify-list-item\">un nouvel outil utilis\u00e9\u2026 mais contourn\u00e9<br><\/li>\n<\/ul>\n\n\n\n<p class=\"has-background-color has-text-color has-link-color wp-elements-5236781820e47e7dc780ca75dd4bf003 gtfy-165\">Ces indices m\u00e9ritent d\u2019\u00eatre \u00e9cout\u00e9s, <strong>non pas pour sanctionner<\/strong>, mais pour ajuster avec intelligence.<br>C\u2019est \u00e0 ce stade qu\u2019on peut transformer un changement subi en une \u00e9volution r\u00e9ellement appropri\u00e9e.<\/p>\n<\/div><\/div><\/div><\/div>\n<\/div><\/div><\/div><\/div><\/div>\n\n\n\n<div class=\"wp-block-essential-blocks-row alignfull  root-eb-row-4s5u8 gtfy-180\"><div class=\"eb-parent-wrapper eb-parent-eb-row-4s5u8 \"><div class=\"eb-row-root-container eb-row-4s5u8\" data-id=\"eb-row-4s5u8\"><div class=\"eb-row-wrapper\"><div class=\"eb-row-inner\">\n<div class=\"wp-block-essential-blocks-column  root-eb-column-s2uhs gtfy-179\"><div class=\"eb-parent-wrapper eb-parent-eb-column-s2uhs \"><div class=\"eb-column-wrapper eb-column-s2uhs\"><div class=\"eb-column-inner\">\n<div class=\"wp-block-essential-blocks-advanced-heading  root-eb-advance-heading-2dkun gtfy-170\"><div class=\"eb-parent-wrapper eb-parent-eb-advance-heading-2dkun \"><div class=\"eb-advance-heading-wrapper eb-advance-heading-2dkun button-1 undefined\" data-id=\"eb-advance-heading-2dkun\"><h3 class=\"eb-ah-title\"><span class=\"first-title\">Adapter ce qui doit l\u2019\u00eatre<\/span><\/h3><\/div><\/div><\/div>\n\n\n\n<p class=\"has-background-color has-text-color has-link-color wp-elements-8fabe159ceb03a9f03b453721c34a49f gtfy-171\">Un changement r\u00e9ellement vivant <strong>ne suit pas une trajectoire rigide<\/strong>.<br>Il \u00e9volue au contact du terrain, des personnes, des contraintes. S\u2019y adapter ne signifie pas renoncer \u00e0 la vision : c\u2019est <strong>la faire r\u00e9ussir autrement<\/strong>.<\/p>\n\n\n\n<p class=\"gtfy-172\"><strong>Ajuster ne veut pas dire improviser.<\/strong><br>Cela peut vouloir dire :<\/p>\n\n\n\n<ul class=\"wp-block-list gtfy-177\">\n<li class=\"gtfy-173 gutenify-list-item\">simplifier une proc\u00e9dure mal comprise<br><\/li>\n\n\n\n<li class=\"gtfy-174 gutenify-list-item\">d\u00e9caler un calendrier trop serr\u00e9<br><\/li>\n\n\n\n<li class=\"gtfy-175 gutenify-list-item\">renforcer un accompagnement oubli\u00e9<br><\/li>\n\n\n\n<li class=\"gtfy-176 gutenify-list-item\">ou r\u00e9introduire des rep\u00e8res supprim\u00e9s trop vite<br><\/li>\n<\/ul>\n\n\n\n<p class=\"has-background-color has-text-color has-link-color wp-elements-d5268e824716a8c36c37cd97aaeea506 gtfy-178\">Ces ajustements sont autant de <strong>signes concrets d\u2019\u00e9coute et de r\u00e9activit\u00e9<\/strong>.<br>Et pour les \u00e9quipes, c\u2019est souvent la preuve que leur parole est prise en compte &#8211; un levier puissant pour renforcer l\u2019engagement.<strong>Un bon plan de transformation ne se juge pas \u00e0 sa fid\u00e9lit\u00e9 au PowerPoint d\u2019origine, mais \u00e0 sa capacit\u00e9 \u00e0 r\u00e9ussir dans la r\u00e9alit\u00e9.<\/strong><\/p>\n<\/div><\/div><\/div><\/div>\n<\/div><\/div><\/div><\/div><\/div>\n\n\n\n<div class=\"wp-block-essential-blocks-row alignfull  root-eb-row-8kfqw gtfy-202\"><div class=\"eb-parent-wrapper eb-parent-eb-row-8kfqw \"><div class=\"eb-row-root-container eb-row-8kfqw\" data-id=\"eb-row-8kfqw\"><div class=\"eb-row-wrapper\"><div class=\"eb-row-inner\">\n<div class=\"wp-block-essential-blocks-column  root-eb-column-1vo1z gtfy-201\"><div class=\"eb-parent-wrapper eb-parent-eb-column-1vo1z \"><div class=\"eb-column-wrapper eb-column-1vo1z\"><div class=\"eb-column-inner\">\n<div class=\"wp-block-essential-blocks-advanced-heading  root-eb-advance-heading-hfkf3 gtfy-183\"><div class=\"eb-parent-wrapper eb-parent-eb-advance-heading-hfkf3 \"><div class=\"eb-advance-heading-wrapper eb-advance-heading-hfkf3 button-1 undefined\" data-id=\"eb-advance-heading-hfkf3\"><h3 class=\"eb-ah-title\"><span class=\"first-title\">C\u00e9l\u00e9brer et faire \u00e9voluer  <\/span><\/h3><\/div><\/div><\/div>\n\n\n\n<p class=\"has-background-color has-text-color has-link-color wp-elements-32eb6a350414c0f13de8f96e0f580f8e gtfy-184\">Dans toute transformation, il y a <strong>des r\u00e9ussites visibles<\/strong>, <strong>des progr\u00e8s silencieux<\/strong> et <strong>des points encore fragiles<\/strong>.<br>Mais si on attend la perfection pour c\u00e9l\u00e9brer, on risque de passer \u00e0 c\u00f4t\u00e9 de l\u2019essentiel :<br><strong>les \u00e9quipes qui ont os\u00e9, tent\u00e9, appris.<\/strong><\/p>\n\n\n\n<p class=\"gtfy-185\">Reconna\u00eetre ce qui a chang\u00e9 &#8211; m\u00eame partiellement &#8211; c\u2019est <strong>renforcer la dynamique<\/strong> de transformation continue.<br>C\u2019est aussi installer l\u2019id\u00e9e que le changement <strong>n\u2019est pas un \u00e9tat final<\/strong>, mais une <strong>posture \u00e9volutive<\/strong>.<\/p>\n\n\n\n<h4 class=\"wp-block-heading gtfy-186\"><strong>C\u00e9l\u00e9brer, c\u2019est :<\/strong><\/h4>\n\n\n\n<ul class=\"wp-block-list gtfy-190\">\n<li class=\"gtfy-187 gutenify-list-item\">donner de la reconnaissance aux efforts fournis<br><\/li>\n\n\n\n<li class=\"gtfy-188 gutenify-list-item\">cr\u00e9er des rituels positifs (retour d\u2019exp\u00e9rience, storytelling, moments d\u2019\u00e9quipe\u2026)<br><\/li>\n\n\n\n<li class=\"gtfy-189 gutenify-list-item\"><strong>stabiliser l\u2019ancrage<\/strong> tout en gardant une marge d\u2019ajustement<\/li>\n<\/ul>\n\n\n\n<h4 class=\"wp-block-heading gtfy-191\"><strong>3 questions \u00e0 se poser apr\u00e8s le d\u00e9ploiement<\/strong><\/h4>\n\n\n\n<ol class=\"wp-block-list gtfy-193\">\n<li class=\"gtfy-192 gutenify-list-item\"><strong>Ce qui a r\u00e9ellement chang\u00e9 dans les pratiques<\/strong><\/li>\n<\/ol>\n\n\n\n<p class=\"gtfy-194\">\u201cQuels comportements concrets ont \u00e9volu\u00e9 au quotidien ?\u201d<\/p>\n\n\n\n<ol start=\"2\" class=\"wp-block-list gtfy-196\">\n<li class=\"gtfy-195 gutenify-list-item\"><strong>Ce que les \u00e9quipes ont compris et int\u00e9gr\u00e9<\/strong><\/li>\n<\/ol>\n\n\n\n<p class=\"gtfy-197\">\u201cQue retiennent-elles du sens du changement ? Qu\u2019en disent-elles ?\u201d<\/p>\n\n\n\n<ol start=\"3\" class=\"wp-block-list gtfy-199\">\n<li class=\"gtfy-198 gutenify-list-item\"><strong>Ce qui reste encore fragile ou \u00e0 soutenir<\/strong><\/li>\n<\/ol>\n\n\n\n<p class=\"has-background-color has-text-color has-link-color wp-elements-e88856d262e9ae338165af20ca143ae6 gtfy-200\">\u201cQuels points n\u00e9cessitent encore de l\u2019accompagnement ou des ajustements ?\u201d<\/p>\n<\/div><\/div><\/div><\/div>\n<\/div><\/div><\/div><\/div><\/div>\n\n\n\n<div class=\"wp-block-essential-blocks-row alignfull  root-eb-row-c1rge gtfy-216\"><div class=\"eb-parent-wrapper eb-parent-eb-row-c1rge \"><div class=\"eb-row-root-container eb-row-c1rge\" data-id=\"eb-row-c1rge\"><div class=\"eb-row-wrapper\"><div class=\"eb-row-inner\">\n<div class=\"wp-block-essential-blocks-column  root-eb-column-7m2r1 gtfy-215\"><div class=\"eb-parent-wrapper eb-parent-eb-column-7m2r1 \"><div class=\"eb-column-wrapper eb-column-7m2r1\"><div class=\"eb-column-inner\">\n<div class=\"wp-block-essential-blocks-advanced-heading  root-eb-advance-heading-176f1 gtfy-205\"><div class=\"eb-parent-wrapper eb-parent-eb-advance-heading-176f1 \"><div class=\"eb-advance-heading-wrapper eb-advance-heading-176f1 button-1 undefined\" data-id=\"eb-advance-heading-176f1\"><h2 class=\"eb-ah-title\"><span class=\"first-title\">Pour r\u00e9sumer: qu&rsquo;est-ce qu&rsquo;un changement r\u00e9ussi? <\/span><\/h2><\/div><\/div><\/div>\n\n\n\n<p class=\"gtfy-206\">Conduire un changement efficace ne signifie pas <strong>r\u00e9volutionner l\u2019organisation du sol au plafond<\/strong>.<br>C\u2019est avant tout <strong>faire \u00e9voluer ce qui doit l\u2019\u00eatre<\/strong>, tout en respectant ce qui fonctionne, ce qui structure, ce qui relie.<\/p>\n\n\n\n<p class=\"gtfy-207\">Un changement r\u00e9ussi, c\u2019est celui :<\/p>\n\n\n\n<ul class=\"wp-block-list gtfy-211\">\n<li class=\"gtfy-208 gutenify-list-item\">qui transforme les pratiques sans ab\u00eemer la culture<br><\/li>\n\n\n\n<li class=\"gtfy-209 gutenify-list-item\">qui cr\u00e9e de la clart\u00e9 sans g\u00e9n\u00e9rer de rigidit\u00e9<br><\/li>\n\n\n\n<li class=\"gtfy-210 gutenify-list-item\">qui embarque les personnes sans les forcer<br><\/li>\n<\/ul>\n\n\n\n<p class=\"gtfy-212\">Il ne s\u2019agit pas de tout changer. Mais de <strong>cr\u00e9er les conditions pour que le mouvement se fasse avec sens, avec intelligence et avec les personnes concern\u00e9es<\/strong>.<\/p>\n\n\n\n<p class=\"gtfy-213\">C\u2019est dans cette posture &#8211;&nbsp; \u00e0 la fois ambitieuse et r\u00e9aliste &#8211; que se construit la v\u00e9ritable conduite du changement.<\/p>\n\n\n\n<p class=\"gtfy-214\"><em>Article r\u00e9dig\u00e9 avec l&rsquo;aide de l&rsquo;intelligence artificielle<\/em><\/p>\n<\/div><\/div><\/div><\/div>\n<\/div><\/div><\/div><\/div><\/div>\n\n\n\n<div style=\"height:30px\" aria-hidden=\"true\" class=\"wp-block-spacer gtfy-219\"><\/div>\n\n\n\n<div class=\"wp-block-essential-blocks-row alignfull  root-eb-row-a6pr2 gtfy-227\"><div class=\"eb-parent-wrapper eb-parent-eb-row-a6pr2 \"><div class=\"eb-row-root-container eb-row-a6pr2\" data-id=\"eb-row-a6pr2\"><div class=\"eb-row-wrapper\"><div class=\"eb-row-inner\">\n<div class=\"wp-block-essential-blocks-column  root-eb-column-du8fv gtfy-226\"><div class=\"eb-parent-wrapper eb-parent-eb-column-du8fv \"><div class=\"eb-column-wrapper eb-column-du8fv\"><div class=\"eb-column-inner\">\n<div class=\"wp-block-essential-blocks-advanced-heading  root-eb-advance-heading-16c17 gtfy-222\"><div class=\"eb-parent-wrapper eb-parent-eb-advance-heading-16c17 \"><div class=\"eb-advance-heading-wrapper eb-advance-heading-16c17 button-1 undefined\" data-id=\"eb-advance-heading-16c17\"><h2 class=\"eb-ah-title\"><span class=\"first-title\"><strong>\u00cates-vous vraiment pr\u00eat\u00b7e \u00e0 aborder la conduite du changement ?<\/strong><\/span><\/h2><\/div><\/div><\/div>\n\n\n\n<p class=\"has-background-color has-text-color has-link-color wp-elements-e0caaf2b16ab7a766c632e3b3968b541 gtfy-223\"><em>Un mini quiz pour faire le point en toute simplicit\u00e9<\/em><\/p>\n\n\n\n<p class=\"has-background-color has-text-color has-link-color wp-elements-b79e4a39042002ea781ea88699ed5038 gtfy-224\">(Et en bonus : un conseil personnalis\u00e9 \u00e0 la fin)<\/p>\n\n\n\n<div class=\"gtfy-225\" id=\"change-quiz\" style=\"max-width:700px;margin:2rem auto;font-family:sans-serif;border:1px solid #ccc;border-radius:10px;padding:20px;box-shadow:0 5px 20px rgba(0,0,0,0.05);background-color:#fff;\">\n  <h2 style=\"color:#1DB460;\" id=\"quiz-question\"><\/h2>\n  <div id=\"quiz-options\" style=\"margin-top:1rem;\"><\/div>\n  <div id=\"quiz-result\" style=\"display:none;margin-top:2rem;text-align:center;\">\n    <h3 style=\"color:#1DB460;font-size:1.4rem;margin-bottom:1rem;\" id=\"quiz-result-title\"><\/h3>\n    <p id=\"quiz-result-text\" style=\"font-size:1.1rem;color:#333;\"><\/p>\n    <a id=\"quiz-link\" href=\"#\" target=\"_blank\" style=\"display:inline-block;margin-top:1.5rem;padding:10px 18px;background-color:#1DB460;color:#fff;text-decoration:none;border-radius:6px;font-weight:600;\"><\/a>\n  <\/div>\n<\/div>\n\n<script>\n(function () {\n  var path = (location.pathname || \"\").toLowerCase();\n  var byPathEN = path.indexOf(\"\/en\/\") === 0 || path === \"\/en\" || path.endsWith(\"\/en\");\n  var byPathFR = path.indexOf(\"\/fr\/\") === 0 || path === \"\/fr\" || path.endsWith(\"\/fr\");\n  var htmlLang = (document.documentElement.getAttribute('lang') || '').toLowerCase();\n  var navLang = (navigator.language || '').toLowerCase();\n  var isEN = byPathEN || (!byPathFR && (htmlLang.indexOf('en') === 0 || navLang.indexOf('en') === 0));\n\n  var data = isEN ? {\n    resultTitle: \"Result\",\n    linkText: \"Let's talk about your change management\",\n    linkUrl: \"https:\/\/lesaulerieur.com\/en\/resources\/tackling-change-management\/\",\n    questions: [\n      { q: \"Have you clearly identified the key stakeholders of the change?\", options: [\"Yes, we have a precise mapping\", \"Partially\", \"No, not yet\"], scores: [2,1,0] },\n      { q: \"Is the \\\"why\\\" behind the change well formulated and shared?\", options: [\"Yes, all teams understand it\", \"Partly\", \"No, it\u2019s still unclear\"], scores: [2,1,0] },\n      { q: \"Are internal ambassadors mobilized to support the change?\", options: [\"Yes, identified and involved\", \"A few\", \"None or very few\"], scores: [2,1,0] },\n      { q: \"Have you planned listening spaces during the transformation?\", options: [\"Yes (workshops, surveys, rituals...)\", \"Occasionally\", \"No, not at this stage\"], scores: [2,1,0] },\n      { q: \"Are you ready to adjust the plan if necessary?\", options: [\"Yes, clearly\", \"It depends\", \"No, the plan is fixed\"], scores: [2,1,0] }\n    ],\n    results: {\n      high: \"Your change management approach seems well structured. Keep embodying and adjusting with agility!\",\n      medium: \"You're on the right path, but some levers could still be strengthened to ensure long-term engagement.\",\n      low: \"Your organization would benefit from a more structured and embodied transformation. Let\u2019s discuss how to help you set the right foundations.\"\n    }\n  } : {\n    resultTitle: \"R\u00e9sultat\",\n    linkText: \"Discutons de votre conduite du changement\",\n    linkUrl: \"https:\/\/lesaulerieur.com\/fr\/ressources\/aborder-la-conduite-du-changement\/\",\n    questions: [\n      { q: \"Avez-vous clairement identifi\u00e9 les parties prenantes cl\u00e9s du changement ?\", options: [\"Oui, nous avons une cartographie pr\u00e9cise\", \"Partiellement\", \"Non, pas encore\"], scores: [2,1,0] },\n      { q: \"Le \u00ab pourquoi \u00bb du changement est-il bien formul\u00e9 et partag\u00e9 ?\", options: [\"Oui, il est compris par toutes les \u00e9quipes\", \"En partie\", \"Non, il reste flou\"], scores: [2,1,0] },\n      { q: \"Des relais internes sont-ils mobilis\u00e9s pour porter le changement ?\", options: [\"Oui, identifi\u00e9s et impliqu\u00e9s\", \"Quelques-uns\", \"Non ou tr\u00e8s peu\"], scores: [2,1,0] },\n      { q: \"Avez-vous pr\u00e9vu des espaces d\u2019\u00e9coute pendant la transformation ?\", options: [\"Oui (ateliers, barom\u00e8tres, rituels...)\", \"De mani\u00e8re ponctuelle\", \"Non, pas \u00e0 ce stade\"], scores: [2,1,0] },\n      { q: \"\u00cates-vous pr\u00eat\u00b7e \u00e0 ajuster le plan si n\u00e9cessaire ?\", options: [\"Oui, clairement\", \"\u00c7a d\u00e9pendra\", \"Non, le plan est fig\u00e9\"], scores: [2,1,0] }\n    ],\n    results: {\n      high: \"Votre conduite du changement semble d\u00e9j\u00e0 bien structur\u00e9e. Continuez \u00e0 incarner et ajuster avec agilit\u00e9 !\",\n      medium: \"Vous \u00eates en bonne voie, mais certains leviers peuvent encore \u00eatre renforc\u00e9s pour garantir l\u2019adh\u00e9sion \u00e0 long terme.\",\n      low: \"Votre organisation gagnerait \u00e0 mieux structurer et incarner sa transformation. Parlons-en pour vous aider \u00e0 poser les bons jalons.\"\n    }\n  };\n\n  var current = 0, score = 0;\n  var questionEl = document.getElementById('quiz-question');\n  var optionsEl = document.getElementById('quiz-options');\n  var resultEl = document.getElementById('quiz-result');\n  var resultTitle = document.getElementById('quiz-result-title');\n  var resultText = document.getElementById('quiz-result-text');\n  var linkEl = document.getElementById('quiz-link');\n\n  resultTitle.textContent = data.resultTitle;\n  linkEl.textContent = data.linkText;\n  linkEl.href = data.linkUrl;\n\n  function showQuestion() {\n    var q = data.questions[current];\n    questionEl.textContent = q.q;\n    optionsEl.innerHTML = '';\n    q.options.forEach(function(opt, i) {\n      var btn = document.createElement('button');\n      btn.textContent = opt;\n      btn.style.cssText = \"display:block;width:100%;margin-bottom:10px;padding:12px 16px;background-color:#f9f9f9;color:#333;border:2px solid #1DB460;border-radius:5px;font-size:1rem;font-weight:500;cursor:pointer;transition:all .2s ease-in-out;\";\n      btn.onmouseover = function(){ btn.style.backgroundColor = \"#1DB460\"; btn.style.color = \"#fff\"; };\n      btn.onmouseout  = function(){ btn.style.backgroundColor = \"#f9f9f9\"; btn.style.color = \"#333\"; };\n      btn.onclick = function () {\n        score += q.scores[i];\n        current++;\n        if (current < data.questions.length) { showQuestion(); } else { showResult(); }\n      };\n      optionsEl.appendChild(btn);\n    });\n  }\n\n  function showResult() {\n    questionEl.style.display = \"none\";\n    optionsEl.style.display = \"none\";\n    resultEl.style.display = \"block\";\n    if (score >= 9) { resultText.textContent = data.results.high; }\n    else if (score >= 6) { resultText.textContent = data.results.medium; }\n    else { resultText.textContent = data.results.low; }\n  }\n\n  if (document.readyState === 'loading') { document.addEventListener('DOMContentLoaded', showQuestion); } else { showQuestion(); }\n})();\n<\/script>\n\n<\/div><\/div><\/div><\/div>\n<\/div><\/div><\/div><\/div><\/div>\n\n\n\n<div style=\"height:5px\" aria-hidden=\"true\" class=\"wp-block-spacer gtfy-230\"><\/div>\n\n\n\n<p class=\"gtfy-233\"><\/p>\n\n\n\n<p class=\"gtfy-236\"><\/p>\n","protected":false},"excerpt":{"rendered":"","protected":false},"author":1,"featured_media":340,"parent":2146,"menu_order":0,"comment_status":"closed","ping_status":"closed","template":"","meta":{"_acf_changed":false,"_eb_attr":"","footnotes":""},"class_list":["post-2224","page","type-page","status-publish","has-post-thumbnail","hentry"],"acf":[],"yoast_head":"<!-- This site is optimized with the Yoast SEO plugin v27.4 - https:\/\/yoast.com\/product\/yoast-seo-wordpress\/ -->\n<title>Comment aborder la conduite du changement : m\u00e9thode, \u00e9tapes et leviers humains<\/title>\n<meta name=\"description\" content=\"Pr\u00e9parer, structurer et incarner le changement : d\u00e9couvrez comment aborder efficacement une conduite du changement en entreprise.\" \/>\n<meta name=\"robots\" content=\"index, follow, max-snippet:-1, max-image-preview:large, max-video-preview:-1\" \/>\n<link rel=\"canonical\" href=\"https:\/\/lesaulerieur.com\/fr\/ressources\/aborder-la-conduite-du-changement\/\" \/>\n<meta property=\"og:locale\" content=\"fr_FR\" \/>\n<meta property=\"og:type\" content=\"article\" \/>\n<meta property=\"og:title\" content=\"Comment aborder la conduite du changement : m\u00e9thode, \u00e9tapes et leviers humains\" \/>\n<meta property=\"og:description\" content=\"Pr\u00e9parer, structurer et incarner le changement : d\u00e9couvrez comment aborder efficacement une conduite du changement en entreprise.\" \/>\n<meta property=\"og:url\" content=\"https:\/\/lesaulerieur.com\/fr\/ressources\/aborder-la-conduite-du-changement\/\" \/>\n<meta property=\"og:site_name\" content=\"Lesaulerieur\" \/>\n<meta property=\"article:modified_time\" content=\"2025-11-04T16:45:20+00:00\" \/>\n<meta property=\"og:image\" content=\"https:\/\/lesaulerieur.com\/wp-content\/uploads\/2023\/03\/exports-saule-rieur6.png\" \/>\n\t<meta property=\"og:image:width\" content=\"2480\" \/>\n\t<meta property=\"og:image:height\" content=\"1240\" \/>\n\t<meta property=\"og:image:type\" content=\"image\/png\" \/>\n<meta name=\"twitter:card\" content=\"summary_large_image\" \/>\n<meta name=\"twitter:label1\" content=\"Dur\u00e9e de lecture estim\u00e9e\" \/>\n\t<meta name=\"twitter:data1\" content=\"10 minutes\" \/>\n<script type=\"application\/ld+json\" class=\"yoast-schema-graph\">{\"@context\":\"https:\\\/\\\/schema.org\",\"@graph\":[{\"@type\":\"WebPage\",\"@id\":\"https:\\\/\\\/lesaulerieur.com\\\/ressources\\\/aborder-la-conduite-du-changement\\\/\",\"url\":\"https:\\\/\\\/lesaulerieur.com\\\/ressources\\\/aborder-la-conduite-du-changement\\\/\",\"name\":\"Comment aborder la conduite du changement : m\u00e9thode, \u00e9tapes et leviers humains\",\"isPartOf\":{\"@id\":\"https:\\\/\\\/lesaulerieur.com\\\/fr\\\/#website\"},\"primaryImageOfPage\":{\"@id\":\"https:\\\/\\\/lesaulerieur.com\\\/ressources\\\/aborder-la-conduite-du-changement\\\/#primaryimage\"},\"image\":{\"@id\":\"https:\\\/\\\/lesaulerieur.com\\\/ressources\\\/aborder-la-conduite-du-changement\\\/#primaryimage\"},\"thumbnailUrl\":\"https:\\\/\\\/lesaulerieur.com\\\/wp-content\\\/uploads\\\/2023\\\/03\\\/exports-saule-rieur6.png\",\"datePublished\":\"2025-09-05T12:50:23+00:00\",\"dateModified\":\"2025-11-04T16:45:20+00:00\",\"description\":\"Pr\u00e9parer, structurer et incarner le changement : d\u00e9couvrez comment aborder efficacement une conduite du changement en entreprise.\",\"breadcrumb\":{\"@id\":\"https:\\\/\\\/lesaulerieur.com\\\/ressources\\\/aborder-la-conduite-du-changement\\\/#breadcrumb\"},\"inLanguage\":\"fr-FR\",\"potentialAction\":[{\"@type\":\"ReadAction\",\"target\":[\"https:\\\/\\\/lesaulerieur.com\\\/ressources\\\/aborder-la-conduite-du-changement\\\/\"]}]},{\"@type\":\"ImageObject\",\"inLanguage\":\"fr-FR\",\"@id\":\"https:\\\/\\\/lesaulerieur.com\\\/ressources\\\/aborder-la-conduite-du-changement\\\/#primaryimage\",\"url\":\"https:\\\/\\\/lesaulerieur.com\\\/wp-content\\\/uploads\\\/2023\\\/03\\\/exports-saule-rieur6.png\",\"contentUrl\":\"https:\\\/\\\/lesaulerieur.com\\\/wp-content\\\/uploads\\\/2023\\\/03\\\/exports-saule-rieur6.png\",\"width\":2480,\"height\":1240},{\"@type\":\"BreadcrumbList\",\"@id\":\"https:\\\/\\\/lesaulerieur.com\\\/ressources\\\/aborder-la-conduite-du-changement\\\/#breadcrumb\",\"itemListElement\":[{\"@type\":\"ListItem\",\"position\":1,\"name\":\"Home\",\"item\":\"https:\\\/\\\/lesaulerieur.com\\\/\"},{\"@type\":\"ListItem\",\"position\":2,\"name\":\"Ressources\",\"item\":\"https:\\\/\\\/lesaulerieur.com\\\/ressources\\\/\"},{\"@type\":\"ListItem\",\"position\":3,\"name\":\"Aborder la conduite du changement\"}]},{\"@type\":\"WebSite\",\"@id\":\"https:\\\/\\\/lesaulerieur.com\\\/fr\\\/#website\",\"url\":\"https:\\\/\\\/lesaulerieur.com\\\/fr\\\/\",\"name\":\"Lesaulerieur\",\"description\":\"\",\"publisher\":{\"@id\":\"https:\\\/\\\/lesaulerieur.com\\\/fr\\\/#organization\"},\"potentialAction\":[{\"@type\":\"SearchAction\",\"target\":{\"@type\":\"EntryPoint\",\"urlTemplate\":\"https:\\\/\\\/lesaulerieur.com\\\/fr\\\/?s={search_term_string}\"},\"query-input\":{\"@type\":\"PropertyValueSpecification\",\"valueRequired\":true,\"valueName\":\"search_term_string\"}}],\"inLanguage\":\"fr-FR\"},{\"@type\":\"Organization\",\"@id\":\"https:\\\/\\\/lesaulerieur.com\\\/fr\\\/#organization\",\"name\":\"Lesaulerieur\",\"url\":\"https:\\\/\\\/lesaulerieur.com\\\/fr\\\/\",\"logo\":{\"@type\":\"ImageObject\",\"inLanguage\":\"fr-FR\",\"@id\":\"https:\\\/\\\/lesaulerieur.com\\\/fr\\\/#\\\/schema\\\/logo\\\/image\\\/\",\"url\":\"https:\\\/\\\/lesaulerieur.com\\\/wp-content\\\/uploads\\\/2026\\\/03\\\/exports-saule-rieur-transparent8-1.png\",\"contentUrl\":\"https:\\\/\\\/lesaulerieur.com\\\/wp-content\\\/uploads\\\/2026\\\/03\\\/exports-saule-rieur-transparent8-1.png\",\"width\":2480,\"height\":1240,\"caption\":\"Lesaulerieur\"},\"image\":{\"@id\":\"https:\\\/\\\/lesaulerieur.com\\\/fr\\\/#\\\/schema\\\/logo\\\/image\\\/\"},\"sameAs\":[\"https:\\\/\\\/www.linkedin.com\\\/in\\\/anita-cassagne-2625a62\\\/\"]}]}<\/script>\n<!-- \/ Yoast SEO plugin. -->","yoast_head_json":{"title":"Comment aborder la conduite du changement : m\u00e9thode, \u00e9tapes et leviers humains","description":"Pr\u00e9parer, structurer et incarner le changement : d\u00e9couvrez comment aborder efficacement une conduite du changement en entreprise.","robots":{"index":"index","follow":"follow","max-snippet":"max-snippet:-1","max-image-preview":"max-image-preview:large","max-video-preview":"max-video-preview:-1"},"canonical":"https:\/\/lesaulerieur.com\/fr\/ressources\/aborder-la-conduite-du-changement\/","og_locale":"fr_FR","og_type":"article","og_title":"Comment aborder la conduite du changement : m\u00e9thode, \u00e9tapes et leviers humains","og_description":"Pr\u00e9parer, structurer et incarner le changement : d\u00e9couvrez comment aborder efficacement une conduite du changement en entreprise.","og_url":"https:\/\/lesaulerieur.com\/fr\/ressources\/aborder-la-conduite-du-changement\/","og_site_name":"Lesaulerieur","article_modified_time":"2025-11-04T16:45:20+00:00","og_image":[{"width":2480,"height":1240,"url":"https:\/\/lesaulerieur.com\/wp-content\/uploads\/2023\/03\/exports-saule-rieur6.png","type":"image\/png"}],"twitter_card":"summary_large_image","twitter_misc":{"Dur\u00e9e de lecture estim\u00e9e":"10 minutes"},"schema":{"@context":"https:\/\/schema.org","@graph":[{"@type":"WebPage","@id":"https:\/\/lesaulerieur.com\/ressources\/aborder-la-conduite-du-changement\/","url":"https:\/\/lesaulerieur.com\/ressources\/aborder-la-conduite-du-changement\/","name":"Comment aborder la conduite du changement : m\u00e9thode, \u00e9tapes et leviers humains","isPartOf":{"@id":"https:\/\/lesaulerieur.com\/fr\/#website"},"primaryImageOfPage":{"@id":"https:\/\/lesaulerieur.com\/ressources\/aborder-la-conduite-du-changement\/#primaryimage"},"image":{"@id":"https:\/\/lesaulerieur.com\/ressources\/aborder-la-conduite-du-changement\/#primaryimage"},"thumbnailUrl":"https:\/\/lesaulerieur.com\/wp-content\/uploads\/2023\/03\/exports-saule-rieur6.png","datePublished":"2025-09-05T12:50:23+00:00","dateModified":"2025-11-04T16:45:20+00:00","description":"Pr\u00e9parer, structurer et incarner le changement : d\u00e9couvrez comment aborder efficacement une conduite du changement en entreprise.","breadcrumb":{"@id":"https:\/\/lesaulerieur.com\/ressources\/aborder-la-conduite-du-changement\/#breadcrumb"},"inLanguage":"fr-FR","potentialAction":[{"@type":"ReadAction","target":["https:\/\/lesaulerieur.com\/ressources\/aborder-la-conduite-du-changement\/"]}]},{"@type":"ImageObject","inLanguage":"fr-FR","@id":"https:\/\/lesaulerieur.com\/ressources\/aborder-la-conduite-du-changement\/#primaryimage","url":"https:\/\/lesaulerieur.com\/wp-content\/uploads\/2023\/03\/exports-saule-rieur6.png","contentUrl":"https:\/\/lesaulerieur.com\/wp-content\/uploads\/2023\/03\/exports-saule-rieur6.png","width":2480,"height":1240},{"@type":"BreadcrumbList","@id":"https:\/\/lesaulerieur.com\/ressources\/aborder-la-conduite-du-changement\/#breadcrumb","itemListElement":[{"@type":"ListItem","position":1,"name":"Home","item":"https:\/\/lesaulerieur.com\/"},{"@type":"ListItem","position":2,"name":"Ressources","item":"https:\/\/lesaulerieur.com\/ressources\/"},{"@type":"ListItem","position":3,"name":"Aborder la conduite du changement"}]},{"@type":"WebSite","@id":"https:\/\/lesaulerieur.com\/fr\/#website","url":"https:\/\/lesaulerieur.com\/fr\/","name":"Lesaulerieur","description":"","publisher":{"@id":"https:\/\/lesaulerieur.com\/fr\/#organization"},"potentialAction":[{"@type":"SearchAction","target":{"@type":"EntryPoint","urlTemplate":"https:\/\/lesaulerieur.com\/fr\/?s={search_term_string}"},"query-input":{"@type":"PropertyValueSpecification","valueRequired":true,"valueName":"search_term_string"}}],"inLanguage":"fr-FR"},{"@type":"Organization","@id":"https:\/\/lesaulerieur.com\/fr\/#organization","name":"Lesaulerieur","url":"https:\/\/lesaulerieur.com\/fr\/","logo":{"@type":"ImageObject","inLanguage":"fr-FR","@id":"https:\/\/lesaulerieur.com\/fr\/#\/schema\/logo\/image\/","url":"https:\/\/lesaulerieur.com\/wp-content\/uploads\/2026\/03\/exports-saule-rieur-transparent8-1.png","contentUrl":"https:\/\/lesaulerieur.com\/wp-content\/uploads\/2026\/03\/exports-saule-rieur-transparent8-1.png","width":2480,"height":1240,"caption":"Lesaulerieur"},"image":{"@id":"https:\/\/lesaulerieur.com\/fr\/#\/schema\/logo\/image\/"},"sameAs":["https:\/\/www.linkedin.com\/in\/anita-cassagne-2625a62\/"]}]}},"_links":{"self":[{"href":"https:\/\/lesaulerieur.com\/fr\/wp-json\/wp\/v2\/pages\/2224","targetHints":{"allow":["GET"]}}],"collection":[{"href":"https:\/\/lesaulerieur.com\/fr\/wp-json\/wp\/v2\/pages"}],"about":[{"href":"https:\/\/lesaulerieur.com\/fr\/wp-json\/wp\/v2\/types\/page"}],"author":[{"embeddable":true,"href":"https:\/\/lesaulerieur.com\/fr\/wp-json\/wp\/v2\/users\/1"}],"replies":[{"embeddable":true,"href":"https:\/\/lesaulerieur.com\/fr\/wp-json\/wp\/v2\/comments?post=2224"}],"version-history":[{"count":12,"href":"https:\/\/lesaulerieur.com\/fr\/wp-json\/wp\/v2\/pages\/2224\/revisions"}],"predecessor-version":[{"id":2343,"href":"https:\/\/lesaulerieur.com\/fr\/wp-json\/wp\/v2\/pages\/2224\/revisions\/2343"}],"up":[{"embeddable":true,"href":"https:\/\/lesaulerieur.com\/fr\/wp-json\/wp\/v2\/pages\/2146"}],"wp:featuredmedia":[{"embeddable":true,"href":"https:\/\/lesaulerieur.com\/fr\/wp-json\/wp\/v2\/media\/340"}],"wp:attachment":[{"href":"https:\/\/lesaulerieur.com\/fr\/wp-json\/wp\/v2\/media?parent=2224"}],"curies":[{"name":"wp","href":"https:\/\/api.w.org\/{rel}","templated":true}]}}