{"id":425,"date":"2024-05-29T18:33:03","date_gmt":"2024-05-29T18:33:03","guid":{"rendered":"https:\/\/lesaulerieur.com\/?page_id=425"},"modified":"2025-07-24T08:29:53","modified_gmt":"2025-07-24T08:29:53","slug":"programme-leadership-inspire","status":"publish","type":"page","link":"https:\/\/lesaulerieur.com\/fr\/accueil\/offres\/formations\/programme-leadership-inspire\/","title":{"rendered":"Programme Leadership Inspir\u00e9"},"content":{"rendered":"\n<div style=\"height:78px\" aria-hidden=\"true\" class=\"wp-block-spacer gutenify-section-c36bd650-1e86-11ef-a673-99f65ce1e223 gtfy-1\"><\/div>\n\n\n\n<div class=\"wp-block-essential-blocks-row alignfull hide-mobile gutenify-section-653137b0-1e86-11ef-a673-99f65ce1e223  root-eb-row-3tupp gtfy-8\"><div class=\"eb-parent-wrapper eb-parent-eb-row-3tupp \"><div class=\"eb-row-root-container eb-row-3tupp\" data-id=\"eb-row-3tupp\"><div class=\"eb-row-wrapper\"><div class=\"eb-row-inner\">\n<div class=\"wp-block-essential-blocks-column gutenify-section-6818ee50-1e86-11ef-a673-99f65ce1e223  root-eb-column-x6e0e gtfy-5\"><div class=\"eb-parent-wrapper eb-parent-eb-column-x6e0e \"><div class=\"eb-column-wrapper eb-column-x6e0e\"><div class=\"eb-column-inner\">\n<h1 class=\"wp-block-heading gutenify-section-2af1cb10-1c2d-11ef-b026-e966c8d9abaf gtfy-4\" style=\"font-size:65px\"><strong>Comment cultiver un leadership inspirant\u202f?<\/strong><\/h1>\n<\/div><\/div><\/div><\/div>\n\n\n\n<div class=\"wp-block-essential-blocks-column gutenify-section-681a74f0-1e86-11ef-a673-99f65ce1e223  root-eb-column-p8wy9 gtfy-7\"><div class=\"eb-parent-wrapper eb-parent-eb-column-p8wy9 eb_animation eb___animated eb___slideInRight\"><div class=\"eb-column-wrapper eb-column-p8wy9\"><div class=\"eb-column-inner\">\n<p class=\"gutenify-section-3864db50-1dd8-11ef-8fdb-178abbc909b0 gtfy-6\" align=\"justify\" style=\"padding: 1em\">B.A.N.I. d\u00e9finit le monde dans lequel nous \u00e9voluons depuis 2020 &#8211; un monde Brittle, Anxious, Non-Linear et Incomprehensible. Dans ce contexte, ce qui distingue les leaders exceptionnels, c&rsquo;est leur capacit\u00e9 \u00e0 accueillir ce changement et \u00e0 s\u2019inspirer pour embarquer les collaborateurs et transformer l\u2019organisation.&nbsp;<br><span style=\"font-weight:bold;\">Notre programme vise \u00e0 atteindre un leadership v\u00e9ritablement inspir\u00e9 et inspirant<\/span> &#8211; en leur offrant les ressources n\u00e9cessaires pour nourrir leur impact.&nbsp;<br>Afin d\u2019inspirer leurs \u00e9quipes, leur organisation, et faire rayonner l\u2019ensemble de leur \u00e9cosyst\u00e8me.<\/p>\n<\/div><\/div><\/div><\/div>\n<\/div><\/div><\/div><\/div><\/div>\n\n\n\n<div class=\"wp-block-essential-blocks-wrapper hide-desktop gutenify-section-5fee27c0-1e8d-11ef-8d11-99c3c9299bd2  root-eb-wrapper-rv350 gtfy-14\"><div class=\"eb-parent-wrapper eb-parent-eb-wrapper-rv350 \"><div class=\"eb-wrapper-outer eb-wrapper-rv350\"><div class=\"eb-wrapper-inner\"><div class=\"eb-wrapper-inner-blocks eb-wrapper-align-center\">\n<h1 class=\"wp-block-heading has-text-align-center gutenify-section-69cf4cb0-1e8d-11ef-8d11-99c3c9299bd2 has-gigantic-font-size gtfy-11\"><strong>Comment cultiver un leadership inspirant\u202f?<\/strong><\/h1>\n\n\n\n<hr class=\"wp-block-separator has-text-color has-alpha-channel-opacity has-background gutenify-section-5daa6a90-1e93-11ef-8d11-99c3c9299bd2 gtfy-12\" style=\"background-color:#1db460;color:#1db460\"\/>\n\n\n\n<p class=\"gutenify-section-3864db50-1dd8-11ef-8fdb-178abbc909b0 gtfy-13\" align=\"justify\" style=\"padding: 1em\">B.A.N.I. d\u00e9finit le monde dans lequel nous \u00e9voluons depuis 2020 &#8211; un monde Brittle, Anxious, Non-Linear et Incomprehensible. Dans ce contexte, ce qui distingue les leaders exceptionnels, c&rsquo;est leur capacit\u00e9 \u00e0 accueillir ce changement et \u00e0 s\u2019inspirer pour embarquer les collaborateurs et transformer l\u2019organisation.&nbsp;<br>Notre programme vise \u00e0 atteindre un leadership v\u00e9ritablement inspir\u00e9 et inspirant &#8211; en leur offrant les ressources n\u00e9cessaires pour nourrir leur impact.&nbsp;<br>Afin d\u2019inspirer leurs \u00e9quipes, leur organisation, et faire rayonner l\u2019ensemble de leur \u00e9cosyst\u00e8me.<\/p>\n<\/div><\/div><\/div><\/div><\/div>\n\n\n\n<div style=\"height:39px\" aria-hidden=\"true\" class=\"wp-block-spacer gutenify-section-843e1700-1e85-11ef-a673-99f65ce1e223 gtfy-17\"><\/div>\n\n\n\n<div class=\"wp-block-group alignfull display: block; margin: auto; gutenify-section-37c53bb0-1c32-11ef-b026-e966c8d9abaf has-foreground-background-color has-background is-layout-constrained wp-container-core-group-is-layout-d794d2f0 wp-block-group-is-layout-constrained gtfy-21\" style=\"border-style:none;border-width:0px;border-radius:0px;min-height:470px;padding-top:0px;padding-right:0px;padding-bottom:0px;padding-left:0px;background-image:url(&apos;https:\/\/lesaulerieur.com\/wp-content\/uploads\/2023\/02\/katrina-wright-yMg_SMqfoRU-unsplash-edited-scaled.jpg&apos;);background-size:cover;\">\n<div style=\"height:130px\" aria-hidden=\"true\" class=\"wp-block-spacer gutenify-section-08d716f0-1dd8-11ef-8fdb-178abbc909b0 gtfy-20\"><\/div>\n<\/div>\n\n\n\n<div style=\"height:72px\" aria-hidden=\"true\" class=\"wp-block-spacer gutenify-section-d648ee60-1dd8-11ef-8fdb-178abbc909b0 gtfy-24\"><\/div>\n\n\n\n<div class=\"wp-block-group alignfull gutenify-section-7acb86d0-1e8f-11ef-8d11-99c3c9299bd2 is-layout-constrained wp-block-group-is-layout-constrained gtfy-32\">\n<div class=\"wp-block-group alignfull gutenify-section-b7e20a50-2761-11ef-892d-af2678a7e867 is-layout-constrained wp-container-core-group-is-layout-296fe7b0 wp-block-group-is-layout-constrained gtfy-31\" style=\"margin-top:0;margin-bottom:0;padding-top:0;padding-right:var(--wp--preset--spacing--80);padding-bottom:0;padding-left:var(--wp--preset--spacing--80)\">\n<div class=\"wp-block-group alignfull gutenify-section-b8e9e090-2765-11ef-892d-af2678a7e867 is-vertical is-content-justification-center is-layout-flex wp-container-core-group-is-layout-949477db wp-block-group-is-layout-flex gtfy-30\" style=\"padding-right:var(--wp--preset--spacing--50);padding-left:var(--wp--preset--spacing--50)\">\n<h2 class=\"wp-block-heading alignfull has-text-align-center gutenify-section-cad25c60-1dd8-11ef-8fdb-178abbc909b0 has-huge-font-size gtfy-27\" style=\"padding-right:0;padding-left:0\">Devenir un leader inspir\u00e9<\/h2>\n\n\n\n<div class=\"wp-block-group alignfull gutenify-section-704ad110-1e90-11ef-8d11-99c3c9299bd2 is-layout-flow wp-block-group-is-layout-flow gtfy-29\">\n<p class=\"gutenify-section-73a67f30-1e90-11ef-8d11-99c3c9299bd2 gtfy-28\" style=\"padding-right:0;padding-left:0\">Le programme nourrit le leader authentique, curieux et habilitant qui sommeille en vous pour un leadership inspir\u00e9 et inspirant.<\/p>\n<\/div>\n<\/div>\n<\/div>\n<\/div>\n\n\n\n<div class=\"wp-block-columns alignfull gutenify-section-e3cc23d0-1dd9-11ef-8fdb-178abbc909b0 is-layout-flex wp-container-core-columns-is-layout-28f84493 wp-block-columns-is-layout-flex gtfy-42\">\n<div class=\"wp-block-column gutenify-section-e3cb8790-1dd9-11ef-8fdb-178abbc909b0 is-layout-flow wp-block-column-is-layout-flow gtfy-37\" style=\"flex-basis:33.34%\">\n<div class=\"wp-block-group gutenify-section-2c752c40-1dd9-11ef-8fdb-178abbc909b0 is-layout-constrained wp-block-group-is-layout-constrained gtfy-36\">\n<div class=\"wp-block-essential-blocks-flipbox gutenify-section-1bec6280-1dd9-11ef-8fdb-178abbc909b0  root-eb-flipbox-stjo7 gtfy-35\"><div class=\"eb-parent-wrapper eb-parent-eb-flipbox-stjo7 eb_animation eb___animated eb___slideInLeft\"><div class=\"eb-flipbox-container eb-flipbox-stjo7 eb-flipbox-align-center eb-hover-mode\" data-id=\"eb-flipbox-stjo7\" data-flip-type=\"flip-left\" data-flip-mode=\"hover\"><div class=\"eb-flipper flip-left\"><div class=\"eb-flipbox-front\"><div class=\"eb-flipbox-items-container\"><div class=\"eb-flipbox-front-title-wrapper\"><h3 class=\"eb-flipbox-front-title\"><div style=\"background:#1DB460\"> Osez devenir un leader authentique <\/div><\/h3><\/div><\/div><\/div><div class=\"eb-flipbox-back\"><div class=\"eb-flipbox-items-container\"><div class=\"eb-flipbox-back-content-wrapper\"><p class=\"eb-flipbox-back-content\">Dirige avec Int\u00e9grit\u00e9 et transparence.<br>\nReconna\u00eet ses forces, ses faiblesses et ses vuln\u00e9rabilit\u00e9s.<br>\nCr\u00e9e des liens forts avec les autres.<br>\nFavorise la confiance.<br>\nPermet aux autres d&rsquo;\u00eatre eux-m\u00eames et motiv\u00e9s.<\/p><\/div><\/div><\/div><\/div><\/div><\/div><\/div>\n<\/div>\n<\/div>\n\n\n\n<div class=\"wp-block-column gutenify-section-e53a59d0-1dd9-11ef-8fdb-178abbc909b0 is-layout-flow wp-block-column-is-layout-flow gtfy-39\" style=\"flex-basis:33.34%\">\n<div class=\"wp-block-essential-blocks-flipbox gutenify-section-edb7cf10-1de4-11ef-8fdb-178abbc909b0  root-eb-flipbox-dq40q gtfy-38\"><div class=\"eb-parent-wrapper eb-parent-eb-flipbox-dq40q eb_animation eb___animated eb___bounceInUp\"><div class=\"eb-flipbox-container eb-flipbox-dq40q eb-flipbox-align-center eb-hover-mode\" data-id=\"eb-flipbox-dq40q\" data-flip-type=\"flip-left\" data-flip-mode=\"hover\"><div class=\"eb-flipper flip-left\"><div class=\"eb-flipbox-front\"><div class=\"eb-flipbox-items-container\"><div class=\"eb-flipbox-front-title-wrapper\"><h3 class=\"eb-flipbox-front-title\"><div style=\"background:#1DB460\"> Osez devenir un leader curieux <\/div><\/h3><\/div><\/div><\/div><div class=\"eb-flipbox-back\"><div class=\"eb-flipbox-items-container\"><div class=\"eb-flipbox-back-content-wrapper\"><p class=\"eb-flipbox-back-content\">Challenge le statu quo et apprend  tout au long de sa vie.<br>Se connecte au monde ext\u00e9rieur.<br>Favorise un terrain d&rsquo;exp\u00e9rimentation.<br>Affronte le changement avec r\u00e9silience et optimisme.<\/p><\/div><\/div><\/div><\/div><\/div><\/div><\/div>\n<\/div>\n\n\n\n<div class=\"wp-block-column gutenify-section-f6b94360-1dd9-11ef-8fdb-178abbc909b0 is-layout-flow wp-block-column-is-layout-flow gtfy-41\" style=\"flex-basis:33.33%\">\n<div class=\"wp-block-essential-blocks-flipbox gutenify-section-bd711060-1de3-11ef-8fdb-178abbc909b0  root-eb-flipbox-te0z6 gtfy-40\"><div class=\"eb-parent-wrapper eb-parent-eb-flipbox-te0z6 eb_animation eb___animated eb___fadeInRight\"><div class=\"eb-flipbox-container eb-flipbox-te0z6 eb-flipbox-align-center eb-hover-mode\" data-id=\"eb-flipbox-te0z6\" data-flip-type=\"flip-left\" data-flip-mode=\"hover\"><div class=\"eb-flipper flip-left\"><div class=\"eb-flipbox-front\"><div class=\"eb-flipbox-items-container\"><div class=\"eb-flipbox-front-title-wrapper\"><h3 class=\"eb-flipbox-front-title\"><div style=\"background:#1DB460\"> Osez devenir un leader habilitant <\/div><\/h3><\/div><\/div><\/div><div class=\"eb-flipbox-back\"><div class=\"eb-flipbox-items-container\"><div class=\"eb-flipbox-back-content-wrapper\"><p class=\"eb-flipbox-back-content\">Se met au service de son \u00e9quipe.<br>Favorise croissance et bien-\u00eatre pour atteindre des objectifs communs .<br>Cr\u00e9e un environnement stimulant. <br>Cultive la responsabilisation et la collaboration.<br>Lib\u00e8re le potentiel collectif de son \u00e9quipe.<\/p><\/div><\/div><\/div><\/div><\/div><\/div><\/div>\n<\/div>\n<\/div>\n\n\n\n<div style=\"height:31px\" aria-hidden=\"true\" class=\"wp-block-spacer gutenify-section-50e27870-1dda-11ef-8fdb-178abbc909b0 gtfy-45\"><\/div>\n\n\n\n<div class=\"wp-block-essential-blocks-testimonial gutenify-section-b1bbef90-7f5b-11ef-a9f9-797826bb1f74  root-eb-testimonial-bmhgk gtfy-48\"><div class=\"eb-parent-wrapper eb-parent-eb-testimonial-bmhgk \"><div class=\"eb-testimonial-wrapper eb-testimonial-bmhgk layout-preset-1\" data-id=\"eb-testimonial-bmhgk\"><div class=\"eb-testimonial-container\"><div class=\"eb-avatar-container avatar-inline \"><div class=\"eb-userinfo-container\"><p class=\"eb-testimonial-username\">John Doe<\/p><p class=\"eb-testimonial-company\">Company Name<\/p><\/div><\/div><div class=\"eb-description-container\"><div class=\"eb-testimonial-quote-style\"><svg xmlns=\"http:\/\/www.w3.org\/2000\/svg\" width=\"123.961\" height=\"123.961\" x=\"0\" y=\"0\" enable-background=\"new 0 0 123.961 123.961\" version=\"1.1\" viewBox=\"0 0 123.961 123.961\" xml:space=\"preserve\"><path d=\"M49.8 29.032c3.1-1.3 4.4-5 3-8l-4.9-10.3c-1.4-2.899-4.8-4.2-7.8-2.899-8.5 3.6-15.8 8.3-21.6 14C11.4 28.532 6.6 36.232 4 44.732c-2.6 8.601-4 20.3-4 35.2v30.7c0 3.3 2.7 6 6 6h39.3c3.3 0 6-2.7 6-6v-39.3c0-3.301-2.7-6-6-6H26.5c.2-10.101 2.6-18.2 7-24.301 3.6-4.898 9-8.898 16.3-11.999zM120.4 29.032c3.1-1.3 4.399-5 3-8l-4.9-10.199c-1.4-2.9-4.8-4.2-7.8-2.9-8.4 3.6-15.601 8.3-21.5 13.9-7.101 6.8-12 14.5-14.601 23-2.6 8.399-3.899 20.1-3.899 35.1v30.7c0 3.3 2.7 6 6 6H116c3.3 0 6-2.7 6-6v-39.3c0-3.301-2.7-6-6-6H97.1c.2-10.101 2.601-18.2 7-24.301 3.6-4.899 9-8.899 16.3-12z\"><\/path><\/svg><\/div><p class=\"eb-testimonial-description\"><br><strong><em>\u00ab Ce programme est vraiment puissant, il m\u2019a permis de prendre du recul et de me concentrer sur ce dont j\u2019ai besoin en tant que leader, comprendre mes lacunes et d\u00e9velopper une vision. \u00bb&nbsp;&nbsp;<\/em><\/strong><br><br><strong><em>\u00ab Je me mets au centre, car je dois prendre soin de moi pour \u00eatre un bon leader et faire grandir les autres. \u00bb&nbsp;&nbsp;<\/em><\/strong><br><br><strong><em>\u00ab En prenant le temps n\u00e9cessaire, on obtient rapidement de la clart\u00e9 et on peut se connecter profond\u00e9ment avec courage. \u00bb&nbsp;&nbsp;<\/em><\/strong><br><br><strong><em>\u00ab \u00catre leader, ce n&rsquo;est pas \u00eatre dur, c&rsquo;est \u00eatre clair. \u00bb&nbsp;&nbsp;<\/em><\/strong><br><br><strong><em>\u00ab N&rsquo;h\u00e9site pas \u00e0 int\u00e9grer ton histoire personnelle dans ta vision. \u00bb&nbsp;&nbsp;<\/em><\/strong><br><br><strong><em>\u00ab N&rsquo;oublie jamais qui nous sommes. Nous sommes tous diff\u00e9rents, avec des moteurs diff\u00e9rents, et c\u2019est en s\u2019en souvenant qu\u2019on lib\u00e8re le talent des autres. \u00bb&nbsp;&nbsp;<\/em><\/strong><br><br><strong><em>\u00ab Il n\u2019y a pas un \u00ab\u00a0moi\u00a0\u00bb professionnel et un \u00ab\u00a0moi\u00a0\u00bb personnel. Je suis une seule et m\u00eame personne. \u00bb&nbsp;&nbsp;<\/em><\/strong><br><br><strong><em>\u00ab Je veux devenir une meilleure version de moi-m\u00eame en me connectant \u00e0 ma vision personnelle et en suivant ma boussole int\u00e9rieure. \u00bb<\/em><\/strong><br><\/p><\/div><\/div><\/div><\/div><\/div>\n\n\n\n<div style=\"height:0px\" aria-hidden=\"true\" class=\"wp-block-spacer gutenify-section-73279a30-1deb-11ef-bda6-99b77fe04634 gtfy-51\"><\/div>\n\n\n\n<div style=\"height:10px\" aria-hidden=\"true\" class=\"wp-block-spacer gutenify-section-20909860-1de8-11ef-8fdb-178abbc909b0 gtfy-54\"><\/div>\n\n\n\n<h2 class=\"wp-block-heading has-text-align-center gutenify-section-13864700-1de8-11ef-8fdb-178abbc909b0 has-huge-font-size gtfy-57\"><strong>Et maintenant ?<\/strong><\/h2>\n\n\n\n<p class=\"has-text-align-center gutenify-section-537fb030-1de8-11ef-8fdb-178abbc909b0 gtfy-60\">Contactez&#8211;nous pour comprendre comment le programme peut r\u00e9pondre \u00e0 vos enjeux<\/p>\n\n\n\n<meta class=\"gtfy-63\" charset=\"UTF-8\">\n    <meta name=\"viewport\" content=\"width=device-width, initial-scale=1.0\">\n    <title>\u00c9tapes de Lancement<\/title>\n    <style>\n\n\n        .steps-container {\n            display: flex;\n            justify-content: space-between;\n            margin: 50px 0;\n            max-width: 900px;\n            width: 100%;\n        }\n\n        .step {\n            position: relative;\n            background-color: #f0f0f0;\n            padding: 20px;\n            border-radius: 10px;\n            flex: 1;\n            margin-right: 20px; \/* Augmenter la marge droite pour plus d'espace entre les cases *\/\n            transition: background-color 0.3s ease;\n        }\n\n        .step:last-child {\n            margin-right: 0;\n        }\n\n        .step-number {\n            position: absolute;\n            top: -15px;\n            left: -15px;\n            background-color: #6c757d;\n            color: white;\n            width: 30px;\n            height: 30px;\n            display: flex;\n            align-items: center;\n            justify-content: center;\n            border-radius: 50%;\n            font-weight: bold;\n        }\n\n        .step-content p {\n            margin: 0;\n            padding-top: 10px;\n            font-size: 14px;\n            text-align: center;\n        }\n\n        .step.active {\n            background-color: #28a745;\n            color: white;\n        }\n\n        .step.active .step-number {\n            background-color: #28a745;\n            color: white;\n        }\n\n        .step:hover {\n            background-color: #e0e0e0;\n            cursor: pointer;\n        }\n    <\/style>\n<\/head>\n<body>\n\n<div class=\"steps-container\">\n    <div class=\"step\" id=\"step-1\">\n        <div class=\"step-number\">1<\/div>\n        <div class=\"step-content\">\n            <p>2 heures de d\u00e9couverte pour d\u00e9finir ensemble votre besoin<\/p>\n        <\/div>\n    <\/div>\n    <div class=\"step\" id=\"step-2\">\n        <div class=\"step-number\">2<\/div>\n        <div class=\"step-content\">\n            <p>L&rsquo;\u00e9quipe du Saule Rieur vous pr\u00e9sente un programme sur mesure<\/p>\n        <\/div>\n    <\/div>\n    <div class=\"step\" id=\"step-3\">\n        <div class=\"step-number\">3<\/div>\n        <div class=\"step-content\">\n            <p>Nous d\u00e9finissons ensemble une date de lancement avec les \u00e9quipes concern\u00e9es<\/p>\n        <\/div>\n    <\/div>\n    <div class=\"step\" id=\"step-4\">\n        <div class=\"step-number\">4<\/div>\n        <div class=\"step-content\">\n            <p>Lancement du programme<\/p>\n        <\/div>\n    <\/div>\n<\/div>\n\n<script>\n    document.addEventListener('DOMContentLoaded', function() {\n        let currentStep = 1;\n        const totalSteps = 4;\n\n        function highlightStep() {\n            \/\/ Reset all steps\n            for (let i = 1; i <= totalSteps; i++) {\n                document.getElementById('step-' + i).classList.remove('active');\n            }\n\n            \/\/ Highlight the current step\n            document.getElementById('step-' + currentStep).classList.add('active');\n\n            \/\/ Move to the next step after 2 seconds\n            currentStep++;\n            if (currentStep > totalSteps) {\n                currentStep = 1; \/\/ Reset to the first step\n            }\n\n            \/\/ Repeat the highlight every 2 seconds\n            setTimeout(highlightStep, 3000);\n        }\n\n        \/\/ Start the highlight process\n        highlightStep();\n    });\n<\/script>\n\n<\/body>\n<\/html>\n\n\n\n<div class=\"wp-block-essential-blocks-button root-eb-button-1d5l0 gutenify-section-6095c160-1de8-11ef-8fdb-178abbc909b0 gtfy-66\"><div class=\"eb-parent-wrapper eb-parent-eb-button-1d5l0 eb_animation eb___animated eb___bounceInUp\"><div class=\"eb-button-wrapper eb-button-alignment eb-button-1d5l0\"><div class=\"eb-button\"><div class=\"eb-button-inner-wrapper \"><a class=\"eb-button-anchor \" href=\"https:\/\/lesaulerieur.com\/240-2\/\" rel=\"noopener\"><strong>Prendre rendez-vous avec Anita<\/strong><\/a><\/div><\/div><\/div><\/div><\/div>\n\n\n","protected":false},"excerpt":{"rendered":"<p>Devenir un leader inspir\u00e9 Le programme nourrit le leader authentique, curieux et habilitant qui sommeille [&hellip;]<\/p>\n","protected":false},"author":1,"featured_media":0,"parent":1767,"menu_order":0,"comment_status":"closed","ping_status":"closed","template":"","meta":{"_acf_changed":false,"_eb_attr":"","footnotes":""},"class_list":["post-425","page","type-page","status-publish","hentry"],"acf":[],"yoast_head":"<!-- This site is optimized with the Yoast SEO plugin v27.4 - https:\/\/yoast.com\/product\/yoast-seo-wordpress\/ -->\n<title>Programme Leadership Inspir\u00e9 - Lesaulerieur<\/title>\n<meta name=\"robots\" content=\"index, follow, max-snippet:-1, max-image-preview:large, max-video-preview:-1\" \/>\n<link rel=\"canonical\" href=\"https:\/\/lesaulerieur.com\/fr\/accueil\/offres\/formations\/programme-leadership-inspire\/\" \/>\n<meta property=\"og:locale\" content=\"fr_FR\" \/>\n<meta property=\"og:type\" content=\"article\" \/>\n<meta property=\"og:title\" content=\"Programme Leadership Inspir\u00e9 - Lesaulerieur\" \/>\n<meta property=\"og:description\" content=\"Devenir un leader inspir\u00e9 Le programme nourrit le leader authentique, curieux et habilitant qui sommeille [&hellip;]\" \/>\n<meta property=\"og:url\" content=\"https:\/\/lesaulerieur.com\/fr\/accueil\/offres\/formations\/programme-leadership-inspire\/\" \/>\n<meta property=\"og:site_name\" content=\"Lesaulerieur\" \/>\n<meta property=\"article:modified_time\" content=\"2025-07-24T08:29:53+00:00\" \/>\n<meta name=\"twitter:card\" content=\"summary_large_image\" \/>\n<meta name=\"twitter:label1\" content=\"Dur\u00e9e de lecture estim\u00e9e\" \/>\n\t<meta name=\"twitter:data1\" content=\"3 minutes\" \/>\n<script type=\"application\/ld+json\" class=\"yoast-schema-graph\">{\"@context\":\"https:\\\/\\\/schema.org\",\"@graph\":[{\"@type\":\"WebPage\",\"@id\":\"https:\\\/\\\/lesaulerieur.com\\\/accueil\\\/offres\\\/formations\\\/programme-leadership-inspire\\\/\",\"url\":\"https:\\\/\\\/lesaulerieur.com\\\/accueil\\\/offres\\\/formations\\\/programme-leadership-inspire\\\/\",\"name\":\"Programme Leadership Inspir\u00e9 - Lesaulerieur\",\"isPartOf\":{\"@id\":\"https:\\\/\\\/lesaulerieur.com\\\/fr\\\/#website\"},\"datePublished\":\"2024-05-29T18:33:03+00:00\",\"dateModified\":\"2025-07-24T08:29:53+00:00\",\"breadcrumb\":{\"@id\":\"https:\\\/\\\/lesaulerieur.com\\\/accueil\\\/offres\\\/formations\\\/programme-leadership-inspire\\\/#breadcrumb\"},\"inLanguage\":\"fr-FR\",\"potentialAction\":[{\"@type\":\"ReadAction\",\"target\":[\"https:\\\/\\\/lesaulerieur.com\\\/accueil\\\/offres\\\/formations\\\/programme-leadership-inspire\\\/\"]}]},{\"@type\":\"BreadcrumbList\",\"@id\":\"https:\\\/\\\/lesaulerieur.com\\\/accueil\\\/offres\\\/formations\\\/programme-leadership-inspire\\\/#breadcrumb\",\"itemListElement\":[{\"@type\":\"ListItem\",\"position\":1,\"name\":\"Home\",\"item\":\"https:\\\/\\\/lesaulerieur.com\\\/\"},{\"@type\":\"ListItem\",\"position\":2,\"name\":\"Accueil\",\"item\":\"https:\\\/\\\/lesaulerieur.com\\\/\"},{\"@type\":\"ListItem\",\"position\":3,\"name\":\"Offres\",\"item\":\"https:\\\/\\\/lesaulerieur.com\\\/accueil\\\/offres\\\/\"},{\"@type\":\"ListItem\",\"position\":4,\"name\":\"Formations\",\"item\":\"https:\\\/\\\/lesaulerieur.com\\\/accueil\\\/offres\\\/formations\\\/\"},{\"@type\":\"ListItem\",\"position\":5,\"name\":\"Programme Leadership Inspir\u00e9\"}]},{\"@type\":\"WebSite\",\"@id\":\"https:\\\/\\\/lesaulerieur.com\\\/fr\\\/#website\",\"url\":\"https:\\\/\\\/lesaulerieur.com\\\/fr\\\/\",\"name\":\"Lesaulerieur\",\"description\":\"\",\"publisher\":{\"@id\":\"https:\\\/\\\/lesaulerieur.com\\\/fr\\\/#organization\"},\"potentialAction\":[{\"@type\":\"SearchAction\",\"target\":{\"@type\":\"EntryPoint\",\"urlTemplate\":\"https:\\\/\\\/lesaulerieur.com\\\/fr\\\/?s={search_term_string}\"},\"query-input\":{\"@type\":\"PropertyValueSpecification\",\"valueRequired\":true,\"valueName\":\"search_term_string\"}}],\"inLanguage\":\"fr-FR\"},{\"@type\":\"Organization\",\"@id\":\"https:\\\/\\\/lesaulerieur.com\\\/fr\\\/#organization\",\"name\":\"Lesaulerieur\",\"url\":\"https:\\\/\\\/lesaulerieur.com\\\/fr\\\/\",\"logo\":{\"@type\":\"ImageObject\",\"inLanguage\":\"fr-FR\",\"@id\":\"https:\\\/\\\/lesaulerieur.com\\\/fr\\\/#\\\/schema\\\/logo\\\/image\\\/\",\"url\":\"https:\\\/\\\/lesaulerieur.com\\\/wp-content\\\/uploads\\\/2026\\\/03\\\/exports-saule-rieur-transparent8-1.png\",\"contentUrl\":\"https:\\\/\\\/lesaulerieur.com\\\/wp-content\\\/uploads\\\/2026\\\/03\\\/exports-saule-rieur-transparent8-1.png\",\"width\":2480,\"height\":1240,\"caption\":\"Lesaulerieur\"},\"image\":{\"@id\":\"https:\\\/\\\/lesaulerieur.com\\\/fr\\\/#\\\/schema\\\/logo\\\/image\\\/\"},\"sameAs\":[\"https:\\\/\\\/www.linkedin.com\\\/in\\\/anita-cassagne-2625a62\\\/\"]}]}<\/script>\n<!-- \/ Yoast SEO plugin. -->","yoast_head_json":{"title":"Programme Leadership Inspir\u00e9 - Lesaulerieur","robots":{"index":"index","follow":"follow","max-snippet":"max-snippet:-1","max-image-preview":"max-image-preview:large","max-video-preview":"max-video-preview:-1"},"canonical":"https:\/\/lesaulerieur.com\/fr\/accueil\/offres\/formations\/programme-leadership-inspire\/","og_locale":"fr_FR","og_type":"article","og_title":"Programme Leadership Inspir\u00e9 - Lesaulerieur","og_description":"Devenir un leader inspir\u00e9 Le programme nourrit le leader authentique, curieux et habilitant qui sommeille [&hellip;]","og_url":"https:\/\/lesaulerieur.com\/fr\/accueil\/offres\/formations\/programme-leadership-inspire\/","og_site_name":"Lesaulerieur","article_modified_time":"2025-07-24T08:29:53+00:00","twitter_card":"summary_large_image","twitter_misc":{"Dur\u00e9e de lecture estim\u00e9e":"3 minutes"},"schema":{"@context":"https:\/\/schema.org","@graph":[{"@type":"WebPage","@id":"https:\/\/lesaulerieur.com\/accueil\/offres\/formations\/programme-leadership-inspire\/","url":"https:\/\/lesaulerieur.com\/accueil\/offres\/formations\/programme-leadership-inspire\/","name":"Programme Leadership Inspir\u00e9 - Lesaulerieur","isPartOf":{"@id":"https:\/\/lesaulerieur.com\/fr\/#website"},"datePublished":"2024-05-29T18:33:03+00:00","dateModified":"2025-07-24T08:29:53+00:00","breadcrumb":{"@id":"https:\/\/lesaulerieur.com\/accueil\/offres\/formations\/programme-leadership-inspire\/#breadcrumb"},"inLanguage":"fr-FR","potentialAction":[{"@type":"ReadAction","target":["https:\/\/lesaulerieur.com\/accueil\/offres\/formations\/programme-leadership-inspire\/"]}]},{"@type":"BreadcrumbList","@id":"https:\/\/lesaulerieur.com\/accueil\/offres\/formations\/programme-leadership-inspire\/#breadcrumb","itemListElement":[{"@type":"ListItem","position":1,"name":"Home","item":"https:\/\/lesaulerieur.com\/"},{"@type":"ListItem","position":2,"name":"Accueil","item":"https:\/\/lesaulerieur.com\/"},{"@type":"ListItem","position":3,"name":"Offres","item":"https:\/\/lesaulerieur.com\/accueil\/offres\/"},{"@type":"ListItem","position":4,"name":"Formations","item":"https:\/\/lesaulerieur.com\/accueil\/offres\/formations\/"},{"@type":"ListItem","position":5,"name":"Programme Leadership Inspir\u00e9"}]},{"@type":"WebSite","@id":"https:\/\/lesaulerieur.com\/fr\/#website","url":"https:\/\/lesaulerieur.com\/fr\/","name":"Lesaulerieur","description":"","publisher":{"@id":"https:\/\/lesaulerieur.com\/fr\/#organization"},"potentialAction":[{"@type":"SearchAction","target":{"@type":"EntryPoint","urlTemplate":"https:\/\/lesaulerieur.com\/fr\/?s={search_term_string}"},"query-input":{"@type":"PropertyValueSpecification","valueRequired":true,"valueName":"search_term_string"}}],"inLanguage":"fr-FR"},{"@type":"Organization","@id":"https:\/\/lesaulerieur.com\/fr\/#organization","name":"Lesaulerieur","url":"https:\/\/lesaulerieur.com\/fr\/","logo":{"@type":"ImageObject","inLanguage":"fr-FR","@id":"https:\/\/lesaulerieur.com\/fr\/#\/schema\/logo\/image\/","url":"https:\/\/lesaulerieur.com\/wp-content\/uploads\/2026\/03\/exports-saule-rieur-transparent8-1.png","contentUrl":"https:\/\/lesaulerieur.com\/wp-content\/uploads\/2026\/03\/exports-saule-rieur-transparent8-1.png","width":2480,"height":1240,"caption":"Lesaulerieur"},"image":{"@id":"https:\/\/lesaulerieur.com\/fr\/#\/schema\/logo\/image\/"},"sameAs":["https:\/\/www.linkedin.com\/in\/anita-cassagne-2625a62\/"]}]}},"_links":{"self":[{"href":"https:\/\/lesaulerieur.com\/fr\/wp-json\/wp\/v2\/pages\/425","targetHints":{"allow":["GET"]}}],"collection":[{"href":"https:\/\/lesaulerieur.com\/fr\/wp-json\/wp\/v2\/pages"}],"about":[{"href":"https:\/\/lesaulerieur.com\/fr\/wp-json\/wp\/v2\/types\/page"}],"author":[{"embeddable":true,"href":"https:\/\/lesaulerieur.com\/fr\/wp-json\/wp\/v2\/users\/1"}],"replies":[{"embeddable":true,"href":"https:\/\/lesaulerieur.com\/fr\/wp-json\/wp\/v2\/comments?post=425"}],"version-history":[{"count":121,"href":"https:\/\/lesaulerieur.com\/fr\/wp-json\/wp\/v2\/pages\/425\/revisions"}],"predecessor-version":[{"id":2363,"href":"https:\/\/lesaulerieur.com\/fr\/wp-json\/wp\/v2\/pages\/425\/revisions\/2363"}],"up":[{"embeddable":true,"href":"https:\/\/lesaulerieur.com\/fr\/wp-json\/wp\/v2\/pages\/1767"}],"wp:attachment":[{"href":"https:\/\/lesaulerieur.com\/fr\/wp-json\/wp\/v2\/media?parent=425"}],"curies":[{"name":"wp","href":"https:\/\/api.w.org\/{rel}","templated":true}]}}