{"id":600,"date":"2024-06-17T19:27:44","date_gmt":"2024-06-17T19:27:44","guid":{"rendered":"https:\/\/lesaulerieur.com\/?page_id=600"},"modified":"2025-07-24T08:30:30","modified_gmt":"2025-07-24T08:30:30","slug":"formation-au-storytelling","status":"publish","type":"page","link":"https:\/\/lesaulerieur.com\/fr\/accueil\/offres\/formations\/formation-au-storytelling\/","title":{"rendered":"Formation au storytelling"},"content":{"rendered":"\n<div class=\"wp-block-essential-blocks-row alignfull hide-mobile gutenify-section-d767dbe0-5ca2-11ef-9d4e-b99b2a6e73ee  root-eb-row-3tupp gtfy-5\"><div class=\"eb-parent-wrapper eb-parent-eb-row-3tupp \"><div class=\"eb-row-root-container eb-row-3tupp\" data-id=\"eb-row-3tupp\"><div class=\"eb-row-wrapper\"><div class=\"eb-row-inner\">\n<div class=\"wp-block-essential-blocks-column gutenify-section-d764f5b0-5ca2-11ef-9d4e-b99b2a6e73ee  root-eb-column-x6e0e gtfy-2\"><div class=\"eb-parent-wrapper eb-parent-eb-column-x6e0e \"><div class=\"eb-column-wrapper eb-column-x6e0e\"><div class=\"eb-column-inner\">\n<h1 class=\"wp-block-heading gutenify-section-2af1cb10-1c2d-11ef-b026-e966c8d9abaf gtfy-1\" style=\"padding-right:var(--wp--preset--spacing--70);padding-left:var(--wp--preset--spacing--70);font-size:65px\"><strong><strong><strong>Embarquez avec le storytelling<\/strong><\/strong><\/strong><\/h1>\n<\/div><\/div><\/div><\/div>\n\n\n\n<div class=\"wp-block-essential-blocks-column gutenify-section-d7660720-5ca2-11ef-9d4e-b99b2a6e73ee  root-eb-column-p8wy9 gtfy-4\"><div class=\"eb-parent-wrapper eb-parent-eb-column-p8wy9 eb_animation eb___animated eb___slideInRight\"><div class=\"eb-column-wrapper eb-column-p8wy9\"><div class=\"eb-column-inner\">\n<p class=\"gutenify-section-955cee90-2cd0-11ef-a7b5-45366f628163 gtfy-3\" align=\"justify\" style=\"padding: 1em;padding-left:50px;\">Les leaders qui ma\u00eetrisent l\u2019art du storytelling ont un puissant avantage sur les autres &#8211; ils savent incarner le mod\u00e8le qui motivera leurs collaborateur.trices et sont capables de cr\u00e9er l\u2019engagement vers un projet commun, de d\u00e9velopper la confiance et favoriser l\u2019innovation.<\/p>\n<\/div><\/div><\/div><\/div>\n<\/div><\/div><\/div><\/div><\/div>\n\n\n\n<div class=\"wp-block-essential-blocks-wrapper hide-desktop gutenify-section-d7691460-5ca2-11ef-9d4e-b99b2a6e73ee  root-eb-wrapper-rv350 gtfy-11\"><div class=\"eb-parent-wrapper eb-parent-eb-wrapper-rv350 \"><div class=\"eb-wrapper-outer eb-wrapper-rv350\"><div class=\"eb-wrapper-inner\"><div class=\"eb-wrapper-inner-blocks eb-wrapper-align-center\">\n<h1 class=\"wp-block-heading has-text-align-center gutenify-section-69cf4cb0-1e8d-11ef-8d11-99c3c9299bd2 has-gigantic-font-size gtfy-8\"><strong><strong>Embarquez avec le storytelling<\/strong><\/strong><\/h1>\n\n\n\n<hr class=\"wp-block-separator has-text-color has-alpha-channel-opacity has-background gutenify-section-5daa6a90-1e93-11ef-8d11-99c3c9299bd2 gtfy-9\" style=\"background-color:#1db460;color:#1db460\"\/>\n\n\n\n<p class=\"gutenify-section-955cee90-2cd0-11ef-a7b5-45366f628163 gtfy-10\" align=\"justify\" style=\"text-align:center;padding: 1em\">Les leaders qui ma\u00eetrisent l\u2019art du storytelling ont un puissant avantage sur les autres &#8211; ils savent incarner le mod\u00e8le qui motivera leurs collaborateur.trices et sont capables de cr\u00e9er l\u2019engagement vers un projet commun, de d\u00e9velopper la confiance et favoriser l\u2019innovation.<\/p>\n<\/div><\/div><\/div><\/div><\/div>\n\n\n\n<div class=\"wp-block-group alignfull display: block; margin: auto; gutenify-section-d769b0a0-5ca2-11ef-9d4e-b99b2a6e73ee has-foreground-background-color has-background is-layout-constrained wp-container-core-group-is-layout-d794d2f0 wp-block-group-is-layout-constrained gtfy-16\" style=\"border-style:none;border-width:0px;border-radius:0px;min-height:470px;padding-top:0px;padding-right:0px;padding-bottom:0px;padding-left:0px;background-image:url(&apos;https:\/\/lesaulerieur.com\/wp-content\/uploads\/2023\/03\/zyro-image.png&apos;);background-size:cover;\">\n<div style=\"height:130px\" aria-hidden=\"true\" class=\"wp-block-spacer gutenify-section-08d716f0-1dd8-11ef-8fdb-178abbc909b0 gtfy-14\"><\/div>\n\n\n\n<p class=\"gutenify-section-ab6fd6d0-2cde-11ef-a34f-f12b2996d7b4 gtfy-15\"><\/p>\n<\/div>\n\n\n\n<h2 class=\"wp-block-heading alignwide has-text-align-center gutenify-section-673e4310-4936-11ef-8ba6-9badc5ee1b76 gtfy-19\">Si le storytelling est largement utilis\u00e9 par les entreprises dans leur communication externe et leur marketing, il est tout aussi pertinent que les collaborateurs.trices l\u2019utilisent en interne.<\/h2>\n\n\n\n<div class=\"wp-block-group alignfull gutenify-section-105969b0-1deb-11ef-bda6-99b77fe04634 has-background is-layout-flow wp-block-group-is-layout-flow gtfy-23\" style=\"background-color:#1db460\">\n<p class=\"has-text-align-center gutenify-section-f1e45f60-3afc-11ef-9fe4-6d993a41ef69 has-body-text-color has-text-color has-link-color has-medium-font-size wp-elements-ea2a2e217f329e8caa098274b4af2197 gtfy-22\"><em>\u00ab Les gens oublieront ce que vous avez dit. Les gens oublieront ce que vous avez fait. Mais ils n\u2019oublieront jamais ce qu\u2019ils ont ressenti gr\u00e2ce \u00e0 vous. \u00bb<\/em> Maya Angelou<\/p>\n<\/div>\n\n\n\n<div class=\"wp-block-group alignfull gutenify-section-392b8fa0-2cdf-11ef-a34f-f12b2996d7b4 is-layout-constrained wp-block-group-is-layout-constrained gtfy-35\">\n<p class=\"gutenify-section-2c0d1a00-2cdf-11ef-a34f-f12b2996d7b4 gtfy-26\" align=\"justify\" style=\"padding: 1em\">Nous retenons peu les faits et les chiffres et toutes les choses rationnelles que nous pensons importantes. Les histoires cr\u00e9ent des souvenirs \u00e0 travers les \u00e9motions qu\u2019elles suscitent.<br>Il est alors cl\u00e9 de comprendre comment nos propres histoires nous inspirent.<br><br>Le Saule Rieur vous propose une journ\u00e9e autour du storytelling inspir\u00e9e des travaux de Gabrielle Dolan, mondialement reconnue pour son \u0153uvre \u00ab Stories for Work \u00bb.<\/p>\n\n\n\n<div class=\"wp-block-group gutenify-section-ef1080a0-2cdf-11ef-a34f-f12b2996d7b4 is-layout-constrained wp-container-core-group-is-layout-7408ff06 wp-block-group-is-layout-constrained gtfy-33\" style=\"padding-top:0rem;padding-right:var(--wp--preset--spacing--20);padding-bottom:0rem;padding-left:var(--wp--preset--spacing--20)\">\n<div class=\"wp-block-group gutenify-section-35c81950-2cdf-11ef-a34f-f12b2996d7b4 is-layout-constrained wp-block-group-is-layout-constrained gtfy-28\">\n<h2 class=\"wp-block-heading gutenify-section-8b0cb650-2cdf-11ef-a34f-f12b2996d7b4 gtfy-27\"><strong><em>Cela vous permettra de:<\/em><\/strong><\/h2>\n<\/div>\n\n\n\n<ul class=\"wp-block-list gutenify-section-7c9c4540-2cdf-11ef-a34f-f12b2996d7b4 gtfy-32\">\n<li class=\"gutenify-section-81e8c6e0-2cdf-11ef-a34f-f12b2996d7b4 gtfy-29 gutenify-list-item\"><em>Comprendre les principes et la science du storytelling<\/em><\/li>\n\n\n\n<li class=\"gutenify-section-81e91500-2cdf-11ef-a34f-f12b2996d7b4 gtfy-30 gutenify-list-item\"><em>Int\u00e9grer l\u2019\u00e9motionnel dans la narration et donner davantage de sens \u00e0 vos pr\u00e9sentations<\/em><\/li>\n\n\n\n<li class=\"gutenify-section-81ea4d80-2cdf-11ef-a34f-f12b2996d7b4 gtfy-31 gutenify-list-item\"><em>Mettre en pratique l\u2019art du r\u00e9cit et des histoires pour\u2026 Captiver!<\/em><\/li>\n<\/ul>\n<\/div>\n\n\n\n<div class=\"wp-block-essential-blocks-button root-eb-button-f8phv gutenify-section-d76b8560-5ca2-11ef-9d4e-b99b2a6e73ee gtfy-34\"><div class=\"eb-parent-wrapper eb-parent-eb-button-f8phv eb_animation eb___animated eb___slideInUp\"><div class=\"eb-button-wrapper eb-button-alignment eb-button-f8phv\"><div class=\"eb-button\"><div class=\"eb-button-inner-wrapper \"><a class=\"eb-button-anchor \" href=\"https:\/\/lesaulerieur.com\/240-2\/\" rel=\"noopener\"><strong><strong>Contactez-nous<\/strong><\/strong><\/a><\/div><\/div><\/div><\/div><\/div>\n<\/div>\n","protected":false},"excerpt":{"rendered":"<p>Si le storytelling est largement utilis\u00e9 par les entreprises dans leur communication externe et leur [&hellip;]<\/p>\n","protected":false},"author":1,"featured_media":0,"parent":1767,"menu_order":0,"comment_status":"closed","ping_status":"closed","template":"","meta":{"_acf_changed":false,"_eb_attr":"","footnotes":""},"class_list":["post-600","page","type-page","status-publish","hentry"],"acf":[],"yoast_head":"<!-- This site is optimized with the Yoast SEO plugin v27.4 - https:\/\/yoast.com\/product\/yoast-seo-wordpress\/ -->\n<title>Formation au storytelling - Lesaulerieur<\/title>\n<meta name=\"robots\" content=\"index, follow, max-snippet:-1, max-image-preview:large, max-video-preview:-1\" \/>\n<link rel=\"canonical\" href=\"https:\/\/lesaulerieur.com\/fr\/accueil\/offres\/formations\/formation-au-storytelling\/\" \/>\n<meta property=\"og:locale\" content=\"fr_FR\" \/>\n<meta property=\"og:type\" content=\"article\" \/>\n<meta property=\"og:title\" content=\"Formation au storytelling - Lesaulerieur\" \/>\n<meta property=\"og:description\" content=\"Si le storytelling est largement utilis\u00e9 par les entreprises dans leur communication externe et leur [&hellip;]\" \/>\n<meta property=\"og:url\" content=\"https:\/\/lesaulerieur.com\/fr\/accueil\/offres\/formations\/formation-au-storytelling\/\" \/>\n<meta property=\"og:site_name\" content=\"Lesaulerieur\" \/>\n<meta property=\"article:modified_time\" content=\"2025-07-24T08:30:30+00:00\" \/>\n<meta name=\"twitter:card\" content=\"summary_large_image\" \/>\n<meta name=\"twitter:label1\" content=\"Dur\u00e9e de lecture estim\u00e9e\" \/>\n\t<meta name=\"twitter:data1\" content=\"2 minutes\" \/>\n<script type=\"application\/ld+json\" class=\"yoast-schema-graph\">{\"@context\":\"https:\\\/\\\/schema.org\",\"@graph\":[{\"@type\":\"WebPage\",\"@id\":\"https:\\\/\\\/lesaulerieur.com\\\/accueil\\\/offres\\\/formations\\\/formation-au-storytelling\\\/\",\"url\":\"https:\\\/\\\/lesaulerieur.com\\\/accueil\\\/offres\\\/formations\\\/formation-au-storytelling\\\/\",\"name\":\"Formation au storytelling - Lesaulerieur\",\"isPartOf\":{\"@id\":\"https:\\\/\\\/lesaulerieur.com\\\/fr\\\/#website\"},\"datePublished\":\"2024-06-17T19:27:44+00:00\",\"dateModified\":\"2025-07-24T08:30:30+00:00\",\"breadcrumb\":{\"@id\":\"https:\\\/\\\/lesaulerieur.com\\\/accueil\\\/offres\\\/formations\\\/formation-au-storytelling\\\/#breadcrumb\"},\"inLanguage\":\"fr-FR\",\"potentialAction\":[{\"@type\":\"ReadAction\",\"target\":[\"https:\\\/\\\/lesaulerieur.com\\\/accueil\\\/offres\\\/formations\\\/formation-au-storytelling\\\/\"]}]},{\"@type\":\"BreadcrumbList\",\"@id\":\"https:\\\/\\\/lesaulerieur.com\\\/accueil\\\/offres\\\/formations\\\/formation-au-storytelling\\\/#breadcrumb\",\"itemListElement\":[{\"@type\":\"ListItem\",\"position\":1,\"name\":\"Home\",\"item\":\"https:\\\/\\\/lesaulerieur.com\\\/\"},{\"@type\":\"ListItem\",\"position\":2,\"name\":\"Accueil\",\"item\":\"https:\\\/\\\/lesaulerieur.com\\\/\"},{\"@type\":\"ListItem\",\"position\":3,\"name\":\"Offres\",\"item\":\"https:\\\/\\\/lesaulerieur.com\\\/accueil\\\/offres\\\/\"},{\"@type\":\"ListItem\",\"position\":4,\"name\":\"Formations\",\"item\":\"https:\\\/\\\/lesaulerieur.com\\\/accueil\\\/offres\\\/formations\\\/\"},{\"@type\":\"ListItem\",\"position\":5,\"name\":\"Formation au storytelling\"}]},{\"@type\":\"WebSite\",\"@id\":\"https:\\\/\\\/lesaulerieur.com\\\/fr\\\/#website\",\"url\":\"https:\\\/\\\/lesaulerieur.com\\\/fr\\\/\",\"name\":\"Lesaulerieur\",\"description\":\"\",\"publisher\":{\"@id\":\"https:\\\/\\\/lesaulerieur.com\\\/fr\\\/#organization\"},\"potentialAction\":[{\"@type\":\"SearchAction\",\"target\":{\"@type\":\"EntryPoint\",\"urlTemplate\":\"https:\\\/\\\/lesaulerieur.com\\\/fr\\\/?s={search_term_string}\"},\"query-input\":{\"@type\":\"PropertyValueSpecification\",\"valueRequired\":true,\"valueName\":\"search_term_string\"}}],\"inLanguage\":\"fr-FR\"},{\"@type\":\"Organization\",\"@id\":\"https:\\\/\\\/lesaulerieur.com\\\/fr\\\/#organization\",\"name\":\"Lesaulerieur\",\"url\":\"https:\\\/\\\/lesaulerieur.com\\\/fr\\\/\",\"logo\":{\"@type\":\"ImageObject\",\"inLanguage\":\"fr-FR\",\"@id\":\"https:\\\/\\\/lesaulerieur.com\\\/fr\\\/#\\\/schema\\\/logo\\\/image\\\/\",\"url\":\"https:\\\/\\\/lesaulerieur.com\\\/wp-content\\\/uploads\\\/2026\\\/03\\\/exports-saule-rieur-transparent8-1.png\",\"contentUrl\":\"https:\\\/\\\/lesaulerieur.com\\\/wp-content\\\/uploads\\\/2026\\\/03\\\/exports-saule-rieur-transparent8-1.png\",\"width\":2480,\"height\":1240,\"caption\":\"Lesaulerieur\"},\"image\":{\"@id\":\"https:\\\/\\\/lesaulerieur.com\\\/fr\\\/#\\\/schema\\\/logo\\\/image\\\/\"},\"sameAs\":[\"https:\\\/\\\/www.linkedin.com\\\/in\\\/anita-cassagne-2625a62\\\/\"]}]}<\/script>\n<!-- \/ Yoast SEO plugin. -->","yoast_head_json":{"title":"Formation au storytelling - Lesaulerieur","robots":{"index":"index","follow":"follow","max-snippet":"max-snippet:-1","max-image-preview":"max-image-preview:large","max-video-preview":"max-video-preview:-1"},"canonical":"https:\/\/lesaulerieur.com\/fr\/accueil\/offres\/formations\/formation-au-storytelling\/","og_locale":"fr_FR","og_type":"article","og_title":"Formation au storytelling - Lesaulerieur","og_description":"Si le storytelling est largement utilis\u00e9 par les entreprises dans leur communication externe et leur [&hellip;]","og_url":"https:\/\/lesaulerieur.com\/fr\/accueil\/offres\/formations\/formation-au-storytelling\/","og_site_name":"Lesaulerieur","article_modified_time":"2025-07-24T08:30:30+00:00","twitter_card":"summary_large_image","twitter_misc":{"Dur\u00e9e de lecture estim\u00e9e":"2 minutes"},"schema":{"@context":"https:\/\/schema.org","@graph":[{"@type":"WebPage","@id":"https:\/\/lesaulerieur.com\/accueil\/offres\/formations\/formation-au-storytelling\/","url":"https:\/\/lesaulerieur.com\/accueil\/offres\/formations\/formation-au-storytelling\/","name":"Formation au storytelling - Lesaulerieur","isPartOf":{"@id":"https:\/\/lesaulerieur.com\/fr\/#website"},"datePublished":"2024-06-17T19:27:44+00:00","dateModified":"2025-07-24T08:30:30+00:00","breadcrumb":{"@id":"https:\/\/lesaulerieur.com\/accueil\/offres\/formations\/formation-au-storytelling\/#breadcrumb"},"inLanguage":"fr-FR","potentialAction":[{"@type":"ReadAction","target":["https:\/\/lesaulerieur.com\/accueil\/offres\/formations\/formation-au-storytelling\/"]}]},{"@type":"BreadcrumbList","@id":"https:\/\/lesaulerieur.com\/accueil\/offres\/formations\/formation-au-storytelling\/#breadcrumb","itemListElement":[{"@type":"ListItem","position":1,"name":"Home","item":"https:\/\/lesaulerieur.com\/"},{"@type":"ListItem","position":2,"name":"Accueil","item":"https:\/\/lesaulerieur.com\/"},{"@type":"ListItem","position":3,"name":"Offres","item":"https:\/\/lesaulerieur.com\/accueil\/offres\/"},{"@type":"ListItem","position":4,"name":"Formations","item":"https:\/\/lesaulerieur.com\/accueil\/offres\/formations\/"},{"@type":"ListItem","position":5,"name":"Formation au storytelling"}]},{"@type":"WebSite","@id":"https:\/\/lesaulerieur.com\/fr\/#website","url":"https:\/\/lesaulerieur.com\/fr\/","name":"Lesaulerieur","description":"","publisher":{"@id":"https:\/\/lesaulerieur.com\/fr\/#organization"},"potentialAction":[{"@type":"SearchAction","target":{"@type":"EntryPoint","urlTemplate":"https:\/\/lesaulerieur.com\/fr\/?s={search_term_string}"},"query-input":{"@type":"PropertyValueSpecification","valueRequired":true,"valueName":"search_term_string"}}],"inLanguage":"fr-FR"},{"@type":"Organization","@id":"https:\/\/lesaulerieur.com\/fr\/#organization","name":"Lesaulerieur","url":"https:\/\/lesaulerieur.com\/fr\/","logo":{"@type":"ImageObject","inLanguage":"fr-FR","@id":"https:\/\/lesaulerieur.com\/fr\/#\/schema\/logo\/image\/","url":"https:\/\/lesaulerieur.com\/wp-content\/uploads\/2026\/03\/exports-saule-rieur-transparent8-1.png","contentUrl":"https:\/\/lesaulerieur.com\/wp-content\/uploads\/2026\/03\/exports-saule-rieur-transparent8-1.png","width":2480,"height":1240,"caption":"Lesaulerieur"},"image":{"@id":"https:\/\/lesaulerieur.com\/fr\/#\/schema\/logo\/image\/"},"sameAs":["https:\/\/www.linkedin.com\/in\/anita-cassagne-2625a62\/"]}]}},"_links":{"self":[{"href":"https:\/\/lesaulerieur.com\/fr\/wp-json\/wp\/v2\/pages\/600","targetHints":{"allow":["GET"]}}],"collection":[{"href":"https:\/\/lesaulerieur.com\/fr\/wp-json\/wp\/v2\/pages"}],"about":[{"href":"https:\/\/lesaulerieur.com\/fr\/wp-json\/wp\/v2\/types\/page"}],"author":[{"embeddable":true,"href":"https:\/\/lesaulerieur.com\/fr\/wp-json\/wp\/v2\/users\/1"}],"replies":[{"embeddable":true,"href":"https:\/\/lesaulerieur.com\/fr\/wp-json\/wp\/v2\/comments?post=600"}],"version-history":[{"count":21,"href":"https:\/\/lesaulerieur.com\/fr\/wp-json\/wp\/v2\/pages\/600\/revisions"}],"predecessor-version":[{"id":1957,"href":"https:\/\/lesaulerieur.com\/fr\/wp-json\/wp\/v2\/pages\/600\/revisions\/1957"}],"up":[{"embeddable":true,"href":"https:\/\/lesaulerieur.com\/fr\/wp-json\/wp\/v2\/pages\/1767"}],"wp:attachment":[{"href":"https:\/\/lesaulerieur.com\/fr\/wp-json\/wp\/v2\/media?parent=600"}],"curies":[{"name":"wp","href":"https:\/\/api.w.org\/{rel}","templated":true}]}}